{"id":28880,"date":"2021-03-03T18:37:40","date_gmt":"2021-03-03T18:37:40","guid":{"rendered":"http:\/\/dev.yogaesoteric.net\/bs-front-page\/"},"modified":"2026-04-03T09:37:23","modified_gmt":"2026-04-03T09:37:23","slug":"bs-front-page","status":"publish","type":"page","link":"https:\/\/yogaesoteric.net\/fr\/","title":{"rendered":"Front Page"},"content":{"rendered":"<p>[vc_row full_width=&#8221;stretch_row&#8221; css=&#8221;.vc_custom_1520489184274{border-bottom-width: 1px !important;background-color: #ffffff !important;border-bottom-color: #e5e5e5 !important;border-bottom-style: solid !important;}&#8221;][vc_column][\/vc_column][\/vc_row][vc_row][vc_column width=&#8221;1\/2&#8243; column_custom_size=&#8221;3-main-column&#8221;][vc_single_image image=&#8221;230058&#8243; img_size=&#8221;full&#8221; alignment=&#8221;center&#8221; style=&#8221;vc_box_shadow_3d&#8221; css=&#8221;.vc_custom_1775215766268{margin-top: 0px !important;margin-right: 0px !important;margin-bottom: 0px !important;margin-left: 0px !important;padding-top: 10px !important;padding-right: 10px !important;padding-bottom: 10px !important;padding-left: 10px !important;background-color: #ffffff !important;border-radius: 1px !important;}&#8221;]<div class=\"bscb-12468 bsb-have-heading-color bs-listing bs-listing-listing-mix-1-3 bs-listing-single-tab\">\t\t<h3 class=\"section-heading sh-t2 sh-s1 main-term-none\">\r\n\r\n\t\t\r\n\t\t\t\t\t\t\t<a href=\"https:\/\/yogaesoteric.net\/fr\/tag\/semaine\/\" class=\"main-link\">\r\n\t\t\t\t\t\t\t<span class=\"h-text main-term-none\">\r\n\t\t\t\t\t\t\t\t<i class=\"bf-icon  fa fa-wpexplorer\"><\/i> Article de la semaine\t\t\t\t\t\t\t<\/span>\r\n\t\t\t\t<\/a>\r\n\t\t\t\r\n\t\t\r\n\t\t<\/h3>\r\n\t\t\t<div class=\"listing listing-mix-6 clearfix \">\r\n\t\t<div class=\"item-inner\">\r\n\t\t\t<div class=\"column-1\">\r\n\t\t\t\t\t<article class=\"post-231809 type-post format-standard has-not-post-thumbnail   listing-item listing-item-grid listing-item-grid-1 main-term-825\">\r\n\t<div class=\"item-inner\">\r\n\t\t\t\t\t<div class=\"featured clearfix\">\r\n\t\t\t\t<div class=\"term-badges floated\"><span class=\"term-badge term-825\"><a href=\"https:\/\/yogaesoteric.net\/fr\/category\/actualite-fr\/societe-1602-fr\/\">Soci\u00e9t\u00e9<\/a><\/span><\/div>\t\t\t\t<a  title=\"L\u2019herbe para\u00eet plus verte chez le Voisin\" data-src=\"https:\/\/yogaesoteric.net\/wp-content\/uploads\/2026\/04\/231809_1.jpg\"\t\t\t\t\t\tclass=\"img-holder\" href=\"https:\/\/yogaesoteric.net\/fr\/lherbe-parait-plus-verte-chez-le-voisin\/\"><\/a>\r\n\r\n\t\t\t\t\t\t\t<\/div>\r\n\t\t<h2 class=\"title\">\t\t<a href=\"https:\/\/yogaesoteric.net\/fr\/lherbe-parait-plus-verte-chez-le-voisin\/\" class=\"post-title post-url\">\r\n\t\t\tL\u2019herbe para\u00eet plus verte chez le Voisin\t\t<\/a>\r\n\t\t<\/h2>\t\t<div class=\"post-meta\">\r\n\r\n\t\t\t\t\t\t\t<a href=\"https:\/\/yogaesoteric.net\/fr\/author\/radhananda\/\"\r\n\t\t\t\t   title=\"Browse Author Articles\"\r\n\t\t\t\t   class=\"post-author-a\">\r\n\t\t\t\t\t<i class=\"post-author author\">\r\n\t\t\t\t\t\tRadhananda\t\t\t\t\t<\/i>\r\n\t\t\t\t<\/a>\r\n\t\t\t\t\t\t\t<span class=\"time\"><time class=\"post-published updated\"\r\n\t\t\t\t                         datetime=\"2026-04-22T10:23:47+00:00\">Apr 22, 2026<\/time><\/span>\r\n\t\t\t\t<a href=\"https:\/\/yogaesoteric.net\/fr\/lherbe-parait-plus-verte-chez-le-voisin\/#respond\" title=\"Leave a comment on: &ldquo;L\u2019herbe para\u00eet plus verte chez le Voisin&rdquo;\" class=\"comments\"><i class=\"fa fa-comments-o\"><\/i> 0<\/a>\t\t<\/div>\r\n\t\t\t\t\t<div class=\"post-summary\">\r\n\t\t\t\tL\u2019illusion lib\u00e9rale d\u2019un monde sans rapports de force\r\n\r\nIntroduction\r\n\r\nLe mirage du mod\u00e8le ext\u00e9rieur est une&hellip;\t\t\t<\/div>\r\n\t\t\t<\/div>\r\n\t<\/article >\r\n\t\t\t<\/div>\r\n\t\t\t<div class=\"column-2\">\r\n\t\t\t\t\t<div class=\"listing listing-text listing-text-2 clearfix columns-1\">\r\n\t\t<article class=\"post-231025 type-post format-standard has-not-post-thumbnail   listing-item listing-item-text listing-item-text-2 main-term-1061\">\r\n\t<div class=\"item-inner\">\r\n\t\t<h2 class=\"title\">\t\t<a href=\"https:\/\/yogaesoteric.net\/fr\/le-suicide-moral-de-lamerique\/\" class=\"post-title post-url\">\r\n\t\t\tLe suicide moral de l\u2019Am\u00e9rique\t\t<\/a>\r\n\t\t<\/h2>\t\t<div class=\"post-meta\">\r\n\r\n\t\t\t\t\t\t\t<span class=\"time\"><time class=\"post-published updated\"\r\n\t\t\t\t                         datetime=\"2026-04-15T07:32:50+00:00\">Apr 15, 2026<\/time><\/span>\r\n\t\t\t\t\t\t<\/div>\r\n\t\t\t\t\t<div class=\"post-summary\">\r\n\t\t\t\tpar Michael Brenner\r\nLes \u00c9tats-Unis \u2013 le centre de l\u2019attention de la soci\u00e9t\u00e9 occidentale \u2013 ont commis un suicide&hellip;\t\t\t<\/div>\r\n\t\t\t\t<\/div>\r\n\t<\/article >\r\n\t<article class=\"post-230604 type-post format-standard has-post-thumbnail   listing-item listing-item-text listing-item-text-2 main-term-1190\">\r\n\t<div class=\"item-inner\">\r\n\t\t<h2 class=\"title\">\t\t<a href=\"https:\/\/yogaesoteric.net\/fr\/2001-2026-vingt-cinq-ans-de-guerre-mondiale-contre-le-terrorisme-le-nouveau-nom-du-colonialisme-occidental\/\" class=\"post-title post-url\">\r\n\t\t\t2001-2026, vingt-cinq ans de \u00ab guerre mondiale contre le&hellip;\t\t<\/a>\r\n\t\t<\/h2>\t\t<div class=\"post-meta\">\r\n\r\n\t\t\t\t\t\t\t<span class=\"time\"><time class=\"post-published updated\"\r\n\t\t\t\t                         datetime=\"2026-04-08T13:51:31+00:00\">Apr 8, 2026<\/time><\/span>\r\n\t\t\t\t\t\t<\/div>\r\n\t\t\t\t\t<div class=\"post-summary\">\r\n\t\t\t\tDe l\u2019Afghanistan \u00e0 l\u2019Iran, de Guantanamo \u00e0 Maduro. Pas de fin en vue ? Ce qui s\u2019est pass\u00e9 en 2001 rel\u00e8ve de la&hellip;\t\t\t<\/div>\r\n\t\t\t\t<\/div>\r\n\t<\/article >\r\n\t<article class=\"post-229819 type-post format-standard has-not-post-thumbnail   listing-item listing-item-text listing-item-text-2 main-term-1091\">\r\n\t<div class=\"item-inner\">\r\n\t\t<h2 class=\"title\">\t\t<a href=\"https:\/\/yogaesoteric.net\/fr\/lempire-perd-le-controle-consequences\/\" class=\"post-title post-url\">\r\n\t\t\tL\u2019Empire perd le contr\u00f4le \u2013 Cons\u00e9quences\t\t<\/a>\r\n\t\t<\/h2>\t\t<div class=\"post-meta\">\r\n\r\n\t\t\t\t\t\t\t<span class=\"time\"><time class=\"post-published updated\"\r\n\t\t\t\t                         datetime=\"2026-04-01T07:54:11+00:00\">Apr 1, 2026<\/time><\/span>\r\n\t\t\t\t\t\t<\/div>\r\n\t\t\t\t\t<div class=\"post-summary\">\r\n\t\t\t\tpar Peter H\u00e4nseler\r\nCette grave erreur de calcul de la part des \u00c9tats-Unis va-t-elle entra\u00eener la chute d\u2019Isra\u00ebl et&hellip;\t\t\t<\/div>\r\n\t\t\t\t<\/div>\r\n\t<\/article >\r\n\t<\/div>\r\n\t\t\t\t<\/div>\r\n\t\t<\/div>\r\n\t<\/div>\r\n<\/div><div class=\"bscb-52329 bsb-have-heading-color bs-listing bs-listing-listing-mix-1-3 bs-listing-single-tab\">\t\t<h3 class=\"section-heading sh-t2 sh-s1 main-term-none\">\r\n\r\n\t\t\r\n\t\t\t\t\t\t\t<a href=\"https:\/\/yogaesoteric.net\/fr\/tag\/articles-de-gregorian-bivolaru\/\" class=\"main-link\">\r\n\t\t\t\t\t\t\t<span class=\"h-text main-term-none\">\r\n\t\t\t\t\t\t\t\t<i class=\"bf-icon  fa fa-hourglass-start\"><\/i> Articles de Gregorian Bivolaru\t\t\t\t\t\t\t<\/span>\r\n\t\t\t\t<\/a>\r\n\t\t\t\r\n\t\t\r\n\t\t<\/h3>\r\n\t\t\t<div class=\"listing listing-mix-6 clearfix \">\r\n\t\t<div class=\"item-inner\">\r\n\t\t\t<div class=\"column-1\">\r\n\t\t\t\t\t<article class=\"post-143969 type-post format-standard has-post-thumbnail   listing-item listing-item-grid listing-item-grid-1 main-term-8\">\r\n\t<div class=\"item-inner\">\r\n\t\t\t\t\t<div class=\"featured clearfix\">\r\n\t\t\t\t<div class=\"term-badges floated\"><span class=\"term-badge term-8\"><a href=\"https:\/\/yogaesoteric.net\/fr\/category\/revelations-fr\/\">R\u00e9v\u00e9lations<\/a><\/span><\/div>\t\t\t\t<a  title=\"Une analyse comparative entre la sexualit\u00e9 brute et l\u2019\u00e9rotisme pur (7)\" data-src=\"https:\/\/yogaesoteric.net\/wp-content\/uploads\/2024\/01\/er8-e1705254576314-357x210.jpg\" data-bs-srcset=\"{&quot;baseurl&quot;:&quot;https:\\\/\\\/yogaesoteric.net\\\/wp-content\\\/uploads\\\/2024\\\/01\\\/&quot;,&quot;sizes&quot;:{&quot;210&quot;:&quot;er8-e1705254576314-210x136.jpg&quot;,&quot;279&quot;:&quot;er8-e1705254576314-279x220.jpg&quot;,&quot;357&quot;:&quot;er8-e1705254576314-357x210.jpg&quot;,&quot;503&quot;:&quot;er8-e1705254576314.jpg&quot;}}\"\t\t\t\t\t\tclass=\"img-holder\" href=\"https:\/\/yogaesoteric.net\/fr\/une-analyse-comparative-entre-la-sexualite-brute-et-lerotisme-pur-7\/\"><\/a>\r\n\r\n\t\t\t\t\t\t\t<\/div>\r\n\t\t<h2 class=\"title\">\t\t<a href=\"https:\/\/yogaesoteric.net\/fr\/une-analyse-comparative-entre-la-sexualite-brute-et-lerotisme-pur-7\/\" class=\"post-title post-url\">\r\n\t\t\tUne analyse comparative entre la sexualit\u00e9 brute et l\u2019\u00e9rotisme pur (7)\t\t<\/a>\r\n\t\t<\/h2>\t\t<div class=\"post-meta\">\r\n\r\n\t\t\t\t\t\t\t<a href=\"https:\/\/yogaesoteric.net\/fr\/author\/lallananda\/\"\r\n\t\t\t\t   title=\"Browse Author Articles\"\r\n\t\t\t\t   class=\"post-author-a\">\r\n\t\t\t\t\t<i class=\"post-author author\">\r\n\t\t\t\t\t\tLallananda\t\t\t\t\t<\/i>\r\n\t\t\t\t<\/a>\r\n\t\t\t\t\t\t\t<span class=\"time\"><time class=\"post-published updated\"\r\n\t\t\t\t                         datetime=\"2024-01-11T21:01:30+00:00\">Jan 11, 2024<\/time><\/span>\r\n\t\t\t\t<a href=\"https:\/\/yogaesoteric.net\/fr\/une-analyse-comparative-entre-la-sexualite-brute-et-lerotisme-pur-7\/#respond\" title=\"Leave a comment on: &ldquo;Une analyse comparative entre la sexualit\u00e9 brute et l\u2019\u00e9rotisme pur (7)&rdquo;\" class=\"comments\"><i class=\"fa fa-comments-o\"><\/i> 0<\/a>\t\t<\/div>\r\n\t\t\t\t\t<div class=\"post-summary\">\r\n\t\t\t\tpar Gregorian Bivolaru, professeur de yoga\r\nCette analyse comparative est une premi\u00e8re dans le sens o\u00f9 c\u2019est la&hellip;\t\t\t<\/div>\r\n\t\t\t<\/div>\r\n\t<\/article >\r\n\t\t\t<\/div>\r\n\t\t\t<div class=\"column-2\">\r\n\t\t\t\t\t<div class=\"listing listing-text listing-text-2 clearfix columns-1\">\r\n\t\t<article class=\"post-142921 type-post format-standard has-not-post-thumbnail   listing-item listing-item-text listing-item-text-2 main-term-8\">\r\n\t<div class=\"item-inner\">\r\n\t\t<h2 class=\"title\">\t\t<a href=\"https:\/\/yogaesoteric.net\/fr\/o-analiza-comparativa-intre-sexualitatea-bruta-si-erotismul-pur-vi\/\" class=\"post-title post-url\">\r\n\t\t\tUne analyse comparative entre la sexualit\u00e9 brute et&hellip;\t\t<\/a>\r\n\t\t<\/h2>\t\t<div class=\"post-meta\">\r\n\r\n\t\t\t\t\t\t\t<span class=\"time\"><time class=\"post-published updated\"\r\n\t\t\t\t                         datetime=\"2023-12-21T08:57:47+00:00\">Dec 21, 2023<\/time><\/span>\r\n\t\t\t\t\t\t<\/div>\r\n\t\t\t\t\t<div class=\"post-summary\">\r\n\t\t\t\tpar Gregorian Bivolaru, professeur de yoga\r\nLisez la cinqui\u00e8me partie de cet article\r\n\r\nCette analyse comparative&hellip;\t\t\t<\/div>\r\n\t\t\t\t<\/div>\r\n\t<\/article >\r\n\t<article class=\"post-139489 type-post format-standard has-not-post-thumbnail   listing-item listing-item-text listing-item-text-2 main-term-8\">\r\n\t<div class=\"item-inner\">\r\n\t\t<h2 class=\"title\">\t\t<a href=\"https:\/\/yogaesoteric.net\/fr\/o-analiza-comparativa-intre-sexualitatea-bruta-si-erotismul-pur-iv\/\" class=\"post-title post-url\">\r\n\t\t\tUne analyse comparative entre la sexualit\u00e9 brute et&hellip;\t\t<\/a>\r\n\t\t<\/h2>\t\t<div class=\"post-meta\">\r\n\r\n\t\t\t\t\t\t\t<span class=\"time\"><time class=\"post-published updated\"\r\n\t\t\t\t                         datetime=\"2023-11-23T06:36:52+00:00\">Nov 23, 2023<\/time><\/span>\r\n\t\t\t\t\t\t<\/div>\r\n\t\t\t\t\t<div class=\"post-summary\">\r\n\t\t\t\tpar Gregorian Bivolaru, professeur de yoga\r\nLisez la troisi\u00e8me partie de cet article\r\n\r\nCette analyse comparative&hellip;\t\t\t<\/div>\r\n\t\t\t\t<\/div>\r\n\t<\/article >\r\n\t<article class=\"post-137860 type-post format-standard has-not-post-thumbnail   listing-item listing-item-text listing-item-text-2 main-term-8\">\r\n\t<div class=\"item-inner\">\r\n\t\t<h2 class=\"title\">\t\t<a href=\"https:\/\/yogaesoteric.net\/fr\/o-analiza-comparativa-intre-sexualitatea-bruta-si-erotismul-pur-iii\/\" class=\"post-title post-url\">\r\n\t\t\tUne analyse comparative entre la sexualit\u00e9 brute et&hellip;\t\t<\/a>\r\n\t\t<\/h2>\t\t<div class=\"post-meta\">\r\n\r\n\t\t\t\t\t\t\t<span class=\"time\"><time class=\"post-published updated\"\r\n\t\t\t\t                         datetime=\"2023-11-09T08:10:01+00:00\">Nov 9, 2023<\/time><\/span>\r\n\t\t\t\t\t\t<\/div>\r\n\t\t\t\t\t<div class=\"post-summary\">\r\n\t\t\t\tpar Gregorian Bivolaru, professeur de yoga\r\nLisez la deuxi\u00e8me partie de cet article\r\n\r\nCette analyse comparative&hellip;\t\t\t<\/div>\r\n\t\t\t\t<\/div>\r\n\t<\/article >\r\n\t<\/div>\r\n\t\t\t\t<\/div>\r\n\t\t<\/div>\r\n\t<\/div>\r\n<\/div>[\/vc_column][vc_column width=&#8221;1\/4&#8243; sticky_sidebar=&#8221;true&#8221; is_sidebar=&#8221;true&#8221; column_custom_size=&#8221;3-secondary-column&#8221;]<div class=\"bscb-40482 vc_custom_1616808700094 bsb-have-heading-color bs-listing bs-listing-listing-text-3 bs-listing-single-tab\">\t\t<h3 class=\"section-heading sh-t2 sh-s1 main-term-none\">\r\n\r\n\t\t\r\n\t\t\t\t\t\t\t<a href=\"https:\/\/yogaesoteric.net\/fr\/tag\/cours\/\" class=\"main-link\">\r\n\t\t\t\t\t\t\t<span class=\"h-text main-term-none\">\r\n\t\t\t\t\t\t\t\tCours\t\t\t\t\t\t\t<\/span>\r\n\t\t\t\t<\/a>\r\n\t\t\t\r\n\t\t\r\n\t\t<\/h3>\r\n\t\t\t<div class=\"listing listing-text listing-text-3 clearfix columns-1\">\r\n\t\t<article class=\"post-7007 type-post format-standard has-not-post-thumbnail   listing-item listing-item-text listing-item-text-3 main-term-380\">\r\n\t<div class=\"item-inner\">\r\n\t\t<h2 class=\"title\">\t\t<a href=\"https:\/\/yogaesoteric.net\/fr\/yoga-en-direct-et-en-ligne\/\" class=\"post-title post-url\">\r\n\t\t\tYoga en direct et en ligne\t\t<\/a>\r\n\t\t<\/h2>\t<\/div>\r\n\t<\/article >\r\n\t<article class=\"post-349 type-post format-standard has-not-post-thumbnail   listing-item listing-item-text listing-item-text-3 main-term-380\">\r\n\t<div class=\"item-inner\">\r\n\t\t<h2 class=\"title\">\t\t<a href=\"https:\/\/yogaesoteric.net\/fr\/cours-de-yoga-par-correspondance\/\" class=\"post-title post-url\">\r\n\t\t\tCours de YOGA par correspondance\t\t<\/a>\r\n\t\t<\/h2>\t<\/div>\r\n\t<\/article >\r\n\t<\/div>\r\n\t<\/div><div class=\"bscb-22523 vc_custom_1616808708896 bsb-have-heading-color bs-listing bs-listing-listing-text-3 bs-listing-single-tab\">\t\t<h3 class=\"section-heading sh-t2 sh-s1 main-term-none\">\r\n\r\n\t\t\r\n\t\t\t\t\t\t\t<a href=\"https:\/\/yogaesoteric.net\/fr\/tag\/informations\/\" class=\"main-link\">\r\n\t\t\t\t\t\t\t<span class=\"h-text main-term-none\">\r\n\t\t\t\t\t\t\t\tInformations utiles\t\t\t\t\t\t\t<\/span>\r\n\t\t\t\t<\/a>\r\n\t\t\t\r\n\t\t\r\n\t\t<\/h3>\r\n\t\t\t<div class=\"listing listing-text listing-text-3 clearfix columns-1\">\r\n\t\t<article class=\"post-9753 type-post format-standard has-not-post-thumbnail   listing-item listing-item-text listing-item-text-3 main-term-1257\">\r\n\t<div class=\"item-inner\">\r\n\t\t<h2 class=\"title\">\t\t<a href=\"https:\/\/yogaesoteric.net\/fr\/methode-de-protection-lors-de-lacces-a-linternet\/\" class=\"post-title post-url\">\r\n\t\t\tM\u00c9THODE DE PROTECTION LORS DE L&#8217;ACC\u00c8S \u00c0 L&#8217;INTERNET\t\t<\/a>\r\n\t\t<\/h2>\t<\/div>\r\n\t<\/article >\r\n\t<article class=\"post-5043 type-post format-standard has-not-post-thumbnail   listing-item listing-item-text listing-item-text-3 main-term-1210\">\r\n\t<div class=\"item-inner\">\r\n\t\t<h2 class=\"title\">\t\t<a href=\"https:\/\/yogaesoteric.net\/fr\/methode-supreme-et-efficiente-non-a-lapocalypse\/\" class=\"post-title post-url\">\r\n\t\t\tMETHODE SUPREME ET EFFICACE \u00abNON A L\u2019APOCALYPSE!\u00bb\t\t<\/a>\r\n\t\t<\/h2>\t<\/div>\r\n\t<\/article >\r\n\t<\/div>\r\n\t<\/div><div class=\"bscb-10768 bsb-have-heading-color bs-listing bs-listing-listing-text-3 bs-listing-single-tab pagination-animate\">\t\t<h3 class=\"section-heading sh-t2 sh-s1 main-term-792\">\r\n\r\n\t\t\r\n\t\t\t\t\t\t\t<a href=\"https:\/\/yogaesoteric.net\/fr\/category\/demasquer-la-maconnerie-fr\/\" class=\"main-link\">\r\n\t\t\t\t\t\t\t<span class=\"h-text main-term-792\">\r\n\t\t\t\t\t\t\t\tD\u00c9MASQUER LA MA\u00c7ONNERIE\t\t\t\t\t\t\t<\/span>\r\n\t\t\t\t<\/a>\r\n\t\t\t\r\n\t\t\r\n\t\t<\/h3>\r\n\t\t\t\t<div class=\"bs-pagination-wrapper main-term-792 next_prev bs-slider-first-item\">\r\n\t\t\t<div class=\"listing listing-text listing-text-3 clearfix columns-1\">\r\n\t\t<article class=\"post-232299 type-post format-standard has-not-post-thumbnail   listing-item listing-item-text listing-item-text-3 main-term-1091\">\r\n\t<div class=\"item-inner\">\r\n\t\t<h2 class=\"title\">\t\t<a href=\"https:\/\/yogaesoteric.net\/fr\/larmee-americaine-teste-le-robot-hunter-wolf-equipe-dune-arme-a-feu-et-dun-radar-lors-dexercices-de-combat\/\" class=\"post-title post-url\">\r\n\t\t\tL\u2019arm\u00e9e am\u00e9ricaine teste le robot \u00ab Hunter Wolf \u00bb, \u00e9quip\u00e9 d\u2019une arme \u00e0 feu et d\u2019un radar, lors&hellip;\t\t<\/a>\r\n\t\t<\/h2>\t<\/div>\r\n\t<\/article >\r\n\t<article class=\"post-232189 type-post format-standard has-not-post-thumbnail   listing-item listing-item-text listing-item-text-3 main-term-1094\">\r\n\t<div class=\"item-inner\">\r\n\t\t<h2 class=\"title\">\t\t<a href=\"https:\/\/yogaesoteric.net\/fr\/la-turquie-va-exiger-la-presentation-dune-carte-didentite-nationale-pour-creer-un-compte-sur-les-reseaux-de-communication-virtuels\/\" class=\"post-title post-url\">\r\n\t\t\tLa Turquie va exiger la pr\u00e9sentation d\u2019une carte d\u2019identit\u00e9 nationale pour cr\u00e9er un compte sur les&hellip;\t\t<\/a>\r\n\t\t<\/h2>\t<\/div>\r\n\t<\/article >\r\n\t<article class=\"post-231687 type-post format-standard has-not-post-thumbnail   listing-item listing-item-text listing-item-text-3 main-term-1061\">\r\n\t<div class=\"item-inner\">\r\n\t\t<h2 class=\"title\">\t\t<a href=\"https:\/\/yogaesoteric.net\/fr\/combien-de-guerres-mondiales\/\" class=\"post-title post-url\">\r\n\t\t\tCombien de guerres mondiales ?\t\t<\/a>\r\n\t\t<\/h2>\t<\/div>\r\n\t<\/article >\r\n\t<article class=\"post-231475 type-post format-standard has-not-post-thumbnail   listing-item listing-item-text listing-item-text-3 main-term-1085\">\r\n\t<div class=\"item-inner\">\r\n\t\t<h2 class=\"title\">\t\t<a href=\"https:\/\/yogaesoteric.net\/fr\/la-france-se-prepare-a-une-economie-de-guerre-selon-un-rapport\/\" class=\"post-title post-url\">\r\n\t\t\tLa France se pr\u00e9pare \u00e0 une \u00ab \u00e9conomie de guerre \u00bb \u2013 Selon un rapport\t\t<\/a>\r\n\t\t<\/h2>\t<\/div>\r\n\t<\/article >\r\n\t<\/div>\r\n\t\n\t<\/div><div class=\"bs-pagination bs-ajax-pagination next_prev main-term-792 clearfix\">\r\n\t\t\t<script>var bs_ajax_paginate_718809746 = '{\"query\":{\"category\":\"792\",\"tag\":\"\",\"taxonomy\":\"\",\"post_ids\":\"\",\"post_type\":\"\",\"count\":\"4\",\"order_by\":\"date\",\"order\":\"DESC\",\"time_filter\":\"\",\"offset\":\"\",\"style\":\"listing-text-3\",\"show_excerpt\":\"0\",\"cats-tags-condition\":\"and\",\"cats-condition\":\"in\",\"tags-condition\":\"in\",\"featured_image\":\"0\",\"ignore_sticky_posts\":\"1\",\"author_ids\":\"\",\"disable_duplicate\":\"0\",\"ad-active\":0,\"paginate\":\"next_prev\",\"pagination-show-label\":\"0\",\"columns\":\"1\",\"listing-settings\":\"\",\"override-listing-settings\":\"0\",\"_layout\":{\"state\":\"1|1|0\",\"page\":\"3-col-0\"}},\"type\":\"bs_post_listing\",\"view\":\"Publisher_Text_Listing_3_Shortcode\",\"current_page\":1,\"ajax_url\":\"\\\/wp-admin\\\/admin-ajax.php\",\"remove_duplicates\":\"0\",\"query-main-term\":\"792\",\"columns\":\"1\",\"show_excerpt\":\"0\",\"paginate\":\"next_prev\",\"pagination-show-label\":\"0\",\"override-listing-settings\":\"0\",\"listing-settings\":\"\",\"ad-active\":false,\"_layout\":{\"state\":\"1|1|0\",\"page\":\"3-col-0\"},\"_bs_pagin_token\":\"b189734\",\"data\":{\"vars\":{\"post-ranking-offset\":4}}}';<\/script>\t\t\t\t<a class=\"btn-bs-pagination prev disabled\" rel=\"prev\" data-id=\"718809746\"\r\n\t\t\t\t   title=\"Previous\">\r\n\t\t\t\t\t<i class=\"fa fa-angle-left\"\r\n\t\t\t\t\t   aria-hidden=\"true\"><\/i> Prev\t\t\t\t<\/a>\r\n\t\t\t\t<a  rel=\"next\" class=\"btn-bs-pagination next\"\r\n\t\t\t\t   data-id=\"718809746\" title=\"Next\">\r\n\t\t\t\t\tNext <i\r\n\t\t\t\t\t\t\tclass=\"fa fa-angle-right\" aria-hidden=\"true\"><\/i>\r\n\t\t\t\t<\/a>\r\n\t\t\t\t<\/div><\/div>[\/vc_column][vc_column width=&#8221;1\/4&#8243; sticky_sidebar=&#8221;true&#8221; is_sidebar=&#8221;true&#8221; column_custom_size=&#8221;3-primary-column&#8221;]<div class=\"bscb-99927 vc_custom_1622541417995 bsb-have-heading-color bs-listing bs-listing-listing-text-2 bs-listing-single-tab pagination-animate\">\t\t<h3 class=\"section-heading sh-t2 sh-s1 main-term-380\">\r\n\r\n\t\t\r\n\t\t\t\t\t\t\t<a href=\"https:\/\/yogaesoteric.net\/fr\/category\/sur-nous-fr\/annonces-1593-fr\/\" class=\"main-link\">\r\n\t\t\t\t\t\t\t<span class=\"h-text main-term-380\">\r\n\t\t\t\t\t\t\t\tAnnonces\t\t\t\t\t\t\t<\/span>\r\n\t\t\t\t<\/a>\r\n\t\t\t\r\n\t\t\r\n\t\t<\/h3>\r\n\t\t<\/div><div class=\"bscb-86741 vc_custom_1616809262159 bsb-have-heading-color bs-listing bs-listing-listing-text-3 bs-listing-single-tab\">\t\t<h3 class=\"section-heading sh-t2 sh-s1 main-term-none\">\r\n\r\n\t\t\r\n\t\t\t\t\t\t\t<a href=\"https:\/\/yogaesoteric.net\/fr\/tag\/bivolaru\/\" class=\"main-link\">\r\n\t\t\t\t\t\t\t<span class=\"h-text main-term-none\">\r\n\t\t\t\t\t\t\t\tLE CAS DE BIVOLARU\t\t\t\t\t\t\t<\/span>\r\n\t\t\t\t<\/a>\r\n\t\t\t\r\n\t\t\r\n\t\t<\/h3>\r\n\t\t\t<div class=\"listing listing-text listing-text-3 clearfix columns-1\">\r\n\t\t<article class=\"post-141596 type-post format-standard has-not-post-thumbnail   listing-item listing-item-text listing-item-text-3 main-term-50\">\r\n\t<div class=\"item-inner\">\r\n\t\t<h2 class=\"title\">\t\t<a href=\"https:\/\/yogaesoteric.net\/fr\/quelles-autres-merveilles-la-presse-raconte-t-elle-sur-nous-episode-2\/\" class=\"post-title post-url\">\r\n\t\t\tQuelles (autres) merveilles la presse raconte-t-elle sur nous &#8211; \u00c9pisode 2\t\t<\/a>\r\n\t\t<\/h2>\t<\/div>\r\n\t<\/article >\r\n\t<article class=\"post-141497 type-post format-standard has-not-post-thumbnail   listing-item listing-item-text listing-item-text-3 main-term-50\">\r\n\t<div class=\"item-inner\">\r\n\t\t<h2 class=\"title\">\t\t<a href=\"https:\/\/yogaesoteric.net\/fr\/a-la-chasse-aux-sorcieres-que-de-merveilles-raconte-la-presse-sur-nous\/\" class=\"post-title post-url\">\r\n\t\t\t\u00c0 la chasse aux sorci\u00e8res. Que de merveilles raconte la presse sur nous!\t\t<\/a>\r\n\t\t<\/h2>\t<\/div>\r\n\t<\/article >\r\n\t<article class=\"post-141239 type-post format-standard has-post-thumbnail   listing-item listing-item-text listing-item-text-3 main-term-371\">\r\n\t<div class=\"item-inner\">\r\n\t\t<h2 class=\"title\">\t\t<a href=\"https:\/\/yogaesoteric.net\/fr\/apres-presque-20-ans-lhistoire-se-repete\/\" class=\"post-title post-url\">\r\n\t\t\tApr\u00e8s presque 20 ans, l\u2019histoire se r\u00e9p\u00e8te\t\t<\/a>\r\n\t\t<\/h2>\t<\/div>\r\n\t<\/article >\r\n\t<article class=\"post-10908 type-post format-standard has-not-post-thumbnail   listing-item listing-item-text listing-item-text-3 main-term-1303\">\r\n\t<div class=\"item-inner\">\r\n\t\t<h2 class=\"title\">\t\t<a href=\"https:\/\/yogaesoteric.net\/fr\/seul-soutenu-seulement-par-laide-enigmatique-de-dieu-lorsque-ceux-feroces-et-medisants-sunissent-pleins-de-haine-gratuite-et-de-venin-contre-lui\/\" class=\"post-title post-url\">\r\n\t\t\tSeul, soutenu seulement par l\u2019aide \u00e9nigmatique de Dieu, lorsque ceux, f\u00e9roces et m\u00e9disants,&hellip;\t\t<\/a>\r\n\t\t<\/h2>\t<\/div>\r\n\t<\/article >\r\n\t<\/div>\r\n\t<\/div><div class=\"bscb-25108 bs-listing bs-listing-listing-thumbnail-1 bs-listing-single-tab pagination-animate\">\t\t<h3 class=\"section-heading sh-t2 sh-s1 main-term-20\">\r\n\r\n\t\t\r\n\t\t\t\t\t\t\t<a href=\"https:\/\/yogaesoteric.net\/fr\/category\/actualite-fr\/\" class=\"main-link\">\r\n\t\t\t\t\t\t\t<span class=\"h-text main-term-20\">\r\n\t\t\t\t\t\t\t\tActualit\u00e9\t\t\t\t\t\t\t<\/span>\r\n\t\t\t\t<\/a>\r\n\t\t\t\r\n\t\t\r\n\t\t<\/h3>\r\n\t\t\t\t<div class=\"bs-pagination-wrapper main-term-20 next_prev bs-slider-first-item\">\r\n\t\t\t<div class=\"listing listing-thumbnail listing-tb-1 clearfix columns-1\">\r\n\t\t<article class=\"post-232497 type-post format-standard has-not-post-thumbnail   listing-item listing-item-thumbnail listing-item-tb-1 main-term-1330\">\r\n\t<div class=\"item-inner clearfix\">\r\n\t\t\t\t\t<div class=\"featured featured-type-featured-image\">\r\n\t\t\t\t<a  title=\"Lancement du \u00ab premier robot humano\u00efde au monde \u00bb capable d\u2019effectuer de v\u00e9ritables t\u00e2ches m\u00e9nag\u00e8res, dot\u00e9 d\u2019une autonomie de 16 heures\" data-src=\"https:\/\/yogaesoteric.net\/wp-content\/uploads\/2026\/04\/232497_1.jpg\"\t\t\t\t\t\tclass=\"img-holder\" href=\"https:\/\/yogaesoteric.net\/fr\/lancement-du-premier-robot-humanoide-au-monde-capable-deffectuer-de-veritables-taches-menageres-dote-dune-autonomie-de-16-heures\/\"><\/a>\r\n\t\t\t\t\t\t\t<\/div>\r\n\t\t<h2 class=\"title\">\t\t<a href=\"https:\/\/yogaesoteric.net\/fr\/lancement-du-premier-robot-humanoide-au-monde-capable-deffectuer-de-veritables-taches-menageres-dote-dune-autonomie-de-16-heures\/\" class=\"post-url post-title\">\r\n\t\t\tLancement du \u00ab premier robot humano\u00efde au monde \u00bb capable&hellip;\t\t<\/a>\r\n\t\t<\/h2>\t<\/div>\r\n\t<\/article >\r\n\t<article class=\"post-232489 type-post format-standard has-not-post-thumbnail   listing-item listing-item-thumbnail listing-item-tb-1 main-term-383\">\r\n\t<div class=\"item-inner clearfix\">\r\n\t\t\t\t\t<div class=\"featured featured-type-featured-image\">\r\n\t\t\t\t<a  title=\"Une analyse allemande du changement de pouvoir en Hongrie\" data-src=\"https:\/\/yogaesoteric.net\/wp-content\/uploads\/2026\/04\/232489_1.jpg\"\t\t\t\t\t\tclass=\"img-holder\" href=\"https:\/\/yogaesoteric.net\/fr\/une-analyse-allemande-du-changement-de-pouvoir-en-hongrie\/\"><\/a>\r\n\t\t\t\t\t\t\t<\/div>\r\n\t\t<h2 class=\"title\">\t\t<a href=\"https:\/\/yogaesoteric.net\/fr\/une-analyse-allemande-du-changement-de-pouvoir-en-hongrie\/\" class=\"post-url post-title\">\r\n\t\t\tUne analyse allemande du changement de pouvoir en Hongrie\t\t<\/a>\r\n\t\t<\/h2>\t<\/div>\r\n\t<\/article >\r\n\t<article class=\"post-232294 type-post format-standard has-not-post-thumbnail   listing-item listing-item-thumbnail listing-item-tb-1 main-term-386\">\r\n\t<div class=\"item-inner clearfix\">\r\n\t\t\t\t\t<div class=\"featured featured-type-featured-image\">\r\n\t\t\t\t<a  title=\"L\u2019Europe \u00e0 la merci d\u2019un \u00ab kill switch \u00bb am\u00e9ricain pour ses infrastructures cloud\" data-src=\"https:\/\/yogaesoteric.net\/wp-content\/uploads\/2026\/04\/232294_1.jpg\"\t\t\t\t\t\tclass=\"img-holder\" href=\"https:\/\/yogaesoteric.net\/fr\/leurope-a-la-merci-dun-kill-switch-americain-pour-ses-infrastructures-cloud\/\"><\/a>\r\n\t\t\t\t\t\t\t<\/div>\r\n\t\t<h2 class=\"title\">\t\t<a href=\"https:\/\/yogaesoteric.net\/fr\/leurope-a-la-merci-dun-kill-switch-americain-pour-ses-infrastructures-cloud\/\" class=\"post-url post-title\">\r\n\t\t\tL\u2019Europe \u00e0 la merci d\u2019un \u00ab kill switch \u00bb am\u00e9ricain pour ses&hellip;\t\t<\/a>\r\n\t\t<\/h2>\t<\/div>\r\n\t<\/article >\r\n\t<article class=\"post-232194 type-post format-standard has-not-post-thumbnail   listing-item listing-item-thumbnail listing-item-tb-1 main-term-386\">\r\n\t<div class=\"item-inner clearfix\">\r\n\t\t\t\t\t<div class=\"featured featured-type-featured-image\">\r\n\t\t\t\t<a  title=\"\u00ab Faible \u00bb : Trump fustige le pape L\u00e9on pour ses critiques concernant la guerre en Iran et l\u2019immigration\" data-src=\"https:\/\/yogaesoteric.net\/wp-content\/uploads\/2026\/04\/trump-pope.jpg\"\t\t\t\t\t\tclass=\"img-holder\" href=\"https:\/\/yogaesoteric.net\/fr\/faible-trump-fustige-le-pape-leon-pour-ses-critiques-concernant-la-guerre-en-iran-et-limmigration\/\"><\/a>\r\n\t\t\t\t\t\t\t<\/div>\r\n\t\t<h2 class=\"title\">\t\t<a href=\"https:\/\/yogaesoteric.net\/fr\/faible-trump-fustige-le-pape-leon-pour-ses-critiques-concernant-la-guerre-en-iran-et-limmigration\/\" class=\"post-url post-title\">\r\n\t\t\t\u00ab Faible \u00bb : Trump fustige le pape L\u00e9on pour ses critiques&hellip;\t\t<\/a>\r\n\t\t<\/h2>\t<\/div>\r\n\t<\/article >\r\n\t<\/div>\r\n\t\n\t<\/div><div class=\"bs-pagination bs-ajax-pagination next_prev main-term-20 clearfix\">\r\n\t\t\t<script>var bs_ajax_paginate_30986449 = '{\"query\":{\"category\":\"20\",\"tag\":\"\",\"taxonomy\":\"\",\"post_ids\":\"\",\"post_type\":\"\",\"count\":\"4\",\"order_by\":\"modified\",\"order\":\"DESC\",\"time_filter\":\"\",\"offset\":\"\",\"style\":\"listing-thumbnail-1\",\"cats-tags-condition\":\"and\",\"cats-condition\":\"in\",\"tags-condition\":\"in\",\"featured_image\":\"0\",\"ignore_sticky_posts\":\"1\",\"author_ids\":\"\",\"disable_duplicate\":\"0\",\"ad-active\":0,\"paginate\":\"next_prev\",\"pagination-show-label\":\"0\",\"columns\":\"1\",\"listing-settings\":\"\",\"override-listing-settings\":\"0\",\"_layout\":{\"state\":\"1|1|0\",\"page\":\"3-col-0\"}},\"type\":\"bs_post_listing\",\"view\":\"Publisher_Thumbnail_Listing_1_Shortcode\",\"current_page\":1,\"ajax_url\":\"\\\/wp-admin\\\/admin-ajax.php\",\"remove_duplicates\":\"0\",\"query-main-term\":\"20\",\"columns\":\"1\",\"paginate\":\"next_prev\",\"pagination-show-label\":\"0\",\"override-listing-settings\":\"0\",\"listing-settings\":\"\",\"ad-active\":false,\"_layout\":{\"state\":\"1|1|0\",\"page\":\"3-col-0\"},\"_bs_pagin_token\":\"b597673\",\"data\":{\"vars\":{\"post-ranking-offset\":4}}}';<\/script>\t\t\t\t<a class=\"btn-bs-pagination prev disabled\" rel=\"prev\" data-id=\"30986449\"\r\n\t\t\t\t   title=\"Previous\">\r\n\t\t\t\t\t<i class=\"fa fa-angle-left\"\r\n\t\t\t\t\t   aria-hidden=\"true\"><\/i> Prev\t\t\t\t<\/a>\r\n\t\t\t\t<a  rel=\"next\" class=\"btn-bs-pagination next\"\r\n\t\t\t\t   data-id=\"30986449\" title=\"Next\">\r\n\t\t\t\t\tNext <i\r\n\t\t\t\t\t\t\tclass=\"fa fa-angle-right\" aria-hidden=\"true\"><\/i>\r\n\t\t\t\t<\/a>\r\n\t\t\t\t<\/div><\/div>[\/vc_column][\/vc_row][vc_row][vc_column width=&#8221;1\/2&#8243;]<div class=\"bscb-66030 bsb-have-heading-color bs-listing bs-listing-listing-mix-1-1 bs-listing-single-tab pagination-animate\">\t\t<h3 class=\"section-heading sh-t2 sh-s1 main-term-11\">\r\n\r\n\t\t\r\n\t\t\t\t\t\t\t<a href=\"https:\/\/yogaesoteric.net\/fr\/category\/yoga-fr\/\" class=\"main-link\">\r\n\t\t\t\t\t\t\t<span class=\"h-text main-term-11\">\r\n\t\t\t\t\t\t\t\tYoga\t\t\t\t\t\t\t<\/span>\r\n\t\t\t\t<\/a>\r\n\t\t\t\r\n\t\t\r\n\t\t<\/h3>\r\n\t\t\t\t<div class=\"bs-pagination-wrapper main-term-11 next_prev bs-slider-first-item\">\r\n\t\t\t<div class=\"listing listing-mix-1-1  \">\r\n\t\t<div class=\"item-inner clearfix\">\r\n\t\t\t<div class=\"column-1\">\r\n\t\t\t\t\t<article class=\"post-149 type-post format-standard has-not-post-thumbnail   listing-item listing-item-grid listing-item-grid-1 main-term-1229\">\r\n\t<div class=\"item-inner\">\r\n\t\t\t\t\t<div class=\"featured clearfix\">\r\n\t\t\t\t<div class=\"term-badges floated\"><span class=\"term-badge term-1229\"><a href=\"https:\/\/yogaesoteric.net\/fr\/category\/yoga-fr\/la-physiologie-energetique-de-letre-humain-corps-subtils-centres-de-force-canaux-energetiques-1587-fr\/\">La physiologie \u00e9nerg\u00e9tique de l\u2019\u00eatre humain: corps subtils, centres de force, canaux \u00e9nerg\u00e9tiques<\/a><\/span><\/div>\t\t\t\t<a  title=\"Swadhisthana Chakra &#8211; synth\u00e8se\" data-src=\"https:\/\/yogaesoteric.net\/wp-content\/uploads\/2005\/01\/swadi-300x200.webp\"\t\t\t\t\t\tclass=\"img-holder\" href=\"https:\/\/yogaesoteric.net\/fr\/swadhisthana-chakra-synthese\/\"><\/a>\r\n\r\n\t\t\t\t\t\t\t<\/div>\r\n\t\t<h2 class=\"title\">\t\t<a href=\"https:\/\/yogaesoteric.net\/fr\/swadhisthana-chakra-synthese\/\" class=\"post-title post-url\">\r\n\t\t\tSwadhisthana Chakra &#8211; synth\u00e8se\t\t<\/a>\r\n\t\t<\/h2>\t\t<div class=\"post-meta\">\r\n\r\n\t\t\t\t\t\t\t<a href=\"https:\/\/yogaesoteric.net\/fr\/author\/admin\/\"\r\n\t\t\t\t   title=\"Browse Author Articles\"\r\n\t\t\t\t   class=\"post-author-a\">\r\n\t\t\t\t\t<i class=\"post-author author\">\r\n\t\t\t\t\t\tadmin\t\t\t\t\t<\/i>\r\n\t\t\t\t<\/a>\r\n\t\t\t\t\t\t\t<span class=\"time\"><time class=\"post-published updated\"\r\n\t\t\t\t                         datetime=\"2006-10-23T08:16:01+00:00\">Oct 23, 2006<\/time><\/span>\r\n\t\t\t\t<a href=\"https:\/\/yogaesoteric.net\/fr\/swadhisthana-chakra-synthese\/#respond\" title=\"Leave a comment on: &ldquo;Swadhisthana Chakra &#8211; synth\u00e8se&rdquo;\" class=\"comments\"><i class=\"fa fa-comments-o\"><\/i> 0<\/a>\t\t<\/div>\r\n\t\t\t\t\t<div class=\"post-summary\">\r\n\t\t\t\tEmplacement \u2013 la zone situ\u00e9e au-dessus des organes sexuels, dans le plan subtil&hellip;\t\t\t<\/div>\r\n\t\t\t<\/div>\r\n\t<\/article >\r\n\t\t\t<\/div>\r\n\t\t\t<div class=\"column-2\">\r\n\t\t\t\t\t<div class=\"listing listing-thumbnail listing-tb-1 clearfix columns-1\">\r\n\t\t<article class=\"post-3819 type-post format-standard has-not-post-thumbnail   listing-item listing-item-thumbnail listing-item-tb-1 main-term-1068\">\r\n\t<div class=\"item-inner clearfix\">\r\n\t\t\t\t\t<div class=\"featured featured-type-featured-image\">\r\n\t\t\t\t<a  title=\"Les Navadurgas, les Neuf Durga\" data-src=\"https:\/\/yogaesoteric.net\/wp-content\/uploads\/2008\/11\/durga_1.jpg\"\t\t\t\t\t\tclass=\"img-holder\" href=\"https:\/\/yogaesoteric.net\/fr\/les-navadurgas-les-neuf-durga\/\"><\/a>\r\n\t\t\t\t\t\t\t<\/div>\r\n\t\t<h2 class=\"title\">\t\t<a href=\"https:\/\/yogaesoteric.net\/fr\/les-navadurgas-les-neuf-durga\/\" class=\"post-url post-title\">\r\n\t\t\tLes Navadurgas, les Neuf Durga\t\t<\/a>\r\n\t\t<\/h2>\t\t<div class=\"post-meta\">\r\n\r\n\t\t\t\t\t\t\t<span class=\"time\"><time class=\"post-published updated\"\r\n\t\t\t\t                         datetime=\"2017-12-04T11:23:13+00:00\">Dec 4, 2017<\/time><\/span>\r\n\t\t\t\t\t\t<\/div>\r\n\t\t\t<\/div>\r\n\t<\/article >\r\n\t<article class=\"post-4481 type-post format-standard has-not-post-thumbnail   listing-item listing-item-thumbnail listing-item-tb-1 main-term-1615\">\r\n\t<div class=\"item-inner clearfix\">\r\n\t\t\t\t\t<div class=\"featured featured-type-featured-image\">\r\n\t\t\t\t<a  title=\"Le merveilleux langage des animaux\" data-src=\"https:\/\/yogaesoteric.net\/wp-content\/uploads\/2010\/02\/john-solomon-rarey-e1757436357937.jpeg\"\t\t\t\t\t\tclass=\"img-holder\" href=\"https:\/\/yogaesoteric.net\/fr\/le-merveilleux-langage-des-animaux\/\"><\/a>\r\n\t\t\t\t\t\t\t<\/div>\r\n\t\t<h2 class=\"title\">\t\t<a href=\"https:\/\/yogaesoteric.net\/fr\/le-merveilleux-langage-des-animaux\/\" class=\"post-url post-title\">\r\n\t\t\tLe merveilleux langage des animaux\t\t<\/a>\r\n\t\t<\/h2>\t\t<div class=\"post-meta\">\r\n\r\n\t\t\t\t\t\t\t<span class=\"time\"><time class=\"post-published updated\"\r\n\t\t\t\t                         datetime=\"2014-07-04T23:24:40+00:00\">Jul 4, 2014<\/time><\/span>\r\n\t\t\t\t\t\t<\/div>\r\n\t\t\t<\/div>\r\n\t<\/article >\r\n\t<article class=\"post-172705 type-post format-standard has-not-post-thumbnail   listing-item listing-item-thumbnail listing-item-tb-1 main-term-1297\">\r\n\t<div class=\"item-inner clearfix\">\r\n\t\t\t\t\t<div class=\"featured featured-type-featured-image\">\r\n\t\t\t\t<a  title=\"La conscience peut-elle exister sans cerveau ?\" data-src=\"https:\/\/yogaesoteric.net\/wp-content\/uploads\/2024\/10\/172705_1.jpg\"\t\t\t\t\t\tclass=\"img-holder\" href=\"https:\/\/yogaesoteric.net\/fr\/la-conscience-peut-elle-exister-sans-cerveau\/\"><\/a>\r\n\t\t\t\t\t\t\t<\/div>\r\n\t\t<h2 class=\"title\">\t\t<a href=\"https:\/\/yogaesoteric.net\/fr\/la-conscience-peut-elle-exister-sans-cerveau\/\" class=\"post-url post-title\">\r\n\t\t\tLa conscience peut-elle exister sans cerveau ?\t\t<\/a>\r\n\t\t<\/h2>\t\t<div class=\"post-meta\">\r\n\r\n\t\t\t\t\t\t\t<span class=\"time\"><time class=\"post-published updated\"\r\n\t\t\t\t                         datetime=\"2024-10-11T09:59:01+00:00\">Oct 11, 2024<\/time><\/span>\r\n\t\t\t\t\t\t<\/div>\r\n\t\t\t<\/div>\r\n\t<\/article >\r\n\t<article class=\"post-134327 type-post format-standard has-not-post-thumbnail   listing-item listing-item-thumbnail listing-item-tb-1 main-term-362\">\r\n\t<div class=\"item-inner clearfix\">\r\n\t\t\t\t\t<div class=\"featured featured-type-featured-image\">\r\n\t\t\t\t<a  title=\"Albert Einstein : \u00ab Plus j&#8217;en apprends sur la physique, plus je suis attir\u00e9 par la m\u00e9taphysique. \u00bb\" data-src=\"https:\/\/yogaesoteric.net\/wp-content\/uploads\/2023\/10\/133754_1.jpg\"\t\t\t\t\t\tclass=\"img-holder\" href=\"https:\/\/yogaesoteric.net\/fr\/albert-einstein-cu-cat-invat-mai-multe-despre-fizica-cu-atat-mai-mult-sunt-atras-de-metafizica\/\"><\/a>\r\n\t\t\t\t\t\t\t<\/div>\r\n\t\t<h2 class=\"title\">\t\t<a href=\"https:\/\/yogaesoteric.net\/fr\/albert-einstein-cu-cat-invat-mai-multe-despre-fizica-cu-atat-mai-mult-sunt-atras-de-metafizica\/\" class=\"post-url post-title\">\r\n\t\t\tAlbert Einstein : \u00ab Plus j&#8217;en apprends sur la&hellip;\t\t<\/a>\r\n\t\t<\/h2>\t\t<div class=\"post-meta\">\r\n\r\n\t\t\t\t\t\t\t<span class=\"time\"><time class=\"post-published updated\"\r\n\t\t\t\t                         datetime=\"2023-10-11T07:45:13+00:00\">Oct 11, 2023<\/time><\/span>\r\n\t\t\t\t\t\t<\/div>\r\n\t\t\t<\/div>\r\n\t<\/article >\r\n\t<\/div>\r\n\t\t\t\t<\/div>\r\n\t\t<\/div>\r\n\t<\/div>\r\n\n\t<\/div><div class=\"bs-pagination bs-ajax-pagination next_prev main-term-11 clearfix\">\r\n\t\t\t<script>var bs_ajax_paginate_1785373196 = '{\"query\":{\"category\":\"11\",\"tag\":\"\",\"taxonomy\":\"\",\"post_ids\":\"\",\"post_type\":\"\",\"count\":\"5\",\"order_by\":\"modified\",\"order\":\"DESC\",\"time_filter\":\"\",\"offset\":\"\",\"style\":\"listing-mix-1-1\",\"cats-tags-condition\":\"and\",\"cats-condition\":\"in\",\"tags-condition\":\"in\",\"featured_image\":\"0\",\"ignore_sticky_posts\":\"1\",\"author_ids\":\"\",\"disable_duplicate\":\"0\",\"ad-active\":0,\"paginate\":\"next_prev\",\"pagination-show-label\":\"0\",\"listing-settings\":\"\",\"override-listing-settings\":\"0\",\"_layout\":{\"state\":\"1|1|0\",\"page\":\"3-col-0\"}},\"type\":\"bs_post_listing\",\"view\":\"Publisher_Mix_Listing_1_1_Shortcode\",\"current_page\":1,\"ajax_url\":\"\\\/wp-admin\\\/admin-ajax.php\",\"remove_duplicates\":\"0\",\"query-main-term\":\"11\",\"paginate\":\"next_prev\",\"pagination-show-label\":\"0\",\"override-listing-settings\":\"0\",\"listing-settings\":\"\",\"ad-active\":false,\"_layout\":{\"state\":\"1|1|0\",\"page\":\"3-col-0\"},\"_bs_pagin_token\":\"78e0315\",\"data\":{\"vars\":{\"post-ranking-offset\":4}}}';<\/script>\t\t\t\t<a class=\"btn-bs-pagination prev disabled\" rel=\"prev\" data-id=\"1785373196\"\r\n\t\t\t\t   title=\"Previous\">\r\n\t\t\t\t\t<i class=\"fa fa-angle-left\"\r\n\t\t\t\t\t   aria-hidden=\"true\"><\/i> Prev\t\t\t\t<\/a>\r\n\t\t\t\t<a  rel=\"next\" class=\"btn-bs-pagination next\"\r\n\t\t\t\t   data-id=\"1785373196\" title=\"Next\">\r\n\t\t\t\t\tNext <i\r\n\t\t\t\t\t\t\tclass=\"fa fa-angle-right\" aria-hidden=\"true\"><\/i>\r\n\t\t\t\t<\/a>\r\n\t\t\t\t<\/div><\/div>[\/vc_column][vc_column width=&#8221;1\/2&#8243;]<div class=\"bscb-25435 bs-listing bs-listing-listing-mix-1-1 bs-listing-single-tab pagination-animate\">\t\t<h3 class=\"section-heading sh-t2 sh-s1 main-term-14\">\r\n\r\n\t\t\r\n\t\t\t\t\t\t\t<a href=\"https:\/\/yogaesoteric.net\/fr\/category\/spiritualite-universelle-fr\/\" class=\"main-link\">\r\n\t\t\t\t\t\t\t<span class=\"h-text main-term-14\">\r\n\t\t\t\t\t\t\t\tSpiritualit\u00e9 Universelle\t\t\t\t\t\t\t<\/span>\r\n\t\t\t\t<\/a>\r\n\t\t\t\r\n\t\t\r\n\t\t<\/h3>\r\n\t\t\t\t<div class=\"bs-pagination-wrapper main-term-14 next_prev bs-slider-first-item\">\r\n\t\t\t<div class=\"listing listing-mix-1-1  \">\r\n\t\t<div class=\"item-inner clearfix\">\r\n\t\t\t<div class=\"column-1\">\r\n\t\t\t\t\t<article class=\"post-223245 type-post format-standard has-post-thumbnail   listing-item listing-item-grid listing-item-grid-1 main-term-359\">\r\n\t<div class=\"item-inner\">\r\n\t\t\t\t\t<div class=\"featured clearfix\">\r\n\t\t\t\t<div class=\"term-badges floated\"><span class=\"term-badge term-359\"><a href=\"https:\/\/yogaesoteric.net\/fr\/category\/spiritualite-universelle-fr\/la-science-confirme-les-traditions-spirituelles-1603-fr\/\">La science confirme les traditions spirituelles<\/a><\/span><\/div>\t\t\t\t<a  title=\"Neuroscientifique : tout ce que vous pensez savoir sur le cerveau est faux\" data-src=\"https:\/\/yogaesoteric.net\/wp-content\/uploads\/2026\/01\/223245_1-357x210.jpg\" data-bs-srcset=\"{&quot;baseurl&quot;:&quot;https:\\\/\\\/yogaesoteric.net\\\/wp-content\\\/uploads\\\/2026\\\/01\\\/&quot;,&quot;sizes&quot;:{&quot;210&quot;:&quot;223245_1-210x136.jpg&quot;,&quot;279&quot;:&quot;223245_1-279x220.jpg&quot;,&quot;357&quot;:&quot;223245_1-357x210.jpg&quot;,&quot;560&quot;:&quot;223245_1.jpg&quot;}}\"\t\t\t\t\t\tclass=\"img-holder\" href=\"https:\/\/yogaesoteric.net\/fr\/neuroscientifique-tout-ce-que-vous-pensez-savoir-sur-le-cerveau-est-faux\/\"><\/a>\r\n\r\n\t\t\t\t\t\t\t<\/div>\r\n\t\t<h2 class=\"title\">\t\t<a href=\"https:\/\/yogaesoteric.net\/fr\/neuroscientifique-tout-ce-que-vous-pensez-savoir-sur-le-cerveau-est-faux\/\" class=\"post-title post-url\">\r\n\t\t\tNeuroscientifique : tout ce que vous pensez savoir sur le cerveau est faux\t\t<\/a>\r\n\t\t<\/h2>\t\t<div class=\"post-meta\">\r\n\r\n\t\t\t\t\t\t\t<a href=\"https:\/\/yogaesoteric.net\/fr\/author\/radhananda\/\"\r\n\t\t\t\t   title=\"Browse Author Articles\"\r\n\t\t\t\t   class=\"post-author-a\">\r\n\t\t\t\t\t<i class=\"post-author author\">\r\n\t\t\t\t\t\tRadhananda\t\t\t\t\t<\/i>\r\n\t\t\t\t<\/a>\r\n\t\t\t\t\t\t\t<span class=\"time\"><time class=\"post-published updated\"\r\n\t\t\t\t                         datetime=\"2026-01-31T17:02:52+00:00\">Jan 31, 2026<\/time><\/span>\r\n\t\t\t\t<a href=\"https:\/\/yogaesoteric.net\/fr\/neuroscientifique-tout-ce-que-vous-pensez-savoir-sur-le-cerveau-est-faux\/#respond\" title=\"Leave a comment on: &ldquo;Neuroscientifique : tout ce que vous pensez savoir sur le cerveau est faux&rdquo;\" class=\"comments\"><i class=\"fa fa-comments-o\"><\/i> 0<\/a>\t\t<\/div>\r\n\t\t\t\t\t<div class=\"post-summary\">\r\n\t\t\t\tBiliana Todorova est docteure en sciences, conf\u00e9renci\u00e8re internationale et coach&hellip;\t\t\t<\/div>\r\n\t\t\t<\/div>\r\n\t<\/article >\r\n\t\t\t<\/div>\r\n\t\t\t<div class=\"column-2\">\r\n\t\t\t\t\t<div class=\"listing listing-thumbnail listing-tb-1 clearfix columns-1\">\r\n\t\t<article class=\"post-210385 type-post format-standard has-not-post-thumbnail   listing-item listing-item-thumbnail listing-item-tb-1 main-term-14\">\r\n\t<div class=\"item-inner clearfix\">\r\n\t\t\t\t\t<div class=\"featured featured-type-featured-image\">\r\n\t\t\t\t<a  title=\"Quand l\u2019hell\u00e9nisme rencontra le bouddhisme\" data-src=\"https:\/\/yogaesoteric.net\/wp-content\/uploads\/2025\/10\/210385_1.jpg\"\t\t\t\t\t\tclass=\"img-holder\" href=\"https:\/\/yogaesoteric.net\/fr\/quand-lhellenisme-rencontra-le-bouddhisme\/\"><\/a>\r\n\t\t\t\t\t\t\t<\/div>\r\n\t\t<h2 class=\"title\">\t\t<a href=\"https:\/\/yogaesoteric.net\/fr\/quand-lhellenisme-rencontra-le-bouddhisme\/\" class=\"post-url post-title\">\r\n\t\t\tQuand l\u2019hell\u00e9nisme rencontra le bouddhisme\t\t<\/a>\r\n\t\t<\/h2>\t\t<div class=\"post-meta\">\r\n\r\n\t\t\t\t\t\t\t<span class=\"time\"><time class=\"post-published updated\"\r\n\t\t\t\t                         datetime=\"2025-10-06T08:45:09+00:00\">Oct 6, 2025<\/time><\/span>\r\n\t\t\t\t\t\t<\/div>\r\n\t\t\t<\/div>\r\n\t<\/article >\r\n\t<article class=\"post-247 type-post format-standard has-not-post-thumbnail   listing-item listing-item-thumbnail listing-item-tb-1 main-term-392\">\r\n\t<div class=\"item-inner clearfix\">\r\n\t\t\t\t\t<div class=\"featured featured-type-featured-image\">\r\n\t\t\t\t<a  title=\"\u00c9l\u00e9ments essentiels concernant la f\u00eate spirituelle de MAHASHIVARATRI\" data-src=\"https:\/\/yogaesoteric.net\/wp-content\/uploads\/2023\/02\/247_1.jpg\"\t\t\t\t\t\tclass=\"img-holder\" href=\"https:\/\/yogaesoteric.net\/fr\/elements-essentiels-concernant-la-fete-spirituelle-de-mahashivaratri\/\"><\/a>\r\n\t\t\t\t\t\t\t<\/div>\r\n\t\t<h2 class=\"title\">\t\t<a href=\"https:\/\/yogaesoteric.net\/fr\/elements-essentiels-concernant-la-fete-spirituelle-de-mahashivaratri\/\" class=\"post-url post-title\">\r\n\t\t\t\u00c9l\u00e9ments essentiels concernant la f\u00eate spirituelle de&hellip;\t\t<\/a>\r\n\t\t<\/h2>\t\t<div class=\"post-meta\">\r\n\r\n\t\t\t\t\t\t\t<span class=\"time\"><time class=\"post-published updated\"\r\n\t\t\t\t                         datetime=\"2025-02-26T07:55:11+00:00\">Feb 26, 2025<\/time><\/span>\r\n\t\t\t\t\t\t<\/div>\r\n\t\t\t<\/div>\r\n\t<\/article >\r\n\t<article class=\"post-137762 type-post format-standard has-not-post-thumbnail   listing-item listing-item-thumbnail listing-item-tb-1 main-term-356\">\r\n\t<div class=\"item-inner clearfix\">\r\n\t\t\t\t\t<div class=\"featured featured-type-featured-image\">\r\n\t\t\t\t<a  title=\"Novak Djokovic pense que sa foi en Dieu l\u2019a port\u00e9 lors de la finale de l\u2019US Open alors qu\u2019il se d\u00e9battait physiquement, affirmant que le \u00ab divin \u00bb \u00e9tait pr\u00e9sent avec lui\" data-src=\"https:\/\/yogaesoteric.net\/wp-content\/uploads\/2023\/11\/1-27-300x201.jpg\"\t\t\t\t\t\tclass=\"img-holder\" href=\"https:\/\/yogaesoteric.net\/fr\/novak-djokovic-pense-que-sa-foi-en-dieu-la-porte-lors-de-la-finale-de-lus-open-alors-quil-se-debattait-physiquement-affirmant-que-le-divin-etait-present-avec\/\"><\/a>\r\n\t\t\t\t\t\t\t<\/div>\r\n\t\t<h2 class=\"title\">\t\t<a href=\"https:\/\/yogaesoteric.net\/fr\/novak-djokovic-pense-que-sa-foi-en-dieu-la-porte-lors-de-la-finale-de-lus-open-alors-quil-se-debattait-physiquement-affirmant-que-le-divin-etait-present-avec\/\" class=\"post-url post-title\">\r\n\t\t\tNovak Djokovic pense que sa foi en Dieu l\u2019a port\u00e9 lors de la&hellip;\t\t<\/a>\r\n\t\t<\/h2>\t\t<div class=\"post-meta\">\r\n\r\n\t\t\t\t\t\t\t<span class=\"time\"><time class=\"post-published updated\"\r\n\t\t\t\t                         datetime=\"2023-11-08T10:34:40+00:00\">Nov 8, 2023<\/time><\/span>\r\n\t\t\t\t\t\t<\/div>\r\n\t\t\t<\/div>\r\n\t<\/article >\r\n\t<article class=\"post-106439 type-post format-standard has-not-post-thumbnail   listing-item listing-item-thumbnail listing-item-tb-1 main-term-359\">\r\n\t<div class=\"item-inner clearfix\">\r\n\t\t\t\t\t<div class=\"featured featured-type-featured-image\">\r\n\t\t\t\t<a  title=\"La conscience des personnes au bord de la vie et de la mort a \u00e9t\u00e9 \u00e9tudi\u00e9e\" data-src=\"https:\/\/yogaesoteric.net\/wp-content\/uploads\/2023\/01\/106439_1-e1673786226460.jpg\"\t\t\t\t\t\tclass=\"img-holder\" href=\"https:\/\/yogaesoteric.net\/fr\/la-conscience-des-personnes-au-bord-de-la-vie-et-de-la-mort-a-ete-etudiee\/\"><\/a>\r\n\t\t\t\t\t\t\t<\/div>\r\n\t\t<h2 class=\"title\">\t\t<a href=\"https:\/\/yogaesoteric.net\/fr\/la-conscience-des-personnes-au-bord-de-la-vie-et-de-la-mort-a-ete-etudiee\/\" class=\"post-url post-title\">\r\n\t\t\tLa conscience des personnes au bord de la vie et de la mort&hellip;\t\t<\/a>\r\n\t\t<\/h2>\t\t<div class=\"post-meta\">\r\n\r\n\t\t\t\t\t\t\t<span class=\"time\"><time class=\"post-published updated\"\r\n\t\t\t\t                         datetime=\"2023-01-15T12:38:16+00:00\">Jan 15, 2023<\/time><\/span>\r\n\t\t\t\t\t\t<\/div>\r\n\t\t\t<\/div>\r\n\t<\/article >\r\n\t<\/div>\r\n\t\t\t\t<\/div>\r\n\t\t<\/div>\r\n\t<\/div>\r\n\n\t<\/div><div class=\"bs-pagination bs-ajax-pagination next_prev main-term-14 clearfix\">\r\n\t\t\t<script>var bs_ajax_paginate_64380099 = '{\"query\":{\"category\":\"14\",\"tag\":\"\",\"taxonomy\":\"\",\"post_ids\":\"\",\"post_type\":\"\",\"count\":\"5\",\"order_by\":\"modified\",\"order\":\"DESC\",\"time_filter\":\"\",\"offset\":\"\",\"style\":\"listing-mix-1-1\",\"cats-tags-condition\":\"and\",\"cats-condition\":\"in\",\"tags-condition\":\"in\",\"featured_image\":\"0\",\"ignore_sticky_posts\":\"1\",\"author_ids\":\"\",\"disable_duplicate\":\"0\",\"ad-active\":0,\"paginate\":\"next_prev\",\"pagination-show-label\":\"1\",\"listing-settings\":\"\",\"override-listing-settings\":\"0\",\"_layout\":{\"state\":\"1|1|0\",\"page\":\"3-col-0\"}},\"type\":\"bs_post_listing\",\"view\":\"Publisher_Mix_Listing_1_1_Shortcode\",\"current_page\":1,\"ajax_url\":\"\\\/wp-admin\\\/admin-ajax.php\",\"remove_duplicates\":\"0\",\"query-main-term\":\"14\",\"paginate\":\"next_prev\",\"pagination-show-label\":\"1\",\"override-listing-settings\":\"0\",\"listing-settings\":\"\",\"ad-active\":false,\"_layout\":{\"state\":\"1|1|0\",\"page\":\"3-col-0\"},\"_bs_pagin_token\":\"5d1cb4f\",\"data\":{\"vars\":{\"post-ranking-offset\":4}}}';<\/script>\t\t\t\t<a class=\"btn-bs-pagination prev disabled\" rel=\"prev\" data-id=\"64380099\"\r\n\t\t\t\t   title=\"Previous\">\r\n\t\t\t\t\t<i class=\"fa fa-angle-left\"\r\n\t\t\t\t\t   aria-hidden=\"true\"><\/i> Prev\t\t\t\t<\/a>\r\n\t\t\t\t<a  rel=\"next\" class=\"btn-bs-pagination next\"\r\n\t\t\t\t   data-id=\"64380099\" title=\"Next\">\r\n\t\t\t\t\tNext <i\r\n\t\t\t\t\t\t\tclass=\"fa fa-angle-right\" aria-hidden=\"true\"><\/i>\r\n\t\t\t\t<\/a>\r\n\t\t\t\t\t\t\t\t<span class=\"bs-pagination-label label-light\">1 of 103<\/span>\r\n\t\t\t<\/div><\/div>[\/vc_column][\/vc_row][vc_row][vc_column width=&#8221;1\/2&#8243; sticky_sidebar=&#8221;true&#8221; is_sidebar=&#8221;true&#8221; column_custom_size=&#8221;3-main-column&#8221;]<div class=\"bscb-75924 bsb-have-heading-color bs-listing bs-listing-listing-thumbnail-2 bs-listing-single-tab\">\t\t<h3 class=\"section-heading sh-t2 sh-s1 main-term-6\">\r\n\r\n\t\t\r\n\t\t\t\t\t\t\t<a href=\"https:\/\/yogaesoteric.net\/fr\/category\/tantra-fr\/\" class=\"main-link\">\r\n\t\t\t\t\t\t\t<span class=\"h-text main-term-6\">\r\n\t\t\t\t\t\t\t\tTantra\t\t\t\t\t\t\t<\/span>\r\n\t\t\t\t<\/a>\r\n\t\t\t\r\n\t\t\r\n\t\t<\/h3>\r\n\t\t\t<div class=\"listing listing-thumbnail listing-tb-2 clearfix scolumns-3 bsw-13 \">\r\n\t<article  class=\"post-7032 type-post format-standard has-not-post-thumbnail   listing-item listing-item-thumbnail listing-item-tb-2 main-term-350\">\r\n<div class=\"item-inner clearfix\">\r\n\t\t\t<div class=\"featured featured-type-featured-image\">\r\n\t\t\t\t\t\t<a  title=\"Conseils inspirateurs pour les femmes qui aspirent \u00e0 avoir plus d\u2019amour, de compr\u00e9hension, de satisfaction et d\u2019accomplissement dans leur vie amoureuse de couple (II)\" data-src=\"\/all_uploads\/uploads\/images\/8_tantra\/cuplu%20spiritual\/8357\/8357_1.jpg\"\t\t\t\t\tclass=\"img-holder\" href=\"https:\/\/yogaesoteric.net\/fr\/conseils-inspirateurs-pour-les-femmes-qui-aspirent-a-avoir-plus-damour-de-comprehension-de-satisfaction-et-daccomplissement-dans-leur-vie-ii\/\"><\/a>\r\n\t\t\t\t\t<\/div>\r\n\t<h2 class=\"title\">\t<a class=\"post-url\" href=\"https:\/\/yogaesoteric.net\/fr\/conseils-inspirateurs-pour-les-femmes-qui-aspirent-a-avoir-plus-damour-de-comprehension-de-satisfaction-et-daccomplissement-dans-leur-vie-ii\/\" title=\"Conseils inspirateurs pour les femmes qui aspirent \u00e0 avoir plus d\u2019amour, de compr\u00e9hension, de satisfaction et d\u2019accomplissement dans leur vie amoureuse de couple (II)\">\r\n\t\t\t<span class=\"post-title\">\r\n\t\t\t\tConseils inspirateurs pour les femmes qui aspirent \u00e0 avoir&hellip;\t\t\t<\/span>\r\n\t<\/a>\r\n\t<\/h2><\/div>\r\n<\/article >\r\n<article  class=\"post-7002 type-post format-standard has-not-post-thumbnail   listing-item listing-item-thumbnail listing-item-tb-2 main-term-350\">\r\n<div class=\"item-inner clearfix\">\r\n\t\t\t<div class=\"featured featured-type-featured-image\">\r\n\t\t\t\t\t\t<a  title=\"Conseils inspirateurs pour les femmes qui aspirent \u00e0 avoir plus d\u2019amour, de compr\u00e9hension, de satisfaction et d\u2019accomplissement dans leur vie amoureuse de couple (I)\" data-src=\"\/all_uploads\/uploads4\/iunie\/18\/8333\/8333_1.jpg\"\t\t\t\t\tclass=\"img-holder\" href=\"https:\/\/yogaesoteric.net\/fr\/conseils-inspirateurs-pour-les-femmes-qui-aspirent-a-avoir-plus-damour-de-comprehension-de-satisfaction-et-daccomplissement-dans-leur-vie-i\/\"><\/a>\r\n\t\t\t\t\t<\/div>\r\n\t<h2 class=\"title\">\t<a class=\"post-url\" href=\"https:\/\/yogaesoteric.net\/fr\/conseils-inspirateurs-pour-les-femmes-qui-aspirent-a-avoir-plus-damour-de-comprehension-de-satisfaction-et-daccomplissement-dans-leur-vie-i\/\" title=\"Conseils inspirateurs pour les femmes qui aspirent \u00e0 avoir plus d\u2019amour, de compr\u00e9hension, de satisfaction et d\u2019accomplissement dans leur vie amoureuse de couple (I)\">\r\n\t\t\t<span class=\"post-title\">\r\n\t\t\t\tConseils inspirateurs pour les femmes qui aspirent \u00e0 avoir&hellip;\t\t\t<\/span>\r\n\t<\/a>\r\n\t<\/h2><\/div>\r\n<\/article >\r\n<article  class=\"post-67967 type-post format-standard has-not-post-thumbnail   listing-item listing-item-thumbnail listing-item-tb-2 main-term-71\">\r\n<div class=\"item-inner clearfix\">\r\n\t\t\t<div class=\"featured featured-type-featured-image\">\r\n\t\t\t\t\t\t<a  title=\"Acceptez toujours la r\u00e9alit\u00e9 juste telle qu\u2019elle est !\" data-src=\"https:\/\/yogaesoteric.net\/wp-content\/uploads\/2014\/01\/67967_1.jpg\"\t\t\t\t\tclass=\"img-holder\" href=\"https:\/\/yogaesoteric.net\/fr\/always-accept-reality-just-as-it-is\/\"><\/a>\r\n\t\t\t\t\t<\/div>\r\n\t<h2 class=\"title\">\t<a class=\"post-url\" href=\"https:\/\/yogaesoteric.net\/fr\/always-accept-reality-just-as-it-is\/\" title=\"Acceptez toujours la r\u00e9alit\u00e9 juste telle qu\u2019elle est !\">\r\n\t\t\t<span class=\"post-title\">\r\n\t\t\t\tAcceptez toujours la r\u00e9alit\u00e9 juste telle qu\u2019elle est !\t\t\t<\/span>\r\n\t<\/a>\r\n\t<\/h2><\/div>\r\n<\/article >\r\n<article  class=\"post-55956 type-post format-standard has-post-thumbnail   listing-item listing-item-thumbnail listing-item-tb-2 main-term-71\">\r\n<div class=\"item-inner clearfix\">\r\n\t\t\t<div class=\"featured featured-type-featured-image\">\r\n\t\t\t\t\t\t<a  title=\"Qu&#8217;est-ce qu&#8217;une Geisha japonaise ?\" data-src=\"https:\/\/yogaesoteric.net\/wp-content\/uploads\/2021\/04\/35347_3-210x136.jpg\" data-bs-srcset=\"{&quot;baseurl&quot;:&quot;https:\\\/\\\/yogaesoteric.net\\\/wp-content\\\/uploads\\\/2021\\\/04\\\/&quot;,&quot;sizes&quot;:{&quot;86&quot;:&quot;35347_3-86x64.jpg&quot;,&quot;210&quot;:&quot;35347_3-210x136.jpg&quot;,&quot;279&quot;:&quot;35347_3-279x220.jpg&quot;,&quot;357&quot;:&quot;35347_3-357x210.jpg&quot;,&quot;500&quot;:&quot;35347_3.jpg&quot;}}\"\t\t\t\t\tclass=\"img-holder\" href=\"https:\/\/yogaesoteric.net\/fr\/secretele-si-viata-fascinanta-a-gheiselor-din-japonia\/\"><\/a>\r\n\t\t\t\t\t<\/div>\r\n\t<h2 class=\"title\">\t<a class=\"post-url\" href=\"https:\/\/yogaesoteric.net\/fr\/secretele-si-viata-fascinanta-a-gheiselor-din-japonia\/\" title=\"Qu&#8217;est-ce qu&#8217;une Geisha japonaise ?\">\r\n\t\t\t<span class=\"post-title\">\r\n\t\t\t\tQu&#8217;est-ce qu&#8217;une Geisha japonaise ?\t\t\t<\/span>\r\n\t<\/a>\r\n\t<\/h2><\/div>\r\n<\/article >\r\n<article  class=\"post-27029 type-post format-standard has-not-post-thumbnail   listing-item listing-item-thumbnail listing-item-tb-2 main-term-350\">\r\n<div class=\"item-inner clearfix\">\r\n\t\t\t<div class=\"featured featured-type-featured-image\">\r\n\t\t\t\t\t\t<a  title=\"L&#8217;intimit\u00e9 dans les relations : faites confiance et donnez\" data-src=\"https:\/\/yogaesoteric.net\/all_uploads\/uploads6\/februarie%202021\/24\/26146_1.jpg\"\t\t\t\t\tclass=\"img-holder\" href=\"https:\/\/yogaesoteric.net\/fr\/intimacy-in-relationships-trust-and-reciprocity\/\"><\/a>\r\n\t\t\t\t\t<\/div>\r\n\t<h2 class=\"title\">\t<a class=\"post-url\" href=\"https:\/\/yogaesoteric.net\/fr\/intimacy-in-relationships-trust-and-reciprocity\/\" title=\"L&#8217;intimit\u00e9 dans les relations : faites confiance et donnez\">\r\n\t\t\t<span class=\"post-title\">\r\n\t\t\t\tL&#8217;intimit\u00e9 dans les relations : faites confiance et&hellip;\t\t\t<\/span>\r\n\t<\/a>\r\n\t<\/h2><\/div>\r\n<\/article >\r\n<article  class=\"post-29894 type-post format-standard has-not-post-thumbnail   listing-item listing-item-thumbnail listing-item-tb-2 main-term-71\">\r\n<div class=\"item-inner clearfix\">\r\n\t\t\t<div class=\"featured featured-type-featured-image\">\r\n\t\t\t\t\t\t<a  title=\"Voici sept aphorismes qui vous sont offerts \u00e0 vous les femmes, par le professeur de yoga Gregorian Bivolaru \u00e0 l&#8217;occasion du 8 mars\" data-src=\"http:\/\/yogaesoteric.net\/all_uploads\/uploads6\/martie%202021\/8\/7912_1.jpg\"\t\t\t\t\tclass=\"img-holder\" href=\"https:\/\/yogaesoteric.net\/fr\/voici-sept-aphorismes-qui-vous-sont-offerts-a-vous-les-femmes-par-le-professeur-de-yoga-gregorian-bivolaru-a-loccasion-du-8-mars\/\"><\/a>\r\n\t\t\t\t\t<\/div>\r\n\t<h2 class=\"title\">\t<a class=\"post-url\" href=\"https:\/\/yogaesoteric.net\/fr\/voici-sept-aphorismes-qui-vous-sont-offerts-a-vous-les-femmes-par-le-professeur-de-yoga-gregorian-bivolaru-a-loccasion-du-8-mars\/\" title=\"Voici sept aphorismes qui vous sont offerts \u00e0 vous les femmes, par le professeur de yoga Gregorian Bivolaru \u00e0 l&#8217;occasion du 8 mars\">\r\n\t\t\t<span class=\"post-title\">\r\n\t\t\t\tVoici sept aphorismes qui vous sont offerts \u00e0 vous les&hellip;\t\t\t<\/span>\r\n\t<\/a>\r\n\t<\/h2><\/div>\r\n<\/article >\r\n<article  class=\"post-23399 type-post format-standard has-not-post-thumbnail   listing-item listing-item-thumbnail listing-item-tb-2 main-term-6\">\r\n<div class=\"item-inner clearfix\">\r\n\t\t\t<div class=\"featured featured-type-featured-image\">\r\n\t\t\t\t\t\t<a  title=\"Les 8 erreurs qui d\u00e9truisent votre couple\" data-src=\"\/all_uploads\/uploads5\/martie%202020\/31\/22895_1.jpg\"\t\t\t\t\tclass=\"img-holder\" href=\"https:\/\/yogaesoteric.net\/fr\/les-8-erreurs-qui-detruisent-votre-couple\/\"><\/a>\r\n\t\t\t\t\t<\/div>\r\n\t<h2 class=\"title\">\t<a class=\"post-url\" href=\"https:\/\/yogaesoteric.net\/fr\/les-8-erreurs-qui-detruisent-votre-couple\/\" title=\"Les 8 erreurs qui d\u00e9truisent votre couple\">\r\n\t\t\t<span class=\"post-title\">\r\n\t\t\t\tLes 8 erreurs qui d\u00e9truisent votre couple\t\t\t<\/span>\r\n\t<\/a>\r\n\t<\/h2><\/div>\r\n<\/article >\r\n<article  class=\"post-27413 type-post format-standard has-not-post-thumbnail   listing-item listing-item-thumbnail listing-item-tb-2 main-term-74\">\r\n<div class=\"item-inner clearfix\">\r\n\t\t\t<div class=\"featured featured-type-featured-image\">\r\n\t\t\t\t\t\t<a  title=\"Nous sommes toutes des Initiatrices\u2026\" data-src=\"\/all_uploads\/uploads5\/iunie%202020\/25\/1926_1.jpg\"\t\t\t\t\tclass=\"img-holder\" href=\"https:\/\/yogaesoteric.net\/fr\/nous-sommes-toutes-des-initiatrices\/\"><\/a>\r\n\t\t\t\t\t<\/div>\r\n\t<h2 class=\"title\">\t<a class=\"post-url\" href=\"https:\/\/yogaesoteric.net\/fr\/nous-sommes-toutes-des-initiatrices\/\" title=\"Nous sommes toutes des Initiatrices\u2026\">\r\n\t\t\t<span class=\"post-title\">\r\n\t\t\t\tNous sommes toutes des Initiatrices\u2026\t\t\t<\/span>\r\n\t<\/a>\r\n\t<\/h2><\/div>\r\n<\/article >\r\n<article  class=\"post-6514 type-post format-standard has-not-post-thumbnail   listing-item listing-item-thumbnail listing-item-tb-2 main-term-71\">\r\n<div class=\"item-inner clearfix\">\r\n\t\t\t<div class=\"featured featured-type-featured-image\">\r\n\t\t\t\t\t\t<a  title=\"Les femmes exceptionnelles, en lesquelles l&#8217;\u00e9tat de SHAKTI s&#8217;est pleinement \u00e9veill\u00e9, manifestent de diverses mani\u00e8res la beaut\u00e9 de MAHA SHAKTI\" data-src=\"\/all_uploads\/uploads5\/martie%202020\/8\/7911_1.jpg\"\t\t\t\t\tclass=\"img-holder\" href=\"https:\/\/yogaesoteric.net\/fr\/les-femmes-exceptionnelles-en-lesquelles-letat-de-shakti-sest-pleinement-eveille-manifestent-de-diverses-manieres-la-beaute-de-maha-shakti\/\"><\/a>\r\n\t\t\t\t\t<\/div>\r\n\t<h2 class=\"title\">\t<a class=\"post-url\" href=\"https:\/\/yogaesoteric.net\/fr\/les-femmes-exceptionnelles-en-lesquelles-letat-de-shakti-sest-pleinement-eveille-manifestent-de-diverses-manieres-la-beaute-de-maha-shakti\/\" title=\"Les femmes exceptionnelles, en lesquelles l&#8217;\u00e9tat de SHAKTI s&#8217;est pleinement \u00e9veill\u00e9, manifestent de diverses mani\u00e8res la beaut\u00e9 de MAHA SHAKTI\">\r\n\t\t\t<span class=\"post-title\">\r\n\t\t\t\tLes femmes exceptionnelles, en lesquelles l&#8217;\u00e9tat de&hellip;\t\t\t<\/span>\r\n\t<\/a>\r\n\t<\/h2><\/div>\r\n<\/article >\r\n\t<\/div>\r\n\t<\/div>[\/vc_column][vc_column width=&#8221;1\/4&#8243; sticky_sidebar=&#8221;true&#8221; is_sidebar=&#8221;true&#8221; column_custom_size=&#8221;3-secondary-column&#8221;]<div class=\"bscb-37360 bsb-have-heading-color bs-listing bs-listing-listing-thumbnail-2 bs-listing-single-tab\">\t\t<h3 class=\"section-heading sh-t2 sh-s1 main-term-17\">\r\n\r\n\t\t\r\n\t\t\t\t\t\t\t<a href=\"https:\/\/yogaesoteric.net\/fr\/category\/shivaisme-fr\/\" class=\"main-link\">\r\n\t\t\t\t\t\t\t<span class=\"h-text main-term-17\">\r\n\t\t\t\t\t\t\t\tShiva\u00efsme\t\t\t\t\t\t\t<\/span>\r\n\t\t\t\t<\/a>\r\n\t\t\t\r\n\t\t\r\n\t\t<\/h3>\r\n\t\t\t<div class=\"listing listing-thumbnail listing-tb-2 clearfix scolumns-1 bsw-13 \">\r\n\t<article  class=\"post-27880 type-post format-standard has-not-post-thumbnail   listing-item listing-item-thumbnail listing-item-tb-2 main-term-47\">\r\n<div class=\"item-inner clearfix\">\r\n\t\t\t<div class=\"featured featured-type-featured-image\">\r\n\t\t\t\t\t\t<a  title=\"Shiva Dhurjati\" data-src=\"https:\/\/yogaesoteric.net\/wp-content\/uploads\/2025\/02\/1-92-230x300.jpg\"\t\t\t\t\tclass=\"img-holder\" href=\"https:\/\/yogaesoteric.net\/fr\/shiva-dhurjati\/\"><\/a>\r\n\t\t\t\t\t<\/div>\r\n\t<h2 class=\"title\">\t<a class=\"post-url\" href=\"https:\/\/yogaesoteric.net\/fr\/shiva-dhurjati\/\" title=\"Shiva Dhurjati\">\r\n\t\t\t<span class=\"post-title\">\r\n\t\t\t\tShiva Dhurjati\t\t\t<\/span>\r\n\t<\/a>\r\n\t<\/h2><\/div>\r\n<\/article >\r\n<article  class=\"post-36235 type-post format-standard has-not-post-thumbnail   listing-item listing-item-thumbnail listing-item-tb-2 main-term-1284\">\r\n<div class=\"item-inner clearfix\">\r\n\t\t\t<div class=\"featured featured-type-featured-image\">\r\n\t\t\t\t\t\t<a  title=\"Qui-est le seigneur SKANDA ?\" data-src=\"\/all_uploads\/\/uploads4\/iunie\/28\/16452\/16452_1.jpg\"\t\t\t\t\tclass=\"img-holder\" href=\"https:\/\/yogaesoteric.net\/fr\/qui-est-le-seigneur-skanda-2\/\"><\/a>\r\n\t\t\t\t\t<\/div>\r\n\t<h2 class=\"title\">\t<a class=\"post-url\" href=\"https:\/\/yogaesoteric.net\/fr\/qui-est-le-seigneur-skanda-2\/\" title=\"Qui-est le seigneur SKANDA ?\">\r\n\t\t\t<span class=\"post-title\">\r\n\t\t\t\tQui-est le seigneur SKANDA ?\t\t\t<\/span>\r\n\t<\/a>\r\n\t<\/h2><\/div>\r\n<\/article >\r\n<article  class=\"post-29906 type-post format-standard has-not-post-thumbnail   listing-item listing-item-thumbnail listing-item-tb-2 main-term-47\">\r\n<div class=\"item-inner clearfix\">\r\n\t\t\t<div class=\"featured featured-type-featured-image\">\r\n\t\t\t\t\t\t<a  title=\"SHIVA TRIPURANTAKA\" data-src=\"http:\/\/yogaesoteric.net\/all_uploads\/uploads6\/martie%202021\/11\/7002_1.jpg\"\t\t\t\t\tclass=\"img-holder\" href=\"https:\/\/yogaesoteric.net\/fr\/shiva-tripurantaka\/\"><\/a>\r\n\t\t\t\t\t<\/div>\r\n\t<h2 class=\"title\">\t<a class=\"post-url\" href=\"https:\/\/yogaesoteric.net\/fr\/shiva-tripurantaka\/\" title=\"SHIVA TRIPURANTAKA\">\r\n\t\t\t<span class=\"post-title\">\r\n\t\t\t\tSHIVA TRIPURANTAKA\t\t\t<\/span>\r\n\t<\/a>\r\n\t<\/h2><\/div>\r\n<\/article >\r\n<article  class=\"post-27263 type-post format-standard has-not-post-thumbnail   listing-item listing-item-thumbnail listing-item-tb-2 main-term-1277\">\r\n<div class=\"item-inner clearfix\">\r\n\t\t\t<div class=\"featured featured-type-featured-image\">\r\n\t\t\t\t\t\t<a  title=\"Bodhapa\u00f1cadasika d&#8217;Abhinavagupta\" data-src=\"\/all_uploads\/uploads5\/iulie%202020\/9\/3097_1.jpg\"\t\t\t\t\tclass=\"img-holder\" href=\"https:\/\/yogaesoteric.net\/fr\/bodhapancadasika-dabhinavagupta\/\"><\/a>\r\n\t\t\t\t\t<\/div>\r\n\t<h2 class=\"title\">\t<a class=\"post-url\" href=\"https:\/\/yogaesoteric.net\/fr\/bodhapancadasika-dabhinavagupta\/\" title=\"Bodhapa\u00f1cadasika d&#8217;Abhinavagupta\">\r\n\t\t\t<span class=\"post-title\">\r\n\t\t\t\tBodhapa\u00f1cadasika d&#8217;Abhinavagupta\t\t\t<\/span>\r\n\t<\/a>\r\n\t<\/h2><\/div>\r\n<\/article >\r\n<article  class=\"post-4025 type-post format-standard has-not-post-thumbnail   listing-item listing-item-thumbnail listing-item-tb-2 main-term-1284\">\r\n<div class=\"item-inner clearfix\">\r\n\t\t\t<div class=\"featured featured-type-featured-image\">\r\n\t\t\t\t\t\t<a  title=\"MAHA SHIVARATRI : Ferveur et d\u00e9votion pour la Grande nuit de SHIVA\" data-src=\"\/all_uploads\/uploads5\/februarie%202020\/21\/5764_1.jpg\"\t\t\t\t\tclass=\"img-holder\" href=\"https:\/\/yogaesoteric.net\/fr\/maha-shivaratri-ferveur-et-devotion-pour-la-grande-nuit-de-shiva\/\"><\/a>\r\n\t\t\t\t\t<\/div>\r\n\t<h2 class=\"title\">\t<a class=\"post-url\" href=\"https:\/\/yogaesoteric.net\/fr\/maha-shivaratri-ferveur-et-devotion-pour-la-grande-nuit-de-shiva\/\" title=\"MAHA SHIVARATRI : Ferveur et d\u00e9votion pour la Grande nuit de SHIVA\">\r\n\t\t\t<span class=\"post-title\">\r\n\t\t\t\tMAHA SHIVARATRI : Ferveur et d\u00e9votion pour la Grande nuit de&hellip;\t\t\t<\/span>\r\n\t<\/a>\r\n\t<\/h2><\/div>\r\n<\/article >\r\n\t<\/div>\r\n\t<\/div><div class=\"bscb-92026 bsb-have-heading-color bs-listing bs-listing-listing-thumbnail-2 bs-listing-single-tab\">\t\t<h3 class=\"section-heading sh-t2 sh-s1 main-term-27\">\r\n\r\n\t\t\r\n\t\t\t\t\t\t\t<a href=\"https:\/\/yogaesoteric.net\/fr\/category\/astrologie-fr\/\" class=\"main-link\">\r\n\t\t\t\t\t\t\t<span class=\"h-text main-term-27\">\r\n\t\t\t\t\t\t\t\tAstrologie\t\t\t\t\t\t\t<\/span>\r\n\t\t\t\t<\/a>\r\n\t\t\t\r\n\t\t\r\n\t\t<\/h3>\r\n\t\t\t<div class=\"listing listing-thumbnail listing-tb-2 clearfix scolumns-1 bsw-13 \">\r\n\t<article  class=\"post-231682 type-post format-standard has-not-post-thumbnail   listing-item listing-item-thumbnail listing-item-tb-2 main-term-185\">\r\n<div class=\"item-inner clearfix\">\r\n\t\t\t<div class=\"featured featured-type-featured-image\">\r\n\t\t\t\t\t\t<a  title=\"Une exp\u00e9rience cosmique \u00e0 grande \u00e9chelle d\u00e9montre que les th\u00e9ories de Newton et d\u2019Einstein expliquent toujours la gravit\u00e9 avec pr\u00e9cision\" data-src=\"https:\/\/yogaesoteric.net\/wp-content\/uploads\/2026\/04\/231682_1.jpg\"\t\t\t\t\tclass=\"img-holder\" href=\"https:\/\/yogaesoteric.net\/fr\/une-experience-cosmique-a-grande-echelle-demontre-que-les-theories-de-newton-et-deinstein-expliquent-toujours-la-gravite-avec-precision\/\"><\/a>\r\n\t\t\t\t\t<\/div>\r\n\t<h2 class=\"title\">\t<a class=\"post-url\" href=\"https:\/\/yogaesoteric.net\/fr\/une-experience-cosmique-a-grande-echelle-demontre-que-les-theories-de-newton-et-deinstein-expliquent-toujours-la-gravite-avec-precision\/\" title=\"Une exp\u00e9rience cosmique \u00e0 grande \u00e9chelle d\u00e9montre que les th\u00e9ories de Newton et d\u2019Einstein expliquent toujours la gravit\u00e9 avec pr\u00e9cision\">\r\n\t\t\t<span class=\"post-title\">\r\n\t\t\t\tUne exp\u00e9rience cosmique \u00e0 grande \u00e9chelle d\u00e9montre que les&hellip;\t\t\t<\/span>\r\n\t<\/a>\r\n\t<\/h2><\/div>\r\n<\/article >\r\n<article  class=\"post-218131 type-post format-standard has-not-post-thumbnail   listing-item listing-item-thumbnail listing-item-tb-2 main-term-185\">\r\n<div class=\"item-inner clearfix\">\r\n\t\t\t<div class=\"featured featured-type-featured-image\">\r\n\t\t\t\t\t\t<a  title=\"La NASA d\u00e9ment les rumeurs concernant la com\u00e8te interstellaire 3I\/Atlas\" data-src=\"https:\/\/yogaesoteric.net\/wp-content\/uploads\/2025\/12\/218131_1.jpg\"\t\t\t\t\tclass=\"img-holder\" href=\"https:\/\/yogaesoteric.net\/fr\/la-nasa-dement-les-rumeurs-concernant-la-comete-interstellaire-3i-atlas\/\"><\/a>\r\n\t\t\t\t\t<\/div>\r\n\t<h2 class=\"title\">\t<a class=\"post-url\" href=\"https:\/\/yogaesoteric.net\/fr\/la-nasa-dement-les-rumeurs-concernant-la-comete-interstellaire-3i-atlas\/\" title=\"La NASA d\u00e9ment les rumeurs concernant la com\u00e8te interstellaire 3I\/Atlas\">\r\n\t\t\t<span class=\"post-title\">\r\n\t\t\t\tLa NASA d\u00e9ment les rumeurs concernant la com\u00e8te&hellip;\t\t\t<\/span>\r\n\t<\/a>\r\n\t<\/h2><\/div>\r\n<\/article >\r\n<article  class=\"post-216346 type-post format-standard has-not-post-thumbnail   listing-item listing-item-thumbnail listing-item-tb-2 main-term-185\">\r\n<div class=\"item-inner clearfix\">\r\n\t\t\t<div class=\"featured featured-type-featured-image\">\r\n\t\t\t\t\t\t<a  title=\"Actualit\u00e9s du mod\u00e8le TYCHOS et nouvelles d\u00e9couvertes. Une r\u00e9volution astronomique qui bouleverse 350 ans de certitudes\" data-src=\"https:\/\/yogaesoteric.net\/wp-content\/uploads\/2025\/11\/216346_1.jpg\"\t\t\t\t\tclass=\"img-holder\" href=\"https:\/\/yogaesoteric.net\/fr\/actualites-du-modele-tychos-et-nouvelles-decouvertes-une-revolution-astronomique-qui-bouleverse-350-ans-de-certitudes\/\"><\/a>\r\n\t\t\t\t\t<\/div>\r\n\t<h2 class=\"title\">\t<a class=\"post-url\" href=\"https:\/\/yogaesoteric.net\/fr\/actualites-du-modele-tychos-et-nouvelles-decouvertes-une-revolution-astronomique-qui-bouleverse-350-ans-de-certitudes\/\" title=\"Actualit\u00e9s du mod\u00e8le TYCHOS et nouvelles d\u00e9couvertes. Une r\u00e9volution astronomique qui bouleverse 350 ans de certitudes\">\r\n\t\t\t<span class=\"post-title\">\r\n\t\t\t\tActualit\u00e9s du mod\u00e8le TYCHOS et nouvelles d\u00e9couvertes. Une&hellip;\t\t\t<\/span>\r\n\t<\/a>\r\n\t<\/h2><\/div>\r\n<\/article >\r\n<article  class=\"post-147479 type-post format-standard has-not-post-thumbnail   listing-item listing-item-thumbnail listing-item-tb-2 main-term-185\">\r\n<div class=\"item-inner clearfix\">\r\n\t\t\t<div class=\"featured featured-type-featured-image\">\r\n\t\t\t\t\t\t<a  title=\"Un myst\u00e9rieux objet, \u00e0 mi-chemin entre le trou noir le moins massif et le pulsar le plus massif, intrigue les astronomes\" data-src=\"https:\/\/yogaesoteric.net\/wp-content\/uploads\/2024\/02\/147479_3.jpg\"\t\t\t\t\tclass=\"img-holder\" href=\"https:\/\/yogaesoteric.net\/fr\/un-mysterieux-objet-a-mi-chemin-entre-le-trou-noir-le-moins-massif-et-le-pulsar-le-plus-massif-intrigue-les-astronomes\/\"><\/a>\r\n\t\t\t\t\t<\/div>\r\n\t<h2 class=\"title\">\t<a class=\"post-url\" href=\"https:\/\/yogaesoteric.net\/fr\/un-mysterieux-objet-a-mi-chemin-entre-le-trou-noir-le-moins-massif-et-le-pulsar-le-plus-massif-intrigue-les-astronomes\/\" title=\"Un myst\u00e9rieux objet, \u00e0 mi-chemin entre le trou noir le moins massif et le pulsar le plus massif, intrigue les astronomes\">\r\n\t\t\t<span class=\"post-title\">\r\n\t\t\t\tUn myst\u00e9rieux objet, \u00e0 mi-chemin entre le trou noir le moins&hellip;\t\t\t<\/span>\r\n\t<\/a>\r\n\t<\/h2><\/div>\r\n<\/article >\r\n<article  class=\"post-105702 type-post format-standard has-not-post-thumbnail   listing-item listing-item-thumbnail listing-item-tb-2 main-term-27\">\r\n<div class=\"item-inner clearfix\">\r\n\t\t\t<div class=\"featured featured-type-featured-image\">\r\n\t\t\t\t\t\t<a  title=\"Courte introduction \u00e0 l\u2019astrologie hell\u00e9nistique\" data-src=\"https:\/\/yogaesoteric.net\/wp-content\/uploads\/2023\/01\/23897_1-300x158.jpg\"\t\t\t\t\tclass=\"img-holder\" href=\"https:\/\/yogaesoteric.net\/fr\/courte-introduction-a-lastrologie-hellenistique\/\"><\/a>\r\n\t\t\t\t\t<\/div>\r\n\t<h2 class=\"title\">\t<a class=\"post-url\" href=\"https:\/\/yogaesoteric.net\/fr\/courte-introduction-a-lastrologie-hellenistique\/\" title=\"Courte introduction \u00e0 l\u2019astrologie hell\u00e9nistique\">\r\n\t\t\t<span class=\"post-title\">\r\n\t\t\t\tCourte introduction \u00e0 l\u2019astrologie hell\u00e9nistique\t\t\t<\/span>\r\n\t<\/a>\r\n\t<\/h2><\/div>\r\n<\/article >\r\n\t<\/div>\r\n\t<\/div>[\/vc_column][vc_column width=&#8221;1\/4&#8243; sticky_sidebar=&#8221;true&#8221; is_sidebar=&#8221;true&#8221; column_custom_size=&#8221;3-primary-column&#8221;]<div class=\"bscb-34245 bsb-have-heading-color bs-listing bs-listing-listing-thumbnail-1 bs-listing-single-tab\">\t\t<h3 class=\"section-heading sh-t2 sh-s1 main-term-803\">\r\n\r\n\t\t\r\n\t\t\t\t\t\t\t<a href=\"https:\/\/yogaesoteric.net\/fr\/category\/sante-fr\/\" class=\"main-link\">\r\n\t\t\t\t\t\t\t<span class=\"h-text main-term-803\">\r\n\t\t\t\t\t\t\t\tBeaut\u00e9 et sant\u00e9\t\t\t\t\t\t\t<\/span>\r\n\t\t\t\t<\/a>\r\n\t\t\t\r\n\t\t\r\n\t\t<\/h3>\r\n\t\t\t<div class=\"listing listing-thumbnail listing-tb-1 clearfix columns-1\">\r\n\t\t<article class=\"post-232510 type-post format-standard has-not-post-thumbnail   listing-item listing-item-thumbnail listing-item-tb-1 main-term-1571\">\r\n\t<div class=\"item-inner clearfix\">\r\n\t\t\t\t\t<div class=\"featured featured-type-featured-image\">\r\n\t\t\t\t<a  title=\"Vaccins. Armes biologiques ? Le proc\u00e8s v\u00e9rit\u00e9 ? Intention criminelle pr\u00e9m\u00e9dit\u00e9e ?\" data-src=\"https:\/\/yogaesoteric.net\/wp-content\/uploads\/2026\/04\/232510_1.jpg\"\t\t\t\t\t\tclass=\"img-holder\" href=\"https:\/\/yogaesoteric.net\/fr\/vaccins-armes-biologiques-le-proces-verite-intention-criminelle-premeditee\/\"><\/a>\r\n\t\t\t\t\t\t\t<\/div>\r\n\t\t<h2 class=\"title\">\t\t<a href=\"https:\/\/yogaesoteric.net\/fr\/vaccins-armes-biologiques-le-proces-verite-intention-criminelle-premeditee\/\" class=\"post-url post-title\">\r\n\t\t\tVaccins. Armes biologiques ? Le proc\u00e8s v\u00e9rit\u00e9 ? Intention&hellip;\t\t<\/a>\r\n\t\t<\/h2>\t\t<div class=\"post-meta\">\r\n\r\n\t\t\t\t\t\t\t<span class=\"time\"><time class=\"post-published updated\"\r\n\t\t\t\t                         datetime=\"2026-04-28T15:21:03+00:00\">Apr 28, 2026<\/time><\/span>\r\n\t\t\t\t\t\t<\/div>\r\n\t\t\t<\/div>\r\n\t<\/article >\r\n\t<article class=\"post-232032 type-post format-standard has-post-thumbnail   listing-item listing-item-thumbnail listing-item-tb-1 main-term-1571\">\r\n\t<div class=\"item-inner clearfix\">\r\n\t\t\t\t\t<div class=\"featured featured-type-featured-image\">\r\n\t\t\t\t<a  title=\"Vaccination au coll\u00e8ge \u2013 Vos droits en tant que parents\" data-src=\"https:\/\/yogaesoteric.net\/wp-content\/uploads\/2026\/04\/232032_2-86x64.jpg\" data-bs-srcset=\"{&quot;baseurl&quot;:&quot;https:\\\/\\\/yogaesoteric.net\\\/wp-content\\\/uploads\\\/2026\\\/04\\\/&quot;,&quot;sizes&quot;:{&quot;86&quot;:&quot;232032_2-86x64.jpg&quot;,&quot;210&quot;:&quot;232032_2-210x136.jpg&quot;,&quot;560&quot;:&quot;232032_2.jpg&quot;}}\"\t\t\t\t\t\tclass=\"img-holder\" href=\"https:\/\/yogaesoteric.net\/fr\/vaccination-au-college-vos-droits-en-tant-que-parents\/\"><\/a>\r\n\t\t\t\t\t\t\t<\/div>\r\n\t\t<h2 class=\"title\">\t\t<a href=\"https:\/\/yogaesoteric.net\/fr\/vaccination-au-college-vos-droits-en-tant-que-parents\/\" class=\"post-url post-title\">\r\n\t\t\tVaccination au coll\u00e8ge \u2013 Vos droits en tant que parents\t\t<\/a>\r\n\t\t<\/h2>\t\t<div class=\"post-meta\">\r\n\r\n\t\t\t\t\t\t\t<span class=\"time\"><time class=\"post-published updated\"\r\n\t\t\t\t                         datetime=\"2026-04-24T08:30:55+00:00\">Apr 24, 2026<\/time><\/span>\r\n\t\t\t\t\t\t<\/div>\r\n\t\t\t<\/div>\r\n\t<\/article >\r\n\t<article class=\"post-231832 type-post format-standard has-post-thumbnail   listing-item listing-item-thumbnail listing-item-tb-1 main-term-1178\">\r\n\t<div class=\"item-inner clearfix\">\r\n\t\t\t\t\t<div class=\"featured featured-type-featured-image\">\r\n\t\t\t\t<a  title=\"La virologie est une pseudoscience \u2013 les explications de 2 m\u00e9decins n\u00e9o-z\u00e9landais\" data-src=\"https:\/\/yogaesoteric.net\/wp-content\/uploads\/2026\/04\/231832_1-86x64.jpg\" data-bs-srcset=\"{&quot;baseurl&quot;:&quot;https:\\\/\\\/yogaesoteric.net\\\/wp-content\\\/uploads\\\/2026\\\/04\\\/&quot;,&quot;sizes&quot;:{&quot;86&quot;:&quot;231832_1-86x64.jpg&quot;,&quot;210&quot;:&quot;231832_1-210x136.jpg&quot;,&quot;560&quot;:&quot;231832_1.jpg&quot;}}\"\t\t\t\t\t\tclass=\"img-holder\" href=\"https:\/\/yogaesoteric.net\/fr\/la-virologie-est-une-pseudoscience-les-explications-de-2-medecins-neo-zelandais\/\"><\/a>\r\n\t\t\t\t\t\t\t<\/div>\r\n\t\t<h2 class=\"title\">\t\t<a href=\"https:\/\/yogaesoteric.net\/fr\/la-virologie-est-une-pseudoscience-les-explications-de-2-medecins-neo-zelandais\/\" class=\"post-url post-title\">\r\n\t\t\tLa virologie est une pseudoscience \u2013 les explications de 2&hellip;\t\t<\/a>\r\n\t\t<\/h2>\t\t<div class=\"post-meta\">\r\n\r\n\t\t\t\t\t\t\t<span class=\"time\"><time class=\"post-published updated\"\r\n\t\t\t\t                         datetime=\"2026-04-22T10:29:19+00:00\">Apr 22, 2026<\/time><\/span>\r\n\t\t\t\t\t\t<\/div>\r\n\t\t\t<\/div>\r\n\t<\/article >\r\n\t<article class=\"post-231494 type-post format-standard has-not-post-thumbnail   listing-item listing-item-thumbnail listing-item-tb-1 main-term-1178\">\r\n\t<div class=\"item-inner clearfix\">\r\n\t\t\t\t\t<div class=\"featured featured-type-featured-image\">\r\n\t\t\t\t<a  title=\"Nouvelle \u00e9tude : les aliments ultra-transform\u00e9s seraient associ\u00e9s aux naissances pr\u00e9matur\u00e9es et aux complications pendant la grossesse\" data-src=\"https:\/\/yogaesoteric.net\/wp-content\/uploads\/2026\/04\/231494_1.jpg\"\t\t\t\t\t\tclass=\"img-holder\" href=\"https:\/\/yogaesoteric.net\/fr\/nouvelle-etude-les-aliments-ultra-transformes-seraient-associes-aux-naissances-prematurees-et-aux-complications-pendant-la-grossesse\/\"><\/a>\r\n\t\t\t\t\t\t\t<\/div>\r\n\t\t<h2 class=\"title\">\t\t<a href=\"https:\/\/yogaesoteric.net\/fr\/nouvelle-etude-les-aliments-ultra-transformes-seraient-associes-aux-naissances-prematurees-et-aux-complications-pendant-la-grossesse\/\" class=\"post-url post-title\">\r\n\t\t\tNouvelle \u00e9tude : les aliments ultra-transform\u00e9s seraient&hellip;\t\t<\/a>\r\n\t\t<\/h2>\t\t<div class=\"post-meta\">\r\n\r\n\t\t\t\t\t\t\t<span class=\"time\"><time class=\"post-published updated\"\r\n\t\t\t\t                         datetime=\"2026-04-19T11:47:43+00:00\">Apr 19, 2026<\/time><\/span>\r\n\t\t\t\t\t\t<\/div>\r\n\t\t\t<\/div>\r\n\t<\/article >\r\n\t<article class=\"post-230242 type-post format-standard has-not-post-thumbnail   listing-item listing-item-thumbnail listing-item-tb-1 main-term-1178\">\r\n\t<div class=\"item-inner clearfix\">\r\n\t\t\t\t\t<div class=\"featured featured-type-featured-image\">\r\n\t\t\t\t<a  title=\"Cancer : changer de regard et choisir la vie. Avec le Dr Laurent Schwartz, canc\u00e9rologue\" data-src=\"https:\/\/yogaesoteric.net\/wp-content\/uploads\/2026\/04\/230242_1.jpg\"\t\t\t\t\t\tclass=\"img-holder\" href=\"https:\/\/yogaesoteric.net\/fr\/cancer-changer-de-regard-et-choisir-la-vie-avec-le-dr-laurent-schwartz-cancerologue\/\"><\/a>\r\n\t\t\t\t\t\t\t<\/div>\r\n\t\t<h2 class=\"title\">\t\t<a href=\"https:\/\/yogaesoteric.net\/fr\/cancer-changer-de-regard-et-choisir-la-vie-avec-le-dr-laurent-schwartz-cancerologue\/\" class=\"post-url post-title\">\r\n\t\t\tCancer : changer de regard et choisir la vie. Avec le Dr&hellip;\t\t<\/a>\r\n\t\t<\/h2>\t\t<div class=\"post-meta\">\r\n\r\n\t\t\t\t\t\t\t<span class=\"time\"><time class=\"post-published updated\"\r\n\t\t\t\t                         datetime=\"2026-04-04T10:27:48+00:00\">Apr 4, 2026<\/time><\/span>\r\n\t\t\t\t\t\t<\/div>\r\n\t\t\t<\/div>\r\n\t<\/article >\r\n\t<article class=\"post-230147 type-post format-standard has-not-post-thumbnail   listing-item listing-item-thumbnail listing-item-tb-1 main-term-1178\">\r\n\t<div class=\"item-inner clearfix\">\r\n\t\t\t\t\t<div class=\"featured featured-type-featured-image\">\r\n\t\t\t\t<a  title=\"Impossible de transmettre la grippe\" data-src=\"https:\/\/yogaesoteric.net\/wp-content\/uploads\/2026\/04\/1-3-e1775232022464-300x148.png\"\t\t\t\t\t\tclass=\"img-holder\" href=\"https:\/\/yogaesoteric.net\/fr\/impossible-de-transmettre-la-grippe\/\"><\/a>\r\n\t\t\t\t\t\t\t<\/div>\r\n\t\t<h2 class=\"title\">\t\t<a href=\"https:\/\/yogaesoteric.net\/fr\/impossible-de-transmettre-la-grippe\/\" class=\"post-url post-title\">\r\n\t\t\tImpossible de transmettre la grippe\t\t<\/a>\r\n\t\t<\/h2>\t\t<div class=\"post-meta\">\r\n\r\n\t\t\t\t\t\t\t<span class=\"time\"><time class=\"post-published updated\"\r\n\t\t\t\t                         datetime=\"2026-04-03T16:07:32+00:00\">Apr 3, 2026<\/time><\/span>\r\n\t\t\t\t\t\t<\/div>\r\n\t\t\t<\/div>\r\n\t<\/article >\r\n\t<article class=\"post-229397 type-post format-standard has-not-post-thumbnail   listing-item listing-item-thumbnail listing-item-tb-1 main-term-1178\">\r\n\t<div class=\"item-inner clearfix\">\r\n\t\t\t\t\t<div class=\"featured featured-type-featured-image\">\r\n\t\t\t\t<a  title=\"L\u2019ivermectine exerce plus de 12 m\u00e9canismes anticanc\u00e9reux distincts sur plus de 12 types de cancer\" data-src=\"https:\/\/yogaesoteric.net\/wp-content\/uploads\/2026\/03\/1-58-300x169.jpg\"\t\t\t\t\t\tclass=\"img-holder\" href=\"https:\/\/yogaesoteric.net\/fr\/livermectine-exerce-plus-de-12-mecanismes-anticancereux-distincts-sur-plus-de-12-types-de-cancer\/\"><\/a>\r\n\t\t\t\t\t\t\t<\/div>\r\n\t\t<h2 class=\"title\">\t\t<a href=\"https:\/\/yogaesoteric.net\/fr\/livermectine-exerce-plus-de-12-mecanismes-anticancereux-distincts-sur-plus-de-12-types-de-cancer\/\" class=\"post-url post-title\">\r\n\t\t\tL\u2019ivermectine exerce plus de 12 m\u00e9canismes anticanc\u00e9reux&hellip;\t\t<\/a>\r\n\t\t<\/h2>\t\t<div class=\"post-meta\">\r\n\r\n\t\t\t\t\t\t\t<span class=\"time\"><time class=\"post-published updated\"\r\n\t\t\t\t                         datetime=\"2026-03-28T18:37:57+00:00\">Mar 28, 2026<\/time><\/span>\r\n\t\t\t\t\t\t<\/div>\r\n\t\t\t<\/div>\r\n\t<\/article >\r\n\t<article class=\"post-228796 type-post format-standard has-not-post-thumbnail   listing-item listing-item-thumbnail listing-item-tb-1 main-term-1178\">\r\n\t<div class=\"item-inner clearfix\">\r\n\t\t\t\t\t<div class=\"featured featured-type-featured-image\">\r\n\t\t\t\t<a  title=\"Des scientifiques sud-cor\u00e9ens r\u00e9alisent une avanc\u00e9e majeure : les cellules canc\u00e9reuses redeviennent des cellules normales\" data-src=\"https:\/\/yogaesoteric.net\/wp-content\/uploads\/2026\/03\/228796_1.jpg\"\t\t\t\t\t\tclass=\"img-holder\" href=\"https:\/\/yogaesoteric.net\/fr\/des-scientifiques-sud-coreens-realisent-une-avancee-majeure-les-cellules-cancereuses-redeviennent-des-cellules-normales\/\"><\/a>\r\n\t\t\t\t\t\t\t<\/div>\r\n\t\t<h2 class=\"title\">\t\t<a href=\"https:\/\/yogaesoteric.net\/fr\/des-scientifiques-sud-coreens-realisent-une-avancee-majeure-les-cellules-cancereuses-redeviennent-des-cellules-normales\/\" class=\"post-url post-title\">\r\n\t\t\tDes scientifiques sud-cor\u00e9ens r\u00e9alisent une avanc\u00e9e majeure&hellip;\t\t<\/a>\r\n\t\t<\/h2>\t\t<div class=\"post-meta\">\r\n\r\n\t\t\t\t\t\t\t<span class=\"time\"><time class=\"post-published updated\"\r\n\t\t\t\t                         datetime=\"2026-03-24T07:01:38+00:00\">Mar 24, 2026<\/time><\/span>\r\n\t\t\t\t\t\t<\/div>\r\n\t\t\t<\/div>\r\n\t<\/article >\r\n\t<article class=\"post-228590 type-post format-standard has-post-thumbnail   listing-item listing-item-thumbnail listing-item-tb-1 main-term-1103\">\r\n\t<div class=\"item-inner clearfix\">\r\n\t\t\t\t\t<div class=\"featured featured-type-featured-image\">\r\n\t\t\t\t<a  title=\"\u00c9tude sur la chirurgie transgenre : de l\u2019engouement \u00e0 l\u2019indignation\" data-src=\"https:\/\/yogaesoteric.net\/wp-content\/uploads\/2026\/03\/228590_1-86x64.jpg\" data-bs-srcset=\"{&quot;baseurl&quot;:&quot;https:\\\/\\\/yogaesoteric.net\\\/wp-content\\\/uploads\\\/2026\\\/03\\\/&quot;,&quot;sizes&quot;:{&quot;86&quot;:&quot;228590_1-86x64.jpg&quot;,&quot;210&quot;:&quot;228590_1-210x136.jpg&quot;,&quot;560&quot;:&quot;228590_1.jpg&quot;}}\"\t\t\t\t\t\tclass=\"img-holder\" href=\"https:\/\/yogaesoteric.net\/fr\/etude-sur-la-chirurgie-transgenre-de-lengouement-a-lindignation\/\"><\/a>\r\n\t\t\t\t\t\t\t<\/div>\r\n\t\t<h2 class=\"title\">\t\t<a href=\"https:\/\/yogaesoteric.net\/fr\/etude-sur-la-chirurgie-transgenre-de-lengouement-a-lindignation\/\" class=\"post-url post-title\">\r\n\t\t\t\u00c9tude sur la chirurgie transgenre : de l\u2019engouement \u00e0&hellip;\t\t<\/a>\r\n\t\t<\/h2>\t\t<div class=\"post-meta\">\r\n\r\n\t\t\t\t\t\t\t<span class=\"time\"><time class=\"post-published updated\"\r\n\t\t\t\t                         datetime=\"2026-03-22T12:49:07+00:00\">Mar 22, 2026<\/time><\/span>\r\n\t\t\t\t\t\t<\/div>\r\n\t\t\t<\/div>\r\n\t<\/article >\r\n\t<\/div>\r\n\t<\/div><div class=\"bscb-48923 bsb-have-heading-color bs-listing bs-listing-listing-thumbnail-1 bs-listing-single-tab\">\t\t<h3 class=\"section-heading sh-t2 sh-s1 main-term-36\">\r\n\r\n\t\t\r\n\t\t\t\t\t\t\t<a href=\"https:\/\/yogaesoteric.net\/fr\/category\/parapsychologie-fr\/\" class=\"main-link\">\r\n\t\t\t\t\t\t\t<span class=\"h-text main-term-36\">\r\n\t\t\t\t\t\t\t\tParapsychologie\t\t\t\t\t\t\t<\/span>\r\n\t\t\t\t<\/a>\r\n\t\t\t\r\n\t\t\r\n\t\t<\/h3>\r\n\t\t\t<div class=\"listing listing-thumbnail listing-tb-1 clearfix columns-1\">\r\n\t\t<article class=\"post-199873 type-post format-standard has-not-post-thumbnail   listing-item listing-item-thumbnail listing-item-tb-1 main-term-1316\">\r\n\t<div class=\"item-inner clearfix\">\r\n\t\t\t\t\t<div class=\"featured featured-type-featured-image\">\r\n\t\t\t\t<a  title=\"Le secret de l\u2019implantation des pyramides d\u2019\u00c9gypte r\u00e9v\u00e9l\u00e9\" data-src=\"https:\/\/yogaesoteric.net\/wp-content\/uploads\/2025\/06\/199873_1.jpg\"\t\t\t\t\t\tclass=\"img-holder\" href=\"https:\/\/yogaesoteric.net\/fr\/le-secret-de-limplantation-des-pyramides-degypte-revele\/\"><\/a>\r\n\t\t\t\t\t\t\t<\/div>\r\n\t\t<h2 class=\"title\">\t\t<a href=\"https:\/\/yogaesoteric.net\/fr\/le-secret-de-limplantation-des-pyramides-degypte-revele\/\" class=\"post-url post-title\">\r\n\t\t\tLe secret de l\u2019implantation des pyramides d\u2019\u00c9gypte r\u00e9v\u00e9l\u00e9\t\t<\/a>\r\n\t\t<\/h2>\t\t<div class=\"post-meta\">\r\n\r\n\t\t\t\t\t\t\t<span class=\"time\"><time class=\"post-published updated\"\r\n\t\t\t\t                         datetime=\"2025-06-04T08:42:34+00:00\">Jun 4, 2025<\/time><\/span>\r\n\t\t\t\t\t\t<\/div>\r\n\t\t\t<\/div>\r\n\t<\/article >\r\n\t<article class=\"post-150384 type-post format-standard has-post-thumbnail   listing-item listing-item-thumbnail listing-item-tb-1 main-term-1310\">\r\n\t<div class=\"item-inner clearfix\">\r\n\t\t\t\t\t<div class=\"featured featured-type-featured-image\">\r\n\t\t\t\t<a  title=\"Un gigantesque 7 est apparu au-dessus de l&#8217;oc\u00e9an Pacifique : OVNI, ph\u00e9nom\u00e8ne m\u00e9t\u00e9o ou intervention humaine ?\" data-src=\"https:\/\/yogaesoteric.net\/wp-content\/uploads\/2024\/03\/150384_1-86x64.jpg\" data-bs-srcset=\"{&quot;baseurl&quot;:&quot;https:\\\/\\\/yogaesoteric.net\\\/wp-content\\\/uploads\\\/2024\\\/03\\\/&quot;,&quot;sizes&quot;:{&quot;86&quot;:&quot;150384_1-86x64.jpg&quot;,&quot;210&quot;:&quot;150384_1-210x136.jpg&quot;,&quot;560&quot;:&quot;150384_1.jpg&quot;}}\"\t\t\t\t\t\tclass=\"img-holder\" href=\"https:\/\/yogaesoteric.net\/fr\/un-gigantesque-7-est-apparu-au-dessus-de-locean-pacifique-ovni-phenomene-meteo-ou-intervention-humaine\/\"><\/a>\r\n\t\t\t\t\t\t\t<\/div>\r\n\t\t<h2 class=\"title\">\t\t<a href=\"https:\/\/yogaesoteric.net\/fr\/un-gigantesque-7-est-apparu-au-dessus-de-locean-pacifique-ovni-phenomene-meteo-ou-intervention-humaine\/\" class=\"post-url post-title\">\r\n\t\t\tUn gigantesque 7 est apparu au-dessus de l&#8217;oc\u00e9an&hellip;\t\t<\/a>\r\n\t\t<\/h2>\t\t<div class=\"post-meta\">\r\n\r\n\t\t\t\t\t\t\t<span class=\"time\"><time class=\"post-published updated\"\r\n\t\t\t\t                         datetime=\"2024-03-05T16:18:21+00:00\">Mar 5, 2024<\/time><\/span>\r\n\t\t\t\t\t\t<\/div>\r\n\t\t\t<\/div>\r\n\t<\/article >\r\n\t<article class=\"post-106801 type-post format-standard has-not-post-thumbnail   listing-item listing-item-thumbnail listing-item-tb-1 main-term-1310\">\r\n\t<div class=\"item-inner clearfix\">\r\n\t\t\t\t\t<div class=\"featured featured-type-featured-image\">\r\n\t\t\t\t<a  title=\"La g\u00e9om\u00e9trie n\u2019a pas attendu le th\u00e9or\u00e8me de Pythagore !\" data-src=\"https:\/\/yogaesoteric.net\/wp-content\/uploads\/2023\/01\/106801_1.jpg\"\t\t\t\t\t\tclass=\"img-holder\" href=\"https:\/\/yogaesoteric.net\/fr\/babilonienii-au-folosit-teorema-lui-pitagora-cu-1-000-de-ani-inainte-ca-aceasta-sa-fie-inventata-in-grecia-antica\/\"><\/a>\r\n\t\t\t\t\t\t\t<\/div>\r\n\t\t<h2 class=\"title\">\t\t<a href=\"https:\/\/yogaesoteric.net\/fr\/babilonienii-au-folosit-teorema-lui-pitagora-cu-1-000-de-ani-inainte-ca-aceasta-sa-fie-inventata-in-grecia-antica\/\" class=\"post-url post-title\">\r\n\t\t\tLa g\u00e9om\u00e9trie n\u2019a pas attendu le th\u00e9or\u00e8me de Pythagore !\t\t<\/a>\r\n\t\t<\/h2>\t\t<div class=\"post-meta\">\r\n\r\n\t\t\t\t\t\t\t<span class=\"time\"><time class=\"post-published updated\"\r\n\t\t\t\t                         datetime=\"2023-01-18T08:21:18+00:00\">Jan 18, 2023<\/time><\/span>\r\n\t\t\t\t\t\t<\/div>\r\n\t\t\t<\/div>\r\n\t<\/article >\r\n\t<article class=\"post-102076 type-post format-standard has-not-post-thumbnail   listing-item listing-item-thumbnail listing-item-tb-1 main-term-624\">\r\n\t<div class=\"item-inner clearfix\">\r\n\t\t\t\t\t<div class=\"featured featured-type-featured-image\">\r\n\t\t\t\t<a  title=\"Une ic\u00f4ne de l\u2019archange Michel pleure \u00e0 Rhodes\" data-src=\"https:\/\/yogaesoteric.net\/wp-content\/uploads\/2022\/11\/102076_1.jpg\"\t\t\t\t\t\tclass=\"img-holder\" href=\"https:\/\/yogaesoteric.net\/fr\/o-icoana-a-sfantului-arhanghel-mihail-din-rodos-varsa-lacrimi\/\"><\/a>\r\n\t\t\t\t\t\t\t<\/div>\r\n\t\t<h2 class=\"title\">\t\t<a href=\"https:\/\/yogaesoteric.net\/fr\/o-icoana-a-sfantului-arhanghel-mihail-din-rodos-varsa-lacrimi\/\" class=\"post-url post-title\">\r\n\t\t\tUne ic\u00f4ne de l\u2019archange Michel pleure \u00e0 Rhodes\t\t<\/a>\r\n\t\t<\/h2>\t\t<div class=\"post-meta\">\r\n\r\n\t\t\t\t\t\t\t<span class=\"time\"><time class=\"post-published updated\"\r\n\t\t\t\t                         datetime=\"2022-11-27T15:23:08+00:00\">Nov 27, 2022<\/time><\/span>\r\n\t\t\t\t\t\t<\/div>\r\n\t\t\t<\/div>\r\n\t<\/article >\r\n\t<article class=\"post-98303 type-post format-standard has-not-post-thumbnail   listing-item listing-item-thumbnail listing-item-tb-1 main-term-101\">\r\n\t<div class=\"item-inner clearfix\">\r\n\t\t\t\t\t<div class=\"featured featured-type-featured-image\">\r\n\t\t\t\t<a  title=\"Une femme qui a v\u00e9cu une exp\u00e9rience de mort imminente a \u00ab h\u00e2te d\u2019y retourner \u00bb\" data-src=\"https:\/\/yogaesoteric.net\/wp-content\/uploads\/2022\/10\/98303_1-1.jpg\"\t\t\t\t\t\tclass=\"img-holder\" href=\"https:\/\/yogaesoteric.net\/fr\/une-femme-qui-a-vecu-une-experience-de-mort-imminente-a-hate-dy-retourner\/\"><\/a>\r\n\t\t\t\t\t\t\t<\/div>\r\n\t\t<h2 class=\"title\">\t\t<a href=\"https:\/\/yogaesoteric.net\/fr\/une-femme-qui-a-vecu-une-experience-de-mort-imminente-a-hate-dy-retourner\/\" class=\"post-url post-title\">\r\n\t\t\tUne femme qui a v\u00e9cu une exp\u00e9rience de mort imminente a \u00ab&hellip;\t\t<\/a>\r\n\t\t<\/h2>\t\t<div class=\"post-meta\">\r\n\r\n\t\t\t\t\t\t\t<span class=\"time\"><time class=\"post-published updated\"\r\n\t\t\t\t                         datetime=\"2022-10-30T16:19:41+00:00\">Oct 30, 2022<\/time><\/span>\r\n\t\t\t\t\t\t<\/div>\r\n\t\t\t<\/div>\r\n\t<\/article >\r\n\t<article class=\"post-91951 type-post format-standard has-not-post-thumbnail   listing-item listing-item-thumbnail listing-item-tb-1 main-term-36\">\r\n\t<div class=\"item-inner clearfix\">\r\n\t\t\t\t\t<div class=\"featured featured-type-featured-image\">\r\n\t\t\t\t<a  title=\"L\u2019\u00e9trange cas de Rudolph Fentz\u2026\" data-src=\"https:\/\/yogaesoteric.net\/wp-content\/uploads\/2022\/09\/22099_1-300x163.jpg\"\t\t\t\t\t\tclass=\"img-holder\" href=\"https:\/\/yogaesoteric.net\/fr\/letrange-cas-de-rudolph-fentz\/\"><\/a>\r\n\t\t\t\t\t\t\t<\/div>\r\n\t\t<h2 class=\"title\">\t\t<a href=\"https:\/\/yogaesoteric.net\/fr\/letrange-cas-de-rudolph-fentz\/\" class=\"post-url post-title\">\r\n\t\t\tL\u2019\u00e9trange cas de Rudolph Fentz\u2026\t\t<\/a>\r\n\t\t<\/h2>\t\t<div class=\"post-meta\">\r\n\r\n\t\t\t\t\t\t\t<span class=\"time\"><time class=\"post-published updated\"\r\n\t\t\t\t                         datetime=\"2022-09-11T15:42:45+00:00\">Sep 11, 2022<\/time><\/span>\r\n\t\t\t\t\t\t<\/div>\r\n\t\t\t<\/div>\r\n\t<\/article >\r\n\t<article class=\"post-77594 type-post format-standard has-not-post-thumbnail   listing-item listing-item-thumbnail listing-item-tb-1 main-term-36\">\r\n\t<div class=\"item-inner clearfix\">\r\n\t\t\t\t\t<div class=\"featured featured-type-featured-image\">\r\n\t\t\t\t<a  title=\"EMI : 7 messages de l\u2019au-del\u00e0 qui changent notre vision de la vie\" data-src=\"https:\/\/yogaesoteric.net\/wp-content\/uploads\/2022\/04\/77594_1-e1649059310165.jpg\"\t\t\t\t\t\tclass=\"img-holder\" href=\"https:\/\/yogaesoteric.net\/fr\/7-life-transforming-messages-from-the-afterlife\/\"><\/a>\r\n\t\t\t\t\t\t\t<\/div>\r\n\t\t<h2 class=\"title\">\t\t<a href=\"https:\/\/yogaesoteric.net\/fr\/7-life-transforming-messages-from-the-afterlife\/\" class=\"post-url post-title\">\r\n\t\t\tEMI : 7 messages de l\u2019au-del\u00e0 qui changent notre vision de&hellip;\t\t<\/a>\r\n\t\t<\/h2>\t\t<div class=\"post-meta\">\r\n\r\n\t\t\t\t\t\t\t<span class=\"time\"><time class=\"post-published updated\"\r\n\t\t\t\t                         datetime=\"2022-04-04T07:42:53+00:00\">Apr 4, 2022<\/time><\/span>\r\n\t\t\t\t\t\t<\/div>\r\n\t\t\t<\/div>\r\n\t<\/article >\r\n\t<article class=\"post-77494 type-post format-standard has-not-post-thumbnail   listing-item listing-item-thumbnail listing-item-tb-1 main-term-36\">\r\n\t<div class=\"item-inner clearfix\">\r\n\t\t\t\t\t<div class=\"featured featured-type-featured-image\">\r\n\t\t\t\t<a  title=\"Qu&#8217;est-ce que la m\u00e9moire \u00e9motionnelle ?\" data-src=\"https:\/\/yogaesoteric.net\/wp-content\/uploads\/2022\/03\/1-34.jpg\"\t\t\t\t\t\tclass=\"img-holder\" href=\"https:\/\/yogaesoteric.net\/fr\/whats-emotional-memory\/\"><\/a>\r\n\t\t\t\t\t\t\t<\/div>\r\n\t\t<h2 class=\"title\">\t\t<a href=\"https:\/\/yogaesoteric.net\/fr\/whats-emotional-memory\/\" class=\"post-url post-title\">\r\n\t\t\tQu&#8217;est-ce que la m\u00e9moire \u00e9motionnelle ?\t\t<\/a>\r\n\t\t<\/h2>\t\t<div class=\"post-meta\">\r\n\r\n\t\t\t\t\t\t\t<span class=\"time\"><time class=\"post-published updated\"\r\n\t\t\t\t                         datetime=\"2022-04-03T10:47:19+00:00\">Apr 3, 2022<\/time><\/span>\r\n\t\t\t\t\t\t<\/div>\r\n\t\t\t<\/div>\r\n\t<\/article >\r\n\t<article class=\"post-76368 type-post format-standard has-not-post-thumbnail   listing-item listing-item-thumbnail listing-item-tb-1 main-term-107\">\r\n\t<div class=\"item-inner clearfix\">\r\n\t\t\t\t\t<div class=\"featured featured-type-featured-image\">\r\n\t\t\t\t<a  title=\"Pratiquez-vous la lucidit\u00e9 ?\" data-src=\"https:\/\/yogaesoteric.net\/wp-content\/uploads\/2022\/03\/m-1-1.jpg\"\t\t\t\t\t\tclass=\"img-holder\" href=\"https:\/\/yogaesoteric.net\/fr\/are-you-practicing-lucidity\/\"><\/a>\r\n\t\t\t\t\t\t\t<\/div>\r\n\t\t<h2 class=\"title\">\t\t<a href=\"https:\/\/yogaesoteric.net\/fr\/are-you-practicing-lucidity\/\" class=\"post-url post-title\">\r\n\t\t\tPratiquez-vous la lucidit\u00e9 ?\t\t<\/a>\r\n\t\t<\/h2>\t\t<div class=\"post-meta\">\r\n\r\n\t\t\t\t\t\t\t<span class=\"time\"><time class=\"post-published updated\"\r\n\t\t\t\t                         datetime=\"2022-03-26T15:29:25+00:00\">Mar 26, 2022<\/time><\/span>\r\n\t\t\t\t\t\t<\/div>\r\n\t\t\t<\/div>\r\n\t<\/article >\r\n\t<\/div>\r\n\t<\/div>[\/vc_column][\/vc_row][vc_row][vc_column]<div class=\"bscb-39356 bs-listing bs-listing-listing-blog-1 bs-listing-single-tab\">\t\t<h3 class=\"section-heading sh-t2 sh-s1 main-term-none\">\r\n\r\n\t\t\r\n\t\t\t\t\t\t\t<span class=\"h-text main-term-none main-link\">\r\n\t\t\t\t\t\tarticles populaires\t\t\t\t\t<\/span>\r\n\t\t\t\r\n\t\t\r\n\t\t<\/h3>\r\n\t\t\t<div class=\"listing listing-blog listing-blog-5 clearfix columns-1\">\r\n\t\t<article class=\"post-232515 type-post format-standard has-not-post-thumbnail   listing-item listing-item-blog  listing-item-blog-5 main-term-1570 bsw-13 \">\r\n\t<div class=\"item-inner clearfix\">\r\n\r\n\t\t\t\t\t<div class=\"featured clearfix\">\r\n\t\t\t\t<div class=\"term-badges floated\"><span class=\"term-badge term-1570\"><a href=\"https:\/\/yogaesoteric.net\/fr\/category\/la-menace-de-lintelligence-artificielle\/\">La menace de l&#039;intelligence artificielle<\/a><\/span><\/div>\t\t\t\t<a  title=\"Ils crient \u00ab IA \u00bb, j\u2019entends \u00ab hi-han \u00bb\" data-src=\"https:\/\/yogaesoteric.net\/wp-content\/uploads\/2026\/04\/232515_1.jpg\"\t\t\t\t\t\tclass=\"img-holder\" href=\"https:\/\/yogaesoteric.net\/fr\/ils-crient-ia-jentends-hi-han\/\"><\/a>\r\n\t\t\t\t\t\t\t<\/div>\r\n\t\t<h2 class=\"title\">\t\t<a href=\"https:\/\/yogaesoteric.net\/fr\/ils-crient-ia-jentends-hi-han\/\" class=\"post-title post-url\">\r\n\t\t\tIls crient \u00ab IA \u00bb, j\u2019entends \u00ab hi-han \u00bb\t\t<\/a>\r\n\t\t<\/h2>\t\t<div class=\"post-meta\">\r\n\r\n\t\t\t\t\t\t\t<a href=\"https:\/\/yogaesoteric.net\/fr\/author\/radhananda\/\"\r\n\t\t\t\t   title=\"Browse Author Articles\"\r\n\t\t\t\t   class=\"post-author-a\">\r\n\t\t\t\t\t<i class=\"post-author author\">\r\n\t\t\t\t\t\tRadhananda\t\t\t\t\t<\/i>\r\n\t\t\t\t<\/a>\r\n\t\t\t\t\t\t\t<span class=\"time\"><time class=\"post-published updated\"\r\n\t\t\t\t                         datetime=\"2026-04-28T15:31:46+00:00\">Apr 28, 2026<\/time><\/span>\r\n\t\t\t\t<a href=\"https:\/\/yogaesoteric.net\/fr\/ils-crient-ia-jentends-hi-han\/#respond\" title=\"Leave a comment on: &ldquo;Ils crient \u00ab IA \u00bb, j\u2019entends \u00ab hi-han \u00bb&rdquo;\" class=\"comments\"><i class=\"fa fa-comments-o\"><\/i> 0<\/a>\t\t<\/div>\r\n\t\t\t\t\t<div class=\"post-summary\">\r\n\t\t\t\tpar Louis Volta\r\nPetite confession : l\u2019intelligence artificielle ou IA suscite chez moi des sentiments m\u00eal\u00e9s. En effet, je ne peux m\u2019emp\u00eacher d\u2019h\u00e9siter entre la crainte et la consternation.\r\n\r\nBien s\u00fbr, j\u2019aurais pu vous \u00e9crire ce titre : \u00ab&hellip;\t\t\t\t\t<br><a class=\"read-more\"\r\n\t\t\t\t\t       href=\"https:\/\/yogaesoteric.net\/fr\/ils-crient-ia-jentends-hi-han\/\">Read More...<\/a>\r\n\t\t\t\t\t\t\t<\/div>\r\n\t\t\t\t<\/div>\r\n\t<\/article >\r\n\t<article class=\"post-232510 type-post format-standard has-not-post-thumbnail   listing-item listing-item-blog  listing-item-blog-5 main-term-1571 bsw-13 \">\r\n\t<div class=\"item-inner clearfix\">\r\n\r\n\t\t\t\t\t<div class=\"featured clearfix\">\r\n\t\t\t\t<div class=\"term-badges floated\"><span class=\"term-badge term-1571\"><a href=\"https:\/\/yogaesoteric.net\/fr\/category\/sante-fr\/les-dangers-de-la-vaccination\/\">Les dangers de la vaccination<\/a><\/span><\/div>\t\t\t\t<a  title=\"Vaccins. Armes biologiques ? Le proc\u00e8s v\u00e9rit\u00e9 ? Intention criminelle pr\u00e9m\u00e9dit\u00e9e ?\" data-src=\"https:\/\/yogaesoteric.net\/wp-content\/uploads\/2026\/04\/232510_1.jpg\"\t\t\t\t\t\tclass=\"img-holder\" href=\"https:\/\/yogaesoteric.net\/fr\/vaccins-armes-biologiques-le-proces-verite-intention-criminelle-premeditee\/\"><\/a>\r\n\t\t\t\t\t\t\t<\/div>\r\n\t\t<h2 class=\"title\">\t\t<a href=\"https:\/\/yogaesoteric.net\/fr\/vaccins-armes-biologiques-le-proces-verite-intention-criminelle-premeditee\/\" class=\"post-title post-url\">\r\n\t\t\tVaccins. Armes biologiques ? Le proc\u00e8s v\u00e9rit\u00e9 ? Intention criminelle pr\u00e9m\u00e9dit\u00e9e ?\t\t<\/a>\r\n\t\t<\/h2>\t\t<div class=\"post-meta\">\r\n\r\n\t\t\t\t\t\t\t<a href=\"https:\/\/yogaesoteric.net\/fr\/author\/radhananda\/\"\r\n\t\t\t\t   title=\"Browse Author Articles\"\r\n\t\t\t\t   class=\"post-author-a\">\r\n\t\t\t\t\t<i class=\"post-author author\">\r\n\t\t\t\t\t\tRadhananda\t\t\t\t\t<\/i>\r\n\t\t\t\t<\/a>\r\n\t\t\t\t\t\t\t<span class=\"time\"><time class=\"post-published updated\"\r\n\t\t\t\t                         datetime=\"2026-04-28T15:21:03+00:00\">Apr 28, 2026<\/time><\/span>\r\n\t\t\t\t<a href=\"https:\/\/yogaesoteric.net\/fr\/vaccins-armes-biologiques-le-proces-verite-intention-criminelle-premeditee\/#respond\" title=\"Leave a comment on: &ldquo;Vaccins. Armes biologiques ? Le proc\u00e8s v\u00e9rit\u00e9 ? Intention criminelle pr\u00e9m\u00e9dit\u00e9e ?&rdquo;\" class=\"comments\"><i class=\"fa fa-comments-o\"><\/i> 0<\/a>\t\t<\/div>\r\n\t\t\t\t\t<div class=\"post-summary\">\r\n\t\t\t\t1 - Les Coulisses des Vaccins ARNm, doubl\u00e9e en fran\u00e7ais, produit par @InsideVac (X) Trials www.insidemrnavaccines.com\/\r\n\r\nCe film explore le d\u00e9ploiement mondial sans pr\u00e9c\u00e9dent de la technologie des vaccins \u00e0 ARNm et les questions&hellip;\t\t\t\t\t<br><a class=\"read-more\"\r\n\t\t\t\t\t       href=\"https:\/\/yogaesoteric.net\/fr\/vaccins-armes-biologiques-le-proces-verite-intention-criminelle-premeditee\/\">Read More...<\/a>\r\n\t\t\t\t\t\t\t<\/div>\r\n\t\t\t\t<\/div>\r\n\t<\/article >\r\n\t<article class=\"post-232497 type-post format-standard has-not-post-thumbnail   listing-item listing-item-blog  listing-item-blog-5 main-term-1330 bsw-13 \">\r\n\t<div class=\"item-inner clearfix\">\r\n\r\n\t\t\t\t\t<div class=\"featured clearfix\">\r\n\t\t\t\t<div class=\"term-badges floated\"><span class=\"term-badge term-1330\"><a href=\"https:\/\/yogaesoteric.net\/fr\/category\/actualite-fr\/science-et-technique-1602-fr\/\">Science et technique<\/a><\/span><\/div>\t\t\t\t<a  title=\"Lancement du \u00ab premier robot humano\u00efde au monde \u00bb capable d\u2019effectuer de v\u00e9ritables t\u00e2ches m\u00e9nag\u00e8res, dot\u00e9 d\u2019une autonomie de 16 heures\" data-src=\"https:\/\/yogaesoteric.net\/wp-content\/uploads\/2026\/04\/232497_1.jpg\"\t\t\t\t\t\tclass=\"img-holder\" href=\"https:\/\/yogaesoteric.net\/fr\/lancement-du-premier-robot-humanoide-au-monde-capable-deffectuer-de-veritables-taches-menageres-dote-dune-autonomie-de-16-heures\/\"><\/a>\r\n\t\t\t\t\t\t\t<\/div>\r\n\t\t<h2 class=\"title\">\t\t<a href=\"https:\/\/yogaesoteric.net\/fr\/lancement-du-premier-robot-humanoide-au-monde-capable-deffectuer-de-veritables-taches-menageres-dote-dune-autonomie-de-16-heures\/\" class=\"post-title post-url\">\r\n\t\t\tLancement du \u00ab premier robot humano\u00efde au monde \u00bb capable d\u2019effectuer de v\u00e9ritables t\u00e2ches&hellip;\t\t<\/a>\r\n\t\t<\/h2>\t\t<div class=\"post-meta\">\r\n\r\n\t\t\t\t\t\t\t<a href=\"https:\/\/yogaesoteric.net\/fr\/author\/radhananda\/\"\r\n\t\t\t\t   title=\"Browse Author Articles\"\r\n\t\t\t\t   class=\"post-author-a\">\r\n\t\t\t\t\t<i class=\"post-author author\">\r\n\t\t\t\t\t\tRadhananda\t\t\t\t\t<\/i>\r\n\t\t\t\t<\/a>\r\n\t\t\t\t\t\t\t<span class=\"time\"><time class=\"post-published updated\"\r\n\t\t\t\t                         datetime=\"2026-04-27T13:13:23+00:00\">Apr 27, 2026<\/time><\/span>\r\n\t\t\t\t<a href=\"https:\/\/yogaesoteric.net\/fr\/lancement-du-premier-robot-humanoide-au-monde-capable-deffectuer-de-veritables-taches-menageres-dote-dune-autonomie-de-16-heures\/#respond\" title=\"Leave a comment on: &ldquo;Lancement du \u00ab premier robot humano\u00efde au monde \u00bb capable d\u2019effectuer de v\u00e9ritables t\u00e2ches m\u00e9nag\u00e8res, dot\u00e9 d\u2019une autonomie de 16 heures&rdquo;\" class=\"comments\"><i class=\"fa fa-comments-o\"><\/i> 0<\/a>\t\t<\/div>\r\n\t\t\t\t\t<div class=\"post-summary\">\r\n\t\t\t\tPanther est un robot humano\u00efde de troisi\u00e8me g\u00e9n\u00e9ration, de taille r\u00e9elle, \u00e9quip\u00e9 de deux bras et de roues, et UniX AI a lanc\u00e9 sa commercialisation mondiale.\r\n\r\nLe robot mesure environ 1,60 m\u00e8tre, p\u00e8se environ 80 kg et dispose d\u2019une&hellip;\t\t\t\t\t<br><a class=\"read-more\"\r\n\t\t\t\t\t       href=\"https:\/\/yogaesoteric.net\/fr\/lancement-du-premier-robot-humanoide-au-monde-capable-deffectuer-de-veritables-taches-menageres-dote-dune-autonomie-de-16-heures\/\">Read More...<\/a>\r\n\t\t\t\t\t\t\t<\/div>\r\n\t\t\t\t<\/div>\r\n\t<\/article >\r\n\t<article class=\"post-232489 type-post format-standard has-not-post-thumbnail   listing-item listing-item-blog  listing-item-blog-5 main-term-383 bsw-13 \">\r\n\t<div class=\"item-inner clearfix\">\r\n\r\n\t\t\t\t\t<div class=\"featured clearfix\">\r\n\t\t\t\t<div class=\"term-badges floated\"><span class=\"term-badge term-383\"><a href=\"https:\/\/yogaesoteric.net\/fr\/category\/actualite-fr\/opinions-1602-fr\/\">Opinions<\/a><\/span><\/div>\t\t\t\t<a  title=\"Une analyse allemande du changement de pouvoir en Hongrie\" data-src=\"https:\/\/yogaesoteric.net\/wp-content\/uploads\/2026\/04\/232489_1.jpg\"\t\t\t\t\t\tclass=\"img-holder\" href=\"https:\/\/yogaesoteric.net\/fr\/une-analyse-allemande-du-changement-de-pouvoir-en-hongrie\/\"><\/a>\r\n\t\t\t\t\t\t\t<\/div>\r\n\t\t<h2 class=\"title\">\t\t<a href=\"https:\/\/yogaesoteric.net\/fr\/une-analyse-allemande-du-changement-de-pouvoir-en-hongrie\/\" class=\"post-title post-url\">\r\n\t\t\tUne analyse allemande du changement de pouvoir en Hongrie\t\t<\/a>\r\n\t\t<\/h2>\t\t<div class=\"post-meta\">\r\n\r\n\t\t\t\t\t\t\t<a href=\"https:\/\/yogaesoteric.net\/fr\/author\/radhananda\/\"\r\n\t\t\t\t   title=\"Browse Author Articles\"\r\n\t\t\t\t   class=\"post-author-a\">\r\n\t\t\t\t\t<i class=\"post-author author\">\r\n\t\t\t\t\t\tRadhananda\t\t\t\t\t<\/i>\r\n\t\t\t\t<\/a>\r\n\t\t\t\t\t\t\t<span class=\"time\"><time class=\"post-published updated\"\r\n\t\t\t\t                         datetime=\"2026-04-27T13:07:51+00:00\">Apr 27, 2026<\/time><\/span>\r\n\t\t\t\t<a href=\"https:\/\/yogaesoteric.net\/fr\/une-analyse-allemande-du-changement-de-pouvoir-en-hongrie\/#respond\" title=\"Leave a comment on: &ldquo;Une analyse allemande du changement de pouvoir en Hongrie&rdquo;\" class=\"comments\"><i class=\"fa fa-comments-o\"><\/i> 0<\/a>\t\t<\/div>\r\n\t\t\t\t\t<div class=\"post-summary\">\r\n\t\t\t\tpar Conny Axel Meier\r\n\u00ab Quand une vache se sent trop bien, elle finit sur la glace. L\u2019\u00c9tat hongrois, fond\u00e9 le 20 ao\u00fbt 1000 apr. J.-C., a choisi le 12 avril 2026 la voie de sa propre chute et cessera bient\u00f4t d\u2019exister en tant qu\u2019\u00c9tat&hellip;\t\t\t\t\t<br><a class=\"read-more\"\r\n\t\t\t\t\t       href=\"https:\/\/yogaesoteric.net\/fr\/une-analyse-allemande-du-changement-de-pouvoir-en-hongrie\/\">Read More...<\/a>\r\n\t\t\t\t\t\t\t<\/div>\r\n\t\t\t\t<\/div>\r\n\t<\/article >\r\n\t<article class=\"post-232299 type-post format-standard has-not-post-thumbnail   listing-item listing-item-blog  listing-item-blog-5 main-term-1091 bsw-13 \">\r\n\t<div class=\"item-inner clearfix\">\r\n\r\n\t\t\t\t\t<div class=\"featured clearfix\">\r\n\t\t\t\t<div class=\"term-badges floated\"><span class=\"term-badge term-1091\"><a href=\"https:\/\/yogaesoteric.net\/fr\/category\/demasquer-la-maconnerie-fr\/nouvelles-sensationnelles-censurees-3480-fr\/nouvelles-censurees-militaire-5127-fr\/\">Nouvelles censur\u00e9es - Militaire<\/a><\/span><\/div>\t\t\t\t<a  title=\"L\u2019arm\u00e9e am\u00e9ricaine teste le robot \u00ab Hunter Wolf \u00bb, \u00e9quip\u00e9 d\u2019une arme \u00e0 feu et d\u2019un radar, lors d\u2019exercices de combat\" data-src=\"https:\/\/yogaesoteric.net\/wp-content\/uploads\/2026\/04\/232299_1.jpg\"\t\t\t\t\t\tclass=\"img-holder\" href=\"https:\/\/yogaesoteric.net\/fr\/larmee-americaine-teste-le-robot-hunter-wolf-equipe-dune-arme-a-feu-et-dun-radar-lors-dexercices-de-combat\/\"><\/a>\r\n\t\t\t\t\t\t\t<\/div>\r\n\t\t<h2 class=\"title\">\t\t<a href=\"https:\/\/yogaesoteric.net\/fr\/larmee-americaine-teste-le-robot-hunter-wolf-equipe-dune-arme-a-feu-et-dun-radar-lors-dexercices-de-combat\/\" class=\"post-title post-url\">\r\n\t\t\tL\u2019arm\u00e9e am\u00e9ricaine teste le robot \u00ab Hunter Wolf \u00bb, \u00e9quip\u00e9 d\u2019une arme \u00e0 feu et d\u2019un radar, lors&hellip;\t\t<\/a>\r\n\t\t<\/h2>\t\t<div class=\"post-meta\">\r\n\r\n\t\t\t\t\t\t\t<a href=\"https:\/\/yogaesoteric.net\/fr\/author\/radhananda\/\"\r\n\t\t\t\t   title=\"Browse Author Articles\"\r\n\t\t\t\t   class=\"post-author-a\">\r\n\t\t\t\t\t<i class=\"post-author author\">\r\n\t\t\t\t\t\tRadhananda\t\t\t\t\t<\/i>\r\n\t\t\t\t<\/a>\r\n\t\t\t\t\t\t\t<span class=\"time\"><time class=\"post-published updated\"\r\n\t\t\t\t                         datetime=\"2026-04-26T16:43:57+00:00\">Apr 26, 2026<\/time><\/span>\r\n\t\t\t\t<a href=\"https:\/\/yogaesoteric.net\/fr\/larmee-americaine-teste-le-robot-hunter-wolf-equipe-dune-arme-a-feu-et-dun-radar-lors-dexercices-de-combat\/#respond\" title=\"Leave a comment on: &ldquo;L\u2019arm\u00e9e am\u00e9ricaine teste le robot \u00ab Hunter Wolf \u00bb, \u00e9quip\u00e9 d\u2019une arme \u00e0 feu et d\u2019un radar, lors d\u2019exercices de combat&rdquo;\" class=\"comments\"><i class=\"fa fa-comments-o\"><\/i> 0<\/a>\t\t<\/div>\r\n\t\t\t\t\t<div class=\"post-summary\">\r\n\t\t\t\tDe nouvelles images publi\u00e9es lundi, 19 avril, par le Service de diffusion d\u2019informations visuelles de la D\u00e9fense montrent un v\u00e9hicule terrestre sans pilote Hunter Wolf en action aux c\u00f4t\u00e9s de la 101e Division a\u00e9roport\u00e9e lors d\u2019une simulation&hellip;\t\t\t\t\t<br><a class=\"read-more\"\r\n\t\t\t\t\t       href=\"https:\/\/yogaesoteric.net\/fr\/larmee-americaine-teste-le-robot-hunter-wolf-equipe-dune-arme-a-feu-et-dun-radar-lors-dexercices-de-combat\/\">Read More...<\/a>\r\n\t\t\t\t\t\t\t<\/div>\r\n\t\t\t\t<\/div>\r\n\t<\/article >\r\n\t<article class=\"post-232294 type-post format-standard has-not-post-thumbnail   listing-item listing-item-blog  listing-item-blog-5 main-term-386 bsw-13 \">\r\n\t<div class=\"item-inner clearfix\">\r\n\r\n\t\t\t\t\t<div class=\"featured clearfix\">\r\n\t\t\t\t<div class=\"term-badges floated\"><span class=\"term-badge term-386\"><a href=\"https:\/\/yogaesoteric.net\/fr\/category\/actualite-fr\/nouvelles-1602-fr\/\">Nouvelles<\/a><\/span><\/div>\t\t\t\t<a  title=\"L\u2019Europe \u00e0 la merci d\u2019un \u00ab kill switch \u00bb am\u00e9ricain pour ses infrastructures cloud\" data-src=\"https:\/\/yogaesoteric.net\/wp-content\/uploads\/2026\/04\/232294_1.jpg\"\t\t\t\t\t\tclass=\"img-holder\" href=\"https:\/\/yogaesoteric.net\/fr\/leurope-a-la-merci-dun-kill-switch-americain-pour-ses-infrastructures-cloud\/\"><\/a>\r\n\t\t\t\t\t\t\t<\/div>\r\n\t\t<h2 class=\"title\">\t\t<a href=\"https:\/\/yogaesoteric.net\/fr\/leurope-a-la-merci-dun-kill-switch-americain-pour-ses-infrastructures-cloud\/\" class=\"post-title post-url\">\r\n\t\t\tL\u2019Europe \u00e0 la merci d\u2019un \u00ab kill switch \u00bb am\u00e9ricain pour ses infrastructures cloud\t\t<\/a>\r\n\t\t<\/h2>\t\t<div class=\"post-meta\">\r\n\r\n\t\t\t\t\t\t\t<a href=\"https:\/\/yogaesoteric.net\/fr\/author\/radhananda\/\"\r\n\t\t\t\t   title=\"Browse Author Articles\"\r\n\t\t\t\t   class=\"post-author-a\">\r\n\t\t\t\t\t<i class=\"post-author author\">\r\n\t\t\t\t\t\tRadhananda\t\t\t\t\t<\/i>\r\n\t\t\t\t<\/a>\r\n\t\t\t\t\t\t\t<span class=\"time\"><time class=\"post-published updated\"\r\n\t\t\t\t                         datetime=\"2026-04-26T16:41:17+00:00\">Apr 26, 2026<\/time><\/span>\r\n\t\t\t\t<a href=\"https:\/\/yogaesoteric.net\/fr\/leurope-a-la-merci-dun-kill-switch-americain-pour-ses-infrastructures-cloud\/#respond\" title=\"Leave a comment on: &ldquo;L\u2019Europe \u00e0 la merci d\u2019un \u00ab kill switch \u00bb am\u00e9ricain pour ses infrastructures cloud&rdquo;\" class=\"comments\"><i class=\"fa fa-comments-o\"><\/i> 0<\/a>\t\t<\/div>\r\n\t\t\t\t\t<div class=\"post-summary\">\r\n\t\t\t\tL\u2019Union europ\u00e9enne mise trop sur les infrastructures cloud am\u00e9ricaines pour sa d\u00e9fense, explique un rapport d\u2019un think tank europ\u00e9en, qui a point\u00e9 le risque d\u2019un \u00ab kill switch \u00bb (interrupteur d'urgence) pouvant causer l\u2019interruption de nos&hellip;\t\t\t\t\t<br><a class=\"read-more\"\r\n\t\t\t\t\t       href=\"https:\/\/yogaesoteric.net\/fr\/leurope-a-la-merci-dun-kill-switch-americain-pour-ses-infrastructures-cloud\/\">Read More...<\/a>\r\n\t\t\t\t\t\t\t<\/div>\r\n\t\t\t\t<\/div>\r\n\t<\/article >\r\n\t<article class=\"post-232194 type-post format-standard has-not-post-thumbnail   listing-item listing-item-blog  listing-item-blog-5 main-term-386 bsw-13 \">\r\n\t<div class=\"item-inner clearfix\">\r\n\r\n\t\t\t\t\t<div class=\"featured clearfix\">\r\n\t\t\t\t<div class=\"term-badges floated\"><span class=\"term-badge term-386\"><a href=\"https:\/\/yogaesoteric.net\/fr\/category\/actualite-fr\/nouvelles-1602-fr\/\">Nouvelles<\/a><\/span><\/div>\t\t\t\t<a  title=\"\u00ab Faible \u00bb : Trump fustige le pape L\u00e9on pour ses critiques concernant la guerre en Iran et l\u2019immigration\" data-src=\"https:\/\/yogaesoteric.net\/wp-content\/uploads\/2026\/04\/trump-pope.jpg\"\t\t\t\t\t\tclass=\"img-holder\" href=\"https:\/\/yogaesoteric.net\/fr\/faible-trump-fustige-le-pape-leon-pour-ses-critiques-concernant-la-guerre-en-iran-et-limmigration\/\"><\/a>\r\n\t\t\t\t\t\t\t<\/div>\r\n\t\t<h2 class=\"title\">\t\t<a href=\"https:\/\/yogaesoteric.net\/fr\/faible-trump-fustige-le-pape-leon-pour-ses-critiques-concernant-la-guerre-en-iran-et-limmigration\/\" class=\"post-title post-url\">\r\n\t\t\t\u00ab Faible \u00bb : Trump fustige le pape L\u00e9on pour ses critiques concernant la guerre en Iran et&hellip;\t\t<\/a>\r\n\t\t<\/h2>\t\t<div class=\"post-meta\">\r\n\r\n\t\t\t\t\t\t\t<a href=\"https:\/\/yogaesoteric.net\/fr\/author\/balananda\/\"\r\n\t\t\t\t   title=\"Browse Author Articles\"\r\n\t\t\t\t   class=\"post-author-a\">\r\n\t\t\t\t\t<i class=\"post-author author\">\r\n\t\t\t\t\t\tBalananda\t\t\t\t\t<\/i>\r\n\t\t\t\t<\/a>\r\n\t\t\t\t\t\t\t<span class=\"time\"><time class=\"post-published updated\"\r\n\t\t\t\t                         datetime=\"2026-04-25T16:40:48+00:00\">Apr 25, 2026<\/time><\/span>\r\n\t\t\t\t<a href=\"https:\/\/yogaesoteric.net\/fr\/faible-trump-fustige-le-pape-leon-pour-ses-critiques-concernant-la-guerre-en-iran-et-limmigration\/#respond\" title=\"Leave a comment on: &ldquo;\u00ab Faible \u00bb : Trump fustige le pape L\u00e9on pour ses critiques concernant la guerre en Iran et l\u2019immigration&rdquo;\" class=\"comments\"><i class=\"fa fa-comments-o\"><\/i> 0<\/a>\t\t<\/div>\r\n\t\t\t\t\t<div class=\"post-summary\">\r\n\t\t\t\tLe pr\u00e9sident Trump a qualifi\u00e9 le pape L\u00e9on de \u00ab faible \u00bb et a d\u00e9clar\u00e9 qu\u2019il pr\u00e9f\u00e9rait son fr\u00e8re \u00ab MAGA \u00bb apr\u00e8s que le chef de l\u2019\u00c9glise catholique eut lanc\u00e9 des piques \u00e0 peine voil\u00e9es \u00e0 son encontre au sujet de la guerre en Iran et de ses&hellip;\t\t\t\t\t<br><a class=\"read-more\"\r\n\t\t\t\t\t       href=\"https:\/\/yogaesoteric.net\/fr\/faible-trump-fustige-le-pape-leon-pour-ses-critiques-concernant-la-guerre-en-iran-et-limmigration\/\">Read More...<\/a>\r\n\t\t\t\t\t\t\t<\/div>\r\n\t\t\t\t<\/div>\r\n\t<\/article >\r\n\t<article class=\"post-232189 type-post format-standard has-not-post-thumbnail   listing-item listing-item-blog  listing-item-blog-5 main-term-1094 bsw-13 \">\r\n\t<div class=\"item-inner clearfix\">\r\n\r\n\t\t\t\t\t<div class=\"featured clearfix\">\r\n\t\t\t\t<div class=\"term-badges floated\"><span class=\"term-badge term-1094\"><a href=\"https:\/\/yogaesoteric.net\/fr\/category\/demasquer-la-maconnerie-fr\/nouvelles-sensationnelles-censurees-3480-fr\/nouvelles-censurees-social-5127-fr\/\">Nouvelles censur\u00e9es - Social<\/a><\/span><\/div>\t\t\t\t<a  title=\"La Turquie va exiger la pr\u00e9sentation d\u2019une carte d\u2019identit\u00e9 nationale pour cr\u00e9er un compte sur les r\u00e9seaux de communication virtuels\" data-src=\"https:\/\/yogaesoteric.net\/wp-content\/uploads\/2026\/04\/turquieid.jpg\"\t\t\t\t\t\tclass=\"img-holder\" href=\"https:\/\/yogaesoteric.net\/fr\/la-turquie-va-exiger-la-presentation-dune-carte-didentite-nationale-pour-creer-un-compte-sur-les-reseaux-de-communication-virtuels\/\"><\/a>\r\n\t\t\t\t\t\t\t<\/div>\r\n\t\t<h2 class=\"title\">\t\t<a href=\"https:\/\/yogaesoteric.net\/fr\/la-turquie-va-exiger-la-presentation-dune-carte-didentite-nationale-pour-creer-un-compte-sur-les-reseaux-de-communication-virtuels\/\" class=\"post-title post-url\">\r\n\t\t\tLa Turquie va exiger la pr\u00e9sentation d\u2019une carte d\u2019identit\u00e9 nationale pour cr\u00e9er un compte sur les&hellip;\t\t<\/a>\r\n\t\t<\/h2>\t\t<div class=\"post-meta\">\r\n\r\n\t\t\t\t\t\t\t<a href=\"https:\/\/yogaesoteric.net\/fr\/author\/balananda\/\"\r\n\t\t\t\t   title=\"Browse Author Articles\"\r\n\t\t\t\t   class=\"post-author-a\">\r\n\t\t\t\t\t<i class=\"post-author author\">\r\n\t\t\t\t\t\tBalananda\t\t\t\t\t<\/i>\r\n\t\t\t\t<\/a>\r\n\t\t\t\t\t\t\t<span class=\"time\"><time class=\"post-published updated\"\r\n\t\t\t\t                         datetime=\"2026-04-25T16:28:12+00:00\">Apr 25, 2026<\/time><\/span>\r\n\t\t\t\t<a href=\"https:\/\/yogaesoteric.net\/fr\/la-turquie-va-exiger-la-presentation-dune-carte-didentite-nationale-pour-creer-un-compte-sur-les-reseaux-de-communication-virtuels\/#respond\" title=\"Leave a comment on: &ldquo;La Turquie va exiger la pr\u00e9sentation d\u2019une carte d\u2019identit\u00e9 nationale pour cr\u00e9er un compte sur les r\u00e9seaux de communication virtuels&rdquo;\" class=\"comments\"><i class=\"fa fa-comments-o\"><\/i> 0<\/a>\t\t<\/div>\r\n\t\t\t\t\t<div class=\"post-summary\">\r\n\t\t\t\tTous les comptes sur les r\u00e9seaux de communication virtuels en Turquie sont sur le point d\u2019\u00eatre li\u00e9s \u00e0 un num\u00e9ro d\u2019identit\u00e9 d\u00e9livr\u00e9 par le gouvernement. Le ministre de la Justice, Ak\u0131n G\u00fcrlek, a annonc\u00e9 le 3 avril que les plateformes&hellip;\t\t\t\t\t<br><a class=\"read-more\"\r\n\t\t\t\t\t       href=\"https:\/\/yogaesoteric.net\/fr\/la-turquie-va-exiger-la-presentation-dune-carte-didentite-nationale-pour-creer-un-compte-sur-les-reseaux-de-communication-virtuels\/\">Read More...<\/a>\r\n\t\t\t\t\t\t\t<\/div>\r\n\t\t\t\t<\/div>\r\n\t<\/article >\r\n\t<article class=\"post-232040 type-post format-standard has-not-post-thumbnail   listing-item listing-item-blog  listing-item-blog-5 main-term-1653 bsw-13 \">\r\n\t<div class=\"item-inner clearfix\">\r\n\r\n\t\t\t\t\t<div class=\"featured clearfix\">\r\n\t\t\t\t<div class=\"term-badges floated\"><span class=\"term-badge term-1653\"><a href=\"https:\/\/yogaesoteric.net\/fr\/category\/actualite-fr\/histoire-non-censuree\/\">Histoire non censur\u00e9e<\/a><\/span><\/div>\t\t\t\t<a  title=\"On vous a menti pendant 165 ans\" data-src=\"https:\/\/yogaesoteric.net\/wp-content\/uploads\/2026\/04\/232040_1.jpg\"\t\t\t\t\t\tclass=\"img-holder\" href=\"https:\/\/yogaesoteric.net\/fr\/on-vous-a-menti-pendant-165-ans\/\"><\/a>\r\n\t\t\t\t\t\t\t<\/div>\r\n\t\t<h2 class=\"title\">\t\t<a href=\"https:\/\/yogaesoteric.net\/fr\/on-vous-a-menti-pendant-165-ans\/\" class=\"post-title post-url\">\r\n\t\t\tOn vous a menti pendant 165 ans\t\t<\/a>\r\n\t\t<\/h2>\t\t<div class=\"post-meta\">\r\n\r\n\t\t\t\t\t\t\t<a href=\"https:\/\/yogaesoteric.net\/fr\/author\/radhananda\/\"\r\n\t\t\t\t   title=\"Browse Author Articles\"\r\n\t\t\t\t   class=\"post-author-a\">\r\n\t\t\t\t\t<i class=\"post-author author\">\r\n\t\t\t\t\t\tRadhananda\t\t\t\t\t<\/i>\r\n\t\t\t\t<\/a>\r\n\t\t\t\t\t\t\t<span class=\"time\"><time class=\"post-published updated\"\r\n\t\t\t\t                         datetime=\"2026-04-24T08:42:12+00:00\">Apr 24, 2026<\/time><\/span>\r\n\t\t\t\t<a href=\"https:\/\/yogaesoteric.net\/fr\/on-vous-a-menti-pendant-165-ans\/#respond\" title=\"Leave a comment on: &ldquo;On vous a menti pendant 165 ans&rdquo;\" class=\"comments\"><i class=\"fa fa-comments-o\"><\/i> 0<\/a>\t\t<\/div>\r\n\t\t\t\t\t<div class=\"post-summary\">\r\n\t\t\t\tpar Profession Gendarme\r\nCe que je vais vous raconter, on ne vous l\u2019a jamais dit \u00e0 l\u2019\u00e9cole. Pas parce que c\u2019est faux. Mais parce que si vous le comprenez, tout s\u2019effondre. Tout. Le petit ch\u00e2teau de cartes qu\u2019on vous a construit depuis le&hellip;\t\t\t\t\t<br><a class=\"read-more\"\r\n\t\t\t\t\t       href=\"https:\/\/yogaesoteric.net\/fr\/on-vous-a-menti-pendant-165-ans\/\">Read More...<\/a>\r\n\t\t\t\t\t\t\t<\/div>\r\n\t\t\t\t<\/div>\r\n\t<\/article >\r\n\t<article class=\"post-232032 type-post format-standard has-post-thumbnail   listing-item listing-item-blog  listing-item-blog-5 main-term-1571 bsw-13 \">\r\n\t<div class=\"item-inner clearfix\">\r\n\r\n\t\t\t\t\t<div class=\"featured clearfix\">\r\n\t\t\t\t<div class=\"term-badges floated\"><span class=\"term-badge term-1571\"><a href=\"https:\/\/yogaesoteric.net\/fr\/category\/sante-fr\/les-dangers-de-la-vaccination\/\">Les dangers de la vaccination<\/a><\/span><\/div>\t\t\t\t<a  title=\"Vaccination au coll\u00e8ge \u2013 Vos droits en tant que parents\" data-src=\"https:\/\/yogaesoteric.net\/wp-content\/uploads\/2026\/04\/232032_2-357x210.jpg\" data-bs-srcset=\"{&quot;baseurl&quot;:&quot;https:\\\/\\\/yogaesoteric.net\\\/wp-content\\\/uploads\\\/2026\\\/04\\\/&quot;,&quot;sizes&quot;:{&quot;210&quot;:&quot;232032_2-210x136.jpg&quot;,&quot;279&quot;:&quot;232032_2-279x220.jpg&quot;,&quot;357&quot;:&quot;232032_2-357x210.jpg&quot;,&quot;560&quot;:&quot;232032_2.jpg&quot;}}\"\t\t\t\t\t\tclass=\"img-holder\" href=\"https:\/\/yogaesoteric.net\/fr\/vaccination-au-college-vos-droits-en-tant-que-parents\/\"><\/a>\r\n\t\t\t\t\t\t\t<\/div>\r\n\t\t<h2 class=\"title\">\t\t<a href=\"https:\/\/yogaesoteric.net\/fr\/vaccination-au-college-vos-droits-en-tant-que-parents\/\" class=\"post-title post-url\">\r\n\t\t\tVaccination au coll\u00e8ge \u2013 Vos droits en tant que parents\t\t<\/a>\r\n\t\t<\/h2>\t\t<div class=\"post-meta\">\r\n\r\n\t\t\t\t\t\t\t<a href=\"https:\/\/yogaesoteric.net\/fr\/author\/radhananda\/\"\r\n\t\t\t\t   title=\"Browse Author Articles\"\r\n\t\t\t\t   class=\"post-author-a\">\r\n\t\t\t\t\t<i class=\"post-author author\">\r\n\t\t\t\t\t\tRadhananda\t\t\t\t\t<\/i>\r\n\t\t\t\t<\/a>\r\n\t\t\t\t\t\t\t<span class=\"time\"><time class=\"post-published updated\"\r\n\t\t\t\t                         datetime=\"2026-04-24T08:30:55+00:00\">Apr 24, 2026<\/time><\/span>\r\n\t\t\t\t<a href=\"https:\/\/yogaesoteric.net\/fr\/vaccination-au-college-vos-droits-en-tant-que-parents\/#respond\" title=\"Leave a comment on: &ldquo;Vaccination au coll\u00e8ge \u2013 Vos droits en tant que parents&rdquo;\" class=\"comments\"><i class=\"fa fa-comments-o\"><\/i> 0<\/a>\t\t<\/div>\r\n\t\t\t\t\t<div class=\"post-summary\">\r\n\t\t\t\tpar Dr Louis Fouch\u00e9, Les Enfants d\u2019Hippocrate\r\nVaccination au coll\u00e8ge \u2013 Vos droits en tant que parents\r\n\r\nNous avons mis en place une campagne d\u2019information \u00e0 destination des parents sur leurs droits et libert\u00e9s fondamentaux applicables&hellip;\t\t\t\t\t<br><a class=\"read-more\"\r\n\t\t\t\t\t       href=\"https:\/\/yogaesoteric.net\/fr\/vaccination-au-college-vos-droits-en-tant-que-parents\/\">Read More...<\/a>\r\n\t\t\t\t\t\t\t<\/div>\r\n\t\t\t\t<\/div>\r\n\t<\/article >\r\n\t<article class=\"post-231978 type-post format-standard has-not-post-thumbnail   listing-item listing-item-blog  listing-item-blog-5 main-term-825 bsw-13 \">\r\n\t<div class=\"item-inner clearfix\">\r\n\r\n\t\t\t\t\t<div class=\"featured clearfix\">\r\n\t\t\t\t<div class=\"term-badges floated\"><span class=\"term-badge term-825\"><a href=\"https:\/\/yogaesoteric.net\/fr\/category\/actualite-fr\/societe-1602-fr\/\">Soci\u00e9t\u00e9<\/a><\/span><\/div>\t\t\t\t<a  title=\"Les m\u00e9dias traditionnels sont en voie d\u2019extinction et les podcasts sont la com\u00e8te : Fox News s\u2019en prend aux m\u00e9dias alternatifs, les accusant d\u2019inciter les jeunes \u00e0 remettre en cause l\u2019establishment politique\" data-src=\"https:\/\/yogaesoteric.net\/wp-content\/uploads\/2026\/04\/1-40-300x169.jpg\"\t\t\t\t\t\tclass=\"img-holder\" href=\"https:\/\/yogaesoteric.net\/fr\/les-medias-traditionnels-sont-en-voie-dextinction-et-les-podcasts-sont-la-comete-fox-news-sen-prend-aux-medias-alternatifs-les-accusant-dinciter-les-jeunes-a-remettre-en\/\"><\/a>\r\n\t\t\t\t\t\t\t<\/div>\r\n\t\t<h2 class=\"title\">\t\t<a href=\"https:\/\/yogaesoteric.net\/fr\/les-medias-traditionnels-sont-en-voie-dextinction-et-les-podcasts-sont-la-comete-fox-news-sen-prend-aux-medias-alternatifs-les-accusant-dinciter-les-jeunes-a-remettre-en\/\" class=\"post-title post-url\">\r\n\t\t\tLes m\u00e9dias traditionnels sont en voie d\u2019extinction et les podcasts sont la com\u00e8te : Fox News s\u2019en&hellip;\t\t<\/a>\r\n\t\t<\/h2>\t\t<div class=\"post-meta\">\r\n\r\n\t\t\t\t\t\t\t<a href=\"https:\/\/yogaesoteric.net\/fr\/author\/lallananda\/\"\r\n\t\t\t\t   title=\"Browse Author Articles\"\r\n\t\t\t\t   class=\"post-author-a\">\r\n\t\t\t\t\t<i class=\"post-author author\">\r\n\t\t\t\t\t\tLallananda\t\t\t\t\t<\/i>\r\n\t\t\t\t<\/a>\r\n\t\t\t\t\t\t\t<span class=\"time\"><time class=\"post-published updated\"\r\n\t\t\t\t                         datetime=\"2026-04-23T15:01:19+00:00\">Apr 23, 2026<\/time><\/span>\r\n\t\t\t\t<a href=\"https:\/\/yogaesoteric.net\/fr\/les-medias-traditionnels-sont-en-voie-dextinction-et-les-podcasts-sont-la-comete-fox-news-sen-prend-aux-medias-alternatifs-les-accusant-dinciter-les-jeunes-a-remettre-en\/#respond\" title=\"Leave a comment on: &ldquo;Les m\u00e9dias traditionnels sont en voie d\u2019extinction et les podcasts sont la com\u00e8te : Fox News s\u2019en prend aux m\u00e9dias alternatifs, les accusant d\u2019inciter les jeunes \u00e0 remettre en cause l\u2019establishment politique&rdquo;\" class=\"comments\"><i class=\"fa fa-comments-o\"><\/i> 0<\/a>\t\t<\/div>\r\n\t\t\t\t\t<div class=\"post-summary\">\r\n\t\t\t\tLydia Moynihan, chroniqueuse au New York Post, s\u2019est exprim\u00e9e la semaine derni\u00e8re sur Fox News pour attribuer aux podcasts la responsabilit\u00e9 de la m\u00e9fiance des jeunes g\u00e9n\u00e9rations envers les m\u00e9dias traditionnels et les discours de&hellip;\t\t\t\t\t<br><a class=\"read-more\"\r\n\t\t\t\t\t       href=\"https:\/\/yogaesoteric.net\/fr\/les-medias-traditionnels-sont-en-voie-dextinction-et-les-podcasts-sont-la-comete-fox-news-sen-prend-aux-medias-alternatifs-les-accusant-dinciter-les-jeunes-a-remettre-en\/\">Read More...<\/a>\r\n\t\t\t\t\t\t\t<\/div>\r\n\t\t\t\t<\/div>\r\n\t<\/article >\r\n\t<article class=\"post-231973 type-post format-standard has-not-post-thumbnail   listing-item listing-item-blog  listing-item-blog-5 main-term-1570 bsw-13 \">\r\n\t<div class=\"item-inner clearfix\">\r\n\r\n\t\t\t\t\t<div class=\"featured clearfix\">\r\n\t\t\t\t<div class=\"term-badges floated\"><span class=\"term-badge term-1570\"><a href=\"https:\/\/yogaesoteric.net\/fr\/category\/la-menace-de-lintelligence-artificielle\/\">La menace de l&#039;intelligence artificielle<\/a><\/span><\/div>\t\t\t\t<a  title=\"IA et production de loques humaines en s\u00e9rie\" data-src=\"https:\/\/yogaesoteric.net\/wp-content\/uploads\/2026\/04\/1-41-300x175.png\"\t\t\t\t\t\tclass=\"img-holder\" href=\"https:\/\/yogaesoteric.net\/fr\/ia-et-production-de-loques-humaines-en-serie\/\"><\/a>\r\n\t\t\t\t\t\t\t<\/div>\r\n\t\t<h2 class=\"title\">\t\t<a href=\"https:\/\/yogaesoteric.net\/fr\/ia-et-production-de-loques-humaines-en-serie\/\" class=\"post-title post-url\">\r\n\t\t\tIA et production de loques humaines en s\u00e9rie\t\t<\/a>\r\n\t\t<\/h2>\t\t<div class=\"post-meta\">\r\n\r\n\t\t\t\t\t\t\t<a href=\"https:\/\/yogaesoteric.net\/fr\/author\/lallananda\/\"\r\n\t\t\t\t   title=\"Browse Author Articles\"\r\n\t\t\t\t   class=\"post-author-a\">\r\n\t\t\t\t\t<i class=\"post-author author\">\r\n\t\t\t\t\t\tLallananda\t\t\t\t\t<\/i>\r\n\t\t\t\t<\/a>\r\n\t\t\t\t\t\t\t<span class=\"time\"><time class=\"post-published updated\"\r\n\t\t\t\t                         datetime=\"2026-04-23T14:49:08+00:00\">Apr 23, 2026<\/time><\/span>\r\n\t\t\t\t<a href=\"https:\/\/yogaesoteric.net\/fr\/ia-et-production-de-loques-humaines-en-serie\/#respond\" title=\"Leave a comment on: &ldquo;IA et production de loques humaines en s\u00e9rie&rdquo;\" class=\"comments\"><i class=\"fa fa-comments-o\"><\/i> 0<\/a>\t\t<\/div>\r\n\t\t\t\t\t<div class=\"post-summary\">\r\n\t\t\t\tTous les enseignants savent que l\u2019intelligence artificielle est un fl\u00e9au. Ils savent qu\u2019elle est devenue une v\u00e9ritable addiction pour les \u00e9l\u00e8ves, qui y font syst\u00e9matiquement appel dans leurs travaux de r\u00e9daction et de r\u00e9flexion. L\u2019IA&hellip;\t\t\t\t\t<br><a class=\"read-more\"\r\n\t\t\t\t\t       href=\"https:\/\/yogaesoteric.net\/fr\/ia-et-production-de-loques-humaines-en-serie\/\">Read More...<\/a>\r\n\t\t\t\t\t\t\t<\/div>\r\n\t\t\t\t<\/div>\r\n\t<\/article >\r\n\t<article class=\"post-231832 type-post format-standard has-post-thumbnail   listing-item listing-item-blog  listing-item-blog-5 main-term-1178 bsw-13 \">\r\n\t<div class=\"item-inner clearfix\">\r\n\r\n\t\t\t\t\t<div class=\"featured clearfix\">\r\n\t\t\t\t<div class=\"term-badges floated\"><span class=\"term-badge term-1178\"><a href=\"https:\/\/yogaesoteric.net\/fr\/category\/sante-fr\/etudes-4260-fr\/\">\u00c9tudes<\/a><\/span><\/div>\t\t\t\t<a  title=\"La virologie est une pseudoscience \u2013 les explications de 2 m\u00e9decins n\u00e9o-z\u00e9landais\" data-src=\"https:\/\/yogaesoteric.net\/wp-content\/uploads\/2026\/04\/231832_1-357x210.jpg\" data-bs-srcset=\"{&quot;baseurl&quot;:&quot;https:\\\/\\\/yogaesoteric.net\\\/wp-content\\\/uploads\\\/2026\\\/04\\\/&quot;,&quot;sizes&quot;:{&quot;210&quot;:&quot;231832_1-210x136.jpg&quot;,&quot;279&quot;:&quot;231832_1-279x220.jpg&quot;,&quot;357&quot;:&quot;231832_1-357x210.jpg&quot;,&quot;560&quot;:&quot;231832_1.jpg&quot;}}\"\t\t\t\t\t\tclass=\"img-holder\" href=\"https:\/\/yogaesoteric.net\/fr\/la-virologie-est-une-pseudoscience-les-explications-de-2-medecins-neo-zelandais\/\"><\/a>\r\n\t\t\t\t\t\t\t<\/div>\r\n\t\t<h2 class=\"title\">\t\t<a href=\"https:\/\/yogaesoteric.net\/fr\/la-virologie-est-une-pseudoscience-les-explications-de-2-medecins-neo-zelandais\/\" class=\"post-title post-url\">\r\n\t\t\tLa virologie est une pseudoscience \u2013 les explications de 2 m\u00e9decins n\u00e9o-z\u00e9landais\t\t<\/a>\r\n\t\t<\/h2>\t\t<div class=\"post-meta\">\r\n\r\n\t\t\t\t\t\t\t<a href=\"https:\/\/yogaesoteric.net\/fr\/author\/radhananda\/\"\r\n\t\t\t\t   title=\"Browse Author Articles\"\r\n\t\t\t\t   class=\"post-author-a\">\r\n\t\t\t\t\t<i class=\"post-author author\">\r\n\t\t\t\t\t\tRadhananda\t\t\t\t\t<\/i>\r\n\t\t\t\t<\/a>\r\n\t\t\t\t\t\t\t<span class=\"time\"><time class=\"post-published updated\"\r\n\t\t\t\t                         datetime=\"2026-04-22T10:29:19+00:00\">Apr 22, 2026<\/time><\/span>\r\n\t\t\t\t<a href=\"https:\/\/yogaesoteric.net\/fr\/la-virologie-est-une-pseudoscience-les-explications-de-2-medecins-neo-zelandais\/#respond\" title=\"Leave a comment on: &ldquo;La virologie est une pseudoscience \u2013 les explications de 2 m\u00e9decins n\u00e9o-z\u00e9landais&rdquo;\" class=\"comments\"><i class=\"fa fa-comments-o\"><\/i> 0<\/a>\t\t<\/div>\r\n\t\t\t\t\t<div class=\"post-summary\">\r\n\t\t\t\tCette vid\u00e9o doubl\u00e9e en fran\u00e7ais fait suite \u00e0 l\u2019interview en anglais de Sam et Mark Bailey par J\u00e9r\u00e9mie Mercier en janvier 2026.\r\n\r\nLa virologie, qui est une fondation importante de la \u00ab m\u00e9decine moderne \u00bb, est une pseudoscience qui s\u00e9vit&hellip;\t\t\t\t\t<br><a class=\"read-more\"\r\n\t\t\t\t\t       href=\"https:\/\/yogaesoteric.net\/fr\/la-virologie-est-une-pseudoscience-les-explications-de-2-medecins-neo-zelandais\/\">Read More...<\/a>\r\n\t\t\t\t\t\t\t<\/div>\r\n\t\t\t\t<\/div>\r\n\t<\/article >\r\n\t<article class=\"post-231809 type-post format-standard has-not-post-thumbnail   listing-item listing-item-blog  listing-item-blog-5 main-term-825 bsw-13 \">\r\n\t<div class=\"item-inner clearfix\">\r\n\r\n\t\t\t\t\t<div class=\"featured clearfix\">\r\n\t\t\t\t<div class=\"term-badges floated\"><span class=\"term-badge term-825\"><a href=\"https:\/\/yogaesoteric.net\/fr\/category\/actualite-fr\/societe-1602-fr\/\">Soci\u00e9t\u00e9<\/a><\/span><\/div>\t\t\t\t<a  title=\"L\u2019herbe para\u00eet plus verte chez le Voisin\" data-src=\"https:\/\/yogaesoteric.net\/wp-content\/uploads\/2026\/04\/231809_1.jpg\"\t\t\t\t\t\tclass=\"img-holder\" href=\"https:\/\/yogaesoteric.net\/fr\/lherbe-parait-plus-verte-chez-le-voisin\/\"><\/a>\r\n\t\t\t\t\t\t\t<\/div>\r\n\t\t<h2 class=\"title\">\t\t<a href=\"https:\/\/yogaesoteric.net\/fr\/lherbe-parait-plus-verte-chez-le-voisin\/\" class=\"post-title post-url\">\r\n\t\t\tL\u2019herbe para\u00eet plus verte chez le Voisin\t\t<\/a>\r\n\t\t<\/h2>\t\t<div class=\"post-meta\">\r\n\r\n\t\t\t\t\t\t\t<a href=\"https:\/\/yogaesoteric.net\/fr\/author\/radhananda\/\"\r\n\t\t\t\t   title=\"Browse Author Articles\"\r\n\t\t\t\t   class=\"post-author-a\">\r\n\t\t\t\t\t<i class=\"post-author author\">\r\n\t\t\t\t\t\tRadhananda\t\t\t\t\t<\/i>\r\n\t\t\t\t<\/a>\r\n\t\t\t\t\t\t\t<span class=\"time\"><time class=\"post-published updated\"\r\n\t\t\t\t                         datetime=\"2026-04-22T10:23:47+00:00\">Apr 22, 2026<\/time><\/span>\r\n\t\t\t\t<a href=\"https:\/\/yogaesoteric.net\/fr\/lherbe-parait-plus-verte-chez-le-voisin\/#respond\" title=\"Leave a comment on: &ldquo;L\u2019herbe para\u00eet plus verte chez le Voisin&rdquo;\" class=\"comments\"><i class=\"fa fa-comments-o\"><\/i> 0<\/a>\t\t<\/div>\r\n\t\t\t\t\t<div class=\"post-summary\">\r\n\t\t\t\tL\u2019illusion lib\u00e9rale d\u2019un monde sans rapports de force\r\n\r\nIntroduction\r\n\r\nLe mirage du mod\u00e8le ext\u00e9rieur est une tentation ancienne : croire que le salut se trouve ailleurs.\r\nEn Europe, cette id\u00e9e a pris, au fil des derni\u00e8res d\u00e9cennies, une&hellip;\t\t\t\t\t<br><a class=\"read-more\"\r\n\t\t\t\t\t       href=\"https:\/\/yogaesoteric.net\/fr\/lherbe-parait-plus-verte-chez-le-voisin\/\">Read More...<\/a>\r\n\t\t\t\t\t\t\t<\/div>\r\n\t\t\t\t<\/div>\r\n\t<\/article >\r\n\t<article class=\"post-231687 type-post format-standard has-not-post-thumbnail   listing-item listing-item-blog  listing-item-blog-5 main-term-1061 bsw-13 \">\r\n\t<div class=\"item-inner clearfix\">\r\n\r\n\t\t\t\t\t<div class=\"featured clearfix\">\r\n\t\t\t\t<div class=\"term-badges floated\"><span class=\"term-badge term-1061\"><a href=\"https:\/\/yogaesoteric.net\/fr\/category\/demasquer-la-maconnerie-fr\/faits-incontestables-qui-prouvent-la-realite-de-la-conspiration-planetaire-3480-fr\/\">Faits incontestables qui prouvent la r\u00e9alit\u00e9 de la conspiration plan\u00e9taire<\/a><\/span><\/div>\t\t\t\t<a  title=\"Combien de guerres mondiales ?\" data-src=\"https:\/\/yogaesoteric.net\/wp-content\/uploads\/2026\/04\/231687_1.jpg\"\t\t\t\t\t\tclass=\"img-holder\" href=\"https:\/\/yogaesoteric.net\/fr\/combien-de-guerres-mondiales\/\"><\/a>\r\n\t\t\t\t\t\t\t<\/div>\r\n\t\t<h2 class=\"title\">\t\t<a href=\"https:\/\/yogaesoteric.net\/fr\/combien-de-guerres-mondiales\/\" class=\"post-title post-url\">\r\n\t\t\tCombien de guerres mondiales ?\t\t<\/a>\r\n\t\t<\/h2>\t\t<div class=\"post-meta\">\r\n\r\n\t\t\t\t\t\t\t<a href=\"https:\/\/yogaesoteric.net\/fr\/author\/radhananda\/\"\r\n\t\t\t\t   title=\"Browse Author Articles\"\r\n\t\t\t\t   class=\"post-author-a\">\r\n\t\t\t\t\t<i class=\"post-author author\">\r\n\t\t\t\t\t\tRadhananda\t\t\t\t\t<\/i>\r\n\t\t\t\t<\/a>\r\n\t\t\t\t\t\t\t<span class=\"time\"><time class=\"post-published updated\"\r\n\t\t\t\t                         datetime=\"2026-04-21T10:21:08+00:00\">Apr 21, 2026<\/time><\/span>\r\n\t\t\t\t<a href=\"https:\/\/yogaesoteric.net\/fr\/combien-de-guerres-mondiales\/#respond\" title=\"Leave a comment on: &ldquo;Combien de guerres mondiales ?&rdquo;\" class=\"comments\"><i class=\"fa fa-comments-o\"><\/i> 0<\/a>\t\t<\/div>\r\n\t\t\t\t\t<div class=\"post-summary\">\r\n\t\t\t\tUne r\u00e9flexion \u00e9parse se demande si nous sommes dans la 3\u00e8me guerre mondiale, si on y entre, si on y est d\u00e9j\u00e0. Comme s\u2019il y avait eu entre les deux premi\u00e8res et depuis la deuxi\u00e8me une paix mondiale.\r\n\r\nCe qui m\u00e8ne \u00e0 des guerres mondiales ce&hellip;\t\t\t\t\t<br><a class=\"read-more\"\r\n\t\t\t\t\t       href=\"https:\/\/yogaesoteric.net\/fr\/combien-de-guerres-mondiales\/\">Read More...<\/a>\r\n\t\t\t\t\t\t\t<\/div>\r\n\t\t\t\t<\/div>\r\n\t<\/article >\r\n\t<article class=\"post-231682 type-post format-standard has-not-post-thumbnail   listing-item listing-item-blog  listing-item-blog-5 main-term-185 bsw-13 \">\r\n\t<div class=\"item-inner clearfix\">\r\n\r\n\t\t\t\t\t<div class=\"featured clearfix\">\r\n\t\t\t\t<div class=\"term-badges floated\"><span class=\"term-badge term-185\"><a href=\"https:\/\/yogaesoteric.net\/fr\/category\/astrologie-fr\/lastrologie-pour-les-debutants-1590-fr\/les-astres-1706-fr\/\">Les Astres<\/a><\/span><\/div>\t\t\t\t<a  title=\"Une exp\u00e9rience cosmique \u00e0 grande \u00e9chelle d\u00e9montre que les th\u00e9ories de Newton et d\u2019Einstein expliquent toujours la gravit\u00e9 avec pr\u00e9cision\" data-src=\"https:\/\/yogaesoteric.net\/wp-content\/uploads\/2026\/04\/231682_1.jpg\"\t\t\t\t\t\tclass=\"img-holder\" href=\"https:\/\/yogaesoteric.net\/fr\/une-experience-cosmique-a-grande-echelle-demontre-que-les-theories-de-newton-et-deinstein-expliquent-toujours-la-gravite-avec-precision\/\"><\/a>\r\n\t\t\t\t\t\t\t<\/div>\r\n\t\t<h2 class=\"title\">\t\t<a href=\"https:\/\/yogaesoteric.net\/fr\/une-experience-cosmique-a-grande-echelle-demontre-que-les-theories-de-newton-et-deinstein-expliquent-toujours-la-gravite-avec-precision\/\" class=\"post-title post-url\">\r\n\t\t\tUne exp\u00e9rience cosmique \u00e0 grande \u00e9chelle d\u00e9montre que les th\u00e9ories de Newton et d\u2019Einstein&hellip;\t\t<\/a>\r\n\t\t<\/h2>\t\t<div class=\"post-meta\">\r\n\r\n\t\t\t\t\t\t\t<a href=\"https:\/\/yogaesoteric.net\/fr\/author\/radhananda\/\"\r\n\t\t\t\t   title=\"Browse Author Articles\"\r\n\t\t\t\t   class=\"post-author-a\">\r\n\t\t\t\t\t<i class=\"post-author author\">\r\n\t\t\t\t\t\tRadhananda\t\t\t\t\t<\/i>\r\n\t\t\t\t<\/a>\r\n\t\t\t\t\t\t\t<span class=\"time\"><time class=\"post-published updated\"\r\n\t\t\t\t                         datetime=\"2026-04-21T10:12:23+00:00\">Apr 21, 2026<\/time><\/span>\r\n\t\t\t\t<a href=\"https:\/\/yogaesoteric.net\/fr\/une-experience-cosmique-a-grande-echelle-demontre-que-les-theories-de-newton-et-deinstein-expliquent-toujours-la-gravite-avec-precision\/#respond\" title=\"Leave a comment on: &ldquo;Une exp\u00e9rience cosmique \u00e0 grande \u00e9chelle d\u00e9montre que les th\u00e9ories de Newton et d\u2019Einstein expliquent toujours la gravit\u00e9 avec pr\u00e9cision&rdquo;\" class=\"comments\"><i class=\"fa fa-comments-o\"><\/i> 0<\/a>\t\t<\/div>\r\n\t\t\t\t\t<div class=\"post-summary\">\r\n\t\t\t\tDes chercheurs dirig\u00e9s par l\u2019Universit\u00e9 de Pennsylvanie ont utilis\u00e9 les donn\u00e9es du t\u00e9lescope cosmologique d\u2019Atacama pour \u00e9tudier la fa\u00e7on dont les amas galactiques se d\u00e9placent sur de vastes distances cosmiques.\r\n\r\nLeurs r\u00e9sultats montrent&hellip;\t\t\t\t\t<br><a class=\"read-more\"\r\n\t\t\t\t\t       href=\"https:\/\/yogaesoteric.net\/fr\/une-experience-cosmique-a-grande-echelle-demontre-que-les-theories-de-newton-et-deinstein-expliquent-toujours-la-gravite-avec-precision\/\">Read More...<\/a>\r\n\t\t\t\t\t\t\t<\/div>\r\n\t\t\t\t<\/div>\r\n\t<\/article >\r\n\t<article class=\"post-231592 type-post format-standard has-not-post-thumbnail   listing-item listing-item-blog  listing-item-blog-5 main-term-383 bsw-13 \">\r\n\t<div class=\"item-inner clearfix\">\r\n\r\n\t\t\t\t\t<div class=\"featured clearfix\">\r\n\t\t\t\t<div class=\"term-badges floated\"><span class=\"term-badge term-383\"><a href=\"https:\/\/yogaesoteric.net\/fr\/category\/actualite-fr\/opinions-1602-fr\/\">Opinions<\/a><\/span><\/div>\t\t\t\t<a  title=\"Projection de puissance strat\u00e9gique et outils occidentaux pour les guerres de domination mondiale\" data-src=\"https:\/\/yogaesoteric.net\/wp-content\/uploads\/2026\/04\/231592_1.jpg\"\t\t\t\t\t\tclass=\"img-holder\" href=\"https:\/\/yogaesoteric.net\/fr\/projection-de-puissance-strategique-et-outils-occidentaux-pour-les-guerres-de-domination-mondiale\/\"><\/a>\r\n\t\t\t\t\t\t\t<\/div>\r\n\t\t<h2 class=\"title\">\t\t<a href=\"https:\/\/yogaesoteric.net\/fr\/projection-de-puissance-strategique-et-outils-occidentaux-pour-les-guerres-de-domination-mondiale\/\" class=\"post-title post-url\">\r\n\t\t\tProjection de puissance strat\u00e9gique et outils occidentaux pour les guerres de domination mondiale\t\t<\/a>\r\n\t\t<\/h2>\t\t<div class=\"post-meta\">\r\n\r\n\t\t\t\t\t\t\t<a href=\"https:\/\/yogaesoteric.net\/fr\/author\/radhananda\/\"\r\n\t\t\t\t   title=\"Browse Author Articles\"\r\n\t\t\t\t   class=\"post-author-a\">\r\n\t\t\t\t\t<i class=\"post-author author\">\r\n\t\t\t\t\t\tRadhananda\t\t\t\t\t<\/i>\r\n\t\t\t\t<\/a>\r\n\t\t\t\t\t\t\t<span class=\"time\"><time class=\"post-published updated\"\r\n\t\t\t\t                         datetime=\"2026-04-20T05:48:14+00:00\">Apr 20, 2026<\/time><\/span>\r\n\t\t\t\t<a href=\"https:\/\/yogaesoteric.net\/fr\/projection-de-puissance-strategique-et-outils-occidentaux-pour-les-guerres-de-domination-mondiale\/#respond\" title=\"Leave a comment on: &ldquo;Projection de puissance strat\u00e9gique et outils occidentaux pour les guerres de domination mondiale&rdquo;\" class=\"comments\"><i class=\"fa fa-comments-o\"><\/i> 0<\/a>\t\t<\/div>\r\n\t\t\t\t\t<div class=\"post-summary\">\r\n\t\t\t\tpar Saleem Qamar Butt\r\nD\u2019apr\u00e8s mon exp\u00e9rience personnelle, pour la r\u00e9alisation de la projection de puissance occidentale, les dirigeants politiques et la haute bureaucratie impliqu\u00e9s et compromis dans les pays cibl\u00e9s jouent le r\u00f4le le plus&hellip;\t\t\t\t\t<br><a class=\"read-more\"\r\n\t\t\t\t\t       href=\"https:\/\/yogaesoteric.net\/fr\/projection-de-puissance-strategique-et-outils-occidentaux-pour-les-guerres-de-domination-mondiale\/\">Read More...<\/a>\r\n\t\t\t\t\t\t\t<\/div>\r\n\t\t\t\t<\/div>\r\n\t<\/article >\r\n\t<article class=\"post-231584 type-post format-standard has-not-post-thumbnail   listing-item listing-item-blog  listing-item-blog-5 main-term-386 bsw-13 \">\r\n\t<div class=\"item-inner clearfix\">\r\n\r\n\t\t\t\t\t<div class=\"featured clearfix\">\r\n\t\t\t\t<div class=\"term-badges floated\"><span class=\"term-badge term-386\"><a href=\"https:\/\/yogaesoteric.net\/fr\/category\/actualite-fr\/nouvelles-1602-fr\/\">Nouvelles<\/a><\/span><\/div>\t\t\t\t<a  title=\"Le gouvernement allemand propose d\u2019interdire la vente de logements et de biens immobiliers en fonction des opinions politiques, ce qui constitue une nouvelle menace pour la libert\u00e9 d\u2019expression\" data-src=\"https:\/\/yogaesoteric.net\/wp-content\/uploads\/2026\/04\/231584_1.jpg\"\t\t\t\t\t\tclass=\"img-holder\" href=\"https:\/\/yogaesoteric.net\/fr\/le-gouvernement-allemand-propose-dinterdire-la-vente-de-logements-et-de-biens-immobiliers-en-fonction-des-opinions-politiques-ce-qui-constitue-une-nouvelle-menace-pour-la-liberte-de\/\"><\/a>\r\n\t\t\t\t\t\t\t<\/div>\r\n\t\t<h2 class=\"title\">\t\t<a href=\"https:\/\/yogaesoteric.net\/fr\/le-gouvernement-allemand-propose-dinterdire-la-vente-de-logements-et-de-biens-immobiliers-en-fonction-des-opinions-politiques-ce-qui-constitue-une-nouvelle-menace-pour-la-liberte-de\/\" class=\"post-title post-url\">\r\n\t\t\tLe gouvernement allemand propose d\u2019interdire la vente de logements et de biens immobiliers en&hellip;\t\t<\/a>\r\n\t\t<\/h2>\t\t<div class=\"post-meta\">\r\n\r\n\t\t\t\t\t\t\t<a href=\"https:\/\/yogaesoteric.net\/fr\/author\/radhananda\/\"\r\n\t\t\t\t   title=\"Browse Author Articles\"\r\n\t\t\t\t   class=\"post-author-a\">\r\n\t\t\t\t\t<i class=\"post-author author\">\r\n\t\t\t\t\t\tRadhananda\t\t\t\t\t<\/i>\r\n\t\t\t\t<\/a>\r\n\t\t\t\t\t\t\t<span class=\"time\"><time class=\"post-published updated\"\r\n\t\t\t\t                         datetime=\"2026-04-20T05:46:01+00:00\">Apr 20, 2026<\/time><\/span>\r\n\t\t\t\t<a href=\"https:\/\/yogaesoteric.net\/fr\/le-gouvernement-allemand-propose-dinterdire-la-vente-de-logements-et-de-biens-immobiliers-en-fonction-des-opinions-politiques-ce-qui-constitue-une-nouvelle-menace-pour-la-liberte-de\/#respond\" title=\"Leave a comment on: &ldquo;Le gouvernement allemand propose d\u2019interdire la vente de logements et de biens immobiliers en fonction des opinions politiques, ce qui constitue une nouvelle menace pour la libert\u00e9 d\u2019expression&rdquo;\" class=\"comments\"><i class=\"fa fa-comments-o\"><\/i> 0<\/a>\t\t<\/div>\r\n\t\t\t\t\t<div class=\"post-summary\">\r\n\t\t\t\tUn nouveau projet de loi pourrait emp\u00eacher l\u2019achat de biens immobiliers, y compris pour les acqu\u00e9reurs de logements, si l\u2019acheteur potentiel est soup\u00e7onn\u00e9 d'\u00ab activit\u00e9s anticonstitutionnelles \u00bb \u2013 m\u00eame en l\u2019absence de toute condamnation&hellip;\t\t\t\t\t<br><a class=\"read-more\"\r\n\t\t\t\t\t       href=\"https:\/\/yogaesoteric.net\/fr\/le-gouvernement-allemand-propose-dinterdire-la-vente-de-logements-et-de-biens-immobiliers-en-fonction-des-opinions-politiques-ce-qui-constitue-une-nouvelle-menace-pour-la-liberte-de\/\">Read More...<\/a>\r\n\t\t\t\t\t\t\t<\/div>\r\n\t\t\t\t<\/div>\r\n\t<\/article >\r\n\t<article class=\"post-231494 type-post format-standard has-not-post-thumbnail   listing-item listing-item-blog  listing-item-blog-5 main-term-1178 bsw-13 \">\r\n\t<div class=\"item-inner clearfix\">\r\n\r\n\t\t\t\t\t<div class=\"featured clearfix\">\r\n\t\t\t\t<div class=\"term-badges floated\"><span class=\"term-badge term-1178\"><a href=\"https:\/\/yogaesoteric.net\/fr\/category\/sante-fr\/etudes-4260-fr\/\">\u00c9tudes<\/a><\/span><\/div>\t\t\t\t<a  title=\"Nouvelle \u00e9tude : les aliments ultra-transform\u00e9s seraient associ\u00e9s aux naissances pr\u00e9matur\u00e9es et aux complications pendant la grossesse\" data-src=\"https:\/\/yogaesoteric.net\/wp-content\/uploads\/2026\/04\/231494_1.jpg\"\t\t\t\t\t\tclass=\"img-holder\" href=\"https:\/\/yogaesoteric.net\/fr\/nouvelle-etude-les-aliments-ultra-transformes-seraient-associes-aux-naissances-prematurees-et-aux-complications-pendant-la-grossesse\/\"><\/a>\r\n\t\t\t\t\t\t\t<\/div>\r\n\t\t<h2 class=\"title\">\t\t<a href=\"https:\/\/yogaesoteric.net\/fr\/nouvelle-etude-les-aliments-ultra-transformes-seraient-associes-aux-naissances-prematurees-et-aux-complications-pendant-la-grossesse\/\" class=\"post-title post-url\">\r\n\t\t\tNouvelle \u00e9tude : les aliments ultra-transform\u00e9s seraient associ\u00e9s aux naissances pr\u00e9matur\u00e9es et aux&hellip;\t\t<\/a>\r\n\t\t<\/h2>\t\t<div class=\"post-meta\">\r\n\r\n\t\t\t\t\t\t\t<a href=\"https:\/\/yogaesoteric.net\/fr\/author\/radhananda\/\"\r\n\t\t\t\t   title=\"Browse Author Articles\"\r\n\t\t\t\t   class=\"post-author-a\">\r\n\t\t\t\t\t<i class=\"post-author author\">\r\n\t\t\t\t\t\tRadhananda\t\t\t\t\t<\/i>\r\n\t\t\t\t<\/a>\r\n\t\t\t\t\t\t\t<span class=\"time\"><time class=\"post-published updated\"\r\n\t\t\t\t                         datetime=\"2026-04-19T11:47:43+00:00\">Apr 19, 2026<\/time><\/span>\r\n\t\t\t\t<a href=\"https:\/\/yogaesoteric.net\/fr\/nouvelle-etude-les-aliments-ultra-transformes-seraient-associes-aux-naissances-prematurees-et-aux-complications-pendant-la-grossesse\/#respond\" title=\"Leave a comment on: &ldquo;Nouvelle \u00e9tude : les aliments ultra-transform\u00e9s seraient associ\u00e9s aux naissances pr\u00e9matur\u00e9es et aux complications pendant la grossesse&rdquo;\" class=\"comments\"><i class=\"fa fa-comments-o\"><\/i> 0<\/a>\t\t<\/div>\r\n\t\t\t\t\t<div class=\"post-summary\">\r\n\t\t\t\tSelon une nouvelle \u00e9tude am\u00e9ricaine, la consommation d\u2019aliments ultra-transform\u00e9s (AUT) serait associ\u00e9e \u00e0 la pr\u00e9maturit\u00e9 et aux complications pendant la grossesse.\r\n\r\nPubli\u00e9e dans la revue Nutrients, cette \u00e9tude a r\u00e9v\u00e9l\u00e9 que chaque&hellip;\t\t\t\t\t<br><a class=\"read-more\"\r\n\t\t\t\t\t       href=\"https:\/\/yogaesoteric.net\/fr\/nouvelle-etude-les-aliments-ultra-transformes-seraient-associes-aux-naissances-prematurees-et-aux-complications-pendant-la-grossesse\/\">Read More...<\/a>\r\n\t\t\t\t\t\t\t<\/div>\r\n\t\t\t\t<\/div>\r\n\t<\/article >\r\n\t<article class=\"post-231486 type-post format-standard has-post-thumbnail   listing-item listing-item-blog  listing-item-blog-5 main-term-386 bsw-13 \">\r\n\t<div class=\"item-inner clearfix\">\r\n\r\n\t\t\t\t\t<div class=\"featured clearfix\">\r\n\t\t\t\t<div class=\"term-badges floated\"><span class=\"term-badge term-386\"><a href=\"https:\/\/yogaesoteric.net\/fr\/category\/actualite-fr\/nouvelles-1602-fr\/\">Nouvelles<\/a><\/span><\/div>\t\t\t\t<a  title=\"Apple retire Bitchat de l\u2019App Store chinois sur ordre de l\u2019Administration de l\u2019espace cybern\u00e9tique\" data-src=\"https:\/\/yogaesoteric.net\/wp-content\/uploads\/2026\/04\/231486_2-357x210.jpg\" data-bs-srcset=\"{&quot;baseurl&quot;:&quot;https:\\\/\\\/yogaesoteric.net\\\/wp-content\\\/uploads\\\/2026\\\/04\\\/&quot;,&quot;sizes&quot;:{&quot;210&quot;:&quot;231486_2-210x136.jpg&quot;,&quot;279&quot;:&quot;231486_2-279x220.jpg&quot;,&quot;357&quot;:&quot;231486_2-357x210.jpg&quot;,&quot;560&quot;:&quot;231486_2.jpg&quot;}}\"\t\t\t\t\t\tclass=\"img-holder\" href=\"https:\/\/yogaesoteric.net\/fr\/apple-retire-bitchat-de-lapp-store-chinois-sur-ordre-de-ladministration-de-lespace-cybernetique\/\"><\/a>\r\n\t\t\t\t\t\t\t<\/div>\r\n\t\t<h2 class=\"title\">\t\t<a href=\"https:\/\/yogaesoteric.net\/fr\/apple-retire-bitchat-de-lapp-store-chinois-sur-ordre-de-ladministration-de-lespace-cybernetique\/\" class=\"post-title post-url\">\r\n\t\t\tApple retire Bitchat de l\u2019App Store chinois sur ordre de l\u2019Administration de l\u2019espace cybern\u00e9tique\t\t<\/a>\r\n\t\t<\/h2>\t\t<div class=\"post-meta\">\r\n\r\n\t\t\t\t\t\t\t<a href=\"https:\/\/yogaesoteric.net\/fr\/author\/radhananda\/\"\r\n\t\t\t\t   title=\"Browse Author Articles\"\r\n\t\t\t\t   class=\"post-author-a\">\r\n\t\t\t\t\t<i class=\"post-author author\">\r\n\t\t\t\t\t\tRadhananda\t\t\t\t\t<\/i>\r\n\t\t\t\t<\/a>\r\n\t\t\t\t\t\t\t<span class=\"time\"><time class=\"post-published updated\"\r\n\t\t\t\t                         datetime=\"2026-04-19T11:42:40+00:00\">Apr 19, 2026<\/time><\/span>\r\n\t\t\t\t<a href=\"https:\/\/yogaesoteric.net\/fr\/apple-retire-bitchat-de-lapp-store-chinois-sur-ordre-de-ladministration-de-lespace-cybernetique\/#respond\" title=\"Leave a comment on: &ldquo;Apple retire Bitchat de l\u2019App Store chinois sur ordre de l\u2019Administration de l\u2019espace cybern\u00e9tique&rdquo;\" class=\"comments\"><i class=\"fa fa-comments-o\"><\/i> 0<\/a>\t\t<\/div>\r\n\t\t\t\t\t<div class=\"post-summary\">\r\n\t\t\t\tApple a supprim\u00e9 Bitchat de l\u2019App Store chinois, conform\u00e9ment \u00e0 un ordre direct de l\u2019Administration chinoise du cyberespace. Jack Dorsey, le cr\u00e9ateur de l\u2019application, a publi\u00e9 sur X une capture d\u2019\u00e9cran de l\u2019avis de suppression d\u2019Apple,&hellip;\t\t\t\t\t<br><a class=\"read-more\"\r\n\t\t\t\t\t       href=\"https:\/\/yogaesoteric.net\/fr\/apple-retire-bitchat-de-lapp-store-chinois-sur-ordre-de-ladministration-de-lespace-cybernetique\/\">Read More...<\/a>\r\n\t\t\t\t\t\t\t<\/div>\r\n\t\t\t\t<\/div>\r\n\t<\/article >\r\n\t<article class=\"post-231480 type-post format-standard has-not-post-thumbnail   listing-item listing-item-blog  listing-item-blog-5 main-term-383 bsw-13 \">\r\n\t<div class=\"item-inner clearfix\">\r\n\r\n\t\t\t\t\t<div class=\"featured clearfix\">\r\n\t\t\t\t<div class=\"term-badges floated\"><span class=\"term-badge term-383\"><a href=\"https:\/\/yogaesoteric.net\/fr\/category\/actualite-fr\/opinions-1602-fr\/\">Opinions<\/a><\/span><\/div>\t\t\t\t<a  title=\"Le \u00ab Cylindre \u00bb de Cyrus et les cinq prix du p\u00e9trole dans le d\u00e9troit d\u2019Ormuz : p\u00e9troyuan contre p\u00e9trodollar\" data-src=\"https:\/\/yogaesoteric.net\/wp-content\/uploads\/2026\/04\/1-22-300x225.png\"\t\t\t\t\t\tclass=\"img-holder\" href=\"https:\/\/yogaesoteric.net\/fr\/le-cylindre-de-cyrus-et-les-cinq-prix-du-petrole-dans-le-detroit-dormuz-petroyuan-contre-petrodollar\/\"><\/a>\r\n\t\t\t\t\t\t\t<\/div>\r\n\t\t<h2 class=\"title\">\t\t<a href=\"https:\/\/yogaesoteric.net\/fr\/le-cylindre-de-cyrus-et-les-cinq-prix-du-petrole-dans-le-detroit-dormuz-petroyuan-contre-petrodollar\/\" class=\"post-title post-url\">\r\n\t\t\tLe \u00ab Cylindre \u00bb de Cyrus et les cinq prix du p\u00e9trole dans le d\u00e9troit d\u2019Ormuz : p\u00e9troyuan contre&hellip;\t\t<\/a>\r\n\t\t<\/h2>\t\t<div class=\"post-meta\">\r\n\r\n\t\t\t\t\t\t\t<a href=\"https:\/\/yogaesoteric.net\/fr\/author\/lallananda\/\"\r\n\t\t\t\t   title=\"Browse Author Articles\"\r\n\t\t\t\t   class=\"post-author-a\">\r\n\t\t\t\t\t<i class=\"post-author author\">\r\n\t\t\t\t\t\tLallananda\t\t\t\t\t<\/i>\r\n\t\t\t\t<\/a>\r\n\t\t\t\t\t\t\t<span class=\"time\"><time class=\"post-published updated\"\r\n\t\t\t\t                         datetime=\"2026-04-18T19:24:52+00:00\">Apr 18, 2026<\/time><\/span>\r\n\t\t\t\t<a href=\"https:\/\/yogaesoteric.net\/fr\/le-cylindre-de-cyrus-et-les-cinq-prix-du-petrole-dans-le-detroit-dormuz-petroyuan-contre-petrodollar\/#respond\" title=\"Leave a comment on: &ldquo;Le \u00ab Cylindre \u00bb de Cyrus et les cinq prix du p\u00e9trole dans le d\u00e9troit d\u2019Ormuz : p\u00e9troyuan contre p\u00e9trodollar&rdquo;\" class=\"comments\"><i class=\"fa fa-comments-o\"><\/i> 0<\/a>\t\t<\/div>\r\n\t\t\t\t\t<div class=\"post-summary\">\r\n\t\t\t\tpar Alfredo Jalife-Rahme\r\nLe pr\u00e9sident Trump n\u2019a pas lu, ni la Cyrop\u00e9die de X\u00e9nophon, ni le Cylindre de Cyrus le Grand, ni probablement la Bible. Il ignore la grandeur de l\u2019Empire perse, le premier empire de l\u2019Histoire antique. De m\u00eame&hellip;\t\t\t\t\t<br><a class=\"read-more\"\r\n\t\t\t\t\t       href=\"https:\/\/yogaesoteric.net\/fr\/le-cylindre-de-cyrus-et-les-cinq-prix-du-petrole-dans-le-detroit-dormuz-petroyuan-contre-petrodollar\/\">Read More...<\/a>\r\n\t\t\t\t\t\t\t<\/div>\r\n\t\t\t\t<\/div>\r\n\t<\/article >\r\n\t<article class=\"post-231475 type-post format-standard has-not-post-thumbnail   listing-item listing-item-blog  listing-item-blog-5 main-term-1085 bsw-13 \">\r\n\t<div class=\"item-inner clearfix\">\r\n\r\n\t\t\t\t\t<div class=\"featured clearfix\">\r\n\t\t\t\t<div class=\"term-badges floated\"><span class=\"term-badge term-1085\"><a href=\"https:\/\/yogaesoteric.net\/fr\/category\/demasquer-la-maconnerie-fr\/nouvelles-sensationnelles-censurees-3480-fr\/nouvelles-censurees-economique-5127-fr\/\">Nouvelles censur\u00e9es - \u00c9conomique<\/a><\/span><\/div>\t\t\t\t<a  title=\"La France se pr\u00e9pare \u00e0 une \u00ab \u00e9conomie de guerre \u00bb \u2013 Selon un rapport\" data-src=\"https:\/\/yogaesoteric.net\/wp-content\/uploads\/2026\/04\/1-31-300x169.jpg\"\t\t\t\t\t\tclass=\"img-holder\" href=\"https:\/\/yogaesoteric.net\/fr\/la-france-se-prepare-a-une-economie-de-guerre-selon-un-rapport\/\"><\/a>\r\n\t\t\t\t\t\t\t<\/div>\r\n\t\t<h2 class=\"title\">\t\t<a href=\"https:\/\/yogaesoteric.net\/fr\/la-france-se-prepare-a-une-economie-de-guerre-selon-un-rapport\/\" class=\"post-title post-url\">\r\n\t\t\tLa France se pr\u00e9pare \u00e0 une \u00ab \u00e9conomie de guerre \u00bb \u2013 Selon un rapport\t\t<\/a>\r\n\t\t<\/h2>\t\t<div class=\"post-meta\">\r\n\r\n\t\t\t\t\t\t\t<a href=\"https:\/\/yogaesoteric.net\/fr\/author\/lallananda\/\"\r\n\t\t\t\t   title=\"Browse Author Articles\"\r\n\t\t\t\t   class=\"post-author-a\">\r\n\t\t\t\t\t<i class=\"post-author author\">\r\n\t\t\t\t\t\tLallananda\t\t\t\t\t<\/i>\r\n\t\t\t\t<\/a>\r\n\t\t\t\t\t\t\t<span class=\"time\"><time class=\"post-published updated\"\r\n\t\t\t\t                         datetime=\"2026-04-18T19:17:41+00:00\">Apr 18, 2026<\/time><\/span>\r\n\t\t\t\t<a href=\"https:\/\/yogaesoteric.net\/fr\/la-france-se-prepare-a-une-economie-de-guerre-selon-un-rapport\/#respond\" title=\"Leave a comment on: &ldquo;La France se pr\u00e9pare \u00e0 une \u00ab \u00e9conomie de guerre \u00bb \u2013 Selon un rapport&rdquo;\" class=\"comments\"><i class=\"fa fa-comments-o\"><\/i> 0<\/a>\t\t<\/div>\r\n\t\t\t\t\t<div class=\"post-summary\">\r\n\t\t\t\tLa France envisage de quadrupler son stock de drones kamikazes et d\u2019augmenter consid\u00e9rablement ses arsenaux de missiles d\u2019ici la fin de la d\u00e9cennie, a rapport\u00e9 vendredi, 3 avril, Politico, citant un projet de loi sur la planification&hellip;\t\t\t\t\t<br><a class=\"read-more\"\r\n\t\t\t\t\t       href=\"https:\/\/yogaesoteric.net\/fr\/la-france-se-prepare-a-une-economie-de-guerre-selon-un-rapport\/\">Read More...<\/a>\r\n\t\t\t\t\t\t\t<\/div>\r\n\t\t\t\t<\/div>\r\n\t<\/article >\r\n\t<article class=\"post-231292 type-post format-standard has-not-post-thumbnail   listing-item listing-item-blog  listing-item-blog-5 main-term-383 bsw-13 \">\r\n\t<div class=\"item-inner clearfix\">\r\n\r\n\t\t\t\t\t<div class=\"featured clearfix\">\r\n\t\t\t\t<div class=\"term-badges floated\"><span class=\"term-badge term-383\"><a href=\"https:\/\/yogaesoteric.net\/fr\/category\/actualite-fr\/opinions-1602-fr\/\">Opinions<\/a><\/span><\/div>\t\t\t\t<a  title=\"Le monde peut-il survivre \u00e0 Isra\u00ebl ?\" data-src=\"https:\/\/yogaesoteric.net\/wp-content\/uploads\/2026\/04\/231292_1.jpg\"\t\t\t\t\t\tclass=\"img-holder\" href=\"https:\/\/yogaesoteric.net\/fr\/le-monde-peut-il-survivre-a-israel\/\"><\/a>\r\n\t\t\t\t\t\t\t<\/div>\r\n\t\t<h2 class=\"title\">\t\t<a href=\"https:\/\/yogaesoteric.net\/fr\/le-monde-peut-il-survivre-a-israel\/\" class=\"post-title post-url\">\r\n\t\t\tLe monde peut-il survivre \u00e0 Isra\u00ebl ?\t\t<\/a>\r\n\t\t<\/h2>\t\t<div class=\"post-meta\">\r\n\r\n\t\t\t\t\t\t\t<a href=\"https:\/\/yogaesoteric.net\/fr\/author\/radhananda\/\"\r\n\t\t\t\t   title=\"Browse Author Articles\"\r\n\t\t\t\t   class=\"post-author-a\">\r\n\t\t\t\t\t<i class=\"post-author author\">\r\n\t\t\t\t\t\tRadhananda\t\t\t\t\t<\/i>\r\n\t\t\t\t<\/a>\r\n\t\t\t\t\t\t\t<span class=\"time\"><time class=\"post-published updated\"\r\n\t\t\t\t                         datetime=\"2026-04-17T12:19:03+00:00\">Apr 17, 2026<\/time><\/span>\r\n\t\t\t\t<a href=\"https:\/\/yogaesoteric.net\/fr\/le-monde-peut-il-survivre-a-israel\/#respond\" title=\"Leave a comment on: &ldquo;Le monde peut-il survivre \u00e0 Isra\u00ebl ?&rdquo;\" class=\"comments\"><i class=\"fa fa-comments-o\"><\/i> 0<\/a>\t\t<\/div>\r\n\t\t\t\t\t<div class=\"post-summary\">\r\n\t\t\t\tpar Gilad Atzmon\r\nLe jour o\u00f9 l\u2019Iran a abattu un F-15E et un A-10, il a \u00e9galement confirm\u00e9 avoir r\u00e9duit plus de 160 drones en un tas d\u2019\u00e9paves au sol.\r\n\r\nCela repr\u00e9sente un \u00e9chec complet et syst\u00e9matique de la doctrine a\u00e9rienne usra\u00e9lienne.&hellip;\t\t\t\t\t<br><a class=\"read-more\"\r\n\t\t\t\t\t       href=\"https:\/\/yogaesoteric.net\/fr\/le-monde-peut-il-survivre-a-israel\/\">Read More...<\/a>\r\n\t\t\t\t\t\t\t<\/div>\r\n\t\t\t\t<\/div>\r\n\t<\/article >\r\n\t<article class=\"post-231275 type-post format-standard has-post-thumbnail   listing-item listing-item-blog  listing-item-blog-5 main-term-1562 bsw-13 \">\r\n\t<div class=\"item-inner clearfix\">\r\n\r\n\t\t\t\t\t<div class=\"featured clearfix\">\r\n\t\t\t\t<div class=\"term-badges floated\"><span class=\"term-badge term-1562\"><a href=\"https:\/\/yogaesoteric.net\/fr\/category\/la-crise-du-covid-19-1602-fr\/demasquer-lescroquerie-de-covid-23865-fr\/\">D\u00e9masquer l&#039;escroquerie de covid<\/a><\/span><\/div>\t\t\t\t<a  title=\"Injections anti-covid-19 : l\u2019intention de nuire est \u00e9tablie\" data-src=\"https:\/\/yogaesoteric.net\/wp-content\/uploads\/2026\/04\/231275_5-357x210.jpg\" data-bs-srcset=\"{&quot;baseurl&quot;:&quot;https:\\\/\\\/yogaesoteric.net\\\/wp-content\\\/uploads\\\/2026\\\/04\\\/&quot;,&quot;sizes&quot;:{&quot;210&quot;:&quot;231275_5-210x136.jpg&quot;,&quot;279&quot;:&quot;231275_5-279x220.jpg&quot;,&quot;357&quot;:&quot;231275_5-357x210.jpg&quot;,&quot;560&quot;:&quot;231275_5.jpg&quot;}}\"\t\t\t\t\t\tclass=\"img-holder\" href=\"https:\/\/yogaesoteric.net\/fr\/injections-anti-covid-19-lintention-de-nuire-est-etablie\/\"><\/a>\r\n\t\t\t\t\t\t\t<\/div>\r\n\t\t<h2 class=\"title\">\t\t<a href=\"https:\/\/yogaesoteric.net\/fr\/injections-anti-covid-19-lintention-de-nuire-est-etablie\/\" class=\"post-title post-url\">\r\n\t\t\tInjections anti-covid-19 : l\u2019intention de nuire est \u00e9tablie\t\t<\/a>\r\n\t\t<\/h2>\t\t<div class=\"post-meta\">\r\n\r\n\t\t\t\t\t\t\t<a href=\"https:\/\/yogaesoteric.net\/fr\/author\/radhananda\/\"\r\n\t\t\t\t   title=\"Browse Author Articles\"\r\n\t\t\t\t   class=\"post-author-a\">\r\n\t\t\t\t\t<i class=\"post-author author\">\r\n\t\t\t\t\t\tRadhananda\t\t\t\t\t<\/i>\r\n\t\t\t\t<\/a>\r\n\t\t\t\t\t\t\t<span class=\"time\"><time class=\"post-published updated\"\r\n\t\t\t\t                         datetime=\"2026-04-17T12:13:30+00:00\">Apr 17, 2026<\/time><\/span>\r\n\t\t\t\t<a href=\"https:\/\/yogaesoteric.net\/fr\/injections-anti-covid-19-lintention-de-nuire-est-etablie\/#respond\" title=\"Leave a comment on: &ldquo;Injections anti-covid-19 : l\u2019intention de nuire est \u00e9tablie&rdquo;\" class=\"comments\"><i class=\"fa fa-comments-o\"><\/i> 0<\/a>\t\t<\/div>\r\n\t\t\t\t\t<div class=\"post-summary\">\r\n\t\t\t\tLe Dr. Helmut STERZ au Bundestag : la s\u00e9curit\u00e9\u0301 et l\u2019interdiction d\u2019exp\u00e9rimenter non respect\u00e9es\r\n\r\nVid\u00e9o de 5 minutes :\r\n\r\nLe Dr. Helmut Sterz, ancien chef toxicologue chez Pfizer Europe, responsable des tests de s\u00e9curit\u00e9 sur animaux pour&hellip;\t\t\t\t\t<br><a class=\"read-more\"\r\n\t\t\t\t\t       href=\"https:\/\/yogaesoteric.net\/fr\/injections-anti-covid-19-lintention-de-nuire-est-etablie\/\">Read More...<\/a>\r\n\t\t\t\t\t\t\t<\/div>\r\n\t\t\t\t<\/div>\r\n\t<\/article >\r\n\t<article class=\"post-231262 type-post format-standard has-not-post-thumbnail   listing-item listing-item-blog  listing-item-blog-5 main-term-386 bsw-13 \">\r\n\t<div class=\"item-inner clearfix\">\r\n\r\n\t\t\t\t\t<div class=\"featured clearfix\">\r\n\t\t\t\t<div class=\"term-badges floated\"><span class=\"term-badge term-386\"><a href=\"https:\/\/yogaesoteric.net\/fr\/category\/actualite-fr\/nouvelles-1602-fr\/\">Nouvelles<\/a><\/span><\/div>\t\t\t\t<a  title=\"Les centres de donn\u00e9es occidentaux sont sous le choc\" data-src=\"https:\/\/yogaesoteric.net\/wp-content\/uploads\/2026\/04\/1-19-300x175.png\"\t\t\t\t\t\tclass=\"img-holder\" href=\"https:\/\/yogaesoteric.net\/fr\/les-centres-de-donnees-occidentaux-sont-sous-le-choc\/\"><\/a>\r\n\t\t\t\t\t\t\t<\/div>\r\n\t\t<h2 class=\"title\">\t\t<a href=\"https:\/\/yogaesoteric.net\/fr\/les-centres-de-donnees-occidentaux-sont-sous-le-choc\/\" class=\"post-title post-url\">\r\n\t\t\tLes centres de donn\u00e9es occidentaux sont sous le choc\t\t<\/a>\r\n\t\t<\/h2>\t\t<div class=\"post-meta\">\r\n\r\n\t\t\t\t\t\t\t<a href=\"https:\/\/yogaesoteric.net\/fr\/author\/lallananda\/\"\r\n\t\t\t\t   title=\"Browse Author Articles\"\r\n\t\t\t\t   class=\"post-author-a\">\r\n\t\t\t\t\t<i class=\"post-author author\">\r\n\t\t\t\t\t\tLallananda\t\t\t\t\t<\/i>\r\n\t\t\t\t<\/a>\r\n\t\t\t\t\t\t\t<span class=\"time\"><time class=\"post-published updated\"\r\n\t\t\t\t                         datetime=\"2026-04-16T19:21:20+00:00\">Apr 16, 2026<\/time><\/span>\r\n\t\t\t\t<a href=\"https:\/\/yogaesoteric.net\/fr\/les-centres-de-donnees-occidentaux-sont-sous-le-choc\/#respond\" title=\"Leave a comment on: &ldquo;Les centres de donn\u00e9es occidentaux sont sous le choc&rdquo;\" class=\"comments\"><i class=\"fa fa-comments-o\"><\/i> 0<\/a>\t\t<\/div>\r\n\t\t\t\t\t<div class=\"post-summary\">\r\n\t\t\t\tL\u2019Iran va-t-il couper internet au monde entier ?\r\n\r\nUne attaque sur le centre de donn\u00e9es Amazon Web Services (AWS) \u00e0 Bahre\u00efn est une sorte de point de non \u2013 retour pour la r\u00e9gion du golfe. Bahre\u00efn n\u2019est pas seulement un pays, c\u2019est le si\u00e8ge&hellip;\t\t\t\t\t<br><a class=\"read-more\"\r\n\t\t\t\t\t       href=\"https:\/\/yogaesoteric.net\/fr\/les-centres-de-donnees-occidentaux-sont-sous-le-choc\/\">Read More...<\/a>\r\n\t\t\t\t\t\t\t<\/div>\r\n\t\t\t\t<\/div>\r\n\t<\/article >\r\n\t<article class=\"post-231257 type-post format-standard has-not-post-thumbnail   listing-item listing-item-blog  listing-item-blog-5 main-term-1085 bsw-13 \">\r\n\t<div class=\"item-inner clearfix\">\r\n\r\n\t\t\t\t\t<div class=\"featured clearfix\">\r\n\t\t\t\t<div class=\"term-badges floated\"><span class=\"term-badge term-1085\"><a href=\"https:\/\/yogaesoteric.net\/fr\/category\/demasquer-la-maconnerie-fr\/nouvelles-sensationnelles-censurees-3480-fr\/nouvelles-censurees-economique-5127-fr\/\">Nouvelles censur\u00e9es - \u00c9conomique<\/a><\/span><\/div>\t\t\t\t<a  title=\"La p\u00e9nurie de carburant en France met en lumi\u00e8re la nouvelle crise \u00e9nerg\u00e9-tique en Europe\" data-src=\"https:\/\/yogaesoteric.net\/wp-content\/uploads\/2026\/04\/1-27-300x169.jpg\"\t\t\t\t\t\tclass=\"img-holder\" href=\"https:\/\/yogaesoteric.net\/fr\/la-penurie-de-carburant-en-france-met-en-lumiere-la-nouvelle-crise-energe-tique-en-europe\/\"><\/a>\r\n\t\t\t\t\t\t\t<\/div>\r\n\t\t<h2 class=\"title\">\t\t<a href=\"https:\/\/yogaesoteric.net\/fr\/la-penurie-de-carburant-en-france-met-en-lumiere-la-nouvelle-crise-energe-tique-en-europe\/\" class=\"post-title post-url\">\r\n\t\t\tLa p\u00e9nurie de carburant en France met en lumi\u00e8re la nouvelle crise \u00e9nerg\u00e9-tique en Europe\t\t<\/a>\r\n\t\t<\/h2>\t\t<div class=\"post-meta\">\r\n\r\n\t\t\t\t\t\t\t<a href=\"https:\/\/yogaesoteric.net\/fr\/author\/lallananda\/\"\r\n\t\t\t\t   title=\"Browse Author Articles\"\r\n\t\t\t\t   class=\"post-author-a\">\r\n\t\t\t\t\t<i class=\"post-author author\">\r\n\t\t\t\t\t\tLallananda\t\t\t\t\t<\/i>\r\n\t\t\t\t<\/a>\r\n\t\t\t\t\t\t\t<span class=\"time\"><time class=\"post-published updated\"\r\n\t\t\t\t                         datetime=\"2026-04-16T18:59:04+00:00\">Apr 16, 2026<\/time><\/span>\r\n\t\t\t\t<a href=\"https:\/\/yogaesoteric.net\/fr\/la-penurie-de-carburant-en-france-met-en-lumiere-la-nouvelle-crise-energe-tique-en-europe\/#respond\" title=\"Leave a comment on: &ldquo;La p\u00e9nurie de carburant en France met en lumi\u00e8re la nouvelle crise \u00e9nerg\u00e9-tique en Europe&rdquo;\" class=\"comments\"><i class=\"fa fa-comments-o\"><\/i> 0<\/a>\t\t<\/div>\r\n\t\t\t\t\t<div class=\"post-summary\">\r\n\t\t\t\t12 % des stations-service fran\u00e7aises sont \u00e0 court d\u2019au moins un type de carburant. Le gouvernement fran\u00e7ais insiste sur le fait qu\u2019il n\u2019y a ni p\u00e9nurie nationale ni crise d\u2019approvisionnement. Les responsables qualifient le probl\u00e8me de \u00ab&hellip;\t\t\t\t\t<br><a class=\"read-more\"\r\n\t\t\t\t\t       href=\"https:\/\/yogaesoteric.net\/fr\/la-penurie-de-carburant-en-france-met-en-lumiere-la-nouvelle-crise-energe-tique-en-europe\/\">Read More...<\/a>\r\n\t\t\t\t\t\t\t<\/div>\r\n\t\t\t\t<\/div>\r\n\t<\/article >\r\n\t<article class=\"post-231025 type-post format-standard has-not-post-thumbnail   listing-item listing-item-blog  listing-item-blog-5 main-term-1061 bsw-13 \">\r\n\t<div class=\"item-inner clearfix\">\r\n\r\n\t\t\t\t\t<div class=\"featured clearfix\">\r\n\t\t\t\t<div class=\"term-badges floated\"><span class=\"term-badge term-1061\"><a href=\"https:\/\/yogaesoteric.net\/fr\/category\/demasquer-la-maconnerie-fr\/faits-incontestables-qui-prouvent-la-realite-de-la-conspiration-planetaire-3480-fr\/\">Faits incontestables qui prouvent la r\u00e9alit\u00e9 de la conspiration plan\u00e9taire<\/a><\/span><\/div>\t\t\t\t<a  title=\"Le suicide moral de l\u2019Am\u00e9rique\" data-src=\"https:\/\/yogaesoteric.net\/wp-content\/uploads\/2026\/04\/231025_8.jpg\"\t\t\t\t\t\tclass=\"img-holder\" href=\"https:\/\/yogaesoteric.net\/fr\/le-suicide-moral-de-lamerique\/\"><\/a>\r\n\t\t\t\t\t\t\t<\/div>\r\n\t\t<h2 class=\"title\">\t\t<a href=\"https:\/\/yogaesoteric.net\/fr\/le-suicide-moral-de-lamerique\/\" class=\"post-title post-url\">\r\n\t\t\tLe suicide moral de l\u2019Am\u00e9rique\t\t<\/a>\r\n\t\t<\/h2>\t\t<div class=\"post-meta\">\r\n\r\n\t\t\t\t\t\t\t<a href=\"https:\/\/yogaesoteric.net\/fr\/author\/radhananda\/\"\r\n\t\t\t\t   title=\"Browse Author Articles\"\r\n\t\t\t\t   class=\"post-author-a\">\r\n\t\t\t\t\t<i class=\"post-author author\">\r\n\t\t\t\t\t\tRadhananda\t\t\t\t\t<\/i>\r\n\t\t\t\t<\/a>\r\n\t\t\t\t\t\t\t<span class=\"time\"><time class=\"post-published updated\"\r\n\t\t\t\t                         datetime=\"2026-04-15T07:32:50+00:00\">Apr 15, 2026<\/time><\/span>\r\n\t\t\t\t<a href=\"https:\/\/yogaesoteric.net\/fr\/le-suicide-moral-de-lamerique\/#respond\" title=\"Leave a comment on: &ldquo;Le suicide moral de l\u2019Am\u00e9rique&rdquo;\" class=\"comments\"><i class=\"fa fa-comments-o\"><\/i> 0<\/a>\t\t<\/div>\r\n\t\t\t\t\t<div class=\"post-summary\">\r\n\t\t\t\tpar Michael Brenner\r\nLes \u00c9tats-Unis \u2013 le centre de l\u2019attention de la soci\u00e9t\u00e9 occidentale \u2013 ont commis un suicide moral \u00e0 Gaza ; et le certificat de d\u00e9c\u00e8s a \u00e9t\u00e9 d\u00e9livr\u00e9 en Iran.\r\n\r\nLe suicide collectif est toujours un spectacle affreux,&hellip;\t\t\t\t\t<br><a class=\"read-more\"\r\n\t\t\t\t\t       href=\"https:\/\/yogaesoteric.net\/fr\/le-suicide-moral-de-lamerique\/\">Read More...<\/a>\r\n\t\t\t\t\t\t\t<\/div>\r\n\t\t\t\t<\/div>\r\n\t<\/article >\r\n\t<article class=\"post-231020 type-post format-standard has-not-post-thumbnail   listing-item listing-item-blog  listing-item-blog-5 main-term-981 bsw-13 \">\r\n\t<div class=\"item-inner clearfix\">\r\n\r\n\t\t\t\t\t<div class=\"featured clearfix\">\r\n\t\t\t\t<div class=\"term-badges floated\"><span class=\"term-badge term-981\"><a href=\"https:\/\/yogaesoteric.net\/fr\/category\/demasquer-la-maconnerie-fr\/sur-la-perverse-manipulation-maconnique-3480-fr\/\">Sur la perverse manipulation ma\u00e7onnique<\/a><\/span><\/div>\t\t\t\t<a  title=\"Chase Hughes, expert en op\u00e9rations psychologiques, explique comment la CIA recrute des influenceurs\" data-src=\"https:\/\/yogaesoteric.net\/wp-content\/uploads\/2026\/04\/231020_1.jpg\"\t\t\t\t\t\tclass=\"img-holder\" href=\"https:\/\/yogaesoteric.net\/fr\/chase-hughes-expert-en-operations-psychologiques-explique-comment-la-cia-recrute-des-influenceurs\/\"><\/a>\r\n\t\t\t\t\t\t\t<\/div>\r\n\t\t<h2 class=\"title\">\t\t<a href=\"https:\/\/yogaesoteric.net\/fr\/chase-hughes-expert-en-operations-psychologiques-explique-comment-la-cia-recrute-des-influenceurs\/\" class=\"post-title post-url\">\r\n\t\t\tChase Hughes, expert en op\u00e9rations psychologiques, explique comment la CIA recrute des influenceurs\t\t<\/a>\r\n\t\t<\/h2>\t\t<div class=\"post-meta\">\r\n\r\n\t\t\t\t\t\t\t<a href=\"https:\/\/yogaesoteric.net\/fr\/author\/radhananda\/\"\r\n\t\t\t\t   title=\"Browse Author Articles\"\r\n\t\t\t\t   class=\"post-author-a\">\r\n\t\t\t\t\t<i class=\"post-author author\">\r\n\t\t\t\t\t\tRadhananda\t\t\t\t\t<\/i>\r\n\t\t\t\t<\/a>\r\n\t\t\t\t\t\t\t<span class=\"time\"><time class=\"post-published updated\"\r\n\t\t\t\t                         datetime=\"2026-04-15T07:18:52+00:00\">Apr 15, 2026<\/time><\/span>\r\n\t\t\t\t<a href=\"https:\/\/yogaesoteric.net\/fr\/chase-hughes-expert-en-operations-psychologiques-explique-comment-la-cia-recrute-des-influenceurs\/#respond\" title=\"Leave a comment on: &ldquo;Chase Hughes, expert en op\u00e9rations psychologiques, explique comment la CIA recrute des influenceurs&rdquo;\" class=\"comments\"><i class=\"fa fa-comments-o\"><\/i> 0<\/a>\t\t<\/div>\r\n\t\t\t\t\t<div class=\"post-summary\">\r\n\t\t\t\tChase Hughes, expert en comportement humain, a expliqu\u00e9 dans un podcast comment la CIA recrute des influenceurs sur les r\u00e9seaux de communication virtuels en recourant \u00e0 des pots-de-vin, \u00e0 la coercition et au chantage pour les inciter \u00e0&hellip;\t\t\t\t\t<br><a class=\"read-more\"\r\n\t\t\t\t\t       href=\"https:\/\/yogaesoteric.net\/fr\/chase-hughes-expert-en-operations-psychologiques-explique-comment-la-cia-recrute-des-influenceurs\/\">Read More...<\/a>\r\n\t\t\t\t\t\t\t<\/div>\r\n\t\t\t\t<\/div>\r\n\t<\/article >\r\n\t<article class=\"post-230926 type-post format-standard has-not-post-thumbnail   listing-item listing-item-blog  listing-item-blog-5 main-term-1653 bsw-13 \">\r\n\t<div class=\"item-inner clearfix\">\r\n\r\n\t\t\t\t\t<div class=\"featured clearfix\">\r\n\t\t\t\t<div class=\"term-badges floated\"><span class=\"term-badge term-1653\"><a href=\"https:\/\/yogaesoteric.net\/fr\/category\/actualite-fr\/histoire-non-censuree\/\">Histoire non censur\u00e9e<\/a><\/span><\/div>\t\t\t\t<a  title=\"Il existe une moralit\u00e9 de la m\u00e9moire, que nous avons abandonn\u00e9e dans le monde occidental\" data-src=\"https:\/\/yogaesoteric.net\/wp-content\/uploads\/2026\/04\/230926_1.jpg\"\t\t\t\t\t\tclass=\"img-holder\" href=\"https:\/\/yogaesoteric.net\/fr\/il-existe-une-moralite-de-la-memoire-que-nous-avons-abandonnee-dans-le-monde-occidental\/\"><\/a>\r\n\t\t\t\t\t\t\t<\/div>\r\n\t\t<h2 class=\"title\">\t\t<a href=\"https:\/\/yogaesoteric.net\/fr\/il-existe-une-moralite-de-la-memoire-que-nous-avons-abandonnee-dans-le-monde-occidental\/\" class=\"post-title post-url\">\r\n\t\t\tIl existe une moralit\u00e9 de la m\u00e9moire, que nous avons abandonn\u00e9e dans le monde occidental\t\t<\/a>\r\n\t\t<\/h2>\t\t<div class=\"post-meta\">\r\n\r\n\t\t\t\t\t\t\t<a href=\"https:\/\/yogaesoteric.net\/fr\/author\/radhananda\/\"\r\n\t\t\t\t   title=\"Browse Author Articles\"\r\n\t\t\t\t   class=\"post-author-a\">\r\n\t\t\t\t\t<i class=\"post-author author\">\r\n\t\t\t\t\t\tRadhananda\t\t\t\t\t<\/i>\r\n\t\t\t\t<\/a>\r\n\t\t\t\t\t\t\t<span class=\"time\"><time class=\"post-published updated\"\r\n\t\t\t\t                         datetime=\"2026-04-14T06:13:00+00:00\">Apr 14, 2026<\/time><\/span>\r\n\t\t\t\t<a href=\"https:\/\/yogaesoteric.net\/fr\/il-existe-une-moralite-de-la-memoire-que-nous-avons-abandonnee-dans-le-monde-occidental\/#respond\" title=\"Leave a comment on: &ldquo;Il existe une moralit\u00e9 de la m\u00e9moire, que nous avons abandonn\u00e9e dans le monde occidental&rdquo;\" class=\"comments\"><i class=\"fa fa-comments-o\"><\/i> 0<\/a>\t\t<\/div>\r\n\t\t\t\t\t<div class=\"post-summary\">\r\n\t\t\t\tDans l\u2019histoire, chaque peuple ayant une capacit\u00e9 d\u2019enracinement historique a respect\u00e9 diverses formes de moralit\u00e9, non seulement envers lui-m\u00eame, mais aussi envers les autres peuples avec lesquels il se confrontait, m\u00eame militairement.&hellip;\t\t\t\t\t<br><a class=\"read-more\"\r\n\t\t\t\t\t       href=\"https:\/\/yogaesoteric.net\/fr\/il-existe-une-moralite-de-la-memoire-que-nous-avons-abandonnee-dans-le-monde-occidental\/\">Read More...<\/a>\r\n\t\t\t\t\t\t\t<\/div>\r\n\t\t\t\t<\/div>\r\n\t<\/article >\r\n\t<article class=\"post-230920 type-post format-standard has-not-post-thumbnail   listing-item listing-item-blog  listing-item-blog-5 main-term-386 bsw-13 \">\r\n\t<div class=\"item-inner clearfix\">\r\n\r\n\t\t\t\t\t<div class=\"featured clearfix\">\r\n\t\t\t\t<div class=\"term-badges floated\"><span class=\"term-badge term-386\"><a href=\"https:\/\/yogaesoteric.net\/fr\/category\/actualite-fr\/nouvelles-1602-fr\/\">Nouvelles<\/a><\/span><\/div>\t\t\t\t<a  title=\"\u00ab Une injustice historique \u00bb : le minist\u00e8re am\u00e9ricain de la Justice conclut un accord avec le g\u00e9n\u00e9ral \u00e0 la retraite Flynn concernant les poursuites abusives li\u00e9es au \u00ab Russiagate \u00bb\" data-src=\"https:\/\/yogaesoteric.net\/wp-content\/uploads\/2026\/04\/230920_1.jpg\"\t\t\t\t\t\tclass=\"img-holder\" href=\"https:\/\/yogaesoteric.net\/fr\/une-injustice-historique-le-ministere-americain-de-la-justice-conclut-un-accord-avec-le-general-a-la-retraite-flynn-concernant-les-poursuites-abusives-liees-au-russiagate\/\"><\/a>\r\n\t\t\t\t\t\t\t<\/div>\r\n\t\t<h2 class=\"title\">\t\t<a href=\"https:\/\/yogaesoteric.net\/fr\/une-injustice-historique-le-ministere-americain-de-la-justice-conclut-un-accord-avec-le-general-a-la-retraite-flynn-concernant-les-poursuites-abusives-liees-au-russiagate\/\" class=\"post-title post-url\">\r\n\t\t\t\u00ab Une injustice historique \u00bb : le minist\u00e8re am\u00e9ricain de la Justice conclut un accord avec le&hellip;\t\t<\/a>\r\n\t\t<\/h2>\t\t<div class=\"post-meta\">\r\n\r\n\t\t\t\t\t\t\t<a href=\"https:\/\/yogaesoteric.net\/fr\/author\/radhananda\/\"\r\n\t\t\t\t   title=\"Browse Author Articles\"\r\n\t\t\t\t   class=\"post-author-a\">\r\n\t\t\t\t\t<i class=\"post-author author\">\r\n\t\t\t\t\t\tRadhananda\t\t\t\t\t<\/i>\r\n\t\t\t\t<\/a>\r\n\t\t\t\t\t\t\t<span class=\"time\"><time class=\"post-published updated\"\r\n\t\t\t\t                         datetime=\"2026-04-14T06:04:33+00:00\">Apr 14, 2026<\/time><\/span>\r\n\t\t\t\t<a href=\"https:\/\/yogaesoteric.net\/fr\/une-injustice-historique-le-ministere-americain-de-la-justice-conclut-un-accord-avec-le-general-a-la-retraite-flynn-concernant-les-poursuites-abusives-liees-au-russiagate\/#respond\" title=\"Leave a comment on: &ldquo;\u00ab Une injustice historique \u00bb : le minist\u00e8re am\u00e9ricain de la Justice conclut un accord avec le g\u00e9n\u00e9ral \u00e0 la retraite Flynn concernant les poursuites abusives li\u00e9es au \u00ab Russiagate \u00bb&rdquo;\" class=\"comments\"><i class=\"fa fa-comments-o\"><\/i> 0<\/a>\t\t<\/div>\r\n\t\t\t\t\t<div class=\"post-summary\">\r\n\t\t\t\tSelon des documents judiciaires, le minist\u00e8re de la Justice (DOJ) et le lieutenant-g\u00e9n\u00e9ral \u00e0 la retraite Michael Flynn, ancien conseiller \u00e0 la s\u00e9curit\u00e9 nationale sous le premier mandat du pr\u00e9sident Donald Trump, ont conclu mercredi, 25&hellip;\t\t\t\t\t<br><a class=\"read-more\"\r\n\t\t\t\t\t       href=\"https:\/\/yogaesoteric.net\/fr\/une-injustice-historique-le-ministere-americain-de-la-justice-conclut-un-accord-avec-le-general-a-la-retraite-flynn-concernant-les-poursuites-abusives-liees-au-russiagate\/\">Read More...<\/a>\r\n\t\t\t\t\t\t\t<\/div>\r\n\t\t\t\t<\/div>\r\n\t<\/article >\r\n\t<article class=\"post-230817 type-post format-standard has-not-post-thumbnail   listing-item listing-item-blog  listing-item-blog-5 main-term-1085 bsw-13 \">\r\n\t<div class=\"item-inner clearfix\">\r\n\r\n\t\t\t\t\t<div class=\"featured clearfix\">\r\n\t\t\t\t<div class=\"term-badges floated\"><span class=\"term-badge term-1085\"><a href=\"https:\/\/yogaesoteric.net\/fr\/category\/demasquer-la-maconnerie-fr\/nouvelles-sensationnelles-censurees-3480-fr\/nouvelles-censurees-economique-5127-fr\/\">Nouvelles censur\u00e9es - \u00c9conomique<\/a><\/span><\/div>\t\t\t\t<a  title=\"Trump fait-il vraiment n\u2019importe quoi\u2026.\u2026 ou bien agit-il comme un algo-rithme poursuivant une strat\u00e9gie ?\" data-src=\"https:\/\/yogaesoteric.net\/wp-content\/uploads\/2026\/04\/1-10-300x175.png\"\t\t\t\t\t\tclass=\"img-holder\" href=\"https:\/\/yogaesoteric.net\/fr\/trump-fait-il-vraiment-nimporte-quoi-ou-bien-agit-il-comme-un-algo-rithme-poursuivant-une-strategie\/\"><\/a>\r\n\t\t\t\t\t\t\t<\/div>\r\n\t\t<h2 class=\"title\">\t\t<a href=\"https:\/\/yogaesoteric.net\/fr\/trump-fait-il-vraiment-nimporte-quoi-ou-bien-agit-il-comme-un-algo-rithme-poursuivant-une-strategie\/\" class=\"post-title post-url\">\r\n\t\t\tTrump fait-il vraiment n\u2019importe quoi\u2026.\u2026 ou bien agit-il comme un algo-rithme poursuivant une&hellip;\t\t<\/a>\r\n\t\t<\/h2>\t\t<div class=\"post-meta\">\r\n\r\n\t\t\t\t\t\t\t<a href=\"https:\/\/yogaesoteric.net\/fr\/author\/lallananda\/\"\r\n\t\t\t\t   title=\"Browse Author Articles\"\r\n\t\t\t\t   class=\"post-author-a\">\r\n\t\t\t\t\t<i class=\"post-author author\">\r\n\t\t\t\t\t\tLallananda\t\t\t\t\t<\/i>\r\n\t\t\t\t<\/a>\r\n\t\t\t\t\t\t\t<span class=\"time\"><time class=\"post-published updated\"\r\n\t\t\t\t                         datetime=\"2026-04-09T18:43:31+00:00\">Apr 9, 2026<\/time><\/span>\r\n\t\t\t\t<a href=\"https:\/\/yogaesoteric.net\/fr\/trump-fait-il-vraiment-nimporte-quoi-ou-bien-agit-il-comme-un-algo-rithme-poursuivant-une-strategie\/#respond\" title=\"Leave a comment on: &ldquo;Trump fait-il vraiment n\u2019importe quoi\u2026.\u2026 ou bien agit-il comme un algo-rithme poursuivant une strat\u00e9gie ?&rdquo;\" class=\"comments\"><i class=\"fa fa-comments-o\"><\/i> 0<\/a>\t\t<\/div>\r\n\t\t\t\t\t<div class=\"post-summary\">\r\n\t\t\t\t3.000 milliards de dollars. En moins de deux heures. Sur un seul post. Trump a post\u00e9 sur Truth Social. Les march\u00e9s ont explos\u00e9. L\u2019Iran a d\u00e9menti. Les march\u00e9s ont replong\u00e9. Et si tout \u00e7a\u2026\u2026. \u00e9tait calcul\u00e9 ?\r\n\r\n\r\n\r\nTrump poste sur Truth Social&hellip;\t\t\t\t\t<br><a class=\"read-more\"\r\n\t\t\t\t\t       href=\"https:\/\/yogaesoteric.net\/fr\/trump-fait-il-vraiment-nimporte-quoi-ou-bien-agit-il-comme-un-algo-rithme-poursuivant-une-strategie\/\">Read More...<\/a>\r\n\t\t\t\t\t\t\t<\/div>\r\n\t\t\t\t<\/div>\r\n\t<\/article >\r\n\t<article class=\"post-230809 type-post format-standard has-not-post-thumbnail   listing-item listing-item-blog  listing-item-blog-5 main-term-981 bsw-13 \">\r\n\t<div class=\"item-inner clearfix\">\r\n\r\n\t\t\t\t\t<div class=\"featured clearfix\">\r\n\t\t\t\t<div class=\"term-badges floated\"><span class=\"term-badge term-981\"><a href=\"https:\/\/yogaesoteric.net\/fr\/category\/demasquer-la-maconnerie-fr\/sur-la-perverse-manipulation-maconnique-3480-fr\/\">Sur la perverse manipulation ma\u00e7onnique<\/a><\/span><\/div>\t\t\t\t<a  title=\"Comment les m\u00e9dias occidentaux blanchissent et cautionnent les d\u00e9rives de l\u2019empire\" data-src=\"https:\/\/yogaesoteric.net\/wp-content\/uploads\/2026\/04\/1-9-300x175.png\"\t\t\t\t\t\tclass=\"img-holder\" href=\"https:\/\/yogaesoteric.net\/fr\/comment-les-medias-occidentaux-blanchissent-et-cautionnent-les-derives-de-lempire\/\"><\/a>\r\n\t\t\t\t\t\t\t<\/div>\r\n\t\t<h2 class=\"title\">\t\t<a href=\"https:\/\/yogaesoteric.net\/fr\/comment-les-medias-occidentaux-blanchissent-et-cautionnent-les-derives-de-lempire\/\" class=\"post-title post-url\">\r\n\t\t\tComment les m\u00e9dias occidentaux blanchissent et cautionnent les d\u00e9rives de l\u2019empire\t\t<\/a>\r\n\t\t<\/h2>\t\t<div class=\"post-meta\">\r\n\r\n\t\t\t\t\t\t\t<a href=\"https:\/\/yogaesoteric.net\/fr\/author\/lallananda\/\"\r\n\t\t\t\t   title=\"Browse Author Articles\"\r\n\t\t\t\t   class=\"post-author-a\">\r\n\t\t\t\t\t<i class=\"post-author author\">\r\n\t\t\t\t\t\tLallananda\t\t\t\t\t<\/i>\r\n\t\t\t\t<\/a>\r\n\t\t\t\t\t\t\t<span class=\"time\"><time class=\"post-published updated\"\r\n\t\t\t\t                         datetime=\"2026-04-09T18:38:15+00:00\">Apr 9, 2026<\/time><\/span>\r\n\t\t\t\t<a href=\"https:\/\/yogaesoteric.net\/fr\/comment-les-medias-occidentaux-blanchissent-et-cautionnent-les-derives-de-lempire\/#respond\" title=\"Leave a comment on: &ldquo;Comment les m\u00e9dias occidentaux blanchissent et cautionnent les d\u00e9rives de l\u2019empire&rdquo;\" class=\"comments\"><i class=\"fa fa-comments-o\"><\/i> 0<\/a>\t\t<\/div>\r\n\t\t\t\t\t<div class=\"post-summary\">\r\n\t\t\t\tLe 26 mars, l\u2019Associated Press a d\u00e9clar\u00e9 son intention d\u2019user de termes refl\u00e9tant fid\u00e8lement la r\u00e9alit\u00e9.\r\n\r\nApr\u00e8s de longues d\u00e9lib\u00e9rations et un vote en interne, l\u2019agence de presse a fait savoir qu\u2019elle qualifierait d\u00e9sormais d\u2019\u00ab invasion \u00bb&hellip;\t\t\t\t\t<br><a class=\"read-more\"\r\n\t\t\t\t\t       href=\"https:\/\/yogaesoteric.net\/fr\/comment-les-medias-occidentaux-blanchissent-et-cautionnent-les-derives-de-lempire\/\">Read More...<\/a>\r\n\t\t\t\t\t\t\t<\/div>\r\n\t\t\t\t<\/div>\r\n\t<\/article >\r\n\t<article class=\"post-230615 type-post format-standard has-not-post-thumbnail   listing-item listing-item-blog  listing-item-blog-5 main-term-386 bsw-13 \">\r\n\t<div class=\"item-inner clearfix\">\r\n\r\n\t\t\t\t\t<div class=\"featured clearfix\">\r\n\t\t\t\t<div class=\"term-badges floated\"><span class=\"term-badge term-386\"><a href=\"https:\/\/yogaesoteric.net\/fr\/category\/actualite-fr\/nouvelles-1602-fr\/\">Nouvelles<\/a><\/span><\/div>\t\t\t\t<a  title=\"Le pape L\u00e9on affirme que Dieu n\u2019\u00e9coute pas les pri\u00e8res de ceux qui font la guerre ; le porte-parole de la Maison Blanche, M. Leavitt, r\u00e9agit\" data-src=\"https:\/\/yogaesoteric.net\/wp-content\/uploads\/2026\/04\/230615_1.jpg\"\t\t\t\t\t\tclass=\"img-holder\" href=\"https:\/\/yogaesoteric.net\/fr\/le-pape-leon-affirme-que-dieu-necoute-pas-les-prieres-de-ceux-qui-font-la-guerre-le-porte-parole-de-la-maison-blanche-m-leavitt-reagit\/\"><\/a>\r\n\t\t\t\t\t\t\t<\/div>\r\n\t\t<h2 class=\"title\">\t\t<a href=\"https:\/\/yogaesoteric.net\/fr\/le-pape-leon-affirme-que-dieu-necoute-pas-les-prieres-de-ceux-qui-font-la-guerre-le-porte-parole-de-la-maison-blanche-m-leavitt-reagit\/\" class=\"post-title post-url\">\r\n\t\t\tLe pape L\u00e9on affirme que Dieu n\u2019\u00e9coute pas les pri\u00e8res de ceux qui font la guerre ; le porte-parole&hellip;\t\t<\/a>\r\n\t\t<\/h2>\t\t<div class=\"post-meta\">\r\n\r\n\t\t\t\t\t\t\t<a href=\"https:\/\/yogaesoteric.net\/fr\/author\/radhananda\/\"\r\n\t\t\t\t   title=\"Browse Author Articles\"\r\n\t\t\t\t   class=\"post-author-a\">\r\n\t\t\t\t\t<i class=\"post-author author\">\r\n\t\t\t\t\t\tRadhananda\t\t\t\t\t<\/i>\r\n\t\t\t\t<\/a>\r\n\t\t\t\t\t\t\t<span class=\"time\"><time class=\"post-published updated\"\r\n\t\t\t\t                         datetime=\"2026-04-08T13:51:47+00:00\">Apr 8, 2026<\/time><\/span>\r\n\t\t\t\t<a href=\"https:\/\/yogaesoteric.net\/fr\/le-pape-leon-affirme-que-dieu-necoute-pas-les-prieres-de-ceux-qui-font-la-guerre-le-porte-parole-de-la-maison-blanche-m-leavitt-reagit\/#respond\" title=\"Leave a comment on: &ldquo;Le pape L\u00e9on affirme que Dieu n\u2019\u00e9coute pas les pri\u00e8res de ceux qui font la guerre ; le porte-parole de la Maison Blanche, M. Leavitt, r\u00e9agit&rdquo;\" class=\"comments\"><i class=\"fa fa-comments-o\"><\/i> 0<\/a>\t\t<\/div>\r\n\t\t\t\t\t<div class=\"post-summary\">\r\n\t\t\t\tLors d\u2019une conf\u00e9rence de presse lundi, 30 mars, la porte-parole de la Maison Blanche, Karoline Leavitt, a r\u00e9pondu \u00e0 une question concernant la r\u00e9cente d\u00e9claration du pape L\u00e9on XIV selon laquelle \u00ab Dieu n\u2019\u00e9coute pas la pri\u00e8re de ceux qui&hellip;\t\t\t\t\t<br><a class=\"read-more\"\r\n\t\t\t\t\t       href=\"https:\/\/yogaesoteric.net\/fr\/le-pape-leon-affirme-que-dieu-necoute-pas-les-prieres-de-ceux-qui-font-la-guerre-le-porte-parole-de-la-maison-blanche-m-leavitt-reagit\/\">Read More...<\/a>\r\n\t\t\t\t\t\t\t<\/div>\r\n\t\t\t\t<\/div>\r\n\t<\/article >\r\n\t<article class=\"post-230604 type-post format-standard has-post-thumbnail   listing-item listing-item-blog  listing-item-blog-5 main-term-1190 bsw-13 \">\r\n\t<div class=\"item-inner clearfix\">\r\n\r\n\t\t\t\t\t<div class=\"featured clearfix\">\r\n\t\t\t\t<div class=\"term-badges floated\"><span class=\"term-badge term-1190\"><a href=\"https:\/\/yogaesoteric.net\/fr\/category\/demasquer-la-maconnerie-fr\/la-fin-programmee-de-la-democratie-3480-fr\/\">LA FIN PROGRAMMEE DE LA DEMOCRATIE<\/a><\/span><\/div>\t\t\t\t<a  title=\"2001-2026, vingt-cinq ans de \u00ab guerre mondiale contre le terrorisme \u00bb, le nouveau nom du colonialisme occidental\" data-src=\"https:\/\/yogaesoteric.net\/wp-content\/uploads\/2026\/04\/230604_2-357x210.jpg\" data-bs-srcset=\"{&quot;baseurl&quot;:&quot;https:\\\/\\\/yogaesoteric.net\\\/wp-content\\\/uploads\\\/2026\\\/04\\\/&quot;,&quot;sizes&quot;:{&quot;210&quot;:&quot;230604_2-210x136.jpg&quot;,&quot;279&quot;:&quot;230604_2-279x220.jpg&quot;,&quot;357&quot;:&quot;230604_2-357x210.jpg&quot;,&quot;560&quot;:&quot;230604_2.jpg&quot;}}\"\t\t\t\t\t\tclass=\"img-holder\" href=\"https:\/\/yogaesoteric.net\/fr\/2001-2026-vingt-cinq-ans-de-guerre-mondiale-contre-le-terrorisme-le-nouveau-nom-du-colonialisme-occidental\/\"><\/a>\r\n\t\t\t\t\t\t\t<\/div>\r\n\t\t<h2 class=\"title\">\t\t<a href=\"https:\/\/yogaesoteric.net\/fr\/2001-2026-vingt-cinq-ans-de-guerre-mondiale-contre-le-terrorisme-le-nouveau-nom-du-colonialisme-occidental\/\" class=\"post-title post-url\">\r\n\t\t\t2001-2026, vingt-cinq ans de \u00ab guerre mondiale contre le terrorisme \u00bb, le nouveau nom du&hellip;\t\t<\/a>\r\n\t\t<\/h2>\t\t<div class=\"post-meta\">\r\n\r\n\t\t\t\t\t\t\t<a href=\"https:\/\/yogaesoteric.net\/fr\/author\/radhananda\/\"\r\n\t\t\t\t   title=\"Browse Author Articles\"\r\n\t\t\t\t   class=\"post-author-a\">\r\n\t\t\t\t\t<i class=\"post-author author\">\r\n\t\t\t\t\t\tRadhananda\t\t\t\t\t<\/i>\r\n\t\t\t\t<\/a>\r\n\t\t\t\t\t\t\t<span class=\"time\"><time class=\"post-published updated\"\r\n\t\t\t\t                         datetime=\"2026-04-08T13:51:31+00:00\">Apr 8, 2026<\/time><\/span>\r\n\t\t\t\t<a href=\"https:\/\/yogaesoteric.net\/fr\/2001-2026-vingt-cinq-ans-de-guerre-mondiale-contre-le-terrorisme-le-nouveau-nom-du-colonialisme-occidental\/#respond\" title=\"Leave a comment on: &ldquo;2001-2026, vingt-cinq ans de \u00ab guerre mondiale contre le terrorisme \u00bb, le nouveau nom du colonialisme occidental&rdquo;\" class=\"comments\"><i class=\"fa fa-comments-o\"><\/i> 0<\/a>\t\t<\/div>\r\n\t\t\t\t\t<div class=\"post-summary\">\r\n\t\t\t\tDe l\u2019Afghanistan \u00e0 l\u2019Iran, de Guantanamo \u00e0 Maduro. Pas de fin en vue ? Ce qui s\u2019est pass\u00e9 en 2001 rel\u00e8ve de la pr\u00e9histoire pour un jeune d\u2019aujourd\u2019hui, \u00e2g\u00e9 de vingt ou trente ans. On ne peut pas en vouloir aux jeunes : ils ont d\u00e9j\u00e0 assez de&hellip;\t\t\t\t\t<br><a class=\"read-more\"\r\n\t\t\t\t\t       href=\"https:\/\/yogaesoteric.net\/fr\/2001-2026-vingt-cinq-ans-de-guerre-mondiale-contre-le-terrorisme-le-nouveau-nom-du-colonialisme-occidental\/\">Read More...<\/a>\r\n\t\t\t\t\t\t\t<\/div>\r\n\t\t\t\t<\/div>\r\n\t<\/article >\r\n\t<article class=\"post-230563 type-post format-standard has-not-post-thumbnail   listing-item listing-item-blog  listing-item-blog-5 main-term-386 bsw-13 \">\r\n\t<div class=\"item-inner clearfix\">\r\n\r\n\t\t\t\t\t<div class=\"featured clearfix\">\r\n\t\t\t\t<div class=\"term-badges floated\"><span class=\"term-badge term-386\"><a href=\"https:\/\/yogaesoteric.net\/fr\/category\/actualite-fr\/nouvelles-1602-fr\/\">Nouvelles<\/a><\/span><\/div>\t\t\t\t<a  title=\"Une \u00ab mafia \u00bb ma\u00e7onnique accus\u00e9e d\u2019avoir assassin\u00e9 un pilote automobile et d\u2019avoir tent\u00e9 d\u2019en tuer d\u2019autres en France\" data-src=\"https:\/\/yogaesoteric.net\/wp-content\/uploads\/2026\/04\/230563_1.jpg\"\t\t\t\t\t\tclass=\"img-holder\" href=\"https:\/\/yogaesoteric.net\/fr\/une-mafia-maconnique-accusee-davoir-assassine-un-pilote-automobile-et-davoir-tente-den-tuer-dautres-en-france\/\"><\/a>\r\n\t\t\t\t\t\t\t<\/div>\r\n\t\t<h2 class=\"title\">\t\t<a href=\"https:\/\/yogaesoteric.net\/fr\/une-mafia-maconnique-accusee-davoir-assassine-un-pilote-automobile-et-davoir-tente-den-tuer-dautres-en-france\/\" class=\"post-title post-url\">\r\n\t\t\tUne \u00ab mafia \u00bb ma\u00e7onnique accus\u00e9e d\u2019avoir assassin\u00e9 un pilote automobile et d\u2019avoir tent\u00e9 d\u2019en tuer&hellip;\t\t<\/a>\r\n\t\t<\/h2>\t\t<div class=\"post-meta\">\r\n\r\n\t\t\t\t\t\t\t<a href=\"https:\/\/yogaesoteric.net\/fr\/author\/radhananda\/\"\r\n\t\t\t\t   title=\"Browse Author Articles\"\r\n\t\t\t\t   class=\"post-author-a\">\r\n\t\t\t\t\t<i class=\"post-author author\">\r\n\t\t\t\t\t\tRadhananda\t\t\t\t\t<\/i>\r\n\t\t\t\t<\/a>\r\n\t\t\t\t\t\t\t<span class=\"time\"><time class=\"post-published updated\"\r\n\t\t\t\t                         datetime=\"2026-04-07T10:21:12+00:00\">Apr 7, 2026<\/time><\/span>\r\n\t\t\t\t<a href=\"https:\/\/yogaesoteric.net\/fr\/une-mafia-maconnique-accusee-davoir-assassine-un-pilote-automobile-et-davoir-tente-den-tuer-dautres-en-france\/#respond\" title=\"Leave a comment on: &ldquo;Une \u00ab mafia \u00bb ma\u00e7onnique accus\u00e9e d\u2019avoir assassin\u00e9 un pilote automobile et d\u2019avoir tent\u00e9 d\u2019en tuer d\u2019autres en France&rdquo;\" class=\"comments\"><i class=\"fa fa-comments-o\"><\/i> 0<\/a>\t\t<\/div>\r\n\t\t\t\t\t<div class=\"post-summary\">\r\n\t\t\t\tVingt-deux personnes sont jug\u00e9es pour avoir commis des crimes de grande envergure \u2013 allant des coups et blessures graves et de l\u2019association de malfaiteurs \u00e0 la tentative de meurtre et au meurtre \u2013 pour le compte d\u2019une loge ma\u00e7onnique de&hellip;\t\t\t\t\t<br><a class=\"read-more\"\r\n\t\t\t\t\t       href=\"https:\/\/yogaesoteric.net\/fr\/une-mafia-maconnique-accusee-davoir-assassine-un-pilote-automobile-et-davoir-tente-den-tuer-dautres-en-france\/\">Read More...<\/a>\r\n\t\t\t\t\t\t\t<\/div>\r\n\t\t\t\t<\/div>\r\n\t<\/article >\r\n\t<article class=\"post-230555 type-post format-standard has-not-post-thumbnail   listing-item listing-item-blog  listing-item-blog-5 main-term-1094 bsw-13 \">\r\n\t<div class=\"item-inner clearfix\">\r\n\r\n\t\t\t\t\t<div class=\"featured clearfix\">\r\n\t\t\t\t<div class=\"term-badges floated\"><span class=\"term-badge term-1094\"><a href=\"https:\/\/yogaesoteric.net\/fr\/category\/demasquer-la-maconnerie-fr\/nouvelles-sensationnelles-censurees-3480-fr\/nouvelles-censurees-social-5127-fr\/\">Nouvelles censur\u00e9es - Social<\/a><\/span><\/div>\t\t\t\t<a  title=\"Le projet de loi C-22 du Canada impose une surveillance massive des m\u00e9tadonn\u00e9es des Canadiens\" data-src=\"https:\/\/yogaesoteric.net\/wp-content\/uploads\/2026\/04\/230555_1.jpg\"\t\t\t\t\t\tclass=\"img-holder\" href=\"https:\/\/yogaesoteric.net\/fr\/le-projet-de-loi-c-22-du-canada-impose-une-surveillance-massive-des-metadonnees-des-canadiens\/\"><\/a>\r\n\t\t\t\t\t\t\t<\/div>\r\n\t\t<h2 class=\"title\">\t\t<a href=\"https:\/\/yogaesoteric.net\/fr\/le-projet-de-loi-c-22-du-canada-impose-une-surveillance-massive-des-metadonnees-des-canadiens\/\" class=\"post-title post-url\">\r\n\t\t\tLe projet de loi C-22 du Canada impose une surveillance massive des m\u00e9tadonn\u00e9es des Canadiens\t\t<\/a>\r\n\t\t<\/h2>\t\t<div class=\"post-meta\">\r\n\r\n\t\t\t\t\t\t\t<a href=\"https:\/\/yogaesoteric.net\/fr\/author\/radhananda\/\"\r\n\t\t\t\t   title=\"Browse Author Articles\"\r\n\t\t\t\t   class=\"post-author-a\">\r\n\t\t\t\t\t<i class=\"post-author author\">\r\n\t\t\t\t\t\tRadhananda\t\t\t\t\t<\/i>\r\n\t\t\t\t<\/a>\r\n\t\t\t\t\t\t\t<span class=\"time\"><time class=\"post-published updated\"\r\n\t\t\t\t                         datetime=\"2026-04-07T10:17:15+00:00\">Apr 7, 2026<\/time><\/span>\r\n\t\t\t\t<a href=\"https:\/\/yogaesoteric.net\/fr\/le-projet-de-loi-c-22-du-canada-impose-une-surveillance-massive-des-metadonnees-des-canadiens\/#respond\" title=\"Leave a comment on: &ldquo;Le projet de loi C-22 du Canada impose une surveillance massive des m\u00e9tadonn\u00e9es des Canadiens&rdquo;\" class=\"comments\"><i class=\"fa fa-comments-o\"><\/i> 0<\/a>\t\t<\/div>\r\n\t\t\t\t\t<div class=\"post-summary\">\r\n\t\t\t\tLe gouvernement lib\u00e9ral canadien a pr\u00e9sent\u00e9 le projet de loi C-22, intitul\u00e9 \u00ab Loi de 2026 sur l\u2019acc\u00e8s l\u00e9gal \u00bb, un texte de loi sur la surveillance qui oblige les fournisseurs de services \u00e9lectroniques \u00e0 conserver les m\u00e9tadonn\u00e9es des&hellip;\t\t\t\t\t<br><a class=\"read-more\"\r\n\t\t\t\t\t       href=\"https:\/\/yogaesoteric.net\/fr\/le-projet-de-loi-c-22-du-canada-impose-une-surveillance-massive-des-metadonnees-des-canadiens\/\">Read More...<\/a>\r\n\t\t\t\t\t\t\t<\/div>\r\n\t\t\t\t<\/div>\r\n\t<\/article >\r\n\t<article class=\"post-230448 type-post format-standard has-not-post-thumbnail   listing-item listing-item-blog  listing-item-blog-5 main-term-383 bsw-13 \">\r\n\t<div class=\"item-inner clearfix\">\r\n\r\n\t\t\t\t\t<div class=\"featured clearfix\">\r\n\t\t\t\t<div class=\"term-badges floated\"><span class=\"term-badge term-383\"><a href=\"https:\/\/yogaesoteric.net\/fr\/category\/actualite-fr\/opinions-1602-fr\/\">Opinions<\/a><\/span><\/div>\t\t\t\t<a  title=\"Vaccination obligatoire contre les m\u00e9ningocoques : l\u00e9gitime ?\" data-src=\"https:\/\/yogaesoteric.net\/wp-content\/uploads\/2026\/04\/230448_1.jpg\"\t\t\t\t\t\tclass=\"img-holder\" href=\"https:\/\/yogaesoteric.net\/fr\/vaccination-obligatoire-contre-les-meningocoques-legitime\/\"><\/a>\r\n\t\t\t\t\t\t\t<\/div>\r\n\t\t<h2 class=\"title\">\t\t<a href=\"https:\/\/yogaesoteric.net\/fr\/vaccination-obligatoire-contre-les-meningocoques-legitime\/\" class=\"post-title post-url\">\r\n\t\t\tVaccination obligatoire contre les m\u00e9ningocoques : l\u00e9gitime ?\t\t<\/a>\r\n\t\t<\/h2>\t\t<div class=\"post-meta\">\r\n\r\n\t\t\t\t\t\t\t<a href=\"https:\/\/yogaesoteric.net\/fr\/author\/radhananda\/\"\r\n\t\t\t\t   title=\"Browse Author Articles\"\r\n\t\t\t\t   class=\"post-author-a\">\r\n\t\t\t\t\t<i class=\"post-author author\">\r\n\t\t\t\t\t\tRadhananda\t\t\t\t\t<\/i>\r\n\t\t\t\t<\/a>\r\n\t\t\t\t\t\t\t<span class=\"time\"><time class=\"post-published updated\"\r\n\t\t\t\t                         datetime=\"2026-04-06T11:13:57+00:00\">Apr 6, 2026<\/time><\/span>\r\n\t\t\t\t<a href=\"https:\/\/yogaesoteric.net\/fr\/vaccination-obligatoire-contre-les-meningocoques-legitime\/#respond\" title=\"Leave a comment on: &ldquo;Vaccination obligatoire contre les m\u00e9ningocoques : l\u00e9gitime ?&rdquo;\" class=\"comments\"><i class=\"fa fa-comments-o\"><\/i> 0<\/a>\t\t<\/div>\r\n\t\t\t\t\t<div class=\"post-summary\">\r\n\t\t\t\tpar Michel de Lorgeril\r\nDepuis l\u2019ann\u00e9e 2025, les autorit\u00e9s sanitaires ont ajout\u00e9 des vaccins obligatoires \u00e0 la liste des 11 (pour les nourrissons) bien connue depuis la Loi de 2017.\r\n\r\nJe simplifie : au lieu de seulement vacciner contre le&hellip;\t\t\t\t\t<br><a class=\"read-more\"\r\n\t\t\t\t\t       href=\"https:\/\/yogaesoteric.net\/fr\/vaccination-obligatoire-contre-les-meningocoques-legitime\/\">Read More...<\/a>\r\n\t\t\t\t\t\t\t<\/div>\r\n\t\t\t\t<\/div>\r\n\t<\/article >\r\n\t<article class=\"post-230443 type-post format-standard has-not-post-thumbnail   listing-item listing-item-blog  listing-item-blog-5 main-term-1091 bsw-13 \">\r\n\t<div class=\"item-inner clearfix\">\r\n\r\n\t\t\t\t\t<div class=\"featured clearfix\">\r\n\t\t\t\t<div class=\"term-badges floated\"><span class=\"term-badge term-1091\"><a href=\"https:\/\/yogaesoteric.net\/fr\/category\/demasquer-la-maconnerie-fr\/nouvelles-sensationnelles-censurees-3480-fr\/nouvelles-censurees-militaire-5127-fr\/\">Nouvelles censur\u00e9es - Militaire<\/a><\/span><\/div>\t\t\t\t<a  title=\"La dominance \u00e9nerg\u00e9tique\" data-src=\"https:\/\/yogaesoteric.net\/wp-content\/uploads\/2026\/04\/230443_1.jpg\"\t\t\t\t\t\tclass=\"img-holder\" href=\"https:\/\/yogaesoteric.net\/fr\/la-dominance-energetique\/\"><\/a>\r\n\t\t\t\t\t\t\t<\/div>\r\n\t\t<h2 class=\"title\">\t\t<a href=\"https:\/\/yogaesoteric.net\/fr\/la-dominance-energetique\/\" class=\"post-title post-url\">\r\n\t\t\tLa dominance \u00e9nerg\u00e9tique\t\t<\/a>\r\n\t\t<\/h2>\t\t<div class=\"post-meta\">\r\n\r\n\t\t\t\t\t\t\t<a href=\"https:\/\/yogaesoteric.net\/fr\/author\/radhananda\/\"\r\n\t\t\t\t   title=\"Browse Author Articles\"\r\n\t\t\t\t   class=\"post-author-a\">\r\n\t\t\t\t\t<i class=\"post-author author\">\r\n\t\t\t\t\t\tRadhananda\t\t\t\t\t<\/i>\r\n\t\t\t\t<\/a>\r\n\t\t\t\t\t\t\t<span class=\"time\"><time class=\"post-published updated\"\r\n\t\t\t\t                         datetime=\"2026-04-06T10:35:05+00:00\">Apr 6, 2026<\/time><\/span>\r\n\t\t\t\t<a href=\"https:\/\/yogaesoteric.net\/fr\/la-dominance-energetique\/#respond\" title=\"Leave a comment on: &ldquo;La dominance \u00e9nerg\u00e9tique&rdquo;\" class=\"comments\"><i class=\"fa fa-comments-o\"><\/i> 0<\/a>\t\t<\/div>\r\n\t\t\t\t\t<div class=\"post-summary\">\r\n\t\t\t\tL\u2019objectif de l\u2019Op\u00e9ration Furie \u00c9pique, qui risque d\u2019amener le monde \u00e0 la guerre nucl\u00e9aire, a \u00e9t\u00e9 d\u00e9clar\u00e9 par le secr\u00e9taire de l\u2019Int\u00e9rieur USA Burgum en personne : c\u2019est la \u00ab dominance \u00e9nerg\u00e9tique \u00bb qui \u00ab d\u00e8s le premier jour fait partie du&hellip;\t\t\t\t\t<br><a class=\"read-more\"\r\n\t\t\t\t\t       href=\"https:\/\/yogaesoteric.net\/fr\/la-dominance-energetique\/\">Read More...<\/a>\r\n\t\t\t\t\t\t\t<\/div>\r\n\t\t\t\t<\/div>\r\n\t<\/article >\r\n\t<article class=\"post-230358 type-post format-standard has-not-post-thumbnail   listing-item listing-item-blog  listing-item-blog-5 main-term-1570 bsw-13 \">\r\n\t<div class=\"item-inner clearfix\">\r\n\r\n\t\t\t\t\t<div class=\"featured clearfix\">\r\n\t\t\t\t<div class=\"term-badges floated\"><span class=\"term-badge term-1570\"><a href=\"https:\/\/yogaesoteric.net\/fr\/category\/la-menace-de-lintelligence-artificielle\/\">La menace de l&#039;intelligence artificielle<\/a><\/span><\/div>\t\t\t\t<a  title=\"\u00c9tats-Unis : l\u2019intelligence artificielle provoque une p\u00e9nurie de puces m\u00e9moire\" data-src=\"https:\/\/yogaesoteric.net\/wp-content\/uploads\/2026\/04\/230358_1.jpg\"\t\t\t\t\t\tclass=\"img-holder\" href=\"https:\/\/yogaesoteric.net\/fr\/etats-unis-lintelligence-artificielle-provoque-une-penurie-de-puces-memoire\/\"><\/a>\r\n\t\t\t\t\t\t\t<\/div>\r\n\t\t<h2 class=\"title\">\t\t<a href=\"https:\/\/yogaesoteric.net\/fr\/etats-unis-lintelligence-artificielle-provoque-une-penurie-de-puces-memoire\/\" class=\"post-title post-url\">\r\n\t\t\t\u00c9tats-Unis : l\u2019intelligence artificielle provoque une p\u00e9nurie de puces m\u00e9moire\t\t<\/a>\r\n\t\t<\/h2>\t\t<div class=\"post-meta\">\r\n\r\n\t\t\t\t\t\t\t<a href=\"https:\/\/yogaesoteric.net\/fr\/author\/radhananda\/\"\r\n\t\t\t\t   title=\"Browse Author Articles\"\r\n\t\t\t\t   class=\"post-author-a\">\r\n\t\t\t\t\t<i class=\"post-author author\">\r\n\t\t\t\t\t\tRadhananda\t\t\t\t\t<\/i>\r\n\t\t\t\t<\/a>\r\n\t\t\t\t\t\t\t<span class=\"time\"><time class=\"post-published updated\"\r\n\t\t\t\t                         datetime=\"2026-04-05T14:19:34+00:00\">Apr 5, 2026<\/time><\/span>\r\n\t\t\t\t<a href=\"https:\/\/yogaesoteric.net\/fr\/etats-unis-lintelligence-artificielle-provoque-une-penurie-de-puces-memoire\/#respond\" title=\"Leave a comment on: &ldquo;\u00c9tats-Unis : l\u2019intelligence artificielle provoque une p\u00e9nurie de puces m\u00e9moire&rdquo;\" class=\"comments\"><i class=\"fa fa-comments-o\"><\/i> 0<\/a>\t\t<\/div>\r\n\t\t\t\t\t<div class=\"post-summary\">\r\n\t\t\t\tLe fournisseur de Nvidia, Micron Technology, a d\u00e9clar\u00e9 derni\u00e8rement que la p\u00e9nurie persistante de puces m\u00e9moire s\u2019\u00e9tait acc\u00e9l\u00e9r\u00e9e au cours du dernier trimestre, et a r\u00e9it\u00e9r\u00e9 que cette p\u00e9nurie se poursuivrait au-del\u00e0 de 2026, en raison d\u2019une&hellip;\t\t\t\t\t<br><a class=\"read-more\"\r\n\t\t\t\t\t       href=\"https:\/\/yogaesoteric.net\/fr\/etats-unis-lintelligence-artificielle-provoque-une-penurie-de-puces-memoire\/\">Read More...<\/a>\r\n\t\t\t\t\t\t\t<\/div>\r\n\t\t\t\t<\/div>\r\n\t<\/article >\r\n\t<article class=\"post-230353 type-post format-standard has-post-thumbnail   listing-item listing-item-blog  listing-item-blog-5 main-term-386 bsw-13 \">\r\n\t<div class=\"item-inner clearfix\">\r\n\r\n\t\t\t\t\t<div class=\"featured clearfix\">\r\n\t\t\t\t<div class=\"term-badges floated\"><span class=\"term-badge term-386\"><a href=\"https:\/\/yogaesoteric.net\/fr\/category\/actualite-fr\/nouvelles-1602-fr\/\">Nouvelles<\/a><\/span><\/div>\t\t\t\t<a  title=\"\u00c0 la veille de la troisi\u00e8me guerre mondiale ?\" data-src=\"https:\/\/yogaesoteric.net\/wp-content\/uploads\/2026\/04\/230353_1-357x210.jpg\" data-bs-srcset=\"{&quot;baseurl&quot;:&quot;https:\\\/\\\/yogaesoteric.net\\\/wp-content\\\/uploads\\\/2026\\\/04\\\/&quot;,&quot;sizes&quot;:{&quot;210&quot;:&quot;230353_1-210x136.jpg&quot;,&quot;279&quot;:&quot;230353_1-279x220.jpg&quot;,&quot;357&quot;:&quot;230353_1-357x210.jpg&quot;,&quot;560&quot;:&quot;230353_1.jpg&quot;}}\"\t\t\t\t\t\tclass=\"img-holder\" href=\"https:\/\/yogaesoteric.net\/fr\/a-la-veille-de-la-troisieme-guerre-mondiale\/\"><\/a>\r\n\t\t\t\t\t\t\t<\/div>\r\n\t\t<h2 class=\"title\">\t\t<a href=\"https:\/\/yogaesoteric.net\/fr\/a-la-veille-de-la-troisieme-guerre-mondiale\/\" class=\"post-title post-url\">\r\n\t\t\t\u00c0 la veille de la troisi\u00e8me guerre mondiale ?\t\t<\/a>\r\n\t\t<\/h2>\t\t<div class=\"post-meta\">\r\n\r\n\t\t\t\t\t\t\t<a href=\"https:\/\/yogaesoteric.net\/fr\/author\/radhananda\/\"\r\n\t\t\t\t   title=\"Browse Author Articles\"\r\n\t\t\t\t   class=\"post-author-a\">\r\n\t\t\t\t\t<i class=\"post-author author\">\r\n\t\t\t\t\t\tRadhananda\t\t\t\t\t<\/i>\r\n\t\t\t\t<\/a>\r\n\t\t\t\t\t\t\t<span class=\"time\"><time class=\"post-published updated\"\r\n\t\t\t\t                         datetime=\"2026-04-05T14:16:54+00:00\">Apr 5, 2026<\/time><\/span>\r\n\t\t\t\t<a href=\"https:\/\/yogaesoteric.net\/fr\/a-la-veille-de-la-troisieme-guerre-mondiale\/#respond\" title=\"Leave a comment on: &ldquo;\u00c0 la veille de la troisi\u00e8me guerre mondiale ?&rdquo;\" class=\"comments\"><i class=\"fa fa-comments-o\"><\/i> 0<\/a>\t\t<\/div>\r\n\t\t\t\t\t<div class=\"post-summary\">\r\n\t\t\t\tAu rythme des frappes qui touchent d\u00e9sormais les installations strat\u00e9giques et nucl\u00e9aires, ne sommes-nous pas \u00e0 la veille d\u2019une guerre mondiale ? En frappant l\u2019Iran et en tuant son chef, les USA et Isra\u00ebl avaient sous-estim\u00e9 ses capacit\u00e9s&hellip;\t\t\t\t\t<br><a class=\"read-more\"\r\n\t\t\t\t\t       href=\"https:\/\/yogaesoteric.net\/fr\/a-la-veille-de-la-troisieme-guerre-mondiale\/\">Read More...<\/a>\r\n\t\t\t\t\t\t\t<\/div>\r\n\t\t\t\t<\/div>\r\n\t<\/article >\r\n\t<article class=\"post-230247 type-post format-standard has-not-post-thumbnail   listing-item listing-item-blog  listing-item-blog-5 main-term-383 bsw-13 \">\r\n\t<div class=\"item-inner clearfix\">\r\n\r\n\t\t\t\t\t<div class=\"featured clearfix\">\r\n\t\t\t\t<div class=\"term-badges floated\"><span class=\"term-badge term-383\"><a href=\"https:\/\/yogaesoteric.net\/fr\/category\/actualite-fr\/opinions-1602-fr\/\">Opinions<\/a><\/span><\/div>\t\t\t\t<a  title=\"Rien n\u2019a commenc\u00e9. Tout est d\u00e9j\u00e0 lanc\u00e9\" data-src=\"https:\/\/yogaesoteric.net\/wp-content\/uploads\/2026\/04\/230247_1.jpg\"\t\t\t\t\t\tclass=\"img-holder\" href=\"https:\/\/yogaesoteric.net\/fr\/rien-na-commence-tout-est-deja-lance\/\"><\/a>\r\n\t\t\t\t\t\t\t<\/div>\r\n\t\t<h2 class=\"title\">\t\t<a href=\"https:\/\/yogaesoteric.net\/fr\/rien-na-commence-tout-est-deja-lance\/\" class=\"post-title post-url\">\r\n\t\t\tRien n\u2019a commenc\u00e9. Tout est d\u00e9j\u00e0 lanc\u00e9\t\t<\/a>\r\n\t\t<\/h2>\t\t<div class=\"post-meta\">\r\n\r\n\t\t\t\t\t\t\t<a href=\"https:\/\/yogaesoteric.net\/fr\/author\/radhananda\/\"\r\n\t\t\t\t   title=\"Browse Author Articles\"\r\n\t\t\t\t   class=\"post-author-a\">\r\n\t\t\t\t\t<i class=\"post-author author\">\r\n\t\t\t\t\t\tRadhananda\t\t\t\t\t<\/i>\r\n\t\t\t\t<\/a>\r\n\t\t\t\t\t\t\t<span class=\"time\"><time class=\"post-published updated\"\r\n\t\t\t\t                         datetime=\"2026-04-04T10:31:04+00:00\">Apr 4, 2026<\/time><\/span>\r\n\t\t\t\t<a href=\"https:\/\/yogaesoteric.net\/fr\/rien-na-commence-tout-est-deja-lance\/#respond\" title=\"Leave a comment on: &ldquo;Rien n\u2019a commenc\u00e9. Tout est d\u00e9j\u00e0 lanc\u00e9&rdquo;\" class=\"comments\"><i class=\"fa fa-comments-o\"><\/i> 0<\/a>\t\t<\/div>\r\n\t\t\t\t\t<div class=\"post-summary\">\r\n\t\t\t\tpar Amal Djebbar\r\nCe n\u2019est pas encore arriv\u00e9.\r\nPas tout \u00e0 fait.\r\nMais \u00e7a vient\u2026\u2026.\r\n\r\n\r\n\r\nNe, vous y trompez pas : la guerre restera en mode continue. Elle ne cessera jamais. Elle s\u2019installe o\u00f9 on peut piller et d\u00e9stabiliser. Elle ne se fait&hellip;\t\t\t\t\t<br><a class=\"read-more\"\r\n\t\t\t\t\t       href=\"https:\/\/yogaesoteric.net\/fr\/rien-na-commence-tout-est-deja-lance\/\">Read More...<\/a>\r\n\t\t\t\t\t\t\t<\/div>\r\n\t\t\t\t<\/div>\r\n\t<\/article >\r\n\t<article class=\"post-230242 type-post format-standard has-not-post-thumbnail   listing-item listing-item-blog  listing-item-blog-5 main-term-1178 bsw-13 \">\r\n\t<div class=\"item-inner clearfix\">\r\n\r\n\t\t\t\t\t<div class=\"featured clearfix\">\r\n\t\t\t\t<div class=\"term-badges floated\"><span class=\"term-badge term-1178\"><a href=\"https:\/\/yogaesoteric.net\/fr\/category\/sante-fr\/etudes-4260-fr\/\">\u00c9tudes<\/a><\/span><\/div>\t\t\t\t<a  title=\"Cancer : changer de regard et choisir la vie. Avec le Dr Laurent Schwartz, canc\u00e9rologue\" data-src=\"https:\/\/yogaesoteric.net\/wp-content\/uploads\/2026\/04\/230242_1.jpg\"\t\t\t\t\t\tclass=\"img-holder\" href=\"https:\/\/yogaesoteric.net\/fr\/cancer-changer-de-regard-et-choisir-la-vie-avec-le-dr-laurent-schwartz-cancerologue\/\"><\/a>\r\n\t\t\t\t\t\t\t<\/div>\r\n\t\t<h2 class=\"title\">\t\t<a href=\"https:\/\/yogaesoteric.net\/fr\/cancer-changer-de-regard-et-choisir-la-vie-avec-le-dr-laurent-schwartz-cancerologue\/\" class=\"post-title post-url\">\r\n\t\t\tCancer : changer de regard et choisir la vie. Avec le Dr Laurent Schwartz, canc\u00e9rologue\t\t<\/a>\r\n\t\t<\/h2>\t\t<div class=\"post-meta\">\r\n\r\n\t\t\t\t\t\t\t<a href=\"https:\/\/yogaesoteric.net\/fr\/author\/radhananda\/\"\r\n\t\t\t\t   title=\"Browse Author Articles\"\r\n\t\t\t\t   class=\"post-author-a\">\r\n\t\t\t\t\t<i class=\"post-author author\">\r\n\t\t\t\t\t\tRadhananda\t\t\t\t\t<\/i>\r\n\t\t\t\t<\/a>\r\n\t\t\t\t\t\t\t<span class=\"time\"><time class=\"post-published updated\"\r\n\t\t\t\t                         datetime=\"2026-04-04T10:27:48+00:00\">Apr 4, 2026<\/time><\/span>\r\n\t\t\t\t<a href=\"https:\/\/yogaesoteric.net\/fr\/cancer-changer-de-regard-et-choisir-la-vie-avec-le-dr-laurent-schwartz-cancerologue\/#respond\" title=\"Leave a comment on: &ldquo;Cancer : changer de regard et choisir la vie. Avec le Dr Laurent Schwartz, canc\u00e9rologue&rdquo;\" class=\"comments\"><i class=\"fa fa-comments-o\"><\/i> 0<\/a>\t\t<\/div>\r\n\t\t\t\t\t<div class=\"post-summary\">\r\n\t\t\t\tJ\u2019ai 67 ans et \u00e0 un moment ou un autre, j\u2019ai pass\u00e9 ma vie \u00e0 essayer de comprendre le cancer. Et on peut pas comprendre le cancer si on comprend pas la vie. On peut pas comprendre la vie si on comprend pas la conscience et ainsi de suite.&hellip;\t\t\t\t\t<br><a class=\"read-more\"\r\n\t\t\t\t\t       href=\"https:\/\/yogaesoteric.net\/fr\/cancer-changer-de-regard-et-choisir-la-vie-avec-le-dr-laurent-schwartz-cancerologue\/\">Read More...<\/a>\r\n\t\t\t\t\t\t\t<\/div>\r\n\t\t\t\t<\/div>\r\n\t<\/article >\r\n\t<article class=\"post-230147 type-post format-standard has-not-post-thumbnail   listing-item listing-item-blog  listing-item-blog-5 main-term-1178 bsw-13 \">\r\n\t<div class=\"item-inner clearfix\">\r\n\r\n\t\t\t\t\t<div class=\"featured clearfix\">\r\n\t\t\t\t<div class=\"term-badges floated\"><span class=\"term-badge term-1178\"><a href=\"https:\/\/yogaesoteric.net\/fr\/category\/sante-fr\/etudes-4260-fr\/\">\u00c9tudes<\/a><\/span><\/div>\t\t\t\t<a  title=\"Impossible de transmettre la grippe\" data-src=\"https:\/\/yogaesoteric.net\/wp-content\/uploads\/2026\/04\/1-3-e1775232022464-300x148.png\"\t\t\t\t\t\tclass=\"img-holder\" href=\"https:\/\/yogaesoteric.net\/fr\/impossible-de-transmettre-la-grippe\/\"><\/a>\r\n\t\t\t\t\t\t\t<\/div>\r\n\t\t<h2 class=\"title\">\t\t<a href=\"https:\/\/yogaesoteric.net\/fr\/impossible-de-transmettre-la-grippe\/\" class=\"post-title post-url\">\r\n\t\t\tImpossible de transmettre la grippe\t\t<\/a>\r\n\t\t<\/h2>\t\t<div class=\"post-meta\">\r\n\r\n\t\t\t\t\t\t\t<a href=\"https:\/\/yogaesoteric.net\/fr\/author\/lallananda\/\"\r\n\t\t\t\t   title=\"Browse Author Articles\"\r\n\t\t\t\t   class=\"post-author-a\">\r\n\t\t\t\t\t<i class=\"post-author author\">\r\n\t\t\t\t\t\tLallananda\t\t\t\t\t<\/i>\r\n\t\t\t\t<\/a>\r\n\t\t\t\t\t\t\t<span class=\"time\"><time class=\"post-published updated\"\r\n\t\t\t\t                         datetime=\"2026-04-03T16:07:32+00:00\">Apr 3, 2026<\/time><\/span>\r\n\t\t\t\t<a href=\"https:\/\/yogaesoteric.net\/fr\/impossible-de-transmettre-la-grippe\/#respond\" title=\"Leave a comment on: &ldquo;Impossible de transmettre la grippe&rdquo;\" class=\"comments\"><i class=\"fa fa-comments-o\"><\/i> 0<\/a>\t\t<\/div>\r\n\t\t\t\t\t<div class=\"post-summary\">\r\n\t\t\t\tEn cette ann\u00e9e 2026 apocalyptique, c\u2019est-\u00e0-dire riche en r\u00e9v\u00e9lations au sens premier du terme, le mythe pasteurien de la contagion va-t-il enfin s\u2019effondrer ? C\u2019est \u00e0 esp\u00e9rer car une \u00e9tude publi\u00e9 en janvier dernier dans la prestigieuse&hellip;\t\t\t\t\t<br><a class=\"read-more\"\r\n\t\t\t\t\t       href=\"https:\/\/yogaesoteric.net\/fr\/impossible-de-transmettre-la-grippe\/\">Read More...<\/a>\r\n\t\t\t\t\t\t\t<\/div>\r\n\t\t\t\t<\/div>\r\n\t<\/article >\r\n\t<article class=\"post-230142 type-post format-standard has-not-post-thumbnail   listing-item listing-item-blog  listing-item-blog-5 main-term-1094 bsw-13 \">\r\n\t<div class=\"item-inner clearfix\">\r\n\r\n\t\t\t\t\t<div class=\"featured clearfix\">\r\n\t\t\t\t<div class=\"term-badges floated\"><span class=\"term-badge term-1094\"><a href=\"https:\/\/yogaesoteric.net\/fr\/category\/demasquer-la-maconnerie-fr\/nouvelles-sensationnelles-censurees-3480-fr\/nouvelles-censurees-social-5127-fr\/\">Nouvelles censur\u00e9es - Social<\/a><\/span><\/div>\t\t\t\t<a  title=\"GrapheneOS d\u00e9fie les lois sur la surveillance de la v\u00e9rification de l\u2019\u00e2ge et s\u2019engage \u00e0 prot\u00e9ger la vie priv\u00e9e des utilisateurs partout dans le monde\" data-src=\"https:\/\/yogaesoteric.net\/wp-content\/uploads\/2026\/04\/1-9-300x169.jpg\"\t\t\t\t\t\tclass=\"img-holder\" href=\"https:\/\/yogaesoteric.net\/fr\/grapheneos-defie-les-lois-sur-la-surveillance-de-la-verification-de-lage-et-sengage-a-proteger-la-vie-privee-des-utilisateurs-partout-dans-le-monde\/\"><\/a>\r\n\t\t\t\t\t\t\t<\/div>\r\n\t\t<h2 class=\"title\">\t\t<a href=\"https:\/\/yogaesoteric.net\/fr\/grapheneos-defie-les-lois-sur-la-surveillance-de-la-verification-de-lage-et-sengage-a-proteger-la-vie-privee-des-utilisateurs-partout-dans-le-monde\/\" class=\"post-title post-url\">\r\n\t\t\tGrapheneOS d\u00e9fie les lois sur la surveillance de la v\u00e9rification de l\u2019\u00e2ge et s\u2019engage \u00e0 prot\u00e9ger la&hellip;\t\t<\/a>\r\n\t\t<\/h2>\t\t<div class=\"post-meta\">\r\n\r\n\t\t\t\t\t\t\t<a href=\"https:\/\/yogaesoteric.net\/fr\/author\/lallananda\/\"\r\n\t\t\t\t   title=\"Browse Author Articles\"\r\n\t\t\t\t   class=\"post-author-a\">\r\n\t\t\t\t\t<i class=\"post-author author\">\r\n\t\t\t\t\t\tLallananda\t\t\t\t\t<\/i>\r\n\t\t\t\t<\/a>\r\n\t\t\t\t\t\t\t<span class=\"time\"><time class=\"post-published updated\"\r\n\t\t\t\t                         datetime=\"2026-04-03T15:52:30+00:00\">Apr 3, 2026<\/time><\/span>\r\n\t\t\t\t<a href=\"https:\/\/yogaesoteric.net\/fr\/grapheneos-defie-les-lois-sur-la-surveillance-de-la-verification-de-lage-et-sengage-a-proteger-la-vie-privee-des-utilisateurs-partout-dans-le-monde\/#respond\" title=\"Leave a comment on: &ldquo;GrapheneOS d\u00e9fie les lois sur la surveillance de la v\u00e9rification de l\u2019\u00e2ge et s\u2019engage \u00e0 prot\u00e9ger la vie priv\u00e9e des utilisateurs partout dans le monde&rdquo;\" class=\"comments\"><i class=\"fa fa-comments-o\"><\/i> 0<\/a>\t\t<\/div>\r\n\t\t\t\t\t<div class=\"post-summary\">\r\n\t\t\t\tGrapheneOS fait ce qu\u2019Apple et Google refusent de faire : consid\u00e9rer l\u2019acc\u00e8s au march\u00e9 comme un prix acceptable \u00e0 payer pour ne pas int\u00e9grer de syst\u00e8me d\u2019identification gouvernemental dans votre t\u00e9l\u00e9phone.\r\n\r\n\r\n\r\nGrapheneOS a une r\u00e9ponse&hellip;\t\t\t\t\t<br><a class=\"read-more\"\r\n\t\t\t\t\t       href=\"https:\/\/yogaesoteric.net\/fr\/grapheneos-defie-les-lois-sur-la-surveillance-de-la-verification-de-lage-et-sengage-a-proteger-la-vie-privee-des-utilisateurs-partout-dans-le-monde\/\">Read More...<\/a>\r\n\t\t\t\t\t\t\t<\/div>\r\n\t\t\t\t<\/div>\r\n\t<\/article >\r\n\t<article class=\"post-229977 type-post format-standard has-not-post-thumbnail   listing-item listing-item-blog  listing-item-blog-5 main-term-981 bsw-13 \">\r\n\t<div class=\"item-inner clearfix\">\r\n\r\n\t\t\t\t\t<div class=\"featured clearfix\">\r\n\t\t\t\t<div class=\"term-badges floated\"><span class=\"term-badge term-981\"><a href=\"https:\/\/yogaesoteric.net\/fr\/category\/demasquer-la-maconnerie-fr\/sur-la-perverse-manipulation-maconnique-3480-fr\/\">Sur la perverse manipulation ma\u00e7onnique<\/a><\/span><\/div>\t\t\t\t<a  title=\"Les incendiaires\" data-src=\"https:\/\/yogaesoteric.net\/wp-content\/uploads\/2026\/04\/229977_1.jpg\"\t\t\t\t\t\tclass=\"img-holder\" href=\"https:\/\/yogaesoteric.net\/fr\/les-incendiaires\/\"><\/a>\r\n\t\t\t\t\t\t\t<\/div>\r\n\t\t<h2 class=\"title\">\t\t<a href=\"https:\/\/yogaesoteric.net\/fr\/les-incendiaires\/\" class=\"post-title post-url\">\r\n\t\t\tLes incendiaires\t\t<\/a>\r\n\t\t<\/h2>\t\t<div class=\"post-meta\">\r\n\r\n\t\t\t\t\t\t\t<a href=\"https:\/\/yogaesoteric.net\/fr\/author\/radhananda\/\"\r\n\t\t\t\t   title=\"Browse Author Articles\"\r\n\t\t\t\t   class=\"post-author-a\">\r\n\t\t\t\t\t<i class=\"post-author author\">\r\n\t\t\t\t\t\tRadhananda\t\t\t\t\t<\/i>\r\n\t\t\t\t<\/a>\r\n\t\t\t\t\t\t\t<span class=\"time\"><time class=\"post-published updated\"\r\n\t\t\t\t                         datetime=\"2026-04-02T08:40:56+00:00\">Apr 2, 2026<\/time><\/span>\r\n\t\t\t\t<a href=\"https:\/\/yogaesoteric.net\/fr\/les-incendiaires\/#respond\" title=\"Leave a comment on: &ldquo;Les incendiaires&rdquo;\" class=\"comments\"><i class=\"fa fa-comments-o\"><\/i> 0<\/a>\t\t<\/div>\r\n\t\t\t\t\t<div class=\"post-summary\">\r\n\t\t\t\tpar Manlio Dinucci \r\nL\u2019\u00e9pisode du navire m\u00e9thanier russe Arctic Metagaz -qui, frapp\u00e9 par un drone ukrainien, est \u00e0 la d\u00e9rive sans contr\u00f4le au large des c\u00f4tes italiennes avec un chargement de gaz naturel liqu\u00e9fi\u00e9 dont le potentiel thermique&hellip;\t\t\t\t\t<br><a class=\"read-more\"\r\n\t\t\t\t\t       href=\"https:\/\/yogaesoteric.net\/fr\/les-incendiaires\/\">Read More...<\/a>\r\n\t\t\t\t\t\t\t<\/div>\r\n\t\t\t\t<\/div>\r\n\t<\/article >\r\n\t<article class=\"post-229971 type-post format-standard has-not-post-thumbnail   listing-item listing-item-blog  listing-item-blog-5 main-term-1094 bsw-13 \">\r\n\t<div class=\"item-inner clearfix\">\r\n\r\n\t\t\t\t\t<div class=\"featured clearfix\">\r\n\t\t\t\t<div class=\"term-badges floated\"><span class=\"term-badge term-1094\"><a href=\"https:\/\/yogaesoteric.net\/fr\/category\/demasquer-la-maconnerie-fr\/nouvelles-sensationnelles-censurees-3480-fr\/nouvelles-censurees-social-5127-fr\/\">Nouvelles censur\u00e9es - Social<\/a><\/span><\/div>\t\t\t\t<a  title=\"Le FC Barcelone condamn\u00e9 \u00e0 une amende pour violation de la vie priv\u00e9e li\u00e9e \u00e0 la collecte de donn\u00e9es biom\u00e9triques\" data-src=\"https:\/\/yogaesoteric.net\/wp-content\/uploads\/2026\/04\/229971_2.jpg\"\t\t\t\t\t\tclass=\"img-holder\" href=\"https:\/\/yogaesoteric.net\/fr\/le-fc-barcelone-condamne-a-une-amende-pour-violation-de-la-vie-privee-liee-a-la-collecte-de-donnees-biometriques\/\"><\/a>\r\n\t\t\t\t\t\t\t<\/div>\r\n\t\t<h2 class=\"title\">\t\t<a href=\"https:\/\/yogaesoteric.net\/fr\/le-fc-barcelone-condamne-a-une-amende-pour-violation-de-la-vie-privee-liee-a-la-collecte-de-donnees-biometriques\/\" class=\"post-title post-url\">\r\n\t\t\tLe FC Barcelone condamn\u00e9 \u00e0 une amende pour violation de la vie priv\u00e9e li\u00e9e \u00e0 la collecte de donn\u00e9es&hellip;\t\t<\/a>\r\n\t\t<\/h2>\t\t<div class=\"post-meta\">\r\n\r\n\t\t\t\t\t\t\t<a href=\"https:\/\/yogaesoteric.net\/fr\/author\/radhananda\/\"\r\n\t\t\t\t   title=\"Browse Author Articles\"\r\n\t\t\t\t   class=\"post-author-a\">\r\n\t\t\t\t\t<i class=\"post-author author\">\r\n\t\t\t\t\t\tRadhananda\t\t\t\t\t<\/i>\r\n\t\t\t\t<\/a>\r\n\t\t\t\t\t\t\t<span class=\"time\"><time class=\"post-published updated\"\r\n\t\t\t\t                         datetime=\"2026-04-02T08:36:49+00:00\">Apr 2, 2026<\/time><\/span>\r\n\t\t\t\t<a href=\"https:\/\/yogaesoteric.net\/fr\/le-fc-barcelone-condamne-a-une-amende-pour-violation-de-la-vie-privee-liee-a-la-collecte-de-donnees-biometriques\/#respond\" title=\"Leave a comment on: &ldquo;Le FC Barcelone condamn\u00e9 \u00e0 une amende pour violation de la vie priv\u00e9e li\u00e9e \u00e0 la collecte de donn\u00e9es biom\u00e9triques&rdquo;\" class=\"comments\"><i class=\"fa fa-comments-o\"><\/i> 0<\/a>\t\t<\/div>\r\n\t\t\t\t\t<div class=\"post-summary\">\r\n\t\t\t\tLe FC Barcelone s\u2019est vu infliger une amende de 500.000 \u20ac (579.219 $) pour avoir scann\u00e9 les visages et enregistr\u00e9 les voix de plus de 100.000 membres sans avoir pr\u00e9alablement respect\u00e9 les obligations l\u00e9gales.\r\n\r\nL\u2019autorit\u00e9 espagnole charg\u00e9e&hellip;\t\t\t\t\t<br><a class=\"read-more\"\r\n\t\t\t\t\t       href=\"https:\/\/yogaesoteric.net\/fr\/le-fc-barcelone-condamne-a-une-amende-pour-violation-de-la-vie-privee-liee-a-la-collecte-de-donnees-biometriques\/\">Read More...<\/a>\r\n\t\t\t\t\t\t\t<\/div>\r\n\t\t\t\t<\/div>\r\n\t<\/article >\r\n\t<\/div>\r\n\t<\/div>[\/vc_column][\/vc_row]<\/p>\n","protected":false},"excerpt":{"rendered":"<p>If govt can\u2019t secure women\u2019s safety, we can secure it ourselves\u2019, Police files 110 cases Wasim Khalid Srinagar: With 45 days having passed since the first hair-chopping case was reported in Kashmir, the police are still clueless about who the&#8230;<\/p>\n","protected":false},"author":1,"featured_media":0,"parent":0,"menu_order":0,"comment_status":"closed","ping_status":"closed","template":"","meta":{"_uf_show_specific_survey":0,"_uf_disable_surveys":false,"footnotes":""},"class_list":["post-28880","page","type-page","status-publish","hentry"],"_links":{"self":[{"href":"https:\/\/yogaesoteric.net\/fr\/wp-json\/wp\/v2\/pages\/28880","targetHints":{"allow":["GET"]}}],"collection":[{"href":"https:\/\/yogaesoteric.net\/fr\/wp-json\/wp\/v2\/pages"}],"about":[{"href":"https:\/\/yogaesoteric.net\/fr\/wp-json\/wp\/v2\/types\/page"}],"author":[{"embeddable":true,"href":"https:\/\/yogaesoteric.net\/fr\/wp-json\/wp\/v2\/users\/1"}],"replies":[{"embeddable":true,"href":"https:\/\/yogaesoteric.net\/fr\/wp-json\/wp\/v2\/comments?post=28880"}],"version-history":[{"count":188,"href":"https:\/\/yogaesoteric.net\/fr\/wp-json\/wp\/v2\/pages\/28880\/revisions"}],"predecessor-version":[{"id":230061,"href":"https:\/\/yogaesoteric.net\/fr\/wp-json\/wp\/v2\/pages\/28880\/revisions\/230061"}],"wp:attachment":[{"href":"https:\/\/yogaesoteric.net\/fr\/wp-json\/wp\/v2\/media?parent=28880"}],"curies":[{"name":"wp","href":"https:\/\/api.w.org\/{rel}","templated":true}]}}