{"id":30400,"date":"2021-03-28T00:56:25","date_gmt":"2021-03-28T00:56:25","guid":{"rendered":"http:\/\/yogaesoteric.net\/articole-recente\/"},"modified":"2021-03-28T20:02:01","modified_gmt":"2021-03-28T20:02:01","slug":"nouveaux-articles","status":"publish","type":"page","link":"https:\/\/yogaesoteric.net\/fr\/nouveaux-articles\/","title":{"rendered":"Articole recente"},"content":{"rendered":"<p>[vc_row][vc_column]<div class=\"bscb-43162 bsb-have-heading-color bs-listing bs-listing-listing-blog-1 bs-listing-single-tab\">\t\t<h3 class=\"section-heading sh-t4 sh-s2 main-term-none\">\r\n\r\n\t\t\r\n\t\t\t\t\t\t\t<span class=\"h-text main-term-none main-link\">\r\n\t\t\t\t\t\tNouveaux articles\t\t\t\t\t<\/span>\r\n\t\t\t\r\n\t\t\r\n\t\t<\/h3>\r\n\t\t\t<div class=\"listing listing-blog listing-blog-5 clearfix columns-1\">\r\n\t\t<article class=\"post-232515 type-post format-standard has-not-post-thumbnail   listing-item listing-item-blog  listing-item-blog-5 main-term-1570 bsw-13 \">\r\n\t<div class=\"item-inner clearfix\">\r\n\r\n\t\t\t\t\t<div class=\"featured clearfix\">\r\n\t\t\t\t<div class=\"term-badges floated\"><span class=\"term-badge term-1570\"><a href=\"https:\/\/yogaesoteric.net\/fr\/category\/la-menace-de-lintelligence-artificielle\/\">La menace de l&#039;intelligence artificielle<\/a><\/span><\/div>\t\t\t\t<a  title=\"Ils crient \u00ab IA \u00bb, j\u2019entends \u00ab hi-han \u00bb\" data-src=\"https:\/\/yogaesoteric.net\/wp-content\/uploads\/2026\/04\/232515_1.jpg\"\t\t\t\t\t\tclass=\"img-holder\" href=\"https:\/\/yogaesoteric.net\/fr\/ils-crient-ia-jentends-hi-han\/\"><\/a>\r\n\t\t\t\t\t\t\t<\/div>\r\n\t\t<h2 class=\"title\">\t\t<a href=\"https:\/\/yogaesoteric.net\/fr\/ils-crient-ia-jentends-hi-han\/\" class=\"post-title post-url\">\r\n\t\t\tIls crient \u00ab IA \u00bb, j\u2019entends \u00ab hi-han \u00bb\t\t<\/a>\r\n\t\t<\/h2>\t\t<div class=\"post-meta\">\r\n\r\n\t\t\t\t\t\t\t<a href=\"https:\/\/yogaesoteric.net\/fr\/author\/radhananda\/\"\r\n\t\t\t\t   title=\"Browse Author Articles\"\r\n\t\t\t\t   class=\"post-author-a\">\r\n\t\t\t\t\t<i class=\"post-author author\">\r\n\t\t\t\t\t\tRadhananda\t\t\t\t\t<\/i>\r\n\t\t\t\t<\/a>\r\n\t\t\t\t\t\t\t<span class=\"time\"><time class=\"post-published updated\"\r\n\t\t\t\t                         datetime=\"2026-04-28T15:31:46+00:00\">Apr 28, 2026<\/time><\/span>\r\n\t\t\t\t<a href=\"https:\/\/yogaesoteric.net\/fr\/ils-crient-ia-jentends-hi-han\/#respond\" title=\"Leave a comment on: &ldquo;Ils crient \u00ab IA \u00bb, j\u2019entends \u00ab hi-han \u00bb&rdquo;\" class=\"comments\"><i class=\"fa fa-comments-o\"><\/i> 0<\/a>\t\t<\/div>\r\n\t\t\t\t\t<div class=\"post-summary\">\r\n\t\t\t\tpar Louis Volta\r\nPetite confession : l\u2019intelligence artificielle ou IA suscite chez moi des sentiments m\u00eal\u00e9s. En effet, je ne peux m\u2019emp\u00eacher d\u2019h\u00e9siter entre la crainte et la consternation.\r\n\r\nBien s\u00fbr, j\u2019aurais pu vous \u00e9crire ce titre : \u00ab&hellip;\t\t\t\t\t<br><a class=\"read-more\"\r\n\t\t\t\t\t       href=\"https:\/\/yogaesoteric.net\/fr\/ils-crient-ia-jentends-hi-han\/\">Read More...<\/a>\r\n\t\t\t\t\t\t\t<\/div>\r\n\t\t\t\t<\/div>\r\n\t<\/article >\r\n\t<article class=\"post-232510 type-post format-standard has-not-post-thumbnail   listing-item listing-item-blog  listing-item-blog-5 main-term-1571 bsw-13 \">\r\n\t<div class=\"item-inner clearfix\">\r\n\r\n\t\t\t\t\t<div class=\"featured clearfix\">\r\n\t\t\t\t<div class=\"term-badges floated\"><span class=\"term-badge term-1571\"><a href=\"https:\/\/yogaesoteric.net\/fr\/category\/sante-fr\/les-dangers-de-la-vaccination\/\">Les dangers de la vaccination<\/a><\/span><\/div>\t\t\t\t<a  title=\"Vaccins. Armes biologiques ? Le proc\u00e8s v\u00e9rit\u00e9 ? Intention criminelle pr\u00e9m\u00e9dit\u00e9e ?\" data-src=\"https:\/\/yogaesoteric.net\/wp-content\/uploads\/2026\/04\/232510_1.jpg\"\t\t\t\t\t\tclass=\"img-holder\" href=\"https:\/\/yogaesoteric.net\/fr\/vaccins-armes-biologiques-le-proces-verite-intention-criminelle-premeditee\/\"><\/a>\r\n\t\t\t\t\t\t\t<\/div>\r\n\t\t<h2 class=\"title\">\t\t<a href=\"https:\/\/yogaesoteric.net\/fr\/vaccins-armes-biologiques-le-proces-verite-intention-criminelle-premeditee\/\" class=\"post-title post-url\">\r\n\t\t\tVaccins. Armes biologiques ? Le proc\u00e8s v\u00e9rit\u00e9 ? Intention criminelle pr\u00e9m\u00e9dit\u00e9e ?\t\t<\/a>\r\n\t\t<\/h2>\t\t<div class=\"post-meta\">\r\n\r\n\t\t\t\t\t\t\t<a href=\"https:\/\/yogaesoteric.net\/fr\/author\/radhananda\/\"\r\n\t\t\t\t   title=\"Browse Author Articles\"\r\n\t\t\t\t   class=\"post-author-a\">\r\n\t\t\t\t\t<i class=\"post-author author\">\r\n\t\t\t\t\t\tRadhananda\t\t\t\t\t<\/i>\r\n\t\t\t\t<\/a>\r\n\t\t\t\t\t\t\t<span class=\"time\"><time class=\"post-published updated\"\r\n\t\t\t\t                         datetime=\"2026-04-28T15:21:03+00:00\">Apr 28, 2026<\/time><\/span>\r\n\t\t\t\t<a href=\"https:\/\/yogaesoteric.net\/fr\/vaccins-armes-biologiques-le-proces-verite-intention-criminelle-premeditee\/#respond\" title=\"Leave a comment on: &ldquo;Vaccins. Armes biologiques ? Le proc\u00e8s v\u00e9rit\u00e9 ? Intention criminelle pr\u00e9m\u00e9dit\u00e9e ?&rdquo;\" class=\"comments\"><i class=\"fa fa-comments-o\"><\/i> 0<\/a>\t\t<\/div>\r\n\t\t\t\t\t<div class=\"post-summary\">\r\n\t\t\t\t1 - Les Coulisses des Vaccins ARNm, doubl\u00e9e en fran\u00e7ais, produit par @InsideVac (X) Trials www.insidemrnavaccines.com\/\r\n\r\nCe film explore le d\u00e9ploiement mondial sans pr\u00e9c\u00e9dent de la technologie des vaccins \u00e0 ARNm et les questions&hellip;\t\t\t\t\t<br><a class=\"read-more\"\r\n\t\t\t\t\t       href=\"https:\/\/yogaesoteric.net\/fr\/vaccins-armes-biologiques-le-proces-verite-intention-criminelle-premeditee\/\">Read More...<\/a>\r\n\t\t\t\t\t\t\t<\/div>\r\n\t\t\t\t<\/div>\r\n\t<\/article >\r\n\t<article class=\"post-232497 type-post format-standard has-not-post-thumbnail   listing-item listing-item-blog  listing-item-blog-5 main-term-1330 bsw-13 \">\r\n\t<div class=\"item-inner clearfix\">\r\n\r\n\t\t\t\t\t<div class=\"featured clearfix\">\r\n\t\t\t\t<div class=\"term-badges floated\"><span class=\"term-badge term-1330\"><a href=\"https:\/\/yogaesoteric.net\/fr\/category\/actualite-fr\/science-et-technique-1602-fr\/\">Science et technique<\/a><\/span><\/div>\t\t\t\t<a  title=\"Lancement du \u00ab premier robot humano\u00efde au monde \u00bb capable d\u2019effectuer de v\u00e9ritables t\u00e2ches m\u00e9nag\u00e8res, dot\u00e9 d\u2019une autonomie de 16 heures\" data-src=\"https:\/\/yogaesoteric.net\/wp-content\/uploads\/2026\/04\/232497_1.jpg\"\t\t\t\t\t\tclass=\"img-holder\" href=\"https:\/\/yogaesoteric.net\/fr\/lancement-du-premier-robot-humanoide-au-monde-capable-deffectuer-de-veritables-taches-menageres-dote-dune-autonomie-de-16-heures\/\"><\/a>\r\n\t\t\t\t\t\t\t<\/div>\r\n\t\t<h2 class=\"title\">\t\t<a href=\"https:\/\/yogaesoteric.net\/fr\/lancement-du-premier-robot-humanoide-au-monde-capable-deffectuer-de-veritables-taches-menageres-dote-dune-autonomie-de-16-heures\/\" class=\"post-title post-url\">\r\n\t\t\tLancement du \u00ab premier robot humano\u00efde au monde \u00bb capable d\u2019effectuer de v\u00e9ritables t\u00e2ches&hellip;\t\t<\/a>\r\n\t\t<\/h2>\t\t<div class=\"post-meta\">\r\n\r\n\t\t\t\t\t\t\t<a href=\"https:\/\/yogaesoteric.net\/fr\/author\/radhananda\/\"\r\n\t\t\t\t   title=\"Browse Author Articles\"\r\n\t\t\t\t   class=\"post-author-a\">\r\n\t\t\t\t\t<i class=\"post-author author\">\r\n\t\t\t\t\t\tRadhananda\t\t\t\t\t<\/i>\r\n\t\t\t\t<\/a>\r\n\t\t\t\t\t\t\t<span class=\"time\"><time class=\"post-published updated\"\r\n\t\t\t\t                         datetime=\"2026-04-27T13:13:23+00:00\">Apr 27, 2026<\/time><\/span>\r\n\t\t\t\t<a href=\"https:\/\/yogaesoteric.net\/fr\/lancement-du-premier-robot-humanoide-au-monde-capable-deffectuer-de-veritables-taches-menageres-dote-dune-autonomie-de-16-heures\/#respond\" title=\"Leave a comment on: &ldquo;Lancement du \u00ab premier robot humano\u00efde au monde \u00bb capable d\u2019effectuer de v\u00e9ritables t\u00e2ches m\u00e9nag\u00e8res, dot\u00e9 d\u2019une autonomie de 16 heures&rdquo;\" class=\"comments\"><i class=\"fa fa-comments-o\"><\/i> 0<\/a>\t\t<\/div>\r\n\t\t\t\t\t<div class=\"post-summary\">\r\n\t\t\t\tPanther est un robot humano\u00efde de troisi\u00e8me g\u00e9n\u00e9ration, de taille r\u00e9elle, \u00e9quip\u00e9 de deux bras et de roues, et UniX AI a lanc\u00e9 sa commercialisation mondiale.\r\n\r\nLe robot mesure environ 1,60 m\u00e8tre, p\u00e8se environ 80 kg et dispose d\u2019une&hellip;\t\t\t\t\t<br><a class=\"read-more\"\r\n\t\t\t\t\t       href=\"https:\/\/yogaesoteric.net\/fr\/lancement-du-premier-robot-humanoide-au-monde-capable-deffectuer-de-veritables-taches-menageres-dote-dune-autonomie-de-16-heures\/\">Read More...<\/a>\r\n\t\t\t\t\t\t\t<\/div>\r\n\t\t\t\t<\/div>\r\n\t<\/article >\r\n\t<article class=\"post-232489 type-post format-standard has-not-post-thumbnail   listing-item listing-item-blog  listing-item-blog-5 main-term-383 bsw-13 \">\r\n\t<div class=\"item-inner clearfix\">\r\n\r\n\t\t\t\t\t<div class=\"featured clearfix\">\r\n\t\t\t\t<div class=\"term-badges floated\"><span class=\"term-badge term-383\"><a href=\"https:\/\/yogaesoteric.net\/fr\/category\/actualite-fr\/opinions-1602-fr\/\">Opinions<\/a><\/span><\/div>\t\t\t\t<a  title=\"Une analyse allemande du changement de pouvoir en Hongrie\" data-src=\"https:\/\/yogaesoteric.net\/wp-content\/uploads\/2026\/04\/232489_1.jpg\"\t\t\t\t\t\tclass=\"img-holder\" href=\"https:\/\/yogaesoteric.net\/fr\/une-analyse-allemande-du-changement-de-pouvoir-en-hongrie\/\"><\/a>\r\n\t\t\t\t\t\t\t<\/div>\r\n\t\t<h2 class=\"title\">\t\t<a href=\"https:\/\/yogaesoteric.net\/fr\/une-analyse-allemande-du-changement-de-pouvoir-en-hongrie\/\" class=\"post-title post-url\">\r\n\t\t\tUne analyse allemande du changement de pouvoir en Hongrie\t\t<\/a>\r\n\t\t<\/h2>\t\t<div class=\"post-meta\">\r\n\r\n\t\t\t\t\t\t\t<a href=\"https:\/\/yogaesoteric.net\/fr\/author\/radhananda\/\"\r\n\t\t\t\t   title=\"Browse Author Articles\"\r\n\t\t\t\t   class=\"post-author-a\">\r\n\t\t\t\t\t<i class=\"post-author author\">\r\n\t\t\t\t\t\tRadhananda\t\t\t\t\t<\/i>\r\n\t\t\t\t<\/a>\r\n\t\t\t\t\t\t\t<span class=\"time\"><time class=\"post-published updated\"\r\n\t\t\t\t                         datetime=\"2026-04-27T13:07:51+00:00\">Apr 27, 2026<\/time><\/span>\r\n\t\t\t\t<a href=\"https:\/\/yogaesoteric.net\/fr\/une-analyse-allemande-du-changement-de-pouvoir-en-hongrie\/#respond\" title=\"Leave a comment on: &ldquo;Une analyse allemande du changement de pouvoir en Hongrie&rdquo;\" class=\"comments\"><i class=\"fa fa-comments-o\"><\/i> 0<\/a>\t\t<\/div>\r\n\t\t\t\t\t<div class=\"post-summary\">\r\n\t\t\t\tpar Conny Axel Meier\r\n\u00ab Quand une vache se sent trop bien, elle finit sur la glace. L\u2019\u00c9tat hongrois, fond\u00e9 le 20 ao\u00fbt 1000 apr. J.-C., a choisi le 12 avril 2026 la voie de sa propre chute et cessera bient\u00f4t d\u2019exister en tant qu\u2019\u00c9tat&hellip;\t\t\t\t\t<br><a class=\"read-more\"\r\n\t\t\t\t\t       href=\"https:\/\/yogaesoteric.net\/fr\/une-analyse-allemande-du-changement-de-pouvoir-en-hongrie\/\">Read More...<\/a>\r\n\t\t\t\t\t\t\t<\/div>\r\n\t\t\t\t<\/div>\r\n\t<\/article >\r\n\t<article class=\"post-232299 type-post format-standard has-not-post-thumbnail   listing-item listing-item-blog  listing-item-blog-5 main-term-1091 bsw-13 \">\r\n\t<div class=\"item-inner clearfix\">\r\n\r\n\t\t\t\t\t<div class=\"featured clearfix\">\r\n\t\t\t\t<div class=\"term-badges floated\"><span class=\"term-badge term-1091\"><a href=\"https:\/\/yogaesoteric.net\/fr\/category\/demasquer-la-maconnerie-fr\/nouvelles-sensationnelles-censurees-3480-fr\/nouvelles-censurees-militaire-5127-fr\/\">Nouvelles censur\u00e9es - Militaire<\/a><\/span><\/div>\t\t\t\t<a  title=\"L\u2019arm\u00e9e am\u00e9ricaine teste le robot \u00ab Hunter Wolf \u00bb, \u00e9quip\u00e9 d\u2019une arme \u00e0 feu et d\u2019un radar, lors d\u2019exercices de combat\" data-src=\"https:\/\/yogaesoteric.net\/wp-content\/uploads\/2026\/04\/232299_1.jpg\"\t\t\t\t\t\tclass=\"img-holder\" href=\"https:\/\/yogaesoteric.net\/fr\/larmee-americaine-teste-le-robot-hunter-wolf-equipe-dune-arme-a-feu-et-dun-radar-lors-dexercices-de-combat\/\"><\/a>\r\n\t\t\t\t\t\t\t<\/div>\r\n\t\t<h2 class=\"title\">\t\t<a href=\"https:\/\/yogaesoteric.net\/fr\/larmee-americaine-teste-le-robot-hunter-wolf-equipe-dune-arme-a-feu-et-dun-radar-lors-dexercices-de-combat\/\" class=\"post-title post-url\">\r\n\t\t\tL\u2019arm\u00e9e am\u00e9ricaine teste le robot \u00ab Hunter Wolf \u00bb, \u00e9quip\u00e9 d\u2019une arme \u00e0 feu et d\u2019un radar, lors&hellip;\t\t<\/a>\r\n\t\t<\/h2>\t\t<div class=\"post-meta\">\r\n\r\n\t\t\t\t\t\t\t<a href=\"https:\/\/yogaesoteric.net\/fr\/author\/radhananda\/\"\r\n\t\t\t\t   title=\"Browse Author Articles\"\r\n\t\t\t\t   class=\"post-author-a\">\r\n\t\t\t\t\t<i class=\"post-author author\">\r\n\t\t\t\t\t\tRadhananda\t\t\t\t\t<\/i>\r\n\t\t\t\t<\/a>\r\n\t\t\t\t\t\t\t<span class=\"time\"><time class=\"post-published updated\"\r\n\t\t\t\t                         datetime=\"2026-04-26T16:43:57+00:00\">Apr 26, 2026<\/time><\/span>\r\n\t\t\t\t<a href=\"https:\/\/yogaesoteric.net\/fr\/larmee-americaine-teste-le-robot-hunter-wolf-equipe-dune-arme-a-feu-et-dun-radar-lors-dexercices-de-combat\/#respond\" title=\"Leave a comment on: &ldquo;L\u2019arm\u00e9e am\u00e9ricaine teste le robot \u00ab Hunter Wolf \u00bb, \u00e9quip\u00e9 d\u2019une arme \u00e0 feu et d\u2019un radar, lors d\u2019exercices de combat&rdquo;\" class=\"comments\"><i class=\"fa fa-comments-o\"><\/i> 0<\/a>\t\t<\/div>\r\n\t\t\t\t\t<div class=\"post-summary\">\r\n\t\t\t\tDe nouvelles images publi\u00e9es lundi, 19 avril, par le Service de diffusion d\u2019informations visuelles de la D\u00e9fense montrent un v\u00e9hicule terrestre sans pilote Hunter Wolf en action aux c\u00f4t\u00e9s de la 101e Division a\u00e9roport\u00e9e lors d\u2019une simulation&hellip;\t\t\t\t\t<br><a class=\"read-more\"\r\n\t\t\t\t\t       href=\"https:\/\/yogaesoteric.net\/fr\/larmee-americaine-teste-le-robot-hunter-wolf-equipe-dune-arme-a-feu-et-dun-radar-lors-dexercices-de-combat\/\">Read More...<\/a>\r\n\t\t\t\t\t\t\t<\/div>\r\n\t\t\t\t<\/div>\r\n\t<\/article >\r\n\t<article class=\"post-232294 type-post format-standard has-not-post-thumbnail   listing-item listing-item-blog  listing-item-blog-5 main-term-386 bsw-13 \">\r\n\t<div class=\"item-inner clearfix\">\r\n\r\n\t\t\t\t\t<div class=\"featured clearfix\">\r\n\t\t\t\t<div class=\"term-badges floated\"><span class=\"term-badge term-386\"><a href=\"https:\/\/yogaesoteric.net\/fr\/category\/actualite-fr\/nouvelles-1602-fr\/\">Nouvelles<\/a><\/span><\/div>\t\t\t\t<a  title=\"L\u2019Europe \u00e0 la merci d\u2019un \u00ab kill switch \u00bb am\u00e9ricain pour ses infrastructures cloud\" data-src=\"https:\/\/yogaesoteric.net\/wp-content\/uploads\/2026\/04\/232294_1.jpg\"\t\t\t\t\t\tclass=\"img-holder\" href=\"https:\/\/yogaesoteric.net\/fr\/leurope-a-la-merci-dun-kill-switch-americain-pour-ses-infrastructures-cloud\/\"><\/a>\r\n\t\t\t\t\t\t\t<\/div>\r\n\t\t<h2 class=\"title\">\t\t<a href=\"https:\/\/yogaesoteric.net\/fr\/leurope-a-la-merci-dun-kill-switch-americain-pour-ses-infrastructures-cloud\/\" class=\"post-title post-url\">\r\n\t\t\tL\u2019Europe \u00e0 la merci d\u2019un \u00ab kill switch \u00bb am\u00e9ricain pour ses infrastructures cloud\t\t<\/a>\r\n\t\t<\/h2>\t\t<div class=\"post-meta\">\r\n\r\n\t\t\t\t\t\t\t<a href=\"https:\/\/yogaesoteric.net\/fr\/author\/radhananda\/\"\r\n\t\t\t\t   title=\"Browse Author Articles\"\r\n\t\t\t\t   class=\"post-author-a\">\r\n\t\t\t\t\t<i class=\"post-author author\">\r\n\t\t\t\t\t\tRadhananda\t\t\t\t\t<\/i>\r\n\t\t\t\t<\/a>\r\n\t\t\t\t\t\t\t<span class=\"time\"><time class=\"post-published updated\"\r\n\t\t\t\t                         datetime=\"2026-04-26T16:41:17+00:00\">Apr 26, 2026<\/time><\/span>\r\n\t\t\t\t<a href=\"https:\/\/yogaesoteric.net\/fr\/leurope-a-la-merci-dun-kill-switch-americain-pour-ses-infrastructures-cloud\/#respond\" title=\"Leave a comment on: &ldquo;L\u2019Europe \u00e0 la merci d\u2019un \u00ab kill switch \u00bb am\u00e9ricain pour ses infrastructures cloud&rdquo;\" class=\"comments\"><i class=\"fa fa-comments-o\"><\/i> 0<\/a>\t\t<\/div>\r\n\t\t\t\t\t<div class=\"post-summary\">\r\n\t\t\t\tL\u2019Union europ\u00e9enne mise trop sur les infrastructures cloud am\u00e9ricaines pour sa d\u00e9fense, explique un rapport d\u2019un think tank europ\u00e9en, qui a point\u00e9 le risque d\u2019un \u00ab kill switch \u00bb (interrupteur d'urgence) pouvant causer l\u2019interruption de nos&hellip;\t\t\t\t\t<br><a class=\"read-more\"\r\n\t\t\t\t\t       href=\"https:\/\/yogaesoteric.net\/fr\/leurope-a-la-merci-dun-kill-switch-americain-pour-ses-infrastructures-cloud\/\">Read More...<\/a>\r\n\t\t\t\t\t\t\t<\/div>\r\n\t\t\t\t<\/div>\r\n\t<\/article >\r\n\t<article class=\"post-232194 type-post format-standard has-not-post-thumbnail   listing-item listing-item-blog  listing-item-blog-5 main-term-386 bsw-13 \">\r\n\t<div class=\"item-inner clearfix\">\r\n\r\n\t\t\t\t\t<div class=\"featured clearfix\">\r\n\t\t\t\t<div class=\"term-badges floated\"><span class=\"term-badge term-386\"><a href=\"https:\/\/yogaesoteric.net\/fr\/category\/actualite-fr\/nouvelles-1602-fr\/\">Nouvelles<\/a><\/span><\/div>\t\t\t\t<a  title=\"\u00ab Faible \u00bb : Trump fustige le pape L\u00e9on pour ses critiques concernant la guerre en Iran et l\u2019immigration\" data-src=\"https:\/\/yogaesoteric.net\/wp-content\/uploads\/2026\/04\/trump-pope.jpg\"\t\t\t\t\t\tclass=\"img-holder\" href=\"https:\/\/yogaesoteric.net\/fr\/faible-trump-fustige-le-pape-leon-pour-ses-critiques-concernant-la-guerre-en-iran-et-limmigration\/\"><\/a>\r\n\t\t\t\t\t\t\t<\/div>\r\n\t\t<h2 class=\"title\">\t\t<a href=\"https:\/\/yogaesoteric.net\/fr\/faible-trump-fustige-le-pape-leon-pour-ses-critiques-concernant-la-guerre-en-iran-et-limmigration\/\" class=\"post-title post-url\">\r\n\t\t\t\u00ab Faible \u00bb : Trump fustige le pape L\u00e9on pour ses critiques concernant la guerre en Iran et&hellip;\t\t<\/a>\r\n\t\t<\/h2>\t\t<div class=\"post-meta\">\r\n\r\n\t\t\t\t\t\t\t<a href=\"https:\/\/yogaesoteric.net\/fr\/author\/balananda\/\"\r\n\t\t\t\t   title=\"Browse Author Articles\"\r\n\t\t\t\t   class=\"post-author-a\">\r\n\t\t\t\t\t<i class=\"post-author author\">\r\n\t\t\t\t\t\tBalananda\t\t\t\t\t<\/i>\r\n\t\t\t\t<\/a>\r\n\t\t\t\t\t\t\t<span class=\"time\"><time class=\"post-published updated\"\r\n\t\t\t\t                         datetime=\"2026-04-25T16:40:48+00:00\">Apr 25, 2026<\/time><\/span>\r\n\t\t\t\t<a href=\"https:\/\/yogaesoteric.net\/fr\/faible-trump-fustige-le-pape-leon-pour-ses-critiques-concernant-la-guerre-en-iran-et-limmigration\/#respond\" title=\"Leave a comment on: &ldquo;\u00ab Faible \u00bb : Trump fustige le pape L\u00e9on pour ses critiques concernant la guerre en Iran et l\u2019immigration&rdquo;\" class=\"comments\"><i class=\"fa fa-comments-o\"><\/i> 0<\/a>\t\t<\/div>\r\n\t\t\t\t\t<div class=\"post-summary\">\r\n\t\t\t\tLe pr\u00e9sident Trump a qualifi\u00e9 le pape L\u00e9on de \u00ab faible \u00bb et a d\u00e9clar\u00e9 qu\u2019il pr\u00e9f\u00e9rait son fr\u00e8re \u00ab MAGA \u00bb apr\u00e8s que le chef de l\u2019\u00c9glise catholique eut lanc\u00e9 des piques \u00e0 peine voil\u00e9es \u00e0 son encontre au sujet de la guerre en Iran et de ses&hellip;\t\t\t\t\t<br><a class=\"read-more\"\r\n\t\t\t\t\t       href=\"https:\/\/yogaesoteric.net\/fr\/faible-trump-fustige-le-pape-leon-pour-ses-critiques-concernant-la-guerre-en-iran-et-limmigration\/\">Read More...<\/a>\r\n\t\t\t\t\t\t\t<\/div>\r\n\t\t\t\t<\/div>\r\n\t<\/article >\r\n\t<article class=\"post-232189 type-post format-standard has-not-post-thumbnail   listing-item listing-item-blog  listing-item-blog-5 main-term-1094 bsw-13 \">\r\n\t<div class=\"item-inner clearfix\">\r\n\r\n\t\t\t\t\t<div class=\"featured clearfix\">\r\n\t\t\t\t<div class=\"term-badges floated\"><span class=\"term-badge term-1094\"><a href=\"https:\/\/yogaesoteric.net\/fr\/category\/demasquer-la-maconnerie-fr\/nouvelles-sensationnelles-censurees-3480-fr\/nouvelles-censurees-social-5127-fr\/\">Nouvelles censur\u00e9es - Social<\/a><\/span><\/div>\t\t\t\t<a  title=\"La Turquie va exiger la pr\u00e9sentation d\u2019une carte d\u2019identit\u00e9 nationale pour cr\u00e9er un compte sur les r\u00e9seaux de communication virtuels\" data-src=\"https:\/\/yogaesoteric.net\/wp-content\/uploads\/2026\/04\/turquieid.jpg\"\t\t\t\t\t\tclass=\"img-holder\" href=\"https:\/\/yogaesoteric.net\/fr\/la-turquie-va-exiger-la-presentation-dune-carte-didentite-nationale-pour-creer-un-compte-sur-les-reseaux-de-communication-virtuels\/\"><\/a>\r\n\t\t\t\t\t\t\t<\/div>\r\n\t\t<h2 class=\"title\">\t\t<a href=\"https:\/\/yogaesoteric.net\/fr\/la-turquie-va-exiger-la-presentation-dune-carte-didentite-nationale-pour-creer-un-compte-sur-les-reseaux-de-communication-virtuels\/\" class=\"post-title post-url\">\r\n\t\t\tLa Turquie va exiger la pr\u00e9sentation d\u2019une carte d\u2019identit\u00e9 nationale pour cr\u00e9er un compte sur les&hellip;\t\t<\/a>\r\n\t\t<\/h2>\t\t<div class=\"post-meta\">\r\n\r\n\t\t\t\t\t\t\t<a href=\"https:\/\/yogaesoteric.net\/fr\/author\/balananda\/\"\r\n\t\t\t\t   title=\"Browse Author Articles\"\r\n\t\t\t\t   class=\"post-author-a\">\r\n\t\t\t\t\t<i class=\"post-author author\">\r\n\t\t\t\t\t\tBalananda\t\t\t\t\t<\/i>\r\n\t\t\t\t<\/a>\r\n\t\t\t\t\t\t\t<span class=\"time\"><time class=\"post-published updated\"\r\n\t\t\t\t                         datetime=\"2026-04-25T16:28:12+00:00\">Apr 25, 2026<\/time><\/span>\r\n\t\t\t\t<a href=\"https:\/\/yogaesoteric.net\/fr\/la-turquie-va-exiger-la-presentation-dune-carte-didentite-nationale-pour-creer-un-compte-sur-les-reseaux-de-communication-virtuels\/#respond\" title=\"Leave a comment on: &ldquo;La Turquie va exiger la pr\u00e9sentation d\u2019une carte d\u2019identit\u00e9 nationale pour cr\u00e9er un compte sur les r\u00e9seaux de communication virtuels&rdquo;\" class=\"comments\"><i class=\"fa fa-comments-o\"><\/i> 0<\/a>\t\t<\/div>\r\n\t\t\t\t\t<div class=\"post-summary\">\r\n\t\t\t\tTous les comptes sur les r\u00e9seaux de communication virtuels en Turquie sont sur le point d\u2019\u00eatre li\u00e9s \u00e0 un num\u00e9ro d\u2019identit\u00e9 d\u00e9livr\u00e9 par le gouvernement. Le ministre de la Justice, Ak\u0131n G\u00fcrlek, a annonc\u00e9 le 3 avril que les plateformes&hellip;\t\t\t\t\t<br><a class=\"read-more\"\r\n\t\t\t\t\t       href=\"https:\/\/yogaesoteric.net\/fr\/la-turquie-va-exiger-la-presentation-dune-carte-didentite-nationale-pour-creer-un-compte-sur-les-reseaux-de-communication-virtuels\/\">Read More...<\/a>\r\n\t\t\t\t\t\t\t<\/div>\r\n\t\t\t\t<\/div>\r\n\t<\/article >\r\n\t<article class=\"post-232040 type-post format-standard has-not-post-thumbnail   listing-item listing-item-blog  listing-item-blog-5 main-term-1653 bsw-13 \">\r\n\t<div class=\"item-inner clearfix\">\r\n\r\n\t\t\t\t\t<div class=\"featured clearfix\">\r\n\t\t\t\t<div class=\"term-badges floated\"><span class=\"term-badge term-1653\"><a href=\"https:\/\/yogaesoteric.net\/fr\/category\/actualite-fr\/histoire-non-censuree\/\">Histoire non censur\u00e9e<\/a><\/span><\/div>\t\t\t\t<a  title=\"On vous a menti pendant 165 ans\" data-src=\"https:\/\/yogaesoteric.net\/wp-content\/uploads\/2026\/04\/232040_1.jpg\"\t\t\t\t\t\tclass=\"img-holder\" href=\"https:\/\/yogaesoteric.net\/fr\/on-vous-a-menti-pendant-165-ans\/\"><\/a>\r\n\t\t\t\t\t\t\t<\/div>\r\n\t\t<h2 class=\"title\">\t\t<a href=\"https:\/\/yogaesoteric.net\/fr\/on-vous-a-menti-pendant-165-ans\/\" class=\"post-title post-url\">\r\n\t\t\tOn vous a menti pendant 165 ans\t\t<\/a>\r\n\t\t<\/h2>\t\t<div class=\"post-meta\">\r\n\r\n\t\t\t\t\t\t\t<a href=\"https:\/\/yogaesoteric.net\/fr\/author\/radhananda\/\"\r\n\t\t\t\t   title=\"Browse Author Articles\"\r\n\t\t\t\t   class=\"post-author-a\">\r\n\t\t\t\t\t<i class=\"post-author author\">\r\n\t\t\t\t\t\tRadhananda\t\t\t\t\t<\/i>\r\n\t\t\t\t<\/a>\r\n\t\t\t\t\t\t\t<span class=\"time\"><time class=\"post-published updated\"\r\n\t\t\t\t                         datetime=\"2026-04-24T08:42:12+00:00\">Apr 24, 2026<\/time><\/span>\r\n\t\t\t\t<a href=\"https:\/\/yogaesoteric.net\/fr\/on-vous-a-menti-pendant-165-ans\/#respond\" title=\"Leave a comment on: &ldquo;On vous a menti pendant 165 ans&rdquo;\" class=\"comments\"><i class=\"fa fa-comments-o\"><\/i> 0<\/a>\t\t<\/div>\r\n\t\t\t\t\t<div class=\"post-summary\">\r\n\t\t\t\tpar Profession Gendarme\r\nCe que je vais vous raconter, on ne vous l\u2019a jamais dit \u00e0 l\u2019\u00e9cole. Pas parce que c\u2019est faux. Mais parce que si vous le comprenez, tout s\u2019effondre. Tout. Le petit ch\u00e2teau de cartes qu\u2019on vous a construit depuis le&hellip;\t\t\t\t\t<br><a class=\"read-more\"\r\n\t\t\t\t\t       href=\"https:\/\/yogaesoteric.net\/fr\/on-vous-a-menti-pendant-165-ans\/\">Read More...<\/a>\r\n\t\t\t\t\t\t\t<\/div>\r\n\t\t\t\t<\/div>\r\n\t<\/article >\r\n\t<article class=\"post-232032 type-post format-standard has-post-thumbnail   listing-item listing-item-blog  listing-item-blog-5 main-term-1571 bsw-13 \">\r\n\t<div class=\"item-inner clearfix\">\r\n\r\n\t\t\t\t\t<div class=\"featured clearfix\">\r\n\t\t\t\t<div class=\"term-badges floated\"><span class=\"term-badge term-1571\"><a href=\"https:\/\/yogaesoteric.net\/fr\/category\/sante-fr\/les-dangers-de-la-vaccination\/\">Les dangers de la vaccination<\/a><\/span><\/div>\t\t\t\t<a  title=\"Vaccination au coll\u00e8ge \u2013 Vos droits en tant que parents\" data-src=\"https:\/\/yogaesoteric.net\/wp-content\/uploads\/2026\/04\/232032_2-357x210.jpg\" data-bs-srcset=\"{&quot;baseurl&quot;:&quot;https:\\\/\\\/yogaesoteric.net\\\/wp-content\\\/uploads\\\/2026\\\/04\\\/&quot;,&quot;sizes&quot;:{&quot;210&quot;:&quot;232032_2-210x136.jpg&quot;,&quot;279&quot;:&quot;232032_2-279x220.jpg&quot;,&quot;357&quot;:&quot;232032_2-357x210.jpg&quot;,&quot;560&quot;:&quot;232032_2.jpg&quot;}}\"\t\t\t\t\t\tclass=\"img-holder\" href=\"https:\/\/yogaesoteric.net\/fr\/vaccination-au-college-vos-droits-en-tant-que-parents\/\"><\/a>\r\n\t\t\t\t\t\t\t<\/div>\r\n\t\t<h2 class=\"title\">\t\t<a href=\"https:\/\/yogaesoteric.net\/fr\/vaccination-au-college-vos-droits-en-tant-que-parents\/\" class=\"post-title post-url\">\r\n\t\t\tVaccination au coll\u00e8ge \u2013 Vos droits en tant que parents\t\t<\/a>\r\n\t\t<\/h2>\t\t<div class=\"post-meta\">\r\n\r\n\t\t\t\t\t\t\t<a href=\"https:\/\/yogaesoteric.net\/fr\/author\/radhananda\/\"\r\n\t\t\t\t   title=\"Browse Author Articles\"\r\n\t\t\t\t   class=\"post-author-a\">\r\n\t\t\t\t\t<i class=\"post-author author\">\r\n\t\t\t\t\t\tRadhananda\t\t\t\t\t<\/i>\r\n\t\t\t\t<\/a>\r\n\t\t\t\t\t\t\t<span class=\"time\"><time class=\"post-published updated\"\r\n\t\t\t\t                         datetime=\"2026-04-24T08:30:55+00:00\">Apr 24, 2026<\/time><\/span>\r\n\t\t\t\t<a href=\"https:\/\/yogaesoteric.net\/fr\/vaccination-au-college-vos-droits-en-tant-que-parents\/#respond\" title=\"Leave a comment on: &ldquo;Vaccination au coll\u00e8ge \u2013 Vos droits en tant que parents&rdquo;\" class=\"comments\"><i class=\"fa fa-comments-o\"><\/i> 0<\/a>\t\t<\/div>\r\n\t\t\t\t\t<div class=\"post-summary\">\r\n\t\t\t\tpar Dr Louis Fouch\u00e9, Les Enfants d\u2019Hippocrate\r\nVaccination au coll\u00e8ge \u2013 Vos droits en tant que parents\r\n\r\nNous avons mis en place une campagne d\u2019information \u00e0 destination des parents sur leurs droits et libert\u00e9s fondamentaux applicables&hellip;\t\t\t\t\t<br><a class=\"read-more\"\r\n\t\t\t\t\t       href=\"https:\/\/yogaesoteric.net\/fr\/vaccination-au-college-vos-droits-en-tant-que-parents\/\">Read More...<\/a>\r\n\t\t\t\t\t\t\t<\/div>\r\n\t\t\t\t<\/div>\r\n\t<\/article >\r\n\t<article class=\"post-231978 type-post format-standard has-not-post-thumbnail   listing-item listing-item-blog  listing-item-blog-5 main-term-825 bsw-13 \">\r\n\t<div class=\"item-inner clearfix\">\r\n\r\n\t\t\t\t\t<div class=\"featured clearfix\">\r\n\t\t\t\t<div class=\"term-badges floated\"><span class=\"term-badge term-825\"><a href=\"https:\/\/yogaesoteric.net\/fr\/category\/actualite-fr\/societe-1602-fr\/\">Soci\u00e9t\u00e9<\/a><\/span><\/div>\t\t\t\t<a  title=\"Les m\u00e9dias traditionnels sont en voie d\u2019extinction et les podcasts sont la com\u00e8te : Fox News s\u2019en prend aux m\u00e9dias alternatifs, les accusant d\u2019inciter les jeunes \u00e0 remettre en cause l\u2019establishment politique\" data-src=\"https:\/\/yogaesoteric.net\/wp-content\/uploads\/2026\/04\/1-40-300x169.jpg\"\t\t\t\t\t\tclass=\"img-holder\" href=\"https:\/\/yogaesoteric.net\/fr\/les-medias-traditionnels-sont-en-voie-dextinction-et-les-podcasts-sont-la-comete-fox-news-sen-prend-aux-medias-alternatifs-les-accusant-dinciter-les-jeunes-a-remettre-en\/\"><\/a>\r\n\t\t\t\t\t\t\t<\/div>\r\n\t\t<h2 class=\"title\">\t\t<a href=\"https:\/\/yogaesoteric.net\/fr\/les-medias-traditionnels-sont-en-voie-dextinction-et-les-podcasts-sont-la-comete-fox-news-sen-prend-aux-medias-alternatifs-les-accusant-dinciter-les-jeunes-a-remettre-en\/\" class=\"post-title post-url\">\r\n\t\t\tLes m\u00e9dias traditionnels sont en voie d\u2019extinction et les podcasts sont la com\u00e8te : Fox News s\u2019en&hellip;\t\t<\/a>\r\n\t\t<\/h2>\t\t<div class=\"post-meta\">\r\n\r\n\t\t\t\t\t\t\t<a href=\"https:\/\/yogaesoteric.net\/fr\/author\/lallananda\/\"\r\n\t\t\t\t   title=\"Browse Author Articles\"\r\n\t\t\t\t   class=\"post-author-a\">\r\n\t\t\t\t\t<i class=\"post-author author\">\r\n\t\t\t\t\t\tLallananda\t\t\t\t\t<\/i>\r\n\t\t\t\t<\/a>\r\n\t\t\t\t\t\t\t<span class=\"time\"><time class=\"post-published updated\"\r\n\t\t\t\t                         datetime=\"2026-04-23T15:01:19+00:00\">Apr 23, 2026<\/time><\/span>\r\n\t\t\t\t<a href=\"https:\/\/yogaesoteric.net\/fr\/les-medias-traditionnels-sont-en-voie-dextinction-et-les-podcasts-sont-la-comete-fox-news-sen-prend-aux-medias-alternatifs-les-accusant-dinciter-les-jeunes-a-remettre-en\/#respond\" title=\"Leave a comment on: &ldquo;Les m\u00e9dias traditionnels sont en voie d\u2019extinction et les podcasts sont la com\u00e8te : Fox News s\u2019en prend aux m\u00e9dias alternatifs, les accusant d\u2019inciter les jeunes \u00e0 remettre en cause l\u2019establishment politique&rdquo;\" class=\"comments\"><i class=\"fa fa-comments-o\"><\/i> 0<\/a>\t\t<\/div>\r\n\t\t\t\t\t<div class=\"post-summary\">\r\n\t\t\t\tLydia Moynihan, chroniqueuse au New York Post, s\u2019est exprim\u00e9e la semaine derni\u00e8re sur Fox News pour attribuer aux podcasts la responsabilit\u00e9 de la m\u00e9fiance des jeunes g\u00e9n\u00e9rations envers les m\u00e9dias traditionnels et les discours de&hellip;\t\t\t\t\t<br><a class=\"read-more\"\r\n\t\t\t\t\t       href=\"https:\/\/yogaesoteric.net\/fr\/les-medias-traditionnels-sont-en-voie-dextinction-et-les-podcasts-sont-la-comete-fox-news-sen-prend-aux-medias-alternatifs-les-accusant-dinciter-les-jeunes-a-remettre-en\/\">Read More...<\/a>\r\n\t\t\t\t\t\t\t<\/div>\r\n\t\t\t\t<\/div>\r\n\t<\/article >\r\n\t<article class=\"post-231973 type-post format-standard has-not-post-thumbnail   listing-item listing-item-blog  listing-item-blog-5 main-term-1570 bsw-13 \">\r\n\t<div class=\"item-inner clearfix\">\r\n\r\n\t\t\t\t\t<div class=\"featured clearfix\">\r\n\t\t\t\t<div class=\"term-badges floated\"><span class=\"term-badge term-1570\"><a href=\"https:\/\/yogaesoteric.net\/fr\/category\/la-menace-de-lintelligence-artificielle\/\">La menace de l&#039;intelligence artificielle<\/a><\/span><\/div>\t\t\t\t<a  title=\"IA et production de loques humaines en s\u00e9rie\" data-src=\"https:\/\/yogaesoteric.net\/wp-content\/uploads\/2026\/04\/1-41-300x175.png\"\t\t\t\t\t\tclass=\"img-holder\" href=\"https:\/\/yogaesoteric.net\/fr\/ia-et-production-de-loques-humaines-en-serie\/\"><\/a>\r\n\t\t\t\t\t\t\t<\/div>\r\n\t\t<h2 class=\"title\">\t\t<a href=\"https:\/\/yogaesoteric.net\/fr\/ia-et-production-de-loques-humaines-en-serie\/\" class=\"post-title post-url\">\r\n\t\t\tIA et production de loques humaines en s\u00e9rie\t\t<\/a>\r\n\t\t<\/h2>\t\t<div class=\"post-meta\">\r\n\r\n\t\t\t\t\t\t\t<a href=\"https:\/\/yogaesoteric.net\/fr\/author\/lallananda\/\"\r\n\t\t\t\t   title=\"Browse Author Articles\"\r\n\t\t\t\t   class=\"post-author-a\">\r\n\t\t\t\t\t<i class=\"post-author author\">\r\n\t\t\t\t\t\tLallananda\t\t\t\t\t<\/i>\r\n\t\t\t\t<\/a>\r\n\t\t\t\t\t\t\t<span class=\"time\"><time class=\"post-published updated\"\r\n\t\t\t\t                         datetime=\"2026-04-23T14:49:08+00:00\">Apr 23, 2026<\/time><\/span>\r\n\t\t\t\t<a href=\"https:\/\/yogaesoteric.net\/fr\/ia-et-production-de-loques-humaines-en-serie\/#respond\" title=\"Leave a comment on: &ldquo;IA et production de loques humaines en s\u00e9rie&rdquo;\" class=\"comments\"><i class=\"fa fa-comments-o\"><\/i> 0<\/a>\t\t<\/div>\r\n\t\t\t\t\t<div class=\"post-summary\">\r\n\t\t\t\tTous les enseignants savent que l\u2019intelligence artificielle est un fl\u00e9au. Ils savent qu\u2019elle est devenue une v\u00e9ritable addiction pour les \u00e9l\u00e8ves, qui y font syst\u00e9matiquement appel dans leurs travaux de r\u00e9daction et de r\u00e9flexion. L\u2019IA&hellip;\t\t\t\t\t<br><a class=\"read-more\"\r\n\t\t\t\t\t       href=\"https:\/\/yogaesoteric.net\/fr\/ia-et-production-de-loques-humaines-en-serie\/\">Read More...<\/a>\r\n\t\t\t\t\t\t\t<\/div>\r\n\t\t\t\t<\/div>\r\n\t<\/article >\r\n\t<article class=\"post-231832 type-post format-standard has-post-thumbnail   listing-item listing-item-blog  listing-item-blog-5 main-term-1178 bsw-13 \">\r\n\t<div class=\"item-inner clearfix\">\r\n\r\n\t\t\t\t\t<div class=\"featured clearfix\">\r\n\t\t\t\t<div class=\"term-badges floated\"><span class=\"term-badge term-1178\"><a href=\"https:\/\/yogaesoteric.net\/fr\/category\/sante-fr\/etudes-4260-fr\/\">\u00c9tudes<\/a><\/span><\/div>\t\t\t\t<a  title=\"La virologie est une pseudoscience \u2013 les explications de 2 m\u00e9decins n\u00e9o-z\u00e9landais\" data-src=\"https:\/\/yogaesoteric.net\/wp-content\/uploads\/2026\/04\/231832_1-357x210.jpg\" data-bs-srcset=\"{&quot;baseurl&quot;:&quot;https:\\\/\\\/yogaesoteric.net\\\/wp-content\\\/uploads\\\/2026\\\/04\\\/&quot;,&quot;sizes&quot;:{&quot;210&quot;:&quot;231832_1-210x136.jpg&quot;,&quot;279&quot;:&quot;231832_1-279x220.jpg&quot;,&quot;357&quot;:&quot;231832_1-357x210.jpg&quot;,&quot;560&quot;:&quot;231832_1.jpg&quot;}}\"\t\t\t\t\t\tclass=\"img-holder\" href=\"https:\/\/yogaesoteric.net\/fr\/la-virologie-est-une-pseudoscience-les-explications-de-2-medecins-neo-zelandais\/\"><\/a>\r\n\t\t\t\t\t\t\t<\/div>\r\n\t\t<h2 class=\"title\">\t\t<a href=\"https:\/\/yogaesoteric.net\/fr\/la-virologie-est-une-pseudoscience-les-explications-de-2-medecins-neo-zelandais\/\" class=\"post-title post-url\">\r\n\t\t\tLa virologie est une pseudoscience \u2013 les explications de 2 m\u00e9decins n\u00e9o-z\u00e9landais\t\t<\/a>\r\n\t\t<\/h2>\t\t<div class=\"post-meta\">\r\n\r\n\t\t\t\t\t\t\t<a href=\"https:\/\/yogaesoteric.net\/fr\/author\/radhananda\/\"\r\n\t\t\t\t   title=\"Browse Author Articles\"\r\n\t\t\t\t   class=\"post-author-a\">\r\n\t\t\t\t\t<i class=\"post-author author\">\r\n\t\t\t\t\t\tRadhananda\t\t\t\t\t<\/i>\r\n\t\t\t\t<\/a>\r\n\t\t\t\t\t\t\t<span class=\"time\"><time class=\"post-published updated\"\r\n\t\t\t\t                         datetime=\"2026-04-22T10:29:19+00:00\">Apr 22, 2026<\/time><\/span>\r\n\t\t\t\t<a href=\"https:\/\/yogaesoteric.net\/fr\/la-virologie-est-une-pseudoscience-les-explications-de-2-medecins-neo-zelandais\/#respond\" title=\"Leave a comment on: &ldquo;La virologie est une pseudoscience \u2013 les explications de 2 m\u00e9decins n\u00e9o-z\u00e9landais&rdquo;\" class=\"comments\"><i class=\"fa fa-comments-o\"><\/i> 0<\/a>\t\t<\/div>\r\n\t\t\t\t\t<div class=\"post-summary\">\r\n\t\t\t\tCette vid\u00e9o doubl\u00e9e en fran\u00e7ais fait suite \u00e0 l\u2019interview en anglais de Sam et Mark Bailey par J\u00e9r\u00e9mie Mercier en janvier 2026.\r\n\r\nLa virologie, qui est une fondation importante de la \u00ab m\u00e9decine moderne \u00bb, est une pseudoscience qui s\u00e9vit&hellip;\t\t\t\t\t<br><a class=\"read-more\"\r\n\t\t\t\t\t       href=\"https:\/\/yogaesoteric.net\/fr\/la-virologie-est-une-pseudoscience-les-explications-de-2-medecins-neo-zelandais\/\">Read More...<\/a>\r\n\t\t\t\t\t\t\t<\/div>\r\n\t\t\t\t<\/div>\r\n\t<\/article >\r\n\t<article class=\"post-231809 type-post format-standard has-not-post-thumbnail   listing-item listing-item-blog  listing-item-blog-5 main-term-825 bsw-13 \">\r\n\t<div class=\"item-inner clearfix\">\r\n\r\n\t\t\t\t\t<div class=\"featured clearfix\">\r\n\t\t\t\t<div class=\"term-badges floated\"><span class=\"term-badge term-825\"><a href=\"https:\/\/yogaesoteric.net\/fr\/category\/actualite-fr\/societe-1602-fr\/\">Soci\u00e9t\u00e9<\/a><\/span><\/div>\t\t\t\t<a  title=\"L\u2019herbe para\u00eet plus verte chez le Voisin\" data-src=\"https:\/\/yogaesoteric.net\/wp-content\/uploads\/2026\/04\/231809_1.jpg\"\t\t\t\t\t\tclass=\"img-holder\" href=\"https:\/\/yogaesoteric.net\/fr\/lherbe-parait-plus-verte-chez-le-voisin\/\"><\/a>\r\n\t\t\t\t\t\t\t<\/div>\r\n\t\t<h2 class=\"title\">\t\t<a href=\"https:\/\/yogaesoteric.net\/fr\/lherbe-parait-plus-verte-chez-le-voisin\/\" class=\"post-title post-url\">\r\n\t\t\tL\u2019herbe para\u00eet plus verte chez le Voisin\t\t<\/a>\r\n\t\t<\/h2>\t\t<div class=\"post-meta\">\r\n\r\n\t\t\t\t\t\t\t<a href=\"https:\/\/yogaesoteric.net\/fr\/author\/radhananda\/\"\r\n\t\t\t\t   title=\"Browse Author Articles\"\r\n\t\t\t\t   class=\"post-author-a\">\r\n\t\t\t\t\t<i class=\"post-author author\">\r\n\t\t\t\t\t\tRadhananda\t\t\t\t\t<\/i>\r\n\t\t\t\t<\/a>\r\n\t\t\t\t\t\t\t<span class=\"time\"><time class=\"post-published updated\"\r\n\t\t\t\t                         datetime=\"2026-04-22T10:23:47+00:00\">Apr 22, 2026<\/time><\/span>\r\n\t\t\t\t<a href=\"https:\/\/yogaesoteric.net\/fr\/lherbe-parait-plus-verte-chez-le-voisin\/#respond\" title=\"Leave a comment on: &ldquo;L\u2019herbe para\u00eet plus verte chez le Voisin&rdquo;\" class=\"comments\"><i class=\"fa fa-comments-o\"><\/i> 0<\/a>\t\t<\/div>\r\n\t\t\t\t\t<div class=\"post-summary\">\r\n\t\t\t\tL\u2019illusion lib\u00e9rale d\u2019un monde sans rapports de force\r\n\r\nIntroduction\r\n\r\nLe mirage du mod\u00e8le ext\u00e9rieur est une tentation ancienne : croire que le salut se trouve ailleurs.\r\nEn Europe, cette id\u00e9e a pris, au fil des derni\u00e8res d\u00e9cennies, une&hellip;\t\t\t\t\t<br><a class=\"read-more\"\r\n\t\t\t\t\t       href=\"https:\/\/yogaesoteric.net\/fr\/lherbe-parait-plus-verte-chez-le-voisin\/\">Read More...<\/a>\r\n\t\t\t\t\t\t\t<\/div>\r\n\t\t\t\t<\/div>\r\n\t<\/article >\r\n\t<article class=\"post-231687 type-post format-standard has-not-post-thumbnail   listing-item listing-item-blog  listing-item-blog-5 main-term-1061 bsw-13 \">\r\n\t<div class=\"item-inner clearfix\">\r\n\r\n\t\t\t\t\t<div class=\"featured clearfix\">\r\n\t\t\t\t<div class=\"term-badges floated\"><span class=\"term-badge term-1061\"><a href=\"https:\/\/yogaesoteric.net\/fr\/category\/demasquer-la-maconnerie-fr\/faits-incontestables-qui-prouvent-la-realite-de-la-conspiration-planetaire-3480-fr\/\">Faits incontestables qui prouvent la r\u00e9alit\u00e9 de la conspiration plan\u00e9taire<\/a><\/span><\/div>\t\t\t\t<a  title=\"Combien de guerres mondiales ?\" data-src=\"https:\/\/yogaesoteric.net\/wp-content\/uploads\/2026\/04\/231687_1.jpg\"\t\t\t\t\t\tclass=\"img-holder\" href=\"https:\/\/yogaesoteric.net\/fr\/combien-de-guerres-mondiales\/\"><\/a>\r\n\t\t\t\t\t\t\t<\/div>\r\n\t\t<h2 class=\"title\">\t\t<a href=\"https:\/\/yogaesoteric.net\/fr\/combien-de-guerres-mondiales\/\" class=\"post-title post-url\">\r\n\t\t\tCombien de guerres mondiales ?\t\t<\/a>\r\n\t\t<\/h2>\t\t<div class=\"post-meta\">\r\n\r\n\t\t\t\t\t\t\t<a href=\"https:\/\/yogaesoteric.net\/fr\/author\/radhananda\/\"\r\n\t\t\t\t   title=\"Browse Author Articles\"\r\n\t\t\t\t   class=\"post-author-a\">\r\n\t\t\t\t\t<i class=\"post-author author\">\r\n\t\t\t\t\t\tRadhananda\t\t\t\t\t<\/i>\r\n\t\t\t\t<\/a>\r\n\t\t\t\t\t\t\t<span class=\"time\"><time class=\"post-published updated\"\r\n\t\t\t\t                         datetime=\"2026-04-21T10:21:08+00:00\">Apr 21, 2026<\/time><\/span>\r\n\t\t\t\t<a href=\"https:\/\/yogaesoteric.net\/fr\/combien-de-guerres-mondiales\/#respond\" title=\"Leave a comment on: &ldquo;Combien de guerres mondiales ?&rdquo;\" class=\"comments\"><i class=\"fa fa-comments-o\"><\/i> 0<\/a>\t\t<\/div>\r\n\t\t\t\t\t<div class=\"post-summary\">\r\n\t\t\t\tUne r\u00e9flexion \u00e9parse se demande si nous sommes dans la 3\u00e8me guerre mondiale, si on y entre, si on y est d\u00e9j\u00e0. Comme s\u2019il y avait eu entre les deux premi\u00e8res et depuis la deuxi\u00e8me une paix mondiale.\r\n\r\nCe qui m\u00e8ne \u00e0 des guerres mondiales ce&hellip;\t\t\t\t\t<br><a class=\"read-more\"\r\n\t\t\t\t\t       href=\"https:\/\/yogaesoteric.net\/fr\/combien-de-guerres-mondiales\/\">Read More...<\/a>\r\n\t\t\t\t\t\t\t<\/div>\r\n\t\t\t\t<\/div>\r\n\t<\/article >\r\n\t<article class=\"post-231682 type-post format-standard has-not-post-thumbnail   listing-item listing-item-blog  listing-item-blog-5 main-term-185 bsw-13 \">\r\n\t<div class=\"item-inner clearfix\">\r\n\r\n\t\t\t\t\t<div class=\"featured clearfix\">\r\n\t\t\t\t<div class=\"term-badges floated\"><span class=\"term-badge term-185\"><a href=\"https:\/\/yogaesoteric.net\/fr\/category\/astrologie-fr\/lastrologie-pour-les-debutants-1590-fr\/les-astres-1706-fr\/\">Les Astres<\/a><\/span><\/div>\t\t\t\t<a  title=\"Une exp\u00e9rience cosmique \u00e0 grande \u00e9chelle d\u00e9montre que les th\u00e9ories de Newton et d\u2019Einstein expliquent toujours la gravit\u00e9 avec pr\u00e9cision\" data-src=\"https:\/\/yogaesoteric.net\/wp-content\/uploads\/2026\/04\/231682_1.jpg\"\t\t\t\t\t\tclass=\"img-holder\" href=\"https:\/\/yogaesoteric.net\/fr\/une-experience-cosmique-a-grande-echelle-demontre-que-les-theories-de-newton-et-deinstein-expliquent-toujours-la-gravite-avec-precision\/\"><\/a>\r\n\t\t\t\t\t\t\t<\/div>\r\n\t\t<h2 class=\"title\">\t\t<a href=\"https:\/\/yogaesoteric.net\/fr\/une-experience-cosmique-a-grande-echelle-demontre-que-les-theories-de-newton-et-deinstein-expliquent-toujours-la-gravite-avec-precision\/\" class=\"post-title post-url\">\r\n\t\t\tUne exp\u00e9rience cosmique \u00e0 grande \u00e9chelle d\u00e9montre que les th\u00e9ories de Newton et d\u2019Einstein&hellip;\t\t<\/a>\r\n\t\t<\/h2>\t\t<div class=\"post-meta\">\r\n\r\n\t\t\t\t\t\t\t<a href=\"https:\/\/yogaesoteric.net\/fr\/author\/radhananda\/\"\r\n\t\t\t\t   title=\"Browse Author Articles\"\r\n\t\t\t\t   class=\"post-author-a\">\r\n\t\t\t\t\t<i class=\"post-author author\">\r\n\t\t\t\t\t\tRadhananda\t\t\t\t\t<\/i>\r\n\t\t\t\t<\/a>\r\n\t\t\t\t\t\t\t<span class=\"time\"><time class=\"post-published updated\"\r\n\t\t\t\t                         datetime=\"2026-04-21T10:12:23+00:00\">Apr 21, 2026<\/time><\/span>\r\n\t\t\t\t<a href=\"https:\/\/yogaesoteric.net\/fr\/une-experience-cosmique-a-grande-echelle-demontre-que-les-theories-de-newton-et-deinstein-expliquent-toujours-la-gravite-avec-precision\/#respond\" title=\"Leave a comment on: &ldquo;Une exp\u00e9rience cosmique \u00e0 grande \u00e9chelle d\u00e9montre que les th\u00e9ories de Newton et d\u2019Einstein expliquent toujours la gravit\u00e9 avec pr\u00e9cision&rdquo;\" class=\"comments\"><i class=\"fa fa-comments-o\"><\/i> 0<\/a>\t\t<\/div>\r\n\t\t\t\t\t<div class=\"post-summary\">\r\n\t\t\t\tDes chercheurs dirig\u00e9s par l\u2019Universit\u00e9 de Pennsylvanie ont utilis\u00e9 les donn\u00e9es du t\u00e9lescope cosmologique d\u2019Atacama pour \u00e9tudier la fa\u00e7on dont les amas galactiques se d\u00e9placent sur de vastes distances cosmiques.\r\n\r\nLeurs r\u00e9sultats montrent&hellip;\t\t\t\t\t<br><a class=\"read-more\"\r\n\t\t\t\t\t       href=\"https:\/\/yogaesoteric.net\/fr\/une-experience-cosmique-a-grande-echelle-demontre-que-les-theories-de-newton-et-deinstein-expliquent-toujours-la-gravite-avec-precision\/\">Read More...<\/a>\r\n\t\t\t\t\t\t\t<\/div>\r\n\t\t\t\t<\/div>\r\n\t<\/article >\r\n\t<article class=\"post-231592 type-post format-standard has-not-post-thumbnail   listing-item listing-item-blog  listing-item-blog-5 main-term-383 bsw-13 \">\r\n\t<div class=\"item-inner clearfix\">\r\n\r\n\t\t\t\t\t<div class=\"featured clearfix\">\r\n\t\t\t\t<div class=\"term-badges floated\"><span class=\"term-badge term-383\"><a href=\"https:\/\/yogaesoteric.net\/fr\/category\/actualite-fr\/opinions-1602-fr\/\">Opinions<\/a><\/span><\/div>\t\t\t\t<a  title=\"Projection de puissance strat\u00e9gique et outils occidentaux pour les guerres de domination mondiale\" data-src=\"https:\/\/yogaesoteric.net\/wp-content\/uploads\/2026\/04\/231592_1.jpg\"\t\t\t\t\t\tclass=\"img-holder\" href=\"https:\/\/yogaesoteric.net\/fr\/projection-de-puissance-strategique-et-outils-occidentaux-pour-les-guerres-de-domination-mondiale\/\"><\/a>\r\n\t\t\t\t\t\t\t<\/div>\r\n\t\t<h2 class=\"title\">\t\t<a href=\"https:\/\/yogaesoteric.net\/fr\/projection-de-puissance-strategique-et-outils-occidentaux-pour-les-guerres-de-domination-mondiale\/\" class=\"post-title post-url\">\r\n\t\t\tProjection de puissance strat\u00e9gique et outils occidentaux pour les guerres de domination mondiale\t\t<\/a>\r\n\t\t<\/h2>\t\t<div class=\"post-meta\">\r\n\r\n\t\t\t\t\t\t\t<a href=\"https:\/\/yogaesoteric.net\/fr\/author\/radhananda\/\"\r\n\t\t\t\t   title=\"Browse Author Articles\"\r\n\t\t\t\t   class=\"post-author-a\">\r\n\t\t\t\t\t<i class=\"post-author author\">\r\n\t\t\t\t\t\tRadhananda\t\t\t\t\t<\/i>\r\n\t\t\t\t<\/a>\r\n\t\t\t\t\t\t\t<span class=\"time\"><time class=\"post-published updated\"\r\n\t\t\t\t                         datetime=\"2026-04-20T05:48:14+00:00\">Apr 20, 2026<\/time><\/span>\r\n\t\t\t\t<a href=\"https:\/\/yogaesoteric.net\/fr\/projection-de-puissance-strategique-et-outils-occidentaux-pour-les-guerres-de-domination-mondiale\/#respond\" title=\"Leave a comment on: &ldquo;Projection de puissance strat\u00e9gique et outils occidentaux pour les guerres de domination mondiale&rdquo;\" class=\"comments\"><i class=\"fa fa-comments-o\"><\/i> 0<\/a>\t\t<\/div>\r\n\t\t\t\t\t<div class=\"post-summary\">\r\n\t\t\t\tpar Saleem Qamar Butt\r\nD\u2019apr\u00e8s mon exp\u00e9rience personnelle, pour la r\u00e9alisation de la projection de puissance occidentale, les dirigeants politiques et la haute bureaucratie impliqu\u00e9s et compromis dans les pays cibl\u00e9s jouent le r\u00f4le le plus&hellip;\t\t\t\t\t<br><a class=\"read-more\"\r\n\t\t\t\t\t       href=\"https:\/\/yogaesoteric.net\/fr\/projection-de-puissance-strategique-et-outils-occidentaux-pour-les-guerres-de-domination-mondiale\/\">Read More...<\/a>\r\n\t\t\t\t\t\t\t<\/div>\r\n\t\t\t\t<\/div>\r\n\t<\/article >\r\n\t<article class=\"post-231584 type-post format-standard has-not-post-thumbnail   listing-item listing-item-blog  listing-item-blog-5 main-term-386 bsw-13 \">\r\n\t<div class=\"item-inner clearfix\">\r\n\r\n\t\t\t\t\t<div class=\"featured clearfix\">\r\n\t\t\t\t<div class=\"term-badges floated\"><span class=\"term-badge term-386\"><a href=\"https:\/\/yogaesoteric.net\/fr\/category\/actualite-fr\/nouvelles-1602-fr\/\">Nouvelles<\/a><\/span><\/div>\t\t\t\t<a  title=\"Le gouvernement allemand propose d\u2019interdire la vente de logements et de biens immobiliers en fonction des opinions politiques, ce qui constitue une nouvelle menace pour la libert\u00e9 d\u2019expression\" data-src=\"https:\/\/yogaesoteric.net\/wp-content\/uploads\/2026\/04\/231584_1.jpg\"\t\t\t\t\t\tclass=\"img-holder\" href=\"https:\/\/yogaesoteric.net\/fr\/le-gouvernement-allemand-propose-dinterdire-la-vente-de-logements-et-de-biens-immobiliers-en-fonction-des-opinions-politiques-ce-qui-constitue-une-nouvelle-menace-pour-la-liberte-de\/\"><\/a>\r\n\t\t\t\t\t\t\t<\/div>\r\n\t\t<h2 class=\"title\">\t\t<a href=\"https:\/\/yogaesoteric.net\/fr\/le-gouvernement-allemand-propose-dinterdire-la-vente-de-logements-et-de-biens-immobiliers-en-fonction-des-opinions-politiques-ce-qui-constitue-une-nouvelle-menace-pour-la-liberte-de\/\" class=\"post-title post-url\">\r\n\t\t\tLe gouvernement allemand propose d\u2019interdire la vente de logements et de biens immobiliers en&hellip;\t\t<\/a>\r\n\t\t<\/h2>\t\t<div class=\"post-meta\">\r\n\r\n\t\t\t\t\t\t\t<a href=\"https:\/\/yogaesoteric.net\/fr\/author\/radhananda\/\"\r\n\t\t\t\t   title=\"Browse Author Articles\"\r\n\t\t\t\t   class=\"post-author-a\">\r\n\t\t\t\t\t<i class=\"post-author author\">\r\n\t\t\t\t\t\tRadhananda\t\t\t\t\t<\/i>\r\n\t\t\t\t<\/a>\r\n\t\t\t\t\t\t\t<span class=\"time\"><time class=\"post-published updated\"\r\n\t\t\t\t                         datetime=\"2026-04-20T05:46:01+00:00\">Apr 20, 2026<\/time><\/span>\r\n\t\t\t\t<a href=\"https:\/\/yogaesoteric.net\/fr\/le-gouvernement-allemand-propose-dinterdire-la-vente-de-logements-et-de-biens-immobiliers-en-fonction-des-opinions-politiques-ce-qui-constitue-une-nouvelle-menace-pour-la-liberte-de\/#respond\" title=\"Leave a comment on: &ldquo;Le gouvernement allemand propose d\u2019interdire la vente de logements et de biens immobiliers en fonction des opinions politiques, ce qui constitue une nouvelle menace pour la libert\u00e9 d\u2019expression&rdquo;\" class=\"comments\"><i class=\"fa fa-comments-o\"><\/i> 0<\/a>\t\t<\/div>\r\n\t\t\t\t\t<div class=\"post-summary\">\r\n\t\t\t\tUn nouveau projet de loi pourrait emp\u00eacher l\u2019achat de biens immobiliers, y compris pour les acqu\u00e9reurs de logements, si l\u2019acheteur potentiel est soup\u00e7onn\u00e9 d'\u00ab activit\u00e9s anticonstitutionnelles \u00bb \u2013 m\u00eame en l\u2019absence de toute condamnation&hellip;\t\t\t\t\t<br><a class=\"read-more\"\r\n\t\t\t\t\t       href=\"https:\/\/yogaesoteric.net\/fr\/le-gouvernement-allemand-propose-dinterdire-la-vente-de-logements-et-de-biens-immobiliers-en-fonction-des-opinions-politiques-ce-qui-constitue-une-nouvelle-menace-pour-la-liberte-de\/\">Read More...<\/a>\r\n\t\t\t\t\t\t\t<\/div>\r\n\t\t\t\t<\/div>\r\n\t<\/article >\r\n\t<article class=\"post-231494 type-post format-standard has-not-post-thumbnail   listing-item listing-item-blog  listing-item-blog-5 main-term-1178 bsw-13 \">\r\n\t<div class=\"item-inner clearfix\">\r\n\r\n\t\t\t\t\t<div class=\"featured clearfix\">\r\n\t\t\t\t<div class=\"term-badges floated\"><span class=\"term-badge term-1178\"><a href=\"https:\/\/yogaesoteric.net\/fr\/category\/sante-fr\/etudes-4260-fr\/\">\u00c9tudes<\/a><\/span><\/div>\t\t\t\t<a  title=\"Nouvelle \u00e9tude : les aliments ultra-transform\u00e9s seraient associ\u00e9s aux naissances pr\u00e9matur\u00e9es et aux complications pendant la grossesse\" data-src=\"https:\/\/yogaesoteric.net\/wp-content\/uploads\/2026\/04\/231494_1.jpg\"\t\t\t\t\t\tclass=\"img-holder\" href=\"https:\/\/yogaesoteric.net\/fr\/nouvelle-etude-les-aliments-ultra-transformes-seraient-associes-aux-naissances-prematurees-et-aux-complications-pendant-la-grossesse\/\"><\/a>\r\n\t\t\t\t\t\t\t<\/div>\r\n\t\t<h2 class=\"title\">\t\t<a href=\"https:\/\/yogaesoteric.net\/fr\/nouvelle-etude-les-aliments-ultra-transformes-seraient-associes-aux-naissances-prematurees-et-aux-complications-pendant-la-grossesse\/\" class=\"post-title post-url\">\r\n\t\t\tNouvelle \u00e9tude : les aliments ultra-transform\u00e9s seraient associ\u00e9s aux naissances pr\u00e9matur\u00e9es et aux&hellip;\t\t<\/a>\r\n\t\t<\/h2>\t\t<div class=\"post-meta\">\r\n\r\n\t\t\t\t\t\t\t<a href=\"https:\/\/yogaesoteric.net\/fr\/author\/radhananda\/\"\r\n\t\t\t\t   title=\"Browse Author Articles\"\r\n\t\t\t\t   class=\"post-author-a\">\r\n\t\t\t\t\t<i class=\"post-author author\">\r\n\t\t\t\t\t\tRadhananda\t\t\t\t\t<\/i>\r\n\t\t\t\t<\/a>\r\n\t\t\t\t\t\t\t<span class=\"time\"><time class=\"post-published updated\"\r\n\t\t\t\t                         datetime=\"2026-04-19T11:47:43+00:00\">Apr 19, 2026<\/time><\/span>\r\n\t\t\t\t<a href=\"https:\/\/yogaesoteric.net\/fr\/nouvelle-etude-les-aliments-ultra-transformes-seraient-associes-aux-naissances-prematurees-et-aux-complications-pendant-la-grossesse\/#respond\" title=\"Leave a comment on: &ldquo;Nouvelle \u00e9tude : les aliments ultra-transform\u00e9s seraient associ\u00e9s aux naissances pr\u00e9matur\u00e9es et aux complications pendant la grossesse&rdquo;\" class=\"comments\"><i class=\"fa fa-comments-o\"><\/i> 0<\/a>\t\t<\/div>\r\n\t\t\t\t\t<div class=\"post-summary\">\r\n\t\t\t\tSelon une nouvelle \u00e9tude am\u00e9ricaine, la consommation d\u2019aliments ultra-transform\u00e9s (AUT) serait associ\u00e9e \u00e0 la pr\u00e9maturit\u00e9 et aux complications pendant la grossesse.\r\n\r\nPubli\u00e9e dans la revue Nutrients, cette \u00e9tude a r\u00e9v\u00e9l\u00e9 que chaque&hellip;\t\t\t\t\t<br><a class=\"read-more\"\r\n\t\t\t\t\t       href=\"https:\/\/yogaesoteric.net\/fr\/nouvelle-etude-les-aliments-ultra-transformes-seraient-associes-aux-naissances-prematurees-et-aux-complications-pendant-la-grossesse\/\">Read More...<\/a>\r\n\t\t\t\t\t\t\t<\/div>\r\n\t\t\t\t<\/div>\r\n\t<\/article >\r\n\t<article class=\"post-231486 type-post format-standard has-post-thumbnail   listing-item listing-item-blog  listing-item-blog-5 main-term-386 bsw-13 \">\r\n\t<div class=\"item-inner clearfix\">\r\n\r\n\t\t\t\t\t<div class=\"featured clearfix\">\r\n\t\t\t\t<div class=\"term-badges floated\"><span class=\"term-badge term-386\"><a href=\"https:\/\/yogaesoteric.net\/fr\/category\/actualite-fr\/nouvelles-1602-fr\/\">Nouvelles<\/a><\/span><\/div>\t\t\t\t<a  title=\"Apple retire Bitchat de l\u2019App Store chinois sur ordre de l\u2019Administration de l\u2019espace cybern\u00e9tique\" data-src=\"https:\/\/yogaesoteric.net\/wp-content\/uploads\/2026\/04\/231486_2-357x210.jpg\" data-bs-srcset=\"{&quot;baseurl&quot;:&quot;https:\\\/\\\/yogaesoteric.net\\\/wp-content\\\/uploads\\\/2026\\\/04\\\/&quot;,&quot;sizes&quot;:{&quot;210&quot;:&quot;231486_2-210x136.jpg&quot;,&quot;279&quot;:&quot;231486_2-279x220.jpg&quot;,&quot;357&quot;:&quot;231486_2-357x210.jpg&quot;,&quot;560&quot;:&quot;231486_2.jpg&quot;}}\"\t\t\t\t\t\tclass=\"img-holder\" href=\"https:\/\/yogaesoteric.net\/fr\/apple-retire-bitchat-de-lapp-store-chinois-sur-ordre-de-ladministration-de-lespace-cybernetique\/\"><\/a>\r\n\t\t\t\t\t\t\t<\/div>\r\n\t\t<h2 class=\"title\">\t\t<a href=\"https:\/\/yogaesoteric.net\/fr\/apple-retire-bitchat-de-lapp-store-chinois-sur-ordre-de-ladministration-de-lespace-cybernetique\/\" class=\"post-title post-url\">\r\n\t\t\tApple retire Bitchat de l\u2019App Store chinois sur ordre de l\u2019Administration de l\u2019espace cybern\u00e9tique\t\t<\/a>\r\n\t\t<\/h2>\t\t<div class=\"post-meta\">\r\n\r\n\t\t\t\t\t\t\t<a href=\"https:\/\/yogaesoteric.net\/fr\/author\/radhananda\/\"\r\n\t\t\t\t   title=\"Browse Author Articles\"\r\n\t\t\t\t   class=\"post-author-a\">\r\n\t\t\t\t\t<i class=\"post-author author\">\r\n\t\t\t\t\t\tRadhananda\t\t\t\t\t<\/i>\r\n\t\t\t\t<\/a>\r\n\t\t\t\t\t\t\t<span class=\"time\"><time class=\"post-published updated\"\r\n\t\t\t\t                         datetime=\"2026-04-19T11:42:40+00:00\">Apr 19, 2026<\/time><\/span>\r\n\t\t\t\t<a href=\"https:\/\/yogaesoteric.net\/fr\/apple-retire-bitchat-de-lapp-store-chinois-sur-ordre-de-ladministration-de-lespace-cybernetique\/#respond\" title=\"Leave a comment on: &ldquo;Apple retire Bitchat de l\u2019App Store chinois sur ordre de l\u2019Administration de l\u2019espace cybern\u00e9tique&rdquo;\" class=\"comments\"><i class=\"fa fa-comments-o\"><\/i> 0<\/a>\t\t<\/div>\r\n\t\t\t\t\t<div class=\"post-summary\">\r\n\t\t\t\tApple a supprim\u00e9 Bitchat de l\u2019App Store chinois, conform\u00e9ment \u00e0 un ordre direct de l\u2019Administration chinoise du cyberespace. Jack Dorsey, le cr\u00e9ateur de l\u2019application, a publi\u00e9 sur X une capture d\u2019\u00e9cran de l\u2019avis de suppression d\u2019Apple,&hellip;\t\t\t\t\t<br><a class=\"read-more\"\r\n\t\t\t\t\t       href=\"https:\/\/yogaesoteric.net\/fr\/apple-retire-bitchat-de-lapp-store-chinois-sur-ordre-de-ladministration-de-lespace-cybernetique\/\">Read More...<\/a>\r\n\t\t\t\t\t\t\t<\/div>\r\n\t\t\t\t<\/div>\r\n\t<\/article >\r\n\t<article class=\"post-231480 type-post format-standard has-not-post-thumbnail   listing-item listing-item-blog  listing-item-blog-5 main-term-383 bsw-13 \">\r\n\t<div class=\"item-inner clearfix\">\r\n\r\n\t\t\t\t\t<div class=\"featured clearfix\">\r\n\t\t\t\t<div class=\"term-badges floated\"><span class=\"term-badge term-383\"><a href=\"https:\/\/yogaesoteric.net\/fr\/category\/actualite-fr\/opinions-1602-fr\/\">Opinions<\/a><\/span><\/div>\t\t\t\t<a  title=\"Le \u00ab Cylindre \u00bb de Cyrus et les cinq prix du p\u00e9trole dans le d\u00e9troit d\u2019Ormuz : p\u00e9troyuan contre p\u00e9trodollar\" data-src=\"https:\/\/yogaesoteric.net\/wp-content\/uploads\/2026\/04\/1-22-300x225.png\"\t\t\t\t\t\tclass=\"img-holder\" href=\"https:\/\/yogaesoteric.net\/fr\/le-cylindre-de-cyrus-et-les-cinq-prix-du-petrole-dans-le-detroit-dormuz-petroyuan-contre-petrodollar\/\"><\/a>\r\n\t\t\t\t\t\t\t<\/div>\r\n\t\t<h2 class=\"title\">\t\t<a href=\"https:\/\/yogaesoteric.net\/fr\/le-cylindre-de-cyrus-et-les-cinq-prix-du-petrole-dans-le-detroit-dormuz-petroyuan-contre-petrodollar\/\" class=\"post-title post-url\">\r\n\t\t\tLe \u00ab Cylindre \u00bb de Cyrus et les cinq prix du p\u00e9trole dans le d\u00e9troit d\u2019Ormuz : p\u00e9troyuan contre&hellip;\t\t<\/a>\r\n\t\t<\/h2>\t\t<div class=\"post-meta\">\r\n\r\n\t\t\t\t\t\t\t<a href=\"https:\/\/yogaesoteric.net\/fr\/author\/lallananda\/\"\r\n\t\t\t\t   title=\"Browse Author Articles\"\r\n\t\t\t\t   class=\"post-author-a\">\r\n\t\t\t\t\t<i class=\"post-author author\">\r\n\t\t\t\t\t\tLallananda\t\t\t\t\t<\/i>\r\n\t\t\t\t<\/a>\r\n\t\t\t\t\t\t\t<span class=\"time\"><time class=\"post-published updated\"\r\n\t\t\t\t                         datetime=\"2026-04-18T19:24:52+00:00\">Apr 18, 2026<\/time><\/span>\r\n\t\t\t\t<a href=\"https:\/\/yogaesoteric.net\/fr\/le-cylindre-de-cyrus-et-les-cinq-prix-du-petrole-dans-le-detroit-dormuz-petroyuan-contre-petrodollar\/#respond\" title=\"Leave a comment on: &ldquo;Le \u00ab Cylindre \u00bb de Cyrus et les cinq prix du p\u00e9trole dans le d\u00e9troit d\u2019Ormuz : p\u00e9troyuan contre p\u00e9trodollar&rdquo;\" class=\"comments\"><i class=\"fa fa-comments-o\"><\/i> 0<\/a>\t\t<\/div>\r\n\t\t\t\t\t<div class=\"post-summary\">\r\n\t\t\t\tpar Alfredo Jalife-Rahme\r\nLe pr\u00e9sident Trump n\u2019a pas lu, ni la Cyrop\u00e9die de X\u00e9nophon, ni le Cylindre de Cyrus le Grand, ni probablement la Bible. Il ignore la grandeur de l\u2019Empire perse, le premier empire de l\u2019Histoire antique. De m\u00eame&hellip;\t\t\t\t\t<br><a class=\"read-more\"\r\n\t\t\t\t\t       href=\"https:\/\/yogaesoteric.net\/fr\/le-cylindre-de-cyrus-et-les-cinq-prix-du-petrole-dans-le-detroit-dormuz-petroyuan-contre-petrodollar\/\">Read More...<\/a>\r\n\t\t\t\t\t\t\t<\/div>\r\n\t\t\t\t<\/div>\r\n\t<\/article >\r\n\t<article class=\"post-231475 type-post format-standard has-not-post-thumbnail   listing-item listing-item-blog  listing-item-blog-5 main-term-1085 bsw-13 \">\r\n\t<div class=\"item-inner clearfix\">\r\n\r\n\t\t\t\t\t<div class=\"featured clearfix\">\r\n\t\t\t\t<div class=\"term-badges floated\"><span class=\"term-badge term-1085\"><a href=\"https:\/\/yogaesoteric.net\/fr\/category\/demasquer-la-maconnerie-fr\/nouvelles-sensationnelles-censurees-3480-fr\/nouvelles-censurees-economique-5127-fr\/\">Nouvelles censur\u00e9es - \u00c9conomique<\/a><\/span><\/div>\t\t\t\t<a  title=\"La France se pr\u00e9pare \u00e0 une \u00ab \u00e9conomie de guerre \u00bb \u2013 Selon un rapport\" data-src=\"https:\/\/yogaesoteric.net\/wp-content\/uploads\/2026\/04\/1-31-300x169.jpg\"\t\t\t\t\t\tclass=\"img-holder\" href=\"https:\/\/yogaesoteric.net\/fr\/la-france-se-prepare-a-une-economie-de-guerre-selon-un-rapport\/\"><\/a>\r\n\t\t\t\t\t\t\t<\/div>\r\n\t\t<h2 class=\"title\">\t\t<a href=\"https:\/\/yogaesoteric.net\/fr\/la-france-se-prepare-a-une-economie-de-guerre-selon-un-rapport\/\" class=\"post-title post-url\">\r\n\t\t\tLa France se pr\u00e9pare \u00e0 une \u00ab \u00e9conomie de guerre \u00bb \u2013 Selon un rapport\t\t<\/a>\r\n\t\t<\/h2>\t\t<div class=\"post-meta\">\r\n\r\n\t\t\t\t\t\t\t<a href=\"https:\/\/yogaesoteric.net\/fr\/author\/lallananda\/\"\r\n\t\t\t\t   title=\"Browse Author Articles\"\r\n\t\t\t\t   class=\"post-author-a\">\r\n\t\t\t\t\t<i class=\"post-author author\">\r\n\t\t\t\t\t\tLallananda\t\t\t\t\t<\/i>\r\n\t\t\t\t<\/a>\r\n\t\t\t\t\t\t\t<span class=\"time\"><time class=\"post-published updated\"\r\n\t\t\t\t                         datetime=\"2026-04-18T19:17:41+00:00\">Apr 18, 2026<\/time><\/span>\r\n\t\t\t\t<a href=\"https:\/\/yogaesoteric.net\/fr\/la-france-se-prepare-a-une-economie-de-guerre-selon-un-rapport\/#respond\" title=\"Leave a comment on: &ldquo;La France se pr\u00e9pare \u00e0 une \u00ab \u00e9conomie de guerre \u00bb \u2013 Selon un rapport&rdquo;\" class=\"comments\"><i class=\"fa fa-comments-o\"><\/i> 0<\/a>\t\t<\/div>\r\n\t\t\t\t\t<div class=\"post-summary\">\r\n\t\t\t\tLa France envisage de quadrupler son stock de drones kamikazes et d\u2019augmenter consid\u00e9rablement ses arsenaux de missiles d\u2019ici la fin de la d\u00e9cennie, a rapport\u00e9 vendredi, 3 avril, Politico, citant un projet de loi sur la planification&hellip;\t\t\t\t\t<br><a class=\"read-more\"\r\n\t\t\t\t\t       href=\"https:\/\/yogaesoteric.net\/fr\/la-france-se-prepare-a-une-economie-de-guerre-selon-un-rapport\/\">Read More...<\/a>\r\n\t\t\t\t\t\t\t<\/div>\r\n\t\t\t\t<\/div>\r\n\t<\/article >\r\n\t<article class=\"post-231292 type-post format-standard has-not-post-thumbnail   listing-item listing-item-blog  listing-item-blog-5 main-term-383 bsw-13 \">\r\n\t<div class=\"item-inner clearfix\">\r\n\r\n\t\t\t\t\t<div class=\"featured clearfix\">\r\n\t\t\t\t<div class=\"term-badges floated\"><span class=\"term-badge term-383\"><a href=\"https:\/\/yogaesoteric.net\/fr\/category\/actualite-fr\/opinions-1602-fr\/\">Opinions<\/a><\/span><\/div>\t\t\t\t<a  title=\"Le monde peut-il survivre \u00e0 Isra\u00ebl ?\" data-src=\"https:\/\/yogaesoteric.net\/wp-content\/uploads\/2026\/04\/231292_1.jpg\"\t\t\t\t\t\tclass=\"img-holder\" href=\"https:\/\/yogaesoteric.net\/fr\/le-monde-peut-il-survivre-a-israel\/\"><\/a>\r\n\t\t\t\t\t\t\t<\/div>\r\n\t\t<h2 class=\"title\">\t\t<a href=\"https:\/\/yogaesoteric.net\/fr\/le-monde-peut-il-survivre-a-israel\/\" class=\"post-title post-url\">\r\n\t\t\tLe monde peut-il survivre \u00e0 Isra\u00ebl ?\t\t<\/a>\r\n\t\t<\/h2>\t\t<div class=\"post-meta\">\r\n\r\n\t\t\t\t\t\t\t<a href=\"https:\/\/yogaesoteric.net\/fr\/author\/radhananda\/\"\r\n\t\t\t\t   title=\"Browse Author Articles\"\r\n\t\t\t\t   class=\"post-author-a\">\r\n\t\t\t\t\t<i class=\"post-author author\">\r\n\t\t\t\t\t\tRadhananda\t\t\t\t\t<\/i>\r\n\t\t\t\t<\/a>\r\n\t\t\t\t\t\t\t<span class=\"time\"><time class=\"post-published updated\"\r\n\t\t\t\t                         datetime=\"2026-04-17T12:19:03+00:00\">Apr 17, 2026<\/time><\/span>\r\n\t\t\t\t<a href=\"https:\/\/yogaesoteric.net\/fr\/le-monde-peut-il-survivre-a-israel\/#respond\" title=\"Leave a comment on: &ldquo;Le monde peut-il survivre \u00e0 Isra\u00ebl ?&rdquo;\" class=\"comments\"><i class=\"fa fa-comments-o\"><\/i> 0<\/a>\t\t<\/div>\r\n\t\t\t\t\t<div class=\"post-summary\">\r\n\t\t\t\tpar Gilad Atzmon\r\nLe jour o\u00f9 l\u2019Iran a abattu un F-15E et un A-10, il a \u00e9galement confirm\u00e9 avoir r\u00e9duit plus de 160 drones en un tas d\u2019\u00e9paves au sol.\r\n\r\nCela repr\u00e9sente un \u00e9chec complet et syst\u00e9matique de la doctrine a\u00e9rienne usra\u00e9lienne.&hellip;\t\t\t\t\t<br><a class=\"read-more\"\r\n\t\t\t\t\t       href=\"https:\/\/yogaesoteric.net\/fr\/le-monde-peut-il-survivre-a-israel\/\">Read More...<\/a>\r\n\t\t\t\t\t\t\t<\/div>\r\n\t\t\t\t<\/div>\r\n\t<\/article >\r\n\t<article class=\"post-231275 type-post format-standard has-post-thumbnail   listing-item listing-item-blog  listing-item-blog-5 main-term-1562 bsw-13 \">\r\n\t<div class=\"item-inner clearfix\">\r\n\r\n\t\t\t\t\t<div class=\"featured clearfix\">\r\n\t\t\t\t<div class=\"term-badges floated\"><span class=\"term-badge term-1562\"><a href=\"https:\/\/yogaesoteric.net\/fr\/category\/la-crise-du-covid-19-1602-fr\/demasquer-lescroquerie-de-covid-23865-fr\/\">D\u00e9masquer l&#039;escroquerie de covid<\/a><\/span><\/div>\t\t\t\t<a  title=\"Injections anti-covid-19 : l\u2019intention de nuire est \u00e9tablie\" data-src=\"https:\/\/yogaesoteric.net\/wp-content\/uploads\/2026\/04\/231275_5-357x210.jpg\" data-bs-srcset=\"{&quot;baseurl&quot;:&quot;https:\\\/\\\/yogaesoteric.net\\\/wp-content\\\/uploads\\\/2026\\\/04\\\/&quot;,&quot;sizes&quot;:{&quot;210&quot;:&quot;231275_5-210x136.jpg&quot;,&quot;279&quot;:&quot;231275_5-279x220.jpg&quot;,&quot;357&quot;:&quot;231275_5-357x210.jpg&quot;,&quot;560&quot;:&quot;231275_5.jpg&quot;}}\"\t\t\t\t\t\tclass=\"img-holder\" href=\"https:\/\/yogaesoteric.net\/fr\/injections-anti-covid-19-lintention-de-nuire-est-etablie\/\"><\/a>\r\n\t\t\t\t\t\t\t<\/div>\r\n\t\t<h2 class=\"title\">\t\t<a href=\"https:\/\/yogaesoteric.net\/fr\/injections-anti-covid-19-lintention-de-nuire-est-etablie\/\" class=\"post-title post-url\">\r\n\t\t\tInjections anti-covid-19 : l\u2019intention de nuire est \u00e9tablie\t\t<\/a>\r\n\t\t<\/h2>\t\t<div class=\"post-meta\">\r\n\r\n\t\t\t\t\t\t\t<a href=\"https:\/\/yogaesoteric.net\/fr\/author\/radhananda\/\"\r\n\t\t\t\t   title=\"Browse Author Articles\"\r\n\t\t\t\t   class=\"post-author-a\">\r\n\t\t\t\t\t<i class=\"post-author author\">\r\n\t\t\t\t\t\tRadhananda\t\t\t\t\t<\/i>\r\n\t\t\t\t<\/a>\r\n\t\t\t\t\t\t\t<span class=\"time\"><time class=\"post-published updated\"\r\n\t\t\t\t                         datetime=\"2026-04-17T12:13:30+00:00\">Apr 17, 2026<\/time><\/span>\r\n\t\t\t\t<a href=\"https:\/\/yogaesoteric.net\/fr\/injections-anti-covid-19-lintention-de-nuire-est-etablie\/#respond\" title=\"Leave a comment on: &ldquo;Injections anti-covid-19 : l\u2019intention de nuire est \u00e9tablie&rdquo;\" class=\"comments\"><i class=\"fa fa-comments-o\"><\/i> 0<\/a>\t\t<\/div>\r\n\t\t\t\t\t<div class=\"post-summary\">\r\n\t\t\t\tLe Dr. Helmut STERZ au Bundestag : la s\u00e9curit\u00e9\u0301 et l\u2019interdiction d\u2019exp\u00e9rimenter non respect\u00e9es\r\n\r\nVid\u00e9o de 5 minutes :\r\n\r\nLe Dr. Helmut Sterz, ancien chef toxicologue chez Pfizer Europe, responsable des tests de s\u00e9curit\u00e9 sur animaux pour&hellip;\t\t\t\t\t<br><a class=\"read-more\"\r\n\t\t\t\t\t       href=\"https:\/\/yogaesoteric.net\/fr\/injections-anti-covid-19-lintention-de-nuire-est-etablie\/\">Read More...<\/a>\r\n\t\t\t\t\t\t\t<\/div>\r\n\t\t\t\t<\/div>\r\n\t<\/article >\r\n\t<article class=\"post-231262 type-post format-standard has-not-post-thumbnail   listing-item listing-item-blog  listing-item-blog-5 main-term-386 bsw-13 \">\r\n\t<div class=\"item-inner clearfix\">\r\n\r\n\t\t\t\t\t<div class=\"featured clearfix\">\r\n\t\t\t\t<div class=\"term-badges floated\"><span class=\"term-badge term-386\"><a href=\"https:\/\/yogaesoteric.net\/fr\/category\/actualite-fr\/nouvelles-1602-fr\/\">Nouvelles<\/a><\/span><\/div>\t\t\t\t<a  title=\"Les centres de donn\u00e9es occidentaux sont sous le choc\" data-src=\"https:\/\/yogaesoteric.net\/wp-content\/uploads\/2026\/04\/1-19-300x175.png\"\t\t\t\t\t\tclass=\"img-holder\" href=\"https:\/\/yogaesoteric.net\/fr\/les-centres-de-donnees-occidentaux-sont-sous-le-choc\/\"><\/a>\r\n\t\t\t\t\t\t\t<\/div>\r\n\t\t<h2 class=\"title\">\t\t<a href=\"https:\/\/yogaesoteric.net\/fr\/les-centres-de-donnees-occidentaux-sont-sous-le-choc\/\" class=\"post-title post-url\">\r\n\t\t\tLes centres de donn\u00e9es occidentaux sont sous le choc\t\t<\/a>\r\n\t\t<\/h2>\t\t<div class=\"post-meta\">\r\n\r\n\t\t\t\t\t\t\t<a href=\"https:\/\/yogaesoteric.net\/fr\/author\/lallananda\/\"\r\n\t\t\t\t   title=\"Browse Author Articles\"\r\n\t\t\t\t   class=\"post-author-a\">\r\n\t\t\t\t\t<i class=\"post-author author\">\r\n\t\t\t\t\t\tLallananda\t\t\t\t\t<\/i>\r\n\t\t\t\t<\/a>\r\n\t\t\t\t\t\t\t<span class=\"time\"><time class=\"post-published updated\"\r\n\t\t\t\t                         datetime=\"2026-04-16T19:21:20+00:00\">Apr 16, 2026<\/time><\/span>\r\n\t\t\t\t<a href=\"https:\/\/yogaesoteric.net\/fr\/les-centres-de-donnees-occidentaux-sont-sous-le-choc\/#respond\" title=\"Leave a comment on: &ldquo;Les centres de donn\u00e9es occidentaux sont sous le choc&rdquo;\" class=\"comments\"><i class=\"fa fa-comments-o\"><\/i> 0<\/a>\t\t<\/div>\r\n\t\t\t\t\t<div class=\"post-summary\">\r\n\t\t\t\tL\u2019Iran va-t-il couper internet au monde entier ?\r\n\r\nUne attaque sur le centre de donn\u00e9es Amazon Web Services (AWS) \u00e0 Bahre\u00efn est une sorte de point de non \u2013 retour pour la r\u00e9gion du golfe. Bahre\u00efn n\u2019est pas seulement un pays, c\u2019est le si\u00e8ge&hellip;\t\t\t\t\t<br><a class=\"read-more\"\r\n\t\t\t\t\t       href=\"https:\/\/yogaesoteric.net\/fr\/les-centres-de-donnees-occidentaux-sont-sous-le-choc\/\">Read More...<\/a>\r\n\t\t\t\t\t\t\t<\/div>\r\n\t\t\t\t<\/div>\r\n\t<\/article >\r\n\t<article class=\"post-231257 type-post format-standard has-not-post-thumbnail   listing-item listing-item-blog  listing-item-blog-5 main-term-1085 bsw-13 \">\r\n\t<div class=\"item-inner clearfix\">\r\n\r\n\t\t\t\t\t<div class=\"featured clearfix\">\r\n\t\t\t\t<div class=\"term-badges floated\"><span class=\"term-badge term-1085\"><a href=\"https:\/\/yogaesoteric.net\/fr\/category\/demasquer-la-maconnerie-fr\/nouvelles-sensationnelles-censurees-3480-fr\/nouvelles-censurees-economique-5127-fr\/\">Nouvelles censur\u00e9es - \u00c9conomique<\/a><\/span><\/div>\t\t\t\t<a  title=\"La p\u00e9nurie de carburant en France met en lumi\u00e8re la nouvelle crise \u00e9nerg\u00e9-tique en Europe\" data-src=\"https:\/\/yogaesoteric.net\/wp-content\/uploads\/2026\/04\/1-27-300x169.jpg\"\t\t\t\t\t\tclass=\"img-holder\" href=\"https:\/\/yogaesoteric.net\/fr\/la-penurie-de-carburant-en-france-met-en-lumiere-la-nouvelle-crise-energe-tique-en-europe\/\"><\/a>\r\n\t\t\t\t\t\t\t<\/div>\r\n\t\t<h2 class=\"title\">\t\t<a href=\"https:\/\/yogaesoteric.net\/fr\/la-penurie-de-carburant-en-france-met-en-lumiere-la-nouvelle-crise-energe-tique-en-europe\/\" class=\"post-title post-url\">\r\n\t\t\tLa p\u00e9nurie de carburant en France met en lumi\u00e8re la nouvelle crise \u00e9nerg\u00e9-tique en Europe\t\t<\/a>\r\n\t\t<\/h2>\t\t<div class=\"post-meta\">\r\n\r\n\t\t\t\t\t\t\t<a href=\"https:\/\/yogaesoteric.net\/fr\/author\/lallananda\/\"\r\n\t\t\t\t   title=\"Browse Author Articles\"\r\n\t\t\t\t   class=\"post-author-a\">\r\n\t\t\t\t\t<i class=\"post-author author\">\r\n\t\t\t\t\t\tLallananda\t\t\t\t\t<\/i>\r\n\t\t\t\t<\/a>\r\n\t\t\t\t\t\t\t<span class=\"time\"><time class=\"post-published updated\"\r\n\t\t\t\t                         datetime=\"2026-04-16T18:59:04+00:00\">Apr 16, 2026<\/time><\/span>\r\n\t\t\t\t<a href=\"https:\/\/yogaesoteric.net\/fr\/la-penurie-de-carburant-en-france-met-en-lumiere-la-nouvelle-crise-energe-tique-en-europe\/#respond\" title=\"Leave a comment on: &ldquo;La p\u00e9nurie de carburant en France met en lumi\u00e8re la nouvelle crise \u00e9nerg\u00e9-tique en Europe&rdquo;\" class=\"comments\"><i class=\"fa fa-comments-o\"><\/i> 0<\/a>\t\t<\/div>\r\n\t\t\t\t\t<div class=\"post-summary\">\r\n\t\t\t\t12 % des stations-service fran\u00e7aises sont \u00e0 court d\u2019au moins un type de carburant. Le gouvernement fran\u00e7ais insiste sur le fait qu\u2019il n\u2019y a ni p\u00e9nurie nationale ni crise d\u2019approvisionnement. Les responsables qualifient le probl\u00e8me de \u00ab&hellip;\t\t\t\t\t<br><a class=\"read-more\"\r\n\t\t\t\t\t       href=\"https:\/\/yogaesoteric.net\/fr\/la-penurie-de-carburant-en-france-met-en-lumiere-la-nouvelle-crise-energe-tique-en-europe\/\">Read More...<\/a>\r\n\t\t\t\t\t\t\t<\/div>\r\n\t\t\t\t<\/div>\r\n\t<\/article >\r\n\t<article class=\"post-231025 type-post format-standard has-not-post-thumbnail   listing-item listing-item-blog  listing-item-blog-5 main-term-1061 bsw-13 \">\r\n\t<div class=\"item-inner clearfix\">\r\n\r\n\t\t\t\t\t<div class=\"featured clearfix\">\r\n\t\t\t\t<div class=\"term-badges floated\"><span class=\"term-badge term-1061\"><a href=\"https:\/\/yogaesoteric.net\/fr\/category\/demasquer-la-maconnerie-fr\/faits-incontestables-qui-prouvent-la-realite-de-la-conspiration-planetaire-3480-fr\/\">Faits incontestables qui prouvent la r\u00e9alit\u00e9 de la conspiration plan\u00e9taire<\/a><\/span><\/div>\t\t\t\t<a  title=\"Le suicide moral de l\u2019Am\u00e9rique\" data-src=\"https:\/\/yogaesoteric.net\/wp-content\/uploads\/2026\/04\/231025_8.jpg\"\t\t\t\t\t\tclass=\"img-holder\" href=\"https:\/\/yogaesoteric.net\/fr\/le-suicide-moral-de-lamerique\/\"><\/a>\r\n\t\t\t\t\t\t\t<\/div>\r\n\t\t<h2 class=\"title\">\t\t<a href=\"https:\/\/yogaesoteric.net\/fr\/le-suicide-moral-de-lamerique\/\" class=\"post-title post-url\">\r\n\t\t\tLe suicide moral de l\u2019Am\u00e9rique\t\t<\/a>\r\n\t\t<\/h2>\t\t<div class=\"post-meta\">\r\n\r\n\t\t\t\t\t\t\t<a href=\"https:\/\/yogaesoteric.net\/fr\/author\/radhananda\/\"\r\n\t\t\t\t   title=\"Browse Author Articles\"\r\n\t\t\t\t   class=\"post-author-a\">\r\n\t\t\t\t\t<i class=\"post-author author\">\r\n\t\t\t\t\t\tRadhananda\t\t\t\t\t<\/i>\r\n\t\t\t\t<\/a>\r\n\t\t\t\t\t\t\t<span class=\"time\"><time class=\"post-published updated\"\r\n\t\t\t\t                         datetime=\"2026-04-15T07:32:50+00:00\">Apr 15, 2026<\/time><\/span>\r\n\t\t\t\t<a href=\"https:\/\/yogaesoteric.net\/fr\/le-suicide-moral-de-lamerique\/#respond\" title=\"Leave a comment on: &ldquo;Le suicide moral de l\u2019Am\u00e9rique&rdquo;\" class=\"comments\"><i class=\"fa fa-comments-o\"><\/i> 0<\/a>\t\t<\/div>\r\n\t\t\t\t\t<div class=\"post-summary\">\r\n\t\t\t\tpar Michael Brenner\r\nLes \u00c9tats-Unis \u2013 le centre de l\u2019attention de la soci\u00e9t\u00e9 occidentale \u2013 ont commis un suicide moral \u00e0 Gaza ; et le certificat de d\u00e9c\u00e8s a \u00e9t\u00e9 d\u00e9livr\u00e9 en Iran.\r\n\r\nLe suicide collectif est toujours un spectacle affreux,&hellip;\t\t\t\t\t<br><a class=\"read-more\"\r\n\t\t\t\t\t       href=\"https:\/\/yogaesoteric.net\/fr\/le-suicide-moral-de-lamerique\/\">Read More...<\/a>\r\n\t\t\t\t\t\t\t<\/div>\r\n\t\t\t\t<\/div>\r\n\t<\/article >\r\n\t<article class=\"post-231020 type-post format-standard has-not-post-thumbnail   listing-item listing-item-blog  listing-item-blog-5 main-term-981 bsw-13 \">\r\n\t<div class=\"item-inner clearfix\">\r\n\r\n\t\t\t\t\t<div class=\"featured clearfix\">\r\n\t\t\t\t<div class=\"term-badges floated\"><span class=\"term-badge term-981\"><a href=\"https:\/\/yogaesoteric.net\/fr\/category\/demasquer-la-maconnerie-fr\/sur-la-perverse-manipulation-maconnique-3480-fr\/\">Sur la perverse manipulation ma\u00e7onnique<\/a><\/span><\/div>\t\t\t\t<a  title=\"Chase Hughes, expert en op\u00e9rations psychologiques, explique comment la CIA recrute des influenceurs\" data-src=\"https:\/\/yogaesoteric.net\/wp-content\/uploads\/2026\/04\/231020_1.jpg\"\t\t\t\t\t\tclass=\"img-holder\" href=\"https:\/\/yogaesoteric.net\/fr\/chase-hughes-expert-en-operations-psychologiques-explique-comment-la-cia-recrute-des-influenceurs\/\"><\/a>\r\n\t\t\t\t\t\t\t<\/div>\r\n\t\t<h2 class=\"title\">\t\t<a href=\"https:\/\/yogaesoteric.net\/fr\/chase-hughes-expert-en-operations-psychologiques-explique-comment-la-cia-recrute-des-influenceurs\/\" class=\"post-title post-url\">\r\n\t\t\tChase Hughes, expert en op\u00e9rations psychologiques, explique comment la CIA recrute des influenceurs\t\t<\/a>\r\n\t\t<\/h2>\t\t<div class=\"post-meta\">\r\n\r\n\t\t\t\t\t\t\t<a href=\"https:\/\/yogaesoteric.net\/fr\/author\/radhananda\/\"\r\n\t\t\t\t   title=\"Browse Author Articles\"\r\n\t\t\t\t   class=\"post-author-a\">\r\n\t\t\t\t\t<i class=\"post-author author\">\r\n\t\t\t\t\t\tRadhananda\t\t\t\t\t<\/i>\r\n\t\t\t\t<\/a>\r\n\t\t\t\t\t\t\t<span class=\"time\"><time class=\"post-published updated\"\r\n\t\t\t\t                         datetime=\"2026-04-15T07:18:52+00:00\">Apr 15, 2026<\/time><\/span>\r\n\t\t\t\t<a href=\"https:\/\/yogaesoteric.net\/fr\/chase-hughes-expert-en-operations-psychologiques-explique-comment-la-cia-recrute-des-influenceurs\/#respond\" title=\"Leave a comment on: &ldquo;Chase Hughes, expert en op\u00e9rations psychologiques, explique comment la CIA recrute des influenceurs&rdquo;\" class=\"comments\"><i class=\"fa fa-comments-o\"><\/i> 0<\/a>\t\t<\/div>\r\n\t\t\t\t\t<div class=\"post-summary\">\r\n\t\t\t\tChase Hughes, expert en comportement humain, a expliqu\u00e9 dans un podcast comment la CIA recrute des influenceurs sur les r\u00e9seaux de communication virtuels en recourant \u00e0 des pots-de-vin, \u00e0 la coercition et au chantage pour les inciter \u00e0&hellip;\t\t\t\t\t<br><a class=\"read-more\"\r\n\t\t\t\t\t       href=\"https:\/\/yogaesoteric.net\/fr\/chase-hughes-expert-en-operations-psychologiques-explique-comment-la-cia-recrute-des-influenceurs\/\">Read More...<\/a>\r\n\t\t\t\t\t\t\t<\/div>\r\n\t\t\t\t<\/div>\r\n\t<\/article >\r\n\t<article class=\"post-230926 type-post format-standard has-not-post-thumbnail   listing-item listing-item-blog  listing-item-blog-5 main-term-1653 bsw-13 \">\r\n\t<div class=\"item-inner clearfix\">\r\n\r\n\t\t\t\t\t<div class=\"featured clearfix\">\r\n\t\t\t\t<div class=\"term-badges floated\"><span class=\"term-badge term-1653\"><a href=\"https:\/\/yogaesoteric.net\/fr\/category\/actualite-fr\/histoire-non-censuree\/\">Histoire non censur\u00e9e<\/a><\/span><\/div>\t\t\t\t<a  title=\"Il existe une moralit\u00e9 de la m\u00e9moire, que nous avons abandonn\u00e9e dans le monde occidental\" data-src=\"https:\/\/yogaesoteric.net\/wp-content\/uploads\/2026\/04\/230926_1.jpg\"\t\t\t\t\t\tclass=\"img-holder\" href=\"https:\/\/yogaesoteric.net\/fr\/il-existe-une-moralite-de-la-memoire-que-nous-avons-abandonnee-dans-le-monde-occidental\/\"><\/a>\r\n\t\t\t\t\t\t\t<\/div>\r\n\t\t<h2 class=\"title\">\t\t<a href=\"https:\/\/yogaesoteric.net\/fr\/il-existe-une-moralite-de-la-memoire-que-nous-avons-abandonnee-dans-le-monde-occidental\/\" class=\"post-title post-url\">\r\n\t\t\tIl existe une moralit\u00e9 de la m\u00e9moire, que nous avons abandonn\u00e9e dans le monde occidental\t\t<\/a>\r\n\t\t<\/h2>\t\t<div class=\"post-meta\">\r\n\r\n\t\t\t\t\t\t\t<a href=\"https:\/\/yogaesoteric.net\/fr\/author\/radhananda\/\"\r\n\t\t\t\t   title=\"Browse Author Articles\"\r\n\t\t\t\t   class=\"post-author-a\">\r\n\t\t\t\t\t<i class=\"post-author author\">\r\n\t\t\t\t\t\tRadhananda\t\t\t\t\t<\/i>\r\n\t\t\t\t<\/a>\r\n\t\t\t\t\t\t\t<span class=\"time\"><time class=\"post-published updated\"\r\n\t\t\t\t                         datetime=\"2026-04-14T06:13:00+00:00\">Apr 14, 2026<\/time><\/span>\r\n\t\t\t\t<a href=\"https:\/\/yogaesoteric.net\/fr\/il-existe-une-moralite-de-la-memoire-que-nous-avons-abandonnee-dans-le-monde-occidental\/#respond\" title=\"Leave a comment on: &ldquo;Il existe une moralit\u00e9 de la m\u00e9moire, que nous avons abandonn\u00e9e dans le monde occidental&rdquo;\" class=\"comments\"><i class=\"fa fa-comments-o\"><\/i> 0<\/a>\t\t<\/div>\r\n\t\t\t\t\t<div class=\"post-summary\">\r\n\t\t\t\tDans l\u2019histoire, chaque peuple ayant une capacit\u00e9 d\u2019enracinement historique a respect\u00e9 diverses formes de moralit\u00e9, non seulement envers lui-m\u00eame, mais aussi envers les autres peuples avec lesquels il se confrontait, m\u00eame militairement.&hellip;\t\t\t\t\t<br><a class=\"read-more\"\r\n\t\t\t\t\t       href=\"https:\/\/yogaesoteric.net\/fr\/il-existe-une-moralite-de-la-memoire-que-nous-avons-abandonnee-dans-le-monde-occidental\/\">Read More...<\/a>\r\n\t\t\t\t\t\t\t<\/div>\r\n\t\t\t\t<\/div>\r\n\t<\/article >\r\n\t<article class=\"post-230920 type-post format-standard has-not-post-thumbnail   listing-item listing-item-blog  listing-item-blog-5 main-term-386 bsw-13 \">\r\n\t<div class=\"item-inner clearfix\">\r\n\r\n\t\t\t\t\t<div class=\"featured clearfix\">\r\n\t\t\t\t<div class=\"term-badges floated\"><span class=\"term-badge term-386\"><a href=\"https:\/\/yogaesoteric.net\/fr\/category\/actualite-fr\/nouvelles-1602-fr\/\">Nouvelles<\/a><\/span><\/div>\t\t\t\t<a  title=\"\u00ab Une injustice historique \u00bb : le minist\u00e8re am\u00e9ricain de la Justice conclut un accord avec le g\u00e9n\u00e9ral \u00e0 la retraite Flynn concernant les poursuites abusives li\u00e9es au \u00ab Russiagate \u00bb\" data-src=\"https:\/\/yogaesoteric.net\/wp-content\/uploads\/2026\/04\/230920_1.jpg\"\t\t\t\t\t\tclass=\"img-holder\" href=\"https:\/\/yogaesoteric.net\/fr\/une-injustice-historique-le-ministere-americain-de-la-justice-conclut-un-accord-avec-le-general-a-la-retraite-flynn-concernant-les-poursuites-abusives-liees-au-russiagate\/\"><\/a>\r\n\t\t\t\t\t\t\t<\/div>\r\n\t\t<h2 class=\"title\">\t\t<a href=\"https:\/\/yogaesoteric.net\/fr\/une-injustice-historique-le-ministere-americain-de-la-justice-conclut-un-accord-avec-le-general-a-la-retraite-flynn-concernant-les-poursuites-abusives-liees-au-russiagate\/\" class=\"post-title post-url\">\r\n\t\t\t\u00ab Une injustice historique \u00bb : le minist\u00e8re am\u00e9ricain de la Justice conclut un accord avec le&hellip;\t\t<\/a>\r\n\t\t<\/h2>\t\t<div class=\"post-meta\">\r\n\r\n\t\t\t\t\t\t\t<a href=\"https:\/\/yogaesoteric.net\/fr\/author\/radhananda\/\"\r\n\t\t\t\t   title=\"Browse Author Articles\"\r\n\t\t\t\t   class=\"post-author-a\">\r\n\t\t\t\t\t<i class=\"post-author author\">\r\n\t\t\t\t\t\tRadhananda\t\t\t\t\t<\/i>\r\n\t\t\t\t<\/a>\r\n\t\t\t\t\t\t\t<span class=\"time\"><time class=\"post-published updated\"\r\n\t\t\t\t                         datetime=\"2026-04-14T06:04:33+00:00\">Apr 14, 2026<\/time><\/span>\r\n\t\t\t\t<a href=\"https:\/\/yogaesoteric.net\/fr\/une-injustice-historique-le-ministere-americain-de-la-justice-conclut-un-accord-avec-le-general-a-la-retraite-flynn-concernant-les-poursuites-abusives-liees-au-russiagate\/#respond\" title=\"Leave a comment on: &ldquo;\u00ab Une injustice historique \u00bb : le minist\u00e8re am\u00e9ricain de la Justice conclut un accord avec le g\u00e9n\u00e9ral \u00e0 la retraite Flynn concernant les poursuites abusives li\u00e9es au \u00ab Russiagate \u00bb&rdquo;\" class=\"comments\"><i class=\"fa fa-comments-o\"><\/i> 0<\/a>\t\t<\/div>\r\n\t\t\t\t\t<div class=\"post-summary\">\r\n\t\t\t\tSelon des documents judiciaires, le minist\u00e8re de la Justice (DOJ) et le lieutenant-g\u00e9n\u00e9ral \u00e0 la retraite Michael Flynn, ancien conseiller \u00e0 la s\u00e9curit\u00e9 nationale sous le premier mandat du pr\u00e9sident Donald Trump, ont conclu mercredi, 25&hellip;\t\t\t\t\t<br><a class=\"read-more\"\r\n\t\t\t\t\t       href=\"https:\/\/yogaesoteric.net\/fr\/une-injustice-historique-le-ministere-americain-de-la-justice-conclut-un-accord-avec-le-general-a-la-retraite-flynn-concernant-les-poursuites-abusives-liees-au-russiagate\/\">Read More...<\/a>\r\n\t\t\t\t\t\t\t<\/div>\r\n\t\t\t\t<\/div>\r\n\t<\/article >\r\n\t<article class=\"post-230817 type-post format-standard has-not-post-thumbnail   listing-item listing-item-blog  listing-item-blog-5 main-term-1085 bsw-13 \">\r\n\t<div class=\"item-inner clearfix\">\r\n\r\n\t\t\t\t\t<div class=\"featured clearfix\">\r\n\t\t\t\t<div class=\"term-badges floated\"><span class=\"term-badge term-1085\"><a href=\"https:\/\/yogaesoteric.net\/fr\/category\/demasquer-la-maconnerie-fr\/nouvelles-sensationnelles-censurees-3480-fr\/nouvelles-censurees-economique-5127-fr\/\">Nouvelles censur\u00e9es - \u00c9conomique<\/a><\/span><\/div>\t\t\t\t<a  title=\"Trump fait-il vraiment n\u2019importe quoi\u2026.\u2026 ou bien agit-il comme un algo-rithme poursuivant une strat\u00e9gie ?\" data-src=\"https:\/\/yogaesoteric.net\/wp-content\/uploads\/2026\/04\/1-10-300x175.png\"\t\t\t\t\t\tclass=\"img-holder\" href=\"https:\/\/yogaesoteric.net\/fr\/trump-fait-il-vraiment-nimporte-quoi-ou-bien-agit-il-comme-un-algo-rithme-poursuivant-une-strategie\/\"><\/a>\r\n\t\t\t\t\t\t\t<\/div>\r\n\t\t<h2 class=\"title\">\t\t<a href=\"https:\/\/yogaesoteric.net\/fr\/trump-fait-il-vraiment-nimporte-quoi-ou-bien-agit-il-comme-un-algo-rithme-poursuivant-une-strategie\/\" class=\"post-title post-url\">\r\n\t\t\tTrump fait-il vraiment n\u2019importe quoi\u2026.\u2026 ou bien agit-il comme un algo-rithme poursuivant une&hellip;\t\t<\/a>\r\n\t\t<\/h2>\t\t<div class=\"post-meta\">\r\n\r\n\t\t\t\t\t\t\t<a href=\"https:\/\/yogaesoteric.net\/fr\/author\/lallananda\/\"\r\n\t\t\t\t   title=\"Browse Author Articles\"\r\n\t\t\t\t   class=\"post-author-a\">\r\n\t\t\t\t\t<i class=\"post-author author\">\r\n\t\t\t\t\t\tLallananda\t\t\t\t\t<\/i>\r\n\t\t\t\t<\/a>\r\n\t\t\t\t\t\t\t<span class=\"time\"><time class=\"post-published updated\"\r\n\t\t\t\t                         datetime=\"2026-04-09T18:43:31+00:00\">Apr 9, 2026<\/time><\/span>\r\n\t\t\t\t<a href=\"https:\/\/yogaesoteric.net\/fr\/trump-fait-il-vraiment-nimporte-quoi-ou-bien-agit-il-comme-un-algo-rithme-poursuivant-une-strategie\/#respond\" title=\"Leave a comment on: &ldquo;Trump fait-il vraiment n\u2019importe quoi\u2026.\u2026 ou bien agit-il comme un algo-rithme poursuivant une strat\u00e9gie ?&rdquo;\" class=\"comments\"><i class=\"fa fa-comments-o\"><\/i> 0<\/a>\t\t<\/div>\r\n\t\t\t\t\t<div class=\"post-summary\">\r\n\t\t\t\t3.000 milliards de dollars. En moins de deux heures. Sur un seul post. Trump a post\u00e9 sur Truth Social. Les march\u00e9s ont explos\u00e9. L\u2019Iran a d\u00e9menti. Les march\u00e9s ont replong\u00e9. Et si tout \u00e7a\u2026\u2026. \u00e9tait calcul\u00e9 ?\r\n\r\n\r\n\r\nTrump poste sur Truth Social&hellip;\t\t\t\t\t<br><a class=\"read-more\"\r\n\t\t\t\t\t       href=\"https:\/\/yogaesoteric.net\/fr\/trump-fait-il-vraiment-nimporte-quoi-ou-bien-agit-il-comme-un-algo-rithme-poursuivant-une-strategie\/\">Read More...<\/a>\r\n\t\t\t\t\t\t\t<\/div>\r\n\t\t\t\t<\/div>\r\n\t<\/article >\r\n\t<article class=\"post-230809 type-post format-standard has-not-post-thumbnail   listing-item listing-item-blog  listing-item-blog-5 main-term-981 bsw-13 \">\r\n\t<div class=\"item-inner clearfix\">\r\n\r\n\t\t\t\t\t<div class=\"featured clearfix\">\r\n\t\t\t\t<div class=\"term-badges floated\"><span class=\"term-badge term-981\"><a href=\"https:\/\/yogaesoteric.net\/fr\/category\/demasquer-la-maconnerie-fr\/sur-la-perverse-manipulation-maconnique-3480-fr\/\">Sur la perverse manipulation ma\u00e7onnique<\/a><\/span><\/div>\t\t\t\t<a  title=\"Comment les m\u00e9dias occidentaux blanchissent et cautionnent les d\u00e9rives de l\u2019empire\" data-src=\"https:\/\/yogaesoteric.net\/wp-content\/uploads\/2026\/04\/1-9-300x175.png\"\t\t\t\t\t\tclass=\"img-holder\" href=\"https:\/\/yogaesoteric.net\/fr\/comment-les-medias-occidentaux-blanchissent-et-cautionnent-les-derives-de-lempire\/\"><\/a>\r\n\t\t\t\t\t\t\t<\/div>\r\n\t\t<h2 class=\"title\">\t\t<a href=\"https:\/\/yogaesoteric.net\/fr\/comment-les-medias-occidentaux-blanchissent-et-cautionnent-les-derives-de-lempire\/\" class=\"post-title post-url\">\r\n\t\t\tComment les m\u00e9dias occidentaux blanchissent et cautionnent les d\u00e9rives de l\u2019empire\t\t<\/a>\r\n\t\t<\/h2>\t\t<div class=\"post-meta\">\r\n\r\n\t\t\t\t\t\t\t<a href=\"https:\/\/yogaesoteric.net\/fr\/author\/lallananda\/\"\r\n\t\t\t\t   title=\"Browse Author Articles\"\r\n\t\t\t\t   class=\"post-author-a\">\r\n\t\t\t\t\t<i class=\"post-author author\">\r\n\t\t\t\t\t\tLallananda\t\t\t\t\t<\/i>\r\n\t\t\t\t<\/a>\r\n\t\t\t\t\t\t\t<span class=\"time\"><time class=\"post-published updated\"\r\n\t\t\t\t                         datetime=\"2026-04-09T18:38:15+00:00\">Apr 9, 2026<\/time><\/span>\r\n\t\t\t\t<a href=\"https:\/\/yogaesoteric.net\/fr\/comment-les-medias-occidentaux-blanchissent-et-cautionnent-les-derives-de-lempire\/#respond\" title=\"Leave a comment on: &ldquo;Comment les m\u00e9dias occidentaux blanchissent et cautionnent les d\u00e9rives de l\u2019empire&rdquo;\" class=\"comments\"><i class=\"fa fa-comments-o\"><\/i> 0<\/a>\t\t<\/div>\r\n\t\t\t\t\t<div class=\"post-summary\">\r\n\t\t\t\tLe 26 mars, l\u2019Associated Press a d\u00e9clar\u00e9 son intention d\u2019user de termes refl\u00e9tant fid\u00e8lement la r\u00e9alit\u00e9.\r\n\r\nApr\u00e8s de longues d\u00e9lib\u00e9rations et un vote en interne, l\u2019agence de presse a fait savoir qu\u2019elle qualifierait d\u00e9sormais d\u2019\u00ab invasion \u00bb&hellip;\t\t\t\t\t<br><a class=\"read-more\"\r\n\t\t\t\t\t       href=\"https:\/\/yogaesoteric.net\/fr\/comment-les-medias-occidentaux-blanchissent-et-cautionnent-les-derives-de-lempire\/\">Read More...<\/a>\r\n\t\t\t\t\t\t\t<\/div>\r\n\t\t\t\t<\/div>\r\n\t<\/article >\r\n\t<article class=\"post-230615 type-post format-standard has-not-post-thumbnail   listing-item listing-item-blog  listing-item-blog-5 main-term-386 bsw-13 \">\r\n\t<div class=\"item-inner clearfix\">\r\n\r\n\t\t\t\t\t<div class=\"featured clearfix\">\r\n\t\t\t\t<div class=\"term-badges floated\"><span class=\"term-badge term-386\"><a href=\"https:\/\/yogaesoteric.net\/fr\/category\/actualite-fr\/nouvelles-1602-fr\/\">Nouvelles<\/a><\/span><\/div>\t\t\t\t<a  title=\"Le pape L\u00e9on affirme que Dieu n\u2019\u00e9coute pas les pri\u00e8res de ceux qui font la guerre ; le porte-parole de la Maison Blanche, M. Leavitt, r\u00e9agit\" data-src=\"https:\/\/yogaesoteric.net\/wp-content\/uploads\/2026\/04\/230615_1.jpg\"\t\t\t\t\t\tclass=\"img-holder\" href=\"https:\/\/yogaesoteric.net\/fr\/le-pape-leon-affirme-que-dieu-necoute-pas-les-prieres-de-ceux-qui-font-la-guerre-le-porte-parole-de-la-maison-blanche-m-leavitt-reagit\/\"><\/a>\r\n\t\t\t\t\t\t\t<\/div>\r\n\t\t<h2 class=\"title\">\t\t<a href=\"https:\/\/yogaesoteric.net\/fr\/le-pape-leon-affirme-que-dieu-necoute-pas-les-prieres-de-ceux-qui-font-la-guerre-le-porte-parole-de-la-maison-blanche-m-leavitt-reagit\/\" class=\"post-title post-url\">\r\n\t\t\tLe pape L\u00e9on affirme que Dieu n\u2019\u00e9coute pas les pri\u00e8res de ceux qui font la guerre ; le porte-parole&hellip;\t\t<\/a>\r\n\t\t<\/h2>\t\t<div class=\"post-meta\">\r\n\r\n\t\t\t\t\t\t\t<a href=\"https:\/\/yogaesoteric.net\/fr\/author\/radhananda\/\"\r\n\t\t\t\t   title=\"Browse Author Articles\"\r\n\t\t\t\t   class=\"post-author-a\">\r\n\t\t\t\t\t<i class=\"post-author author\">\r\n\t\t\t\t\t\tRadhananda\t\t\t\t\t<\/i>\r\n\t\t\t\t<\/a>\r\n\t\t\t\t\t\t\t<span class=\"time\"><time class=\"post-published updated\"\r\n\t\t\t\t                         datetime=\"2026-04-08T13:51:47+00:00\">Apr 8, 2026<\/time><\/span>\r\n\t\t\t\t<a href=\"https:\/\/yogaesoteric.net\/fr\/le-pape-leon-affirme-que-dieu-necoute-pas-les-prieres-de-ceux-qui-font-la-guerre-le-porte-parole-de-la-maison-blanche-m-leavitt-reagit\/#respond\" title=\"Leave a comment on: &ldquo;Le pape L\u00e9on affirme que Dieu n\u2019\u00e9coute pas les pri\u00e8res de ceux qui font la guerre ; le porte-parole de la Maison Blanche, M. Leavitt, r\u00e9agit&rdquo;\" class=\"comments\"><i class=\"fa fa-comments-o\"><\/i> 0<\/a>\t\t<\/div>\r\n\t\t\t\t\t<div class=\"post-summary\">\r\n\t\t\t\tLors d\u2019une conf\u00e9rence de presse lundi, 30 mars, la porte-parole de la Maison Blanche, Karoline Leavitt, a r\u00e9pondu \u00e0 une question concernant la r\u00e9cente d\u00e9claration du pape L\u00e9on XIV selon laquelle \u00ab Dieu n\u2019\u00e9coute pas la pri\u00e8re de ceux qui&hellip;\t\t\t\t\t<br><a class=\"read-more\"\r\n\t\t\t\t\t       href=\"https:\/\/yogaesoteric.net\/fr\/le-pape-leon-affirme-que-dieu-necoute-pas-les-prieres-de-ceux-qui-font-la-guerre-le-porte-parole-de-la-maison-blanche-m-leavitt-reagit\/\">Read More...<\/a>\r\n\t\t\t\t\t\t\t<\/div>\r\n\t\t\t\t<\/div>\r\n\t<\/article >\r\n\t<article class=\"post-230604 type-post format-standard has-post-thumbnail   listing-item listing-item-blog  listing-item-blog-5 main-term-1190 bsw-13 \">\r\n\t<div class=\"item-inner clearfix\">\r\n\r\n\t\t\t\t\t<div class=\"featured clearfix\">\r\n\t\t\t\t<div class=\"term-badges floated\"><span class=\"term-badge term-1190\"><a href=\"https:\/\/yogaesoteric.net\/fr\/category\/demasquer-la-maconnerie-fr\/la-fin-programmee-de-la-democratie-3480-fr\/\">LA FIN PROGRAMMEE DE LA DEMOCRATIE<\/a><\/span><\/div>\t\t\t\t<a  title=\"2001-2026, vingt-cinq ans de \u00ab guerre mondiale contre le terrorisme \u00bb, le nouveau nom du colonialisme occidental\" data-src=\"https:\/\/yogaesoteric.net\/wp-content\/uploads\/2026\/04\/230604_2-357x210.jpg\" data-bs-srcset=\"{&quot;baseurl&quot;:&quot;https:\\\/\\\/yogaesoteric.net\\\/wp-content\\\/uploads\\\/2026\\\/04\\\/&quot;,&quot;sizes&quot;:{&quot;210&quot;:&quot;230604_2-210x136.jpg&quot;,&quot;279&quot;:&quot;230604_2-279x220.jpg&quot;,&quot;357&quot;:&quot;230604_2-357x210.jpg&quot;,&quot;560&quot;:&quot;230604_2.jpg&quot;}}\"\t\t\t\t\t\tclass=\"img-holder\" href=\"https:\/\/yogaesoteric.net\/fr\/2001-2026-vingt-cinq-ans-de-guerre-mondiale-contre-le-terrorisme-le-nouveau-nom-du-colonialisme-occidental\/\"><\/a>\r\n\t\t\t\t\t\t\t<\/div>\r\n\t\t<h2 class=\"title\">\t\t<a href=\"https:\/\/yogaesoteric.net\/fr\/2001-2026-vingt-cinq-ans-de-guerre-mondiale-contre-le-terrorisme-le-nouveau-nom-du-colonialisme-occidental\/\" class=\"post-title post-url\">\r\n\t\t\t2001-2026, vingt-cinq ans de \u00ab guerre mondiale contre le terrorisme \u00bb, le nouveau nom du&hellip;\t\t<\/a>\r\n\t\t<\/h2>\t\t<div class=\"post-meta\">\r\n\r\n\t\t\t\t\t\t\t<a href=\"https:\/\/yogaesoteric.net\/fr\/author\/radhananda\/\"\r\n\t\t\t\t   title=\"Browse Author Articles\"\r\n\t\t\t\t   class=\"post-author-a\">\r\n\t\t\t\t\t<i class=\"post-author author\">\r\n\t\t\t\t\t\tRadhananda\t\t\t\t\t<\/i>\r\n\t\t\t\t<\/a>\r\n\t\t\t\t\t\t\t<span class=\"time\"><time class=\"post-published updated\"\r\n\t\t\t\t                         datetime=\"2026-04-08T13:51:31+00:00\">Apr 8, 2026<\/time><\/span>\r\n\t\t\t\t<a href=\"https:\/\/yogaesoteric.net\/fr\/2001-2026-vingt-cinq-ans-de-guerre-mondiale-contre-le-terrorisme-le-nouveau-nom-du-colonialisme-occidental\/#respond\" title=\"Leave a comment on: &ldquo;2001-2026, vingt-cinq ans de \u00ab guerre mondiale contre le terrorisme \u00bb, le nouveau nom du colonialisme occidental&rdquo;\" class=\"comments\"><i class=\"fa fa-comments-o\"><\/i> 0<\/a>\t\t<\/div>\r\n\t\t\t\t\t<div class=\"post-summary\">\r\n\t\t\t\tDe l\u2019Afghanistan \u00e0 l\u2019Iran, de Guantanamo \u00e0 Maduro. Pas de fin en vue ? Ce qui s\u2019est pass\u00e9 en 2001 rel\u00e8ve de la pr\u00e9histoire pour un jeune d\u2019aujourd\u2019hui, \u00e2g\u00e9 de vingt ou trente ans. On ne peut pas en vouloir aux jeunes : ils ont d\u00e9j\u00e0 assez de&hellip;\t\t\t\t\t<br><a class=\"read-more\"\r\n\t\t\t\t\t       href=\"https:\/\/yogaesoteric.net\/fr\/2001-2026-vingt-cinq-ans-de-guerre-mondiale-contre-le-terrorisme-le-nouveau-nom-du-colonialisme-occidental\/\">Read More...<\/a>\r\n\t\t\t\t\t\t\t<\/div>\r\n\t\t\t\t<\/div>\r\n\t<\/article >\r\n\t<article class=\"post-230563 type-post format-standard has-not-post-thumbnail   listing-item listing-item-blog  listing-item-blog-5 main-term-386 bsw-13 \">\r\n\t<div class=\"item-inner clearfix\">\r\n\r\n\t\t\t\t\t<div class=\"featured clearfix\">\r\n\t\t\t\t<div class=\"term-badges floated\"><span class=\"term-badge term-386\"><a href=\"https:\/\/yogaesoteric.net\/fr\/category\/actualite-fr\/nouvelles-1602-fr\/\">Nouvelles<\/a><\/span><\/div>\t\t\t\t<a  title=\"Une \u00ab mafia \u00bb ma\u00e7onnique accus\u00e9e d\u2019avoir assassin\u00e9 un pilote automobile et d\u2019avoir tent\u00e9 d\u2019en tuer d\u2019autres en France\" data-src=\"https:\/\/yogaesoteric.net\/wp-content\/uploads\/2026\/04\/230563_1.jpg\"\t\t\t\t\t\tclass=\"img-holder\" href=\"https:\/\/yogaesoteric.net\/fr\/une-mafia-maconnique-accusee-davoir-assassine-un-pilote-automobile-et-davoir-tente-den-tuer-dautres-en-france\/\"><\/a>\r\n\t\t\t\t\t\t\t<\/div>\r\n\t\t<h2 class=\"title\">\t\t<a href=\"https:\/\/yogaesoteric.net\/fr\/une-mafia-maconnique-accusee-davoir-assassine-un-pilote-automobile-et-davoir-tente-den-tuer-dautres-en-france\/\" class=\"post-title post-url\">\r\n\t\t\tUne \u00ab mafia \u00bb ma\u00e7onnique accus\u00e9e d\u2019avoir assassin\u00e9 un pilote automobile et d\u2019avoir tent\u00e9 d\u2019en tuer&hellip;\t\t<\/a>\r\n\t\t<\/h2>\t\t<div class=\"post-meta\">\r\n\r\n\t\t\t\t\t\t\t<a href=\"https:\/\/yogaesoteric.net\/fr\/author\/radhananda\/\"\r\n\t\t\t\t   title=\"Browse Author Articles\"\r\n\t\t\t\t   class=\"post-author-a\">\r\n\t\t\t\t\t<i class=\"post-author author\">\r\n\t\t\t\t\t\tRadhananda\t\t\t\t\t<\/i>\r\n\t\t\t\t<\/a>\r\n\t\t\t\t\t\t\t<span class=\"time\"><time class=\"post-published updated\"\r\n\t\t\t\t                         datetime=\"2026-04-07T10:21:12+00:00\">Apr 7, 2026<\/time><\/span>\r\n\t\t\t\t<a href=\"https:\/\/yogaesoteric.net\/fr\/une-mafia-maconnique-accusee-davoir-assassine-un-pilote-automobile-et-davoir-tente-den-tuer-dautres-en-france\/#respond\" title=\"Leave a comment on: &ldquo;Une \u00ab mafia \u00bb ma\u00e7onnique accus\u00e9e d\u2019avoir assassin\u00e9 un pilote automobile et d\u2019avoir tent\u00e9 d\u2019en tuer d\u2019autres en France&rdquo;\" class=\"comments\"><i class=\"fa fa-comments-o\"><\/i> 0<\/a>\t\t<\/div>\r\n\t\t\t\t\t<div class=\"post-summary\">\r\n\t\t\t\tVingt-deux personnes sont jug\u00e9es pour avoir commis des crimes de grande envergure \u2013 allant des coups et blessures graves et de l\u2019association de malfaiteurs \u00e0 la tentative de meurtre et au meurtre \u2013 pour le compte d\u2019une loge ma\u00e7onnique de&hellip;\t\t\t\t\t<br><a class=\"read-more\"\r\n\t\t\t\t\t       href=\"https:\/\/yogaesoteric.net\/fr\/une-mafia-maconnique-accusee-davoir-assassine-un-pilote-automobile-et-davoir-tente-den-tuer-dautres-en-france\/\">Read More...<\/a>\r\n\t\t\t\t\t\t\t<\/div>\r\n\t\t\t\t<\/div>\r\n\t<\/article >\r\n\t<article class=\"post-230555 type-post format-standard has-not-post-thumbnail   listing-item listing-item-blog  listing-item-blog-5 main-term-1094 bsw-13 \">\r\n\t<div class=\"item-inner clearfix\">\r\n\r\n\t\t\t\t\t<div class=\"featured clearfix\">\r\n\t\t\t\t<div class=\"term-badges floated\"><span class=\"term-badge term-1094\"><a href=\"https:\/\/yogaesoteric.net\/fr\/category\/demasquer-la-maconnerie-fr\/nouvelles-sensationnelles-censurees-3480-fr\/nouvelles-censurees-social-5127-fr\/\">Nouvelles censur\u00e9es - Social<\/a><\/span><\/div>\t\t\t\t<a  title=\"Le projet de loi C-22 du Canada impose une surveillance massive des m\u00e9tadonn\u00e9es des Canadiens\" data-src=\"https:\/\/yogaesoteric.net\/wp-content\/uploads\/2026\/04\/230555_1.jpg\"\t\t\t\t\t\tclass=\"img-holder\" href=\"https:\/\/yogaesoteric.net\/fr\/le-projet-de-loi-c-22-du-canada-impose-une-surveillance-massive-des-metadonnees-des-canadiens\/\"><\/a>\r\n\t\t\t\t\t\t\t<\/div>\r\n\t\t<h2 class=\"title\">\t\t<a href=\"https:\/\/yogaesoteric.net\/fr\/le-projet-de-loi-c-22-du-canada-impose-une-surveillance-massive-des-metadonnees-des-canadiens\/\" class=\"post-title post-url\">\r\n\t\t\tLe projet de loi C-22 du Canada impose une surveillance massive des m\u00e9tadonn\u00e9es des Canadiens\t\t<\/a>\r\n\t\t<\/h2>\t\t<div class=\"post-meta\">\r\n\r\n\t\t\t\t\t\t\t<a href=\"https:\/\/yogaesoteric.net\/fr\/author\/radhananda\/\"\r\n\t\t\t\t   title=\"Browse Author Articles\"\r\n\t\t\t\t   class=\"post-author-a\">\r\n\t\t\t\t\t<i class=\"post-author author\">\r\n\t\t\t\t\t\tRadhananda\t\t\t\t\t<\/i>\r\n\t\t\t\t<\/a>\r\n\t\t\t\t\t\t\t<span class=\"time\"><time class=\"post-published updated\"\r\n\t\t\t\t                         datetime=\"2026-04-07T10:17:15+00:00\">Apr 7, 2026<\/time><\/span>\r\n\t\t\t\t<a href=\"https:\/\/yogaesoteric.net\/fr\/le-projet-de-loi-c-22-du-canada-impose-une-surveillance-massive-des-metadonnees-des-canadiens\/#respond\" title=\"Leave a comment on: &ldquo;Le projet de loi C-22 du Canada impose une surveillance massive des m\u00e9tadonn\u00e9es des Canadiens&rdquo;\" class=\"comments\"><i class=\"fa fa-comments-o\"><\/i> 0<\/a>\t\t<\/div>\r\n\t\t\t\t\t<div class=\"post-summary\">\r\n\t\t\t\tLe gouvernement lib\u00e9ral canadien a pr\u00e9sent\u00e9 le projet de loi C-22, intitul\u00e9 \u00ab Loi de 2026 sur l\u2019acc\u00e8s l\u00e9gal \u00bb, un texte de loi sur la surveillance qui oblige les fournisseurs de services \u00e9lectroniques \u00e0 conserver les m\u00e9tadonn\u00e9es des&hellip;\t\t\t\t\t<br><a class=\"read-more\"\r\n\t\t\t\t\t       href=\"https:\/\/yogaesoteric.net\/fr\/le-projet-de-loi-c-22-du-canada-impose-une-surveillance-massive-des-metadonnees-des-canadiens\/\">Read More...<\/a>\r\n\t\t\t\t\t\t\t<\/div>\r\n\t\t\t\t<\/div>\r\n\t<\/article >\r\n\t<article class=\"post-230448 type-post format-standard has-not-post-thumbnail   listing-item listing-item-blog  listing-item-blog-5 main-term-383 bsw-13 \">\r\n\t<div class=\"item-inner clearfix\">\r\n\r\n\t\t\t\t\t<div class=\"featured clearfix\">\r\n\t\t\t\t<div class=\"term-badges floated\"><span class=\"term-badge term-383\"><a href=\"https:\/\/yogaesoteric.net\/fr\/category\/actualite-fr\/opinions-1602-fr\/\">Opinions<\/a><\/span><\/div>\t\t\t\t<a  title=\"Vaccination obligatoire contre les m\u00e9ningocoques : l\u00e9gitime ?\" data-src=\"https:\/\/yogaesoteric.net\/wp-content\/uploads\/2026\/04\/230448_1.jpg\"\t\t\t\t\t\tclass=\"img-holder\" href=\"https:\/\/yogaesoteric.net\/fr\/vaccination-obligatoire-contre-les-meningocoques-legitime\/\"><\/a>\r\n\t\t\t\t\t\t\t<\/div>\r\n\t\t<h2 class=\"title\">\t\t<a href=\"https:\/\/yogaesoteric.net\/fr\/vaccination-obligatoire-contre-les-meningocoques-legitime\/\" class=\"post-title post-url\">\r\n\t\t\tVaccination obligatoire contre les m\u00e9ningocoques : l\u00e9gitime ?\t\t<\/a>\r\n\t\t<\/h2>\t\t<div class=\"post-meta\">\r\n\r\n\t\t\t\t\t\t\t<a href=\"https:\/\/yogaesoteric.net\/fr\/author\/radhananda\/\"\r\n\t\t\t\t   title=\"Browse Author Articles\"\r\n\t\t\t\t   class=\"post-author-a\">\r\n\t\t\t\t\t<i class=\"post-author author\">\r\n\t\t\t\t\t\tRadhananda\t\t\t\t\t<\/i>\r\n\t\t\t\t<\/a>\r\n\t\t\t\t\t\t\t<span class=\"time\"><time class=\"post-published updated\"\r\n\t\t\t\t                         datetime=\"2026-04-06T11:13:57+00:00\">Apr 6, 2026<\/time><\/span>\r\n\t\t\t\t<a href=\"https:\/\/yogaesoteric.net\/fr\/vaccination-obligatoire-contre-les-meningocoques-legitime\/#respond\" title=\"Leave a comment on: &ldquo;Vaccination obligatoire contre les m\u00e9ningocoques : l\u00e9gitime ?&rdquo;\" class=\"comments\"><i class=\"fa fa-comments-o\"><\/i> 0<\/a>\t\t<\/div>\r\n\t\t\t\t\t<div class=\"post-summary\">\r\n\t\t\t\tpar Michel de Lorgeril\r\nDepuis l\u2019ann\u00e9e 2025, les autorit\u00e9s sanitaires ont ajout\u00e9 des vaccins obligatoires \u00e0 la liste des 11 (pour les nourrissons) bien connue depuis la Loi de 2017.\r\n\r\nJe simplifie : au lieu de seulement vacciner contre le&hellip;\t\t\t\t\t<br><a class=\"read-more\"\r\n\t\t\t\t\t       href=\"https:\/\/yogaesoteric.net\/fr\/vaccination-obligatoire-contre-les-meningocoques-legitime\/\">Read More...<\/a>\r\n\t\t\t\t\t\t\t<\/div>\r\n\t\t\t\t<\/div>\r\n\t<\/article >\r\n\t<article class=\"post-230443 type-post format-standard has-not-post-thumbnail   listing-item listing-item-blog  listing-item-blog-5 main-term-1091 bsw-13 \">\r\n\t<div class=\"item-inner clearfix\">\r\n\r\n\t\t\t\t\t<div class=\"featured clearfix\">\r\n\t\t\t\t<div class=\"term-badges floated\"><span class=\"term-badge term-1091\"><a href=\"https:\/\/yogaesoteric.net\/fr\/category\/demasquer-la-maconnerie-fr\/nouvelles-sensationnelles-censurees-3480-fr\/nouvelles-censurees-militaire-5127-fr\/\">Nouvelles censur\u00e9es - Militaire<\/a><\/span><\/div>\t\t\t\t<a  title=\"La dominance \u00e9nerg\u00e9tique\" data-src=\"https:\/\/yogaesoteric.net\/wp-content\/uploads\/2026\/04\/230443_1.jpg\"\t\t\t\t\t\tclass=\"img-holder\" href=\"https:\/\/yogaesoteric.net\/fr\/la-dominance-energetique\/\"><\/a>\r\n\t\t\t\t\t\t\t<\/div>\r\n\t\t<h2 class=\"title\">\t\t<a href=\"https:\/\/yogaesoteric.net\/fr\/la-dominance-energetique\/\" class=\"post-title post-url\">\r\n\t\t\tLa dominance \u00e9nerg\u00e9tique\t\t<\/a>\r\n\t\t<\/h2>\t\t<div class=\"post-meta\">\r\n\r\n\t\t\t\t\t\t\t<a href=\"https:\/\/yogaesoteric.net\/fr\/author\/radhananda\/\"\r\n\t\t\t\t   title=\"Browse Author Articles\"\r\n\t\t\t\t   class=\"post-author-a\">\r\n\t\t\t\t\t<i class=\"post-author author\">\r\n\t\t\t\t\t\tRadhananda\t\t\t\t\t<\/i>\r\n\t\t\t\t<\/a>\r\n\t\t\t\t\t\t\t<span class=\"time\"><time class=\"post-published updated\"\r\n\t\t\t\t                         datetime=\"2026-04-06T10:35:05+00:00\">Apr 6, 2026<\/time><\/span>\r\n\t\t\t\t<a href=\"https:\/\/yogaesoteric.net\/fr\/la-dominance-energetique\/#respond\" title=\"Leave a comment on: &ldquo;La dominance \u00e9nerg\u00e9tique&rdquo;\" class=\"comments\"><i class=\"fa fa-comments-o\"><\/i> 0<\/a>\t\t<\/div>\r\n\t\t\t\t\t<div class=\"post-summary\">\r\n\t\t\t\tL\u2019objectif de l\u2019Op\u00e9ration Furie \u00c9pique, qui risque d\u2019amener le monde \u00e0 la guerre nucl\u00e9aire, a \u00e9t\u00e9 d\u00e9clar\u00e9 par le secr\u00e9taire de l\u2019Int\u00e9rieur USA Burgum en personne : c\u2019est la \u00ab dominance \u00e9nerg\u00e9tique \u00bb qui \u00ab d\u00e8s le premier jour fait partie du&hellip;\t\t\t\t\t<br><a class=\"read-more\"\r\n\t\t\t\t\t       href=\"https:\/\/yogaesoteric.net\/fr\/la-dominance-energetique\/\">Read More...<\/a>\r\n\t\t\t\t\t\t\t<\/div>\r\n\t\t\t\t<\/div>\r\n\t<\/article >\r\n\t<article class=\"post-230358 type-post format-standard has-not-post-thumbnail   listing-item listing-item-blog  listing-item-blog-5 main-term-1570 bsw-13 \">\r\n\t<div class=\"item-inner clearfix\">\r\n\r\n\t\t\t\t\t<div class=\"featured clearfix\">\r\n\t\t\t\t<div class=\"term-badges floated\"><span class=\"term-badge term-1570\"><a href=\"https:\/\/yogaesoteric.net\/fr\/category\/la-menace-de-lintelligence-artificielle\/\">La menace de l&#039;intelligence artificielle<\/a><\/span><\/div>\t\t\t\t<a  title=\"\u00c9tats-Unis : l\u2019intelligence artificielle provoque une p\u00e9nurie de puces m\u00e9moire\" data-src=\"https:\/\/yogaesoteric.net\/wp-content\/uploads\/2026\/04\/230358_1.jpg\"\t\t\t\t\t\tclass=\"img-holder\" href=\"https:\/\/yogaesoteric.net\/fr\/etats-unis-lintelligence-artificielle-provoque-une-penurie-de-puces-memoire\/\"><\/a>\r\n\t\t\t\t\t\t\t<\/div>\r\n\t\t<h2 class=\"title\">\t\t<a href=\"https:\/\/yogaesoteric.net\/fr\/etats-unis-lintelligence-artificielle-provoque-une-penurie-de-puces-memoire\/\" class=\"post-title post-url\">\r\n\t\t\t\u00c9tats-Unis : l\u2019intelligence artificielle provoque une p\u00e9nurie de puces m\u00e9moire\t\t<\/a>\r\n\t\t<\/h2>\t\t<div class=\"post-meta\">\r\n\r\n\t\t\t\t\t\t\t<a href=\"https:\/\/yogaesoteric.net\/fr\/author\/radhananda\/\"\r\n\t\t\t\t   title=\"Browse Author Articles\"\r\n\t\t\t\t   class=\"post-author-a\">\r\n\t\t\t\t\t<i class=\"post-author author\">\r\n\t\t\t\t\t\tRadhananda\t\t\t\t\t<\/i>\r\n\t\t\t\t<\/a>\r\n\t\t\t\t\t\t\t<span class=\"time\"><time class=\"post-published updated\"\r\n\t\t\t\t                         datetime=\"2026-04-05T14:19:34+00:00\">Apr 5, 2026<\/time><\/span>\r\n\t\t\t\t<a href=\"https:\/\/yogaesoteric.net\/fr\/etats-unis-lintelligence-artificielle-provoque-une-penurie-de-puces-memoire\/#respond\" title=\"Leave a comment on: &ldquo;\u00c9tats-Unis : l\u2019intelligence artificielle provoque une p\u00e9nurie de puces m\u00e9moire&rdquo;\" class=\"comments\"><i class=\"fa fa-comments-o\"><\/i> 0<\/a>\t\t<\/div>\r\n\t\t\t\t\t<div class=\"post-summary\">\r\n\t\t\t\tLe fournisseur de Nvidia, Micron Technology, a d\u00e9clar\u00e9 derni\u00e8rement que la p\u00e9nurie persistante de puces m\u00e9moire s\u2019\u00e9tait acc\u00e9l\u00e9r\u00e9e au cours du dernier trimestre, et a r\u00e9it\u00e9r\u00e9 que cette p\u00e9nurie se poursuivrait au-del\u00e0 de 2026, en raison d\u2019une&hellip;\t\t\t\t\t<br><a class=\"read-more\"\r\n\t\t\t\t\t       href=\"https:\/\/yogaesoteric.net\/fr\/etats-unis-lintelligence-artificielle-provoque-une-penurie-de-puces-memoire\/\">Read More...<\/a>\r\n\t\t\t\t\t\t\t<\/div>\r\n\t\t\t\t<\/div>\r\n\t<\/article >\r\n\t<article class=\"post-230353 type-post format-standard has-post-thumbnail   listing-item listing-item-blog  listing-item-blog-5 main-term-386 bsw-13 \">\r\n\t<div class=\"item-inner clearfix\">\r\n\r\n\t\t\t\t\t<div class=\"featured clearfix\">\r\n\t\t\t\t<div class=\"term-badges floated\"><span class=\"term-badge term-386\"><a href=\"https:\/\/yogaesoteric.net\/fr\/category\/actualite-fr\/nouvelles-1602-fr\/\">Nouvelles<\/a><\/span><\/div>\t\t\t\t<a  title=\"\u00c0 la veille de la troisi\u00e8me guerre mondiale ?\" data-src=\"https:\/\/yogaesoteric.net\/wp-content\/uploads\/2026\/04\/230353_1-357x210.jpg\" data-bs-srcset=\"{&quot;baseurl&quot;:&quot;https:\\\/\\\/yogaesoteric.net\\\/wp-content\\\/uploads\\\/2026\\\/04\\\/&quot;,&quot;sizes&quot;:{&quot;210&quot;:&quot;230353_1-210x136.jpg&quot;,&quot;279&quot;:&quot;230353_1-279x220.jpg&quot;,&quot;357&quot;:&quot;230353_1-357x210.jpg&quot;,&quot;560&quot;:&quot;230353_1.jpg&quot;}}\"\t\t\t\t\t\tclass=\"img-holder\" href=\"https:\/\/yogaesoteric.net\/fr\/a-la-veille-de-la-troisieme-guerre-mondiale\/\"><\/a>\r\n\t\t\t\t\t\t\t<\/div>\r\n\t\t<h2 class=\"title\">\t\t<a href=\"https:\/\/yogaesoteric.net\/fr\/a-la-veille-de-la-troisieme-guerre-mondiale\/\" class=\"post-title post-url\">\r\n\t\t\t\u00c0 la veille de la troisi\u00e8me guerre mondiale ?\t\t<\/a>\r\n\t\t<\/h2>\t\t<div class=\"post-meta\">\r\n\r\n\t\t\t\t\t\t\t<a href=\"https:\/\/yogaesoteric.net\/fr\/author\/radhananda\/\"\r\n\t\t\t\t   title=\"Browse Author Articles\"\r\n\t\t\t\t   class=\"post-author-a\">\r\n\t\t\t\t\t<i class=\"post-author author\">\r\n\t\t\t\t\t\tRadhananda\t\t\t\t\t<\/i>\r\n\t\t\t\t<\/a>\r\n\t\t\t\t\t\t\t<span class=\"time\"><time class=\"post-published updated\"\r\n\t\t\t\t                         datetime=\"2026-04-05T14:16:54+00:00\">Apr 5, 2026<\/time><\/span>\r\n\t\t\t\t<a href=\"https:\/\/yogaesoteric.net\/fr\/a-la-veille-de-la-troisieme-guerre-mondiale\/#respond\" title=\"Leave a comment on: &ldquo;\u00c0 la veille de la troisi\u00e8me guerre mondiale ?&rdquo;\" class=\"comments\"><i class=\"fa fa-comments-o\"><\/i> 0<\/a>\t\t<\/div>\r\n\t\t\t\t\t<div class=\"post-summary\">\r\n\t\t\t\tAu rythme des frappes qui touchent d\u00e9sormais les installations strat\u00e9giques et nucl\u00e9aires, ne sommes-nous pas \u00e0 la veille d\u2019une guerre mondiale ? En frappant l\u2019Iran et en tuant son chef, les USA et Isra\u00ebl avaient sous-estim\u00e9 ses capacit\u00e9s&hellip;\t\t\t\t\t<br><a class=\"read-more\"\r\n\t\t\t\t\t       href=\"https:\/\/yogaesoteric.net\/fr\/a-la-veille-de-la-troisieme-guerre-mondiale\/\">Read More...<\/a>\r\n\t\t\t\t\t\t\t<\/div>\r\n\t\t\t\t<\/div>\r\n\t<\/article >\r\n\t<article class=\"post-230247 type-post format-standard has-not-post-thumbnail   listing-item listing-item-blog  listing-item-blog-5 main-term-383 bsw-13 \">\r\n\t<div class=\"item-inner clearfix\">\r\n\r\n\t\t\t\t\t<div class=\"featured clearfix\">\r\n\t\t\t\t<div class=\"term-badges floated\"><span class=\"term-badge term-383\"><a href=\"https:\/\/yogaesoteric.net\/fr\/category\/actualite-fr\/opinions-1602-fr\/\">Opinions<\/a><\/span><\/div>\t\t\t\t<a  title=\"Rien n\u2019a commenc\u00e9. Tout est d\u00e9j\u00e0 lanc\u00e9\" data-src=\"https:\/\/yogaesoteric.net\/wp-content\/uploads\/2026\/04\/230247_1.jpg\"\t\t\t\t\t\tclass=\"img-holder\" href=\"https:\/\/yogaesoteric.net\/fr\/rien-na-commence-tout-est-deja-lance\/\"><\/a>\r\n\t\t\t\t\t\t\t<\/div>\r\n\t\t<h2 class=\"title\">\t\t<a href=\"https:\/\/yogaesoteric.net\/fr\/rien-na-commence-tout-est-deja-lance\/\" class=\"post-title post-url\">\r\n\t\t\tRien n\u2019a commenc\u00e9. Tout est d\u00e9j\u00e0 lanc\u00e9\t\t<\/a>\r\n\t\t<\/h2>\t\t<div class=\"post-meta\">\r\n\r\n\t\t\t\t\t\t\t<a href=\"https:\/\/yogaesoteric.net\/fr\/author\/radhananda\/\"\r\n\t\t\t\t   title=\"Browse Author Articles\"\r\n\t\t\t\t   class=\"post-author-a\">\r\n\t\t\t\t\t<i class=\"post-author author\">\r\n\t\t\t\t\t\tRadhananda\t\t\t\t\t<\/i>\r\n\t\t\t\t<\/a>\r\n\t\t\t\t\t\t\t<span class=\"time\"><time class=\"post-published updated\"\r\n\t\t\t\t                         datetime=\"2026-04-04T10:31:04+00:00\">Apr 4, 2026<\/time><\/span>\r\n\t\t\t\t<a href=\"https:\/\/yogaesoteric.net\/fr\/rien-na-commence-tout-est-deja-lance\/#respond\" title=\"Leave a comment on: &ldquo;Rien n\u2019a commenc\u00e9. Tout est d\u00e9j\u00e0 lanc\u00e9&rdquo;\" class=\"comments\"><i class=\"fa fa-comments-o\"><\/i> 0<\/a>\t\t<\/div>\r\n\t\t\t\t\t<div class=\"post-summary\">\r\n\t\t\t\tpar Amal Djebbar\r\nCe n\u2019est pas encore arriv\u00e9.\r\nPas tout \u00e0 fait.\r\nMais \u00e7a vient\u2026\u2026.\r\n\r\n\r\n\r\nNe, vous y trompez pas : la guerre restera en mode continue. Elle ne cessera jamais. Elle s\u2019installe o\u00f9 on peut piller et d\u00e9stabiliser. Elle ne se fait&hellip;\t\t\t\t\t<br><a class=\"read-more\"\r\n\t\t\t\t\t       href=\"https:\/\/yogaesoteric.net\/fr\/rien-na-commence-tout-est-deja-lance\/\">Read More...<\/a>\r\n\t\t\t\t\t\t\t<\/div>\r\n\t\t\t\t<\/div>\r\n\t<\/article >\r\n\t<article class=\"post-230242 type-post format-standard has-not-post-thumbnail   listing-item listing-item-blog  listing-item-blog-5 main-term-1178 bsw-13 \">\r\n\t<div class=\"item-inner clearfix\">\r\n\r\n\t\t\t\t\t<div class=\"featured clearfix\">\r\n\t\t\t\t<div class=\"term-badges floated\"><span class=\"term-badge term-1178\"><a href=\"https:\/\/yogaesoteric.net\/fr\/category\/sante-fr\/etudes-4260-fr\/\">\u00c9tudes<\/a><\/span><\/div>\t\t\t\t<a  title=\"Cancer : changer de regard et choisir la vie. Avec le Dr Laurent Schwartz, canc\u00e9rologue\" data-src=\"https:\/\/yogaesoteric.net\/wp-content\/uploads\/2026\/04\/230242_1.jpg\"\t\t\t\t\t\tclass=\"img-holder\" href=\"https:\/\/yogaesoteric.net\/fr\/cancer-changer-de-regard-et-choisir-la-vie-avec-le-dr-laurent-schwartz-cancerologue\/\"><\/a>\r\n\t\t\t\t\t\t\t<\/div>\r\n\t\t<h2 class=\"title\">\t\t<a href=\"https:\/\/yogaesoteric.net\/fr\/cancer-changer-de-regard-et-choisir-la-vie-avec-le-dr-laurent-schwartz-cancerologue\/\" class=\"post-title post-url\">\r\n\t\t\tCancer : changer de regard et choisir la vie. Avec le Dr Laurent Schwartz, canc\u00e9rologue\t\t<\/a>\r\n\t\t<\/h2>\t\t<div class=\"post-meta\">\r\n\r\n\t\t\t\t\t\t\t<a href=\"https:\/\/yogaesoteric.net\/fr\/author\/radhananda\/\"\r\n\t\t\t\t   title=\"Browse Author Articles\"\r\n\t\t\t\t   class=\"post-author-a\">\r\n\t\t\t\t\t<i class=\"post-author author\">\r\n\t\t\t\t\t\tRadhananda\t\t\t\t\t<\/i>\r\n\t\t\t\t<\/a>\r\n\t\t\t\t\t\t\t<span class=\"time\"><time class=\"post-published updated\"\r\n\t\t\t\t                         datetime=\"2026-04-04T10:27:48+00:00\">Apr 4, 2026<\/time><\/span>\r\n\t\t\t\t<a href=\"https:\/\/yogaesoteric.net\/fr\/cancer-changer-de-regard-et-choisir-la-vie-avec-le-dr-laurent-schwartz-cancerologue\/#respond\" title=\"Leave a comment on: &ldquo;Cancer : changer de regard et choisir la vie. Avec le Dr Laurent Schwartz, canc\u00e9rologue&rdquo;\" class=\"comments\"><i class=\"fa fa-comments-o\"><\/i> 0<\/a>\t\t<\/div>\r\n\t\t\t\t\t<div class=\"post-summary\">\r\n\t\t\t\tJ\u2019ai 67 ans et \u00e0 un moment ou un autre, j\u2019ai pass\u00e9 ma vie \u00e0 essayer de comprendre le cancer. Et on peut pas comprendre le cancer si on comprend pas la vie. On peut pas comprendre la vie si on comprend pas la conscience et ainsi de suite.&hellip;\t\t\t\t\t<br><a class=\"read-more\"\r\n\t\t\t\t\t       href=\"https:\/\/yogaesoteric.net\/fr\/cancer-changer-de-regard-et-choisir-la-vie-avec-le-dr-laurent-schwartz-cancerologue\/\">Read More...<\/a>\r\n\t\t\t\t\t\t\t<\/div>\r\n\t\t\t\t<\/div>\r\n\t<\/article >\r\n\t<article class=\"post-230147 type-post format-standard has-not-post-thumbnail   listing-item listing-item-blog  listing-item-blog-5 main-term-1178 bsw-13 \">\r\n\t<div class=\"item-inner clearfix\">\r\n\r\n\t\t\t\t\t<div class=\"featured clearfix\">\r\n\t\t\t\t<div class=\"term-badges floated\"><span class=\"term-badge term-1178\"><a href=\"https:\/\/yogaesoteric.net\/fr\/category\/sante-fr\/etudes-4260-fr\/\">\u00c9tudes<\/a><\/span><\/div>\t\t\t\t<a  title=\"Impossible de transmettre la grippe\" data-src=\"https:\/\/yogaesoteric.net\/wp-content\/uploads\/2026\/04\/1-3-e1775232022464-300x148.png\"\t\t\t\t\t\tclass=\"img-holder\" href=\"https:\/\/yogaesoteric.net\/fr\/impossible-de-transmettre-la-grippe\/\"><\/a>\r\n\t\t\t\t\t\t\t<\/div>\r\n\t\t<h2 class=\"title\">\t\t<a href=\"https:\/\/yogaesoteric.net\/fr\/impossible-de-transmettre-la-grippe\/\" class=\"post-title post-url\">\r\n\t\t\tImpossible de transmettre la grippe\t\t<\/a>\r\n\t\t<\/h2>\t\t<div class=\"post-meta\">\r\n\r\n\t\t\t\t\t\t\t<a href=\"https:\/\/yogaesoteric.net\/fr\/author\/lallananda\/\"\r\n\t\t\t\t   title=\"Browse Author Articles\"\r\n\t\t\t\t   class=\"post-author-a\">\r\n\t\t\t\t\t<i class=\"post-author author\">\r\n\t\t\t\t\t\tLallananda\t\t\t\t\t<\/i>\r\n\t\t\t\t<\/a>\r\n\t\t\t\t\t\t\t<span class=\"time\"><time class=\"post-published updated\"\r\n\t\t\t\t                         datetime=\"2026-04-03T16:07:32+00:00\">Apr 3, 2026<\/time><\/span>\r\n\t\t\t\t<a href=\"https:\/\/yogaesoteric.net\/fr\/impossible-de-transmettre-la-grippe\/#respond\" title=\"Leave a comment on: &ldquo;Impossible de transmettre la grippe&rdquo;\" class=\"comments\"><i class=\"fa fa-comments-o\"><\/i> 0<\/a>\t\t<\/div>\r\n\t\t\t\t\t<div class=\"post-summary\">\r\n\t\t\t\tEn cette ann\u00e9e 2026 apocalyptique, c\u2019est-\u00e0-dire riche en r\u00e9v\u00e9lations au sens premier du terme, le mythe pasteurien de la contagion va-t-il enfin s\u2019effondrer ? C\u2019est \u00e0 esp\u00e9rer car une \u00e9tude publi\u00e9 en janvier dernier dans la prestigieuse&hellip;\t\t\t\t\t<br><a class=\"read-more\"\r\n\t\t\t\t\t       href=\"https:\/\/yogaesoteric.net\/fr\/impossible-de-transmettre-la-grippe\/\">Read More...<\/a>\r\n\t\t\t\t\t\t\t<\/div>\r\n\t\t\t\t<\/div>\r\n\t<\/article >\r\n\t<article class=\"post-230142 type-post format-standard has-not-post-thumbnail   listing-item listing-item-blog  listing-item-blog-5 main-term-1094 bsw-13 \">\r\n\t<div class=\"item-inner clearfix\">\r\n\r\n\t\t\t\t\t<div class=\"featured clearfix\">\r\n\t\t\t\t<div class=\"term-badges floated\"><span class=\"term-badge term-1094\"><a href=\"https:\/\/yogaesoteric.net\/fr\/category\/demasquer-la-maconnerie-fr\/nouvelles-sensationnelles-censurees-3480-fr\/nouvelles-censurees-social-5127-fr\/\">Nouvelles censur\u00e9es - Social<\/a><\/span><\/div>\t\t\t\t<a  title=\"GrapheneOS d\u00e9fie les lois sur la surveillance de la v\u00e9rification de l\u2019\u00e2ge et s\u2019engage \u00e0 prot\u00e9ger la vie priv\u00e9e des utilisateurs partout dans le monde\" data-src=\"https:\/\/yogaesoteric.net\/wp-content\/uploads\/2026\/04\/1-9-300x169.jpg\"\t\t\t\t\t\tclass=\"img-holder\" href=\"https:\/\/yogaesoteric.net\/fr\/grapheneos-defie-les-lois-sur-la-surveillance-de-la-verification-de-lage-et-sengage-a-proteger-la-vie-privee-des-utilisateurs-partout-dans-le-monde\/\"><\/a>\r\n\t\t\t\t\t\t\t<\/div>\r\n\t\t<h2 class=\"title\">\t\t<a href=\"https:\/\/yogaesoteric.net\/fr\/grapheneos-defie-les-lois-sur-la-surveillance-de-la-verification-de-lage-et-sengage-a-proteger-la-vie-privee-des-utilisateurs-partout-dans-le-monde\/\" class=\"post-title post-url\">\r\n\t\t\tGrapheneOS d\u00e9fie les lois sur la surveillance de la v\u00e9rification de l\u2019\u00e2ge et s\u2019engage \u00e0 prot\u00e9ger la&hellip;\t\t<\/a>\r\n\t\t<\/h2>\t\t<div class=\"post-meta\">\r\n\r\n\t\t\t\t\t\t\t<a href=\"https:\/\/yogaesoteric.net\/fr\/author\/lallananda\/\"\r\n\t\t\t\t   title=\"Browse Author Articles\"\r\n\t\t\t\t   class=\"post-author-a\">\r\n\t\t\t\t\t<i class=\"post-author author\">\r\n\t\t\t\t\t\tLallananda\t\t\t\t\t<\/i>\r\n\t\t\t\t<\/a>\r\n\t\t\t\t\t\t\t<span class=\"time\"><time class=\"post-published updated\"\r\n\t\t\t\t                         datetime=\"2026-04-03T15:52:30+00:00\">Apr 3, 2026<\/time><\/span>\r\n\t\t\t\t<a href=\"https:\/\/yogaesoteric.net\/fr\/grapheneos-defie-les-lois-sur-la-surveillance-de-la-verification-de-lage-et-sengage-a-proteger-la-vie-privee-des-utilisateurs-partout-dans-le-monde\/#respond\" title=\"Leave a comment on: &ldquo;GrapheneOS d\u00e9fie les lois sur la surveillance de la v\u00e9rification de l\u2019\u00e2ge et s\u2019engage \u00e0 prot\u00e9ger la vie priv\u00e9e des utilisateurs partout dans le monde&rdquo;\" class=\"comments\"><i class=\"fa fa-comments-o\"><\/i> 0<\/a>\t\t<\/div>\r\n\t\t\t\t\t<div class=\"post-summary\">\r\n\t\t\t\tGrapheneOS fait ce qu\u2019Apple et Google refusent de faire : consid\u00e9rer l\u2019acc\u00e8s au march\u00e9 comme un prix acceptable \u00e0 payer pour ne pas int\u00e9grer de syst\u00e8me d\u2019identification gouvernemental dans votre t\u00e9l\u00e9phone.\r\n\r\n\r\n\r\nGrapheneOS a une r\u00e9ponse&hellip;\t\t\t\t\t<br><a class=\"read-more\"\r\n\t\t\t\t\t       href=\"https:\/\/yogaesoteric.net\/fr\/grapheneos-defie-les-lois-sur-la-surveillance-de-la-verification-de-lage-et-sengage-a-proteger-la-vie-privee-des-utilisateurs-partout-dans-le-monde\/\">Read More...<\/a>\r\n\t\t\t\t\t\t\t<\/div>\r\n\t\t\t\t<\/div>\r\n\t<\/article >\r\n\t<article class=\"post-229977 type-post format-standard has-not-post-thumbnail   listing-item listing-item-blog  listing-item-blog-5 main-term-981 bsw-13 \">\r\n\t<div class=\"item-inner clearfix\">\r\n\r\n\t\t\t\t\t<div class=\"featured clearfix\">\r\n\t\t\t\t<div class=\"term-badges floated\"><span class=\"term-badge term-981\"><a href=\"https:\/\/yogaesoteric.net\/fr\/category\/demasquer-la-maconnerie-fr\/sur-la-perverse-manipulation-maconnique-3480-fr\/\">Sur la perverse manipulation ma\u00e7onnique<\/a><\/span><\/div>\t\t\t\t<a  title=\"Les incendiaires\" data-src=\"https:\/\/yogaesoteric.net\/wp-content\/uploads\/2026\/04\/229977_1.jpg\"\t\t\t\t\t\tclass=\"img-holder\" href=\"https:\/\/yogaesoteric.net\/fr\/les-incendiaires\/\"><\/a>\r\n\t\t\t\t\t\t\t<\/div>\r\n\t\t<h2 class=\"title\">\t\t<a href=\"https:\/\/yogaesoteric.net\/fr\/les-incendiaires\/\" class=\"post-title post-url\">\r\n\t\t\tLes incendiaires\t\t<\/a>\r\n\t\t<\/h2>\t\t<div class=\"post-meta\">\r\n\r\n\t\t\t\t\t\t\t<a href=\"https:\/\/yogaesoteric.net\/fr\/author\/radhananda\/\"\r\n\t\t\t\t   title=\"Browse Author Articles\"\r\n\t\t\t\t   class=\"post-author-a\">\r\n\t\t\t\t\t<i class=\"post-author author\">\r\n\t\t\t\t\t\tRadhananda\t\t\t\t\t<\/i>\r\n\t\t\t\t<\/a>\r\n\t\t\t\t\t\t\t<span class=\"time\"><time class=\"post-published updated\"\r\n\t\t\t\t                         datetime=\"2026-04-02T08:40:56+00:00\">Apr 2, 2026<\/time><\/span>\r\n\t\t\t\t<a href=\"https:\/\/yogaesoteric.net\/fr\/les-incendiaires\/#respond\" title=\"Leave a comment on: &ldquo;Les incendiaires&rdquo;\" class=\"comments\"><i class=\"fa fa-comments-o\"><\/i> 0<\/a>\t\t<\/div>\r\n\t\t\t\t\t<div class=\"post-summary\">\r\n\t\t\t\tpar Manlio Dinucci \r\nL\u2019\u00e9pisode du navire m\u00e9thanier russe Arctic Metagaz -qui, frapp\u00e9 par un drone ukrainien, est \u00e0 la d\u00e9rive sans contr\u00f4le au large des c\u00f4tes italiennes avec un chargement de gaz naturel liqu\u00e9fi\u00e9 dont le potentiel thermique&hellip;\t\t\t\t\t<br><a class=\"read-more\"\r\n\t\t\t\t\t       href=\"https:\/\/yogaesoteric.net\/fr\/les-incendiaires\/\">Read More...<\/a>\r\n\t\t\t\t\t\t\t<\/div>\r\n\t\t\t\t<\/div>\r\n\t<\/article >\r\n\t<article class=\"post-229971 type-post format-standard has-not-post-thumbnail   listing-item listing-item-blog  listing-item-blog-5 main-term-1094 bsw-13 \">\r\n\t<div class=\"item-inner clearfix\">\r\n\r\n\t\t\t\t\t<div class=\"featured clearfix\">\r\n\t\t\t\t<div class=\"term-badges floated\"><span class=\"term-badge term-1094\"><a href=\"https:\/\/yogaesoteric.net\/fr\/category\/demasquer-la-maconnerie-fr\/nouvelles-sensationnelles-censurees-3480-fr\/nouvelles-censurees-social-5127-fr\/\">Nouvelles censur\u00e9es - Social<\/a><\/span><\/div>\t\t\t\t<a  title=\"Le FC Barcelone condamn\u00e9 \u00e0 une amende pour violation de la vie priv\u00e9e li\u00e9e \u00e0 la collecte de donn\u00e9es biom\u00e9triques\" data-src=\"https:\/\/yogaesoteric.net\/wp-content\/uploads\/2026\/04\/229971_2.jpg\"\t\t\t\t\t\tclass=\"img-holder\" href=\"https:\/\/yogaesoteric.net\/fr\/le-fc-barcelone-condamne-a-une-amende-pour-violation-de-la-vie-privee-liee-a-la-collecte-de-donnees-biometriques\/\"><\/a>\r\n\t\t\t\t\t\t\t<\/div>\r\n\t\t<h2 class=\"title\">\t\t<a href=\"https:\/\/yogaesoteric.net\/fr\/le-fc-barcelone-condamne-a-une-amende-pour-violation-de-la-vie-privee-liee-a-la-collecte-de-donnees-biometriques\/\" class=\"post-title post-url\">\r\n\t\t\tLe FC Barcelone condamn\u00e9 \u00e0 une amende pour violation de la vie priv\u00e9e li\u00e9e \u00e0 la collecte de donn\u00e9es&hellip;\t\t<\/a>\r\n\t\t<\/h2>\t\t<div class=\"post-meta\">\r\n\r\n\t\t\t\t\t\t\t<a href=\"https:\/\/yogaesoteric.net\/fr\/author\/radhananda\/\"\r\n\t\t\t\t   title=\"Browse Author Articles\"\r\n\t\t\t\t   class=\"post-author-a\">\r\n\t\t\t\t\t<i class=\"post-author author\">\r\n\t\t\t\t\t\tRadhananda\t\t\t\t\t<\/i>\r\n\t\t\t\t<\/a>\r\n\t\t\t\t\t\t\t<span class=\"time\"><time class=\"post-published updated\"\r\n\t\t\t\t                         datetime=\"2026-04-02T08:36:49+00:00\">Apr 2, 2026<\/time><\/span>\r\n\t\t\t\t<a href=\"https:\/\/yogaesoteric.net\/fr\/le-fc-barcelone-condamne-a-une-amende-pour-violation-de-la-vie-privee-liee-a-la-collecte-de-donnees-biometriques\/#respond\" title=\"Leave a comment on: &ldquo;Le FC Barcelone condamn\u00e9 \u00e0 une amende pour violation de la vie priv\u00e9e li\u00e9e \u00e0 la collecte de donn\u00e9es biom\u00e9triques&rdquo;\" class=\"comments\"><i class=\"fa fa-comments-o\"><\/i> 0<\/a>\t\t<\/div>\r\n\t\t\t\t\t<div class=\"post-summary\">\r\n\t\t\t\tLe FC Barcelone s\u2019est vu infliger une amende de 500.000 \u20ac (579.219 $) pour avoir scann\u00e9 les visages et enregistr\u00e9 les voix de plus de 100.000 membres sans avoir pr\u00e9alablement respect\u00e9 les obligations l\u00e9gales.\r\n\r\nL\u2019autorit\u00e9 espagnole charg\u00e9e&hellip;\t\t\t\t\t<br><a class=\"read-more\"\r\n\t\t\t\t\t       href=\"https:\/\/yogaesoteric.net\/fr\/le-fc-barcelone-condamne-a-une-amende-pour-violation-de-la-vie-privee-liee-a-la-collecte-de-donnees-biometriques\/\">Read More...<\/a>\r\n\t\t\t\t\t\t\t<\/div>\r\n\t\t\t\t<\/div>\r\n\t<\/article >\r\n\t<\/div>\r\n\t<\/div>[\/vc_column][\/vc_row]<\/p>\n","protected":false},"excerpt":{"rendered":"<p>[vc_row][vc_column][\/vc_column][\/vc_row]<\/p>\n","protected":false},"author":1,"featured_media":52014,"parent":0,"menu_order":0,"comment_status":"closed","ping_status":"closed","template":"","meta":{"_uf_show_specific_survey":0,"_uf_disable_surveys":false,"footnotes":""},"class_list":["post-30400","page","type-page","status-publish","has-post-thumbnail","hentry"],"_links":{"self":[{"href":"https:\/\/yogaesoteric.net\/fr\/wp-json\/wp\/v2\/pages\/30400","targetHints":{"allow":["GET"]}}],"collection":[{"href":"https:\/\/yogaesoteric.net\/fr\/wp-json\/wp\/v2\/pages"}],"about":[{"href":"https:\/\/yogaesoteric.net\/fr\/wp-json\/wp\/v2\/types\/page"}],"author":[{"embeddable":true,"href":"https:\/\/yogaesoteric.net\/fr\/wp-json\/wp\/v2\/users\/1"}],"replies":[{"embeddable":true,"href":"https:\/\/yogaesoteric.net\/fr\/wp-json\/wp\/v2\/comments?post=30400"}],"version-history":[{"count":3,"href":"https:\/\/yogaesoteric.net\/fr\/wp-json\/wp\/v2\/pages\/30400\/revisions"}],"predecessor-version":[{"id":30410,"href":"https:\/\/yogaesoteric.net\/fr\/wp-json\/wp\/v2\/pages\/30400\/revisions\/30410"}],"wp:featuredmedia":[{"embeddable":true,"href":"https:\/\/yogaesoteric.net\/fr\/wp-json\/wp\/v2\/media\/52014"}],"wp:attachment":[{"href":"https:\/\/yogaesoteric.net\/fr\/wp-json\/wp\/v2\/media?parent=30400"}],"curies":[{"name":"wp","href":"https:\/\/api.w.org\/{rel}","templated":true}]}}